{"id":10888,"date":"2025-08-11T21:34:33","date_gmt":"2025-08-11T19:34:33","guid":{"rendered":"https:\/\/esperanto-nederland.nl\/?page_id=10888"},"modified":"2025-08-18T20:12:46","modified_gmt":"2025-08-18T18:12:46","slug":"mia-vizito-al-esperantolando","status":"publish","type":"page","link":"https:\/\/esperanto-nederland.nl\/index.php\/eo\/mia-vizito-al-esperantolando\/","title":{"rendered":"Mia vizito al Esperantolando"},"content":{"rendered":"\n<figure data-wp-context=\"{&quot;imageId&quot;:&quot;69f29a6966313&quot;}\" data-wp-interactive=\"core\/image\" class=\"wp-block-image size-large is-resized wp-lightbox-container\"><img loading=\"lazy\" decoding=\"async\" width=\"1024\" height=\"768\" data-wp-class--hide=\"state.isContentHidden\" data-wp-class--show=\"state.isContentVisible\" data-wp-init=\"callbacks.setButtonStyles\" data-wp-on-async--click=\"actions.showLightbox\" data-wp-on-async--load=\"callbacks.setButtonStyles\" data-wp-on-async-window--resize=\"callbacks.setButtonStyles\" src=\"https:\/\/esperanto-nederland.nl\/wp-content\/uploads\/2025\/08\/Rianne-Sanders-2-1024x768.jpg\" alt=\"\" class=\"wp-image-10893\" style=\"width:500px\" srcset=\"https:\/\/esperanto-nederland.nl\/wp-content\/uploads\/2025\/08\/Rianne-Sanders-2-1024x768.jpg 1024w, https:\/\/esperanto-nederland.nl\/wp-content\/uploads\/2025\/08\/Rianne-Sanders-2-300x225.jpg 300w, https:\/\/esperanto-nederland.nl\/wp-content\/uploads\/2025\/08\/Rianne-Sanders-2-200x150.jpg 200w, https:\/\/esperanto-nederland.nl\/wp-content\/uploads\/2025\/08\/Rianne-Sanders-2-768x576.jpg 768w, https:\/\/esperanto-nederland.nl\/wp-content\/uploads\/2025\/08\/Rianne-Sanders-2-1536x1152.jpg 1536w, https:\/\/esperanto-nederland.nl\/wp-content\/uploads\/2025\/08\/Rianne-Sanders-2-507x380.jpg 507w, https:\/\/esperanto-nederland.nl\/wp-content\/uploads\/2025\/08\/Rianne-Sanders-2.jpg 2048w\" sizes=\"auto, (max-width: 1024px) 100vw, 1024px\" \/><button\n\t\t\tclass=\"lightbox-trigger\"\n\t\t\ttype=\"button\"\n\t\t\taria-haspopup=\"dialog\"\n\t\t\taria-label=\"Vergroten\"\n\t\t\tdata-wp-init=\"callbacks.initTriggerButton\"\n\t\t\tdata-wp-on-async--click=\"actions.showLightbox\"\n\t\t\tdata-wp-style--right=\"state.imageButtonRight\"\n\t\t\tdata-wp-style--top=\"state.imageButtonTop\"\n\t\t>\n\t\t\t<svg xmlns=\"http:\/\/www.w3.org\/2000\/svg\" width=\"12\" height=\"12\" fill=\"none\" viewBox=\"0 0 12 12\">\n\t\t\t\t<path fill=\"#fff\" d=\"M2 0a2 2 0 0 0-2 2v2h1.5V2a.5.5 0 0 1 .5-.5h2V0H2Zm2 10.5H2a.5.5 0 0 1-.5-.5V8H0v2a2 2 0 0 0 2 2h2v-1.5ZM8 12v-1.5h2a.5.5 0 0 0 .5-.5V8H12v2a2 2 0 0 1-2 2H8Zm2-12a2 2 0 0 1 2 2v2h-1.5V2a.5.5 0 0 0-.5-.5H8V0h2Z\" \/>\n\t\t\t<\/svg>\n\t\t<\/button><\/figure>\n\n\n\n<p>Mi decidis fari voja\u011don kaj viziti tri Esperanto-renkonti\u011dojn. Unue la BET en Ka\u016dnas, due Ia ILEI-Kongreso en Belgrado kaj fine la UK en Brno. Al BET mi iris kune kun mia amiko Ronald kaj al UK kun mia kuzino Karin. Por ni \u0109iuj estis la unuafojo kiam ni partoprenis semajnlongan renkonti\u011don en Esperantujo.<\/p>\n\n\n\n<p>La BET komenci\u011dis en 1959 kiel sovetia alternativo al la Universala Kongreso en kiu homoj el Sovetunio ofte ne povis partopreni, sed \u011di fari\u011dis tiel \u015datata kongreso, ke \u011di ne nur plu ekzistas, sed anka\u016d kreskis de 50 al preska\u016d 300 partoprenantoj, venantaj el kvin diversaj kontinentoj.&nbsp;<\/p>\n\n\n\n<p>La plej agrabla parto de la semajno por mi estis ekkoni diversajn homojn el \u0109iuj mondopartoj kaj \u0109eesti la koncertojn de JoMo kaj Kjara. Tiun lastan mi jam malkovris per YouTube, kaj \u015di estas mia plej \u015datata Esperantokantisto \u011dis nun, do mi ege \u011dojis ke \u015di \u0109eestis!<\/p>\n\n\n\n<p>Mi tre \u011duis pasigi tempon kun aliaj ekster la oficiala programo. Tiel mi konati\u011dis kun Ajvi el Koreio kaj Ulrich el Germanio, kiuj amba\u016d povis malka\u015de paroli pri kulturaj diferencoj, kiujn ili spertis. Kaj Rasa kaj David, kiuj lo\u011das en Germanio kaj origine devenas el Litovio kaj Usono kaj uzas Esperanton en sia \u0109iutaga vivo. Kun ili ni vizitis rigardejon kaj la domon en kiu lo\u011dis la bogepatroj de Zamenhof. La domo mem nun estas forlasita, preska\u016d kaduka, beda\u016drinde.&nbsp;<\/p>\n\n\n\n<p>Rasa rakontis kiel estis kreski en Litovio anta\u016d la sendependeco. Man\u011da\u0135o estis sufi\u0109a, sed ili ricevis bananojn nur unufoje jare. Tiam oni devis atendi horojn en vico kun la tuta familio por a\u0109eti kvin kilogramojn da bananoj kontra\u016d unu rublo. Se oni volis pagi pli, oni povis peti militveteranon ke li a\u0109etu la bananojn, \u0109ar tiuj havis prioritaton. Rasa bone memoras ke \u015dia patro ne volis tion fari, kaj post kvar horoj da atendado, la bonaj bananoj jam estis forvenditaj. Ili ricevis tiam tro molajn bananojn. \u015ci ankora\u016d foje rememoras kiel \u015di sopiris bananon, dum nun \u015di povas man\u011di unu sen senti tro da deziro.<\/p>\n\n\n\n<figure class=\"wp-block-gallery has-nested-images columns-4 is-cropped wp-block-gallery-2 is-layout-flex wp-block-gallery-is-layout-flex\">\n<figure class=\"wp-block-image size-large\"><a href=\"https:\/\/esperanto-nederland.nl\/wp-content\/uploads\/2025\/08\/Rianne-Sanders-1-scaled.jpg\"><img loading=\"lazy\" decoding=\"async\" width=\"1024\" height=\"694\" data-id=\"10892\" src=\"https:\/\/esperanto-nederland.nl\/wp-content\/uploads\/2025\/08\/Rianne-Sanders-1-1024x694.jpg\" alt=\"\" class=\"wp-image-10892\" srcset=\"https:\/\/esperanto-nederland.nl\/wp-content\/uploads\/2025\/08\/Rianne-Sanders-1-1024x694.jpg 1024w, https:\/\/esperanto-nederland.nl\/wp-content\/uploads\/2025\/08\/Rianne-Sanders-1-300x203.jpg 300w, https:\/\/esperanto-nederland.nl\/wp-content\/uploads\/2025\/08\/Rianne-Sanders-1-768x521.jpg 768w, https:\/\/esperanto-nederland.nl\/wp-content\/uploads\/2025\/08\/Rianne-Sanders-1-1536x1041.jpg 1536w, https:\/\/esperanto-nederland.nl\/wp-content\/uploads\/2025\/08\/Rianne-Sanders-1-2048x1388.jpg 2048w, https:\/\/esperanto-nederland.nl\/wp-content\/uploads\/2025\/08\/Rianne-Sanders-1-561x380.jpg 561w\" sizes=\"auto, (max-width: 1024px) 100vw, 1024px\" \/><\/a><\/figure>\n\n\n\n<figure class=\"wp-block-image size-large\"><a href=\"https:\/\/esperanto-nederland.nl\/wp-content\/uploads\/2025\/08\/Rianne-Sanders-4.jpg\"><img loading=\"lazy\" decoding=\"async\" width=\"1024\" height=\"879\" data-id=\"10895\" src=\"https:\/\/esperanto-nederland.nl\/wp-content\/uploads\/2025\/08\/Rianne-Sanders-4-1024x879.jpg\" alt=\"\" class=\"wp-image-10895\" srcset=\"https:\/\/esperanto-nederland.nl\/wp-content\/uploads\/2025\/08\/Rianne-Sanders-4-1024x879.jpg 1024w, https:\/\/esperanto-nederland.nl\/wp-content\/uploads\/2025\/08\/Rianne-Sanders-4-300x258.jpg 300w, https:\/\/esperanto-nederland.nl\/wp-content\/uploads\/2025\/08\/Rianne-Sanders-4-768x659.jpg 768w, https:\/\/esperanto-nederland.nl\/wp-content\/uploads\/2025\/08\/Rianne-Sanders-4-1536x1319.jpg 1536w, https:\/\/esperanto-nederland.nl\/wp-content\/uploads\/2025\/08\/Rianne-Sanders-4-443x380.jpg 443w, https:\/\/esperanto-nederland.nl\/wp-content\/uploads\/2025\/08\/Rianne-Sanders-4.jpg 2020w\" sizes=\"auto, (max-width: 1024px) 100vw, 1024px\" \/><\/a><\/figure>\n\n\n\n<figure class=\"wp-block-image size-large\"><a href=\"https:\/\/esperanto-nederland.nl\/wp-content\/uploads\/2025\/08\/Rianne-Sanders-3.jpg\"><img loading=\"lazy\" decoding=\"async\" width=\"1024\" height=\"770\" data-id=\"10900\" src=\"https:\/\/esperanto-nederland.nl\/wp-content\/uploads\/2025\/08\/Rianne-Sanders-3-1024x770.jpg\" alt=\"\" class=\"wp-image-10900\" srcset=\"https:\/\/esperanto-nederland.nl\/wp-content\/uploads\/2025\/08\/Rianne-Sanders-3-1024x770.jpg 1024w, https:\/\/esperanto-nederland.nl\/wp-content\/uploads\/2025\/08\/Rianne-Sanders-3-300x225.jpg 300w, https:\/\/esperanto-nederland.nl\/wp-content\/uploads\/2025\/08\/Rianne-Sanders-3-200x150.jpg 200w, https:\/\/esperanto-nederland.nl\/wp-content\/uploads\/2025\/08\/Rianne-Sanders-3-768x577.jpg 768w, https:\/\/esperanto-nederland.nl\/wp-content\/uploads\/2025\/08\/Rianne-Sanders-3-506x380.jpg 506w, https:\/\/esperanto-nederland.nl\/wp-content\/uploads\/2025\/08\/Rianne-Sanders-3.jpg 1280w\" sizes=\"auto, (max-width: 1024px) 100vw, 1024px\" \/><\/a><\/figure>\n\n\n\n<figure class=\"wp-block-image size-large\"><a href=\"https:\/\/esperanto-nederland.nl\/wp-content\/uploads\/2025\/08\/Rianne-Sanders-5.jpg\"><img loading=\"lazy\" decoding=\"async\" width=\"1024\" height=\"768\" data-id=\"10901\" src=\"https:\/\/esperanto-nederland.nl\/wp-content\/uploads\/2025\/08\/Rianne-Sanders-5-1024x768.jpg\" alt=\"\" class=\"wp-image-10901\" srcset=\"https:\/\/esperanto-nederland.nl\/wp-content\/uploads\/2025\/08\/Rianne-Sanders-5-1024x768.jpg 1024w, https:\/\/esperanto-nederland.nl\/wp-content\/uploads\/2025\/08\/Rianne-Sanders-5-300x225.jpg 300w, https:\/\/esperanto-nederland.nl\/wp-content\/uploads\/2025\/08\/Rianne-Sanders-5-200x150.jpg 200w, https:\/\/esperanto-nederland.nl\/wp-content\/uploads\/2025\/08\/Rianne-Sanders-5-768x576.jpg 768w, https:\/\/esperanto-nederland.nl\/wp-content\/uploads\/2025\/08\/Rianne-Sanders-5-1536x1152.jpg 1536w, https:\/\/esperanto-nederland.nl\/wp-content\/uploads\/2025\/08\/Rianne-Sanders-5-507x380.jpg 507w, https:\/\/esperanto-nederland.nl\/wp-content\/uploads\/2025\/08\/Rianne-Sanders-5.jpg 2048w\" sizes=\"auto, (max-width: 1024px) 100vw, 1024px\" \/><\/a><\/figure>\n<\/figure>\n\n\n\n<p>Post Ka\u016dno, kun pa\u016dzo en Zagrebo vizitante amikinon, ni pluvoja\u011dis al Belgrado por la ILEI-kongreso, kiun \u0109eestis ne nur instruistoj, sed anka\u016d komencantoj kaj ne-instruistoj.&nbsp;<\/p>\n\n\n\n<p>Mi trovis la nivelon de la programo pli malalta ol tiu en Litovio, sed la etoso estis bona kaj klare videblis ke \u011di estis organizita kun amo. Estis malpli da homoj ol \u0109e BET, kion mi efektive tre \u015datis. Partoprenis \u0109irka\u016d 100 homoj, inter kiuj multaj azianoj.<\/p>\n\n\n\n<div class=\"wp-block-columns is-layout-flex wp-container-core-columns-is-layout-9d6595d7 wp-block-columns-is-layout-flex\">\n<div class=\"wp-block-column is-layout-flow wp-block-column-is-layout-flow\">\n<p>Dum la interkona vespero, multaj alportis man\u011da\u0135ojn el sia lando. Ni kunportis nederlandan lakritson, kiun kelkaj kura\u011duloj provis. La greka baklavao estis sendube la plej \u015datata franda\u0135o. Vespere oni povis ripozi kaj amiki\u011di en la Amikumejo, kie ni kelkfoje ludis kartludon kaj \u011duis tre malstre\u0109an etoson kun la aliaj.&nbsp;<\/p>\n\n\n\n<p>La rakonto de Ajvi estis kortu\u015da. \u015ci venas el Sud-Koreio kaj unu el \u015diaj onkloj je la fino de la Korea Milito trovi\u011dis en Nord-Koreio, kaj pro tio dum 66 jaroj ne estis kontakto inter li kaj lia familio. En 2018 eblis por nordkoreanoj mallonge revidi siajn familianojn. Li tiam estis jam 90-jara. Jen kiel tio okazis: la sudkoreaj familianoj, 4 el liaj fratinoj kaj frato, estis transportitaj per buso al Nord-Koreio, kie ili en granda anonima \u0109ambro povis renkonti sian fraton kaj kelkaj el liaj familianoj. \u0108i tio okazis samtempe kun multaj aliaj familiaj reunui\u011doj en la sama \u0109ambro, do mankis privateco. Ili povis iomete interparoli. Li rakontis nenion pri la malfacila tempo, kiun li travivis, sed estis klare al liaj fratinoj kaj frato, ke li estas suferinta multe. Liaj familianoj petis ringojn kaj kol\u0109enojn de lia<\/p>\n<\/div>\n\n\n\n<div class=\"wp-block-column is-layout-flow wp-block-column-is-layout-flow\">\n<figure class=\"wp-block-gallery has-nested-images columns-default is-cropped wp-block-gallery-3 is-layout-flex wp-block-gallery-is-layout-flex\">\n<figure class=\"wp-block-image size-large\"><a href=\"https:\/\/esperanto-nederland.nl\/wp-content\/uploads\/2025\/08\/Rianne-Sanders-8.jpg\"><img loading=\"lazy\" decoding=\"async\" width=\"768\" height=\"1024\" data-id=\"10903\" src=\"https:\/\/esperanto-nederland.nl\/wp-content\/uploads\/2025\/08\/Rianne-Sanders-8-768x1024.jpg\" alt=\"\" class=\"wp-image-10903\" srcset=\"https:\/\/esperanto-nederland.nl\/wp-content\/uploads\/2025\/08\/Rianne-Sanders-8-768x1024.jpg 768w, https:\/\/esperanto-nederland.nl\/wp-content\/uploads\/2025\/08\/Rianne-Sanders-8-225x300.jpg 225w, https:\/\/esperanto-nederland.nl\/wp-content\/uploads\/2025\/08\/Rianne-Sanders-8-1152x1536.jpg 1152w, https:\/\/esperanto-nederland.nl\/wp-content\/uploads\/2025\/08\/Rianne-Sanders-8-1536x2048.jpg 1536w, https:\/\/esperanto-nederland.nl\/wp-content\/uploads\/2025\/08\/Rianne-Sanders-8-285x380.jpg 285w, https:\/\/esperanto-nederland.nl\/wp-content\/uploads\/2025\/08\/Rianne-Sanders-8.jpg 1734w\" sizes=\"auto, (max-width: 768px) 100vw, 768px\" \/><\/a><\/figure>\n\n\n\n<figure class=\"wp-block-image size-large\"><a href=\"https:\/\/esperanto-nederland.nl\/wp-content\/uploads\/2025\/08\/Rianne-Sanders-6.jpg\"><img loading=\"lazy\" decoding=\"async\" width=\"768\" height=\"1024\" data-id=\"10898\" src=\"https:\/\/esperanto-nederland.nl\/wp-content\/uploads\/2025\/08\/Rianne-Sanders-6-768x1024.jpg\" alt=\"\" class=\"wp-image-10898\" srcset=\"https:\/\/esperanto-nederland.nl\/wp-content\/uploads\/2025\/08\/Rianne-Sanders-6-768x1024.jpg 768w, https:\/\/esperanto-nederland.nl\/wp-content\/uploads\/2025\/08\/Rianne-Sanders-6-225x300.jpg 225w, https:\/\/esperanto-nederland.nl\/wp-content\/uploads\/2025\/08\/Rianne-Sanders-6-1152x1536.jpg 1152w, https:\/\/esperanto-nederland.nl\/wp-content\/uploads\/2025\/08\/Rianne-Sanders-6-285x380.jpg 285w, https:\/\/esperanto-nederland.nl\/wp-content\/uploads\/2025\/08\/Rianne-Sanders-6.jpg 1536w\" sizes=\"auto, (max-width: 768px) 100vw, 768px\" \/><\/a><\/figure>\n<\/figure>\n<\/div>\n<\/div>\n\n\n\n<p>fratinoj, \u0109ar tiuj, pro la granda manko en Nord-Koreio, estas tre ta\u016dgaj kiel inter\u015dan\u011diloj. Nuntempe ne plu estas kontakto inter li kaj la familio, kaj ili supozas ke li intertempe forpasis.<\/p>\n\n\n\n<p>Kaj tiam venis Brno, la Universala Kongreso kun pli ol 1100 partoprenantoj. Tie mi sentis kvaza\u016d mi estus en \u201cEsperantolando\u201d \u2014 \u0109ie oni parolis la lingvon, kaj la \u0109irka\u016da \u0108e\u0125io estis kvaza\u016d fona dekoracio. Estis vere speciala sento.<\/p>\n\n\n\n<div class=\"wp-block-columns is-layout-flex wp-container-core-columns-is-layout-9d6595d7 wp-block-columns-is-layout-flex\">\n<div class=\"wp-block-column is-layout-flow wp-block-column-is-layout-flow\">\n<p>Dum la unua vespero oni organizis vesperman\u011don por \u0109iuj, kiuj partoprenis en a\u016d kontribuis al la projekto Ekparolu. Mia kuzino Karin kaj mi sidis \u0109e tablo kun la du \u0109inoj Cao kaj Yao, kiuj apena\u016d parolis la lingvon. Kun la helpo de tradukilo ni tamen sukcesis komuniki, kaj la vespero fari\u011dis agrabla sperto. La viroj e\u0109 invitis nin viziti ilin en \u0108inio!<\/p>\n\n\n\n<p>Dum la kongreso okazis multaj prelegoj, koncertoj, kabaredo, ekskursoj kaj atelieroj. E\u0109 eblis partopreni en internacia koruso. Retrospektive, mi ali\u011dis al tro da ekskursoj kaj anka\u016d al lingva ekzameno, do beda\u016drinde mi ne povis multe partopreni en la programo. Mi certe farus tion alimaniere la venontan fojon.<\/p>\n\n\n\n<p>Tio, kion mi tre \u015datis, estis vidi kelkajn el la kreintoj de miaj plej \u015datataj podkastoj: Radikala Tenero kaj Usone Persone. Dum ilia podkasto ili estas tiel malfermitaj kaj homaj ke mi sentis kvaza\u016d mi jam konus ilin.&nbsp;<\/p>\n<\/div>\n\n\n\n<div class=\"wp-block-column is-layout-flow wp-block-column-is-layout-flow\">\n<figure class=\"wp-block-gallery has-nested-images columns-default is-cropped wp-block-gallery-4 is-layout-flex wp-block-gallery-is-layout-flex\">\n<figure class=\"wp-block-image size-large\"><a href=\"https:\/\/esperanto-nederland.nl\/wp-content\/uploads\/2025\/08\/Rianne-Sanders-11.jpg\"><img loading=\"lazy\" decoding=\"async\" width=\"1024\" height=\"732\" data-id=\"10899\" src=\"https:\/\/esperanto-nederland.nl\/wp-content\/uploads\/2025\/08\/Rianne-Sanders-11-1024x732.jpg\" alt=\"\" class=\"wp-image-10899\" srcset=\"https:\/\/esperanto-nederland.nl\/wp-content\/uploads\/2025\/08\/Rianne-Sanders-11-1024x732.jpg 1024w, https:\/\/esperanto-nederland.nl\/wp-content\/uploads\/2025\/08\/Rianne-Sanders-11-300x214.jpg 300w, https:\/\/esperanto-nederland.nl\/wp-content\/uploads\/2025\/08\/Rianne-Sanders-11-768x549.jpg 768w, https:\/\/esperanto-nederland.nl\/wp-content\/uploads\/2025\/08\/Rianne-Sanders-11-1536x1098.jpg 1536w, https:\/\/esperanto-nederland.nl\/wp-content\/uploads\/2025\/08\/Rianne-Sanders-11-532x380.jpg 532w, https:\/\/esperanto-nederland.nl\/wp-content\/uploads\/2025\/08\/Rianne-Sanders-11.jpg 2048w\" sizes=\"auto, (max-width: 1024px) 100vw, 1024px\" \/><\/a><\/figure>\n\n\n\n<figure class=\"wp-block-image size-large\"><a href=\"https:\/\/esperanto-nederland.nl\/wp-content\/uploads\/2025\/08\/Rianne-Sanders-12.jpg\"><img loading=\"lazy\" decoding=\"async\" width=\"768\" height=\"1024\" data-id=\"10894\" src=\"https:\/\/esperanto-nederland.nl\/wp-content\/uploads\/2025\/08\/Rianne-Sanders-12-768x1024.jpg\" alt=\"\" class=\"wp-image-10894\" srcset=\"https:\/\/esperanto-nederland.nl\/wp-content\/uploads\/2025\/08\/Rianne-Sanders-12-768x1024.jpg 768w, https:\/\/esperanto-nederland.nl\/wp-content\/uploads\/2025\/08\/Rianne-Sanders-12-225x300.jpg 225w, https:\/\/esperanto-nederland.nl\/wp-content\/uploads\/2025\/08\/Rianne-Sanders-12-285x380.jpg 285w, https:\/\/esperanto-nederland.nl\/wp-content\/uploads\/2025\/08\/Rianne-Sanders-12.jpg 960w\" sizes=\"auto, (max-width: 768px) 100vw, 768px\" \/><\/a><\/figure>\n<\/figure>\n<\/div>\n<\/div>\n\n\n\n<p>Dum la lasta vespero, mi vesperman\u011dis kun kelkaj homoj, kiujn mi jam ekkonis dum la GLAT+-vespero. \u011ci estis tre malstre\u0109a kaj agrabla. Mi sidis \u0109e Randy kaj Francis, kiuj estas el Usono kaj Francio. Montri\u011dis, ke ili estas tiel lingvemaj, ke ili amba\u016d iam e\u0109 lernis la nederlandan, kaj ili amba\u016d konas kanton, kiun mi ne konas: \u201cTijd\u201d de Saskia &amp; Serge. Kiam mi diris, ke mi ne konas \u011din, ili kune kantis \u011din por mi!<\/p>\n\n\n\n<p>Estis mirinde, kiel ni \u0109iuj interkompreni\u011dis per lingvo inventita ne tiom longe anta\u016de de inteligenta, sa\u011da kaj socie sentema persono. Artefarita lingvo, tamen vigle viva \u2014 kiel \u0109i tiu kongreso certe pruvis.<\/p>\n\n\n\n<p><em>Rianne Sanders<\/em>, a\u016dgusto 2025<\/p>\n","protected":false},"excerpt":{"rendered":"<p>Mi decidis fari voja\u011don kaj viziti tri Esperanto-renkonti\u011dojn. Unue la BET en Ka\u016dnas, due Ia ILEI-Kongreso en Belgrado kaj fine la UK en Brno. Al BET mi iris kune kun mia amiko Ronald kaj al UK kun mia kuzino Karin. Por ni \u0109iuj estis la unuafojo kiam ni partoprenis semajnlongan renkonti\u011don en Esperantujo. La BET &hellip; <a href=\"https:\/\/esperanto-nederland.nl\/index.php\/eo\/mia-vizito-al-esperantolando\/\" class=\"more-link\">Verder lezen <span class=\"screen-reader-text\">Mia vizito al Esperantolando<\/span><\/a><\/p>\n","protected":false},"author":2,"featured_media":0,"parent":0,"menu_order":0,"comment_status":"closed","ping_status":"closed","template":"","meta":{"footnotes":""},"class_list":["post-10888","page","type-page","status-publish","hentry","without-featured-image"],"_links":{"self":[{"href":"https:\/\/esperanto-nederland.nl\/index.php\/wp-json\/wp\/v2\/pages\/10888","targetHints":{"allow":["GET"]}}],"collection":[{"href":"https:\/\/esperanto-nederland.nl\/index.php\/wp-json\/wp\/v2\/pages"}],"about":[{"href":"https:\/\/esperanto-nederland.nl\/index.php\/wp-json\/wp\/v2\/types\/page"}],"author":[{"embeddable":true,"href":"https:\/\/esperanto-nederland.nl\/index.php\/wp-json\/wp\/v2\/users\/2"}],"replies":[{"embeddable":true,"href":"https:\/\/esperanto-nederland.nl\/index.php\/wp-json\/wp\/v2\/comments?post=10888"}],"version-history":[{"count":41,"href":"https:\/\/esperanto-nederland.nl\/index.php\/wp-json\/wp\/v2\/pages\/10888\/revisions"}],"predecessor-version":[{"id":10989,"href":"https:\/\/esperanto-nederland.nl\/index.php\/wp-json\/wp\/v2\/pages\/10888\/revisions\/10989"}],"wp:attachment":[{"href":"https:\/\/esperanto-nederland.nl\/index.php\/wp-json\/wp\/v2\/media?parent=10888"}],"curies":[{"name":"wp","href":"https:\/\/api.w.org\/{rel}","templated":true}]}}