{"id":12772,"date":"2026-02-22T23:26:00","date_gmt":"2026-02-22T22:26:00","guid":{"rendered":"https:\/\/esperanto-nederland.nl\/?page_id=12772"},"modified":"2026-04-18T21:00:35","modified_gmt":"2026-04-18T19:00:35","slug":"vadekskurso-al-ameland-invito","status":"publish","type":"page","link":"https:\/\/esperanto-nederland.nl\/index.php\/eo\/vadekskurso-al-ameland-invito\/","title":{"rendered":"Vadekskurso al Ameland &#8211; invito"},"content":{"rendered":"\n<figure data-wp-context=\"{&quot;imageId&quot;:&quot;69f37662a4250&quot;}\" data-wp-interactive=\"core\/image\" class=\"wp-block-image size-large is-resized wp-lightbox-container\"><img loading=\"lazy\" decoding=\"async\" width=\"1024\" height=\"768\" data-wp-class--hide=\"state.isContentHidden\" data-wp-class--show=\"state.isContentVisible\" data-wp-init=\"callbacks.setButtonStyles\" data-wp-on-async--click=\"actions.showLightbox\" data-wp-on-async--load=\"callbacks.setButtonStyles\" data-wp-on-async-window--resize=\"callbacks.setButtonStyles\" src=\"https:\/\/esperanto-nederland.nl\/wp-content\/uploads\/2026\/02\/Wadlopen-Harm-Voortman-20250622_143051038-1024x768.jpg\" alt=\"\" class=\"wp-image-12819\" style=\"width:450px\" srcset=\"https:\/\/esperanto-nederland.nl\/wp-content\/uploads\/2026\/02\/Wadlopen-Harm-Voortman-20250622_143051038-1024x768.jpg 1024w, https:\/\/esperanto-nederland.nl\/wp-content\/uploads\/2026\/02\/Wadlopen-Harm-Voortman-20250622_143051038-300x225.jpg 300w, https:\/\/esperanto-nederland.nl\/wp-content\/uploads\/2026\/02\/Wadlopen-Harm-Voortman-20250622_143051038-200x150.jpg 200w, https:\/\/esperanto-nederland.nl\/wp-content\/uploads\/2026\/02\/Wadlopen-Harm-Voortman-20250622_143051038-768x576.jpg 768w, https:\/\/esperanto-nederland.nl\/wp-content\/uploads\/2026\/02\/Wadlopen-Harm-Voortman-20250622_143051038-507x380.jpg 507w, https:\/\/esperanto-nederland.nl\/wp-content\/uploads\/2026\/02\/Wadlopen-Harm-Voortman-20250622_143051038-rotated.jpg 1200w\" sizes=\"auto, (max-width: 1024px) 100vw, 1024px\" \/><button\n\t\t\tclass=\"lightbox-trigger\"\n\t\t\ttype=\"button\"\n\t\t\taria-haspopup=\"dialog\"\n\t\t\taria-label=\"Vergroten\"\n\t\t\tdata-wp-init=\"callbacks.initTriggerButton\"\n\t\t\tdata-wp-on-async--click=\"actions.showLightbox\"\n\t\t\tdata-wp-style--right=\"state.imageButtonRight\"\n\t\t\tdata-wp-style--top=\"state.imageButtonTop\"\n\t\t>\n\t\t\t<svg xmlns=\"http:\/\/www.w3.org\/2000\/svg\" width=\"12\" height=\"12\" fill=\"none\" viewBox=\"0 0 12 12\">\n\t\t\t\t<path fill=\"#fff\" d=\"M2 0a2 2 0 0 0-2 2v2h1.5V2a.5.5 0 0 1 .5-.5h2V0H2Zm2 10.5H2a.5.5 0 0 1-.5-.5V8H0v2a2 2 0 0 0 2 2h2v-1.5ZM8 12v-1.5h2a.5.5 0 0 0 .5-.5V8H12v2a2 2 0 0 1-2 2H8Zm2-12a2 2 0 0 1 2 2v2h-1.5V2a.5.5 0 0 0-.5-.5H8V0h2Z\" \/>\n\t\t\t<\/svg>\n\t\t<\/button><\/figure>\n\n\n\n<p>Karaj samideanoj,<\/p>\n\n\n\n<p>En junio ni kun grupo da homoj vadeksursos al Amelando! \u0108iu, kiu volas ali\u011di al ni, estas kore bonvena. Ni anka\u016d tre \u011dojus renkonti esperantistojn sur Amelando, kiuj ne volas a\u016d ne povas vadmigradi. Ili povas veni per la pram\u015dipo al la insulo. Ni renkonti\u011dos poste en kafejo a\u016d restoracio sur la insulo.<\/p>\n\n\n\n<p><strong>Planita dato:<\/strong> diman\u0109o, la 7-an de junio 2026 <br><strong>Horo de ekmar\u015do:<\/strong> 6:00<\/p>\n\n\n\n<div class=\"wp-block-columns is-layout-flex wp-container-core-columns-is-layout-9d6595d7 wp-block-columns-is-layout-flex\">\n<div class=\"wp-block-column is-layout-flow wp-block-column-is-layout-flow\" style=\"flex-basis:5%\">\n<p class=\"has-large-font-size\"><strong>\ud83e\udd7e <\/strong><\/p>\n<\/div>\n\n\n\n<div class=\"wp-block-column is-layout-flow wp-block-column-is-layout-flow\" style=\"flex-basis:20%\">\n<p><strong>Vadekskurso<\/strong><\/p>\n<\/div>\n\n\n\n<div class=\"wp-block-column is-layout-flow wp-block-column-is-layout-flow\" style=\"flex-basis:75%\">\n<p>Frua matene ni ekiros de la molo en Holwerd. Sub gvido de atestitaj gvidantoj <strong>ni transiros la vadon de Holwerd al Amelando<\/strong>. Ni mar\u015dos kiel unu grupo. La migrado da\u016dras \u0109irka\u016d <strong>3,5\u20134 horojn<\/strong>. Tio postulas sufi\u0109e bonan fizikan kondi\u0109on.<\/p>\n<\/div>\n<\/div>\n\n\n\n<hr class=\"wp-block-separator has-alpha-channel-opacity\"\/>\n\n\n\n<div class=\"wp-block-columns is-layout-flex wp-container-core-columns-is-layout-9d6595d7 wp-block-columns-is-layout-flex\">\n<div class=\"wp-block-column is-layout-flow wp-block-column-is-layout-flow\" style=\"flex-basis:5%\">\n<p class=\"has-large-font-size\"><strong><strong>\u26f4\ufe0f <\/strong><\/strong><\/p>\n<\/div>\n\n\n\n<div class=\"wp-block-column is-layout-flow wp-block-column-is-layout-flow\" style=\"flex-basis:20%\">\n<p><strong><strong>La pramo al Amelando<\/strong><\/strong><\/p>\n<\/div>\n\n\n\n<div class=\"wp-block-column is-layout-flow wp-block-column-is-layout-flow\" style=\"flex-basis:75%\">\n<p>Partoprenantoj, kiuj ne povas a\u016d ne volas vadmigradi, povas preni la <strong>pramon<\/strong> al Amelando. Fine de la tago ni kune revenos per la pramo.<\/p>\n<\/div>\n<\/div>\n\n\n\n<hr class=\"wp-block-separator has-alpha-channel-opacity\"\/>\n\n\n\n<div class=\"wp-block-columns is-layout-flex wp-container-core-columns-is-layout-9d6595d7 wp-block-columns-is-layout-flex\">\n<div class=\"wp-block-column is-layout-flow wp-block-column-is-layout-flow\" style=\"flex-basis:5%\">\n<figure class=\"wp-block-image size-full is-resized\"><img loading=\"lazy\" decoding=\"async\" width=\"27\" height=\"27\" src=\"https:\/\/esperanto-nederland.nl\/wp-content\/uploads\/2026\/02\/image-1.png\" alt=\"\" class=\"wp-image-12730\" style=\"width:46px;height:auto\"\/><\/figure>\n<\/div>\n\n\n\n<div class=\"wp-block-column is-layout-flow wp-block-column-is-layout-flow\" style=\"flex-basis:20%\">\n<p><strong>Kune man\u011di kaj trinki<\/strong><\/p>\n<\/div>\n\n\n\n<div class=\"wp-block-column is-layout-flow wp-block-column-is-layout-flow\" style=\"flex-basis:75%\">\n<p>Ni renkonti\u011dos en <strong>Nes<\/strong>, kie la vadmigrantoj renkontos la pramvoja\u011dantojn, kaj ni kune trinkos a\u016d man\u011dos ion. Por tio ni kreos grupon en Signal.<\/p>\n<\/div>\n<\/div>\n\n\n\n<hr class=\"wp-block-separator has-alpha-channel-opacity\"\/>\n\n\n\n<div class=\"wp-block-columns is-layout-flex wp-container-core-columns-is-layout-9d6595d7 wp-block-columns-is-layout-flex\">\n<div class=\"wp-block-column is-layout-flow wp-block-column-is-layout-flow\" style=\"flex-basis:5%\">\n<figure class=\"wp-block-image size-full is-resized\"><img loading=\"lazy\" decoding=\"async\" width=\"25\" height=\"25\" src=\"https:\/\/esperanto-nederland.nl\/wp-content\/uploads\/2026\/02\/image-2.png\" alt=\"\" class=\"wp-image-12731\" style=\"width:46px\"\/><\/figure>\n<\/div>\n\n\n\n<div class=\"wp-block-column is-layout-flow wp-block-column-is-layout-flow\" style=\"flex-basis:20%\">\n<p><strong>Tranokti en B&amp;B<\/strong><\/p>\n<\/div>\n\n\n\n<div class=\"wp-block-column is-layout-flow wp-block-column-is-layout-flow\" style=\"flex-basis:75%\">\n<p>Tiuj, kiuj ne povas atingi Holwerd tiel frue, eble povas tranokti en B&amp;B en Holwerd.<\/p>\n<\/div>\n<\/div>\n\n\n\n<hr class=\"wp-block-separator has-alpha-channel-opacity\"\/>\n\n\n\n<div class=\"wp-block-columns is-layout-flex wp-container-core-columns-is-layout-9d6595d7 wp-block-columns-is-layout-flex\">\n<div class=\"wp-block-column is-layout-flow wp-block-column-is-layout-flow\" style=\"flex-basis:5%\">\n<p class=\"has-large-font-size\"><strong>\ud83d\udccc <\/strong><\/p>\n<\/div>\n\n\n\n<div class=\"wp-block-column is-layout-flow wp-block-column-is-layout-flow\" style=\"flex-basis:20%\">\n<p><strong>Ali\u011dado<\/strong><\/p>\n<\/div>\n\n\n\n<div class=\"wp-block-column is-layout-flow wp-block-column-is-layout-flow\" style=\"flex-basis:75%\">\n<p>En \u0109i tiu pa\u011do de Esperanto Nederland trovi\u011das ali\u011dilo, en kiu vi povas indiki \u0109u vi \u015datus kun ni vadmigradi.  <\/p>\n\n\n\n<ul class=\"wp-block-list\">\n<li>Bonvolu indiki \u0109u vi vadmigras a\u016d iras per la pramo, kaj \u0109u vi havas dietajn dezirojn.<\/li>\n<\/ul>\n\n\n\n<p class=\"has-vivid-red-color has-text-color has-link-color wp-elements-8d23e61e705094a912fa0454c8a7d5df\"><strong>Atentu:<\/strong> ni ali\u011das al migrado kun individuaj partoprenantoj. Vi devas mem ali\u011di \u0109e <strong>Dijkstra Wadlooptochten<\/strong>. la organiza\u0135o, kiu aran\u011das la vadmigradojn. Kompreneble ni volas migradi en la sama grupo.<\/p>\n\n\n\n<p><strong>La minimuma a\u011do por la migrado al Amelando estas 14 jaroj.<\/strong> Por bone kunordigi, ni kreos Signal-grupon por la migrado.<\/p>\n<\/div>\n<\/div>\n\n\n\n<hr class=\"wp-block-separator has-alpha-channel-opacity\"\/>\n\n\n\n<div class=\"wp-block-columns is-layout-flex wp-container-core-columns-is-layout-9d6595d7 wp-block-columns-is-layout-flex\">\n<div class=\"wp-block-column is-layout-flow wp-block-column-is-layout-flow\" style=\"flex-basis:5%\">\n<p class=\"has-large-font-size\"><strong><strong>\ud83d\udcb6 <\/strong><\/strong><\/p>\n<\/div>\n\n\n\n<div class=\"wp-block-column is-layout-flow wp-block-column-is-layout-flow\" style=\"flex-basis:20%\">\n<p><strong><strong>Kostoj<\/strong><\/strong><\/p>\n<\/div>\n\n\n\n<div class=\"wp-block-column is-layout-flow wp-block-column-is-layout-flow\" style=\"flex-basis:75%\">\n<p>\u0108iu pagas siajn proprajn kostojn:<\/p>\n\n\n\n<ul class=\"wp-block-list\">\n<li>Vadmigrado<\/li>\n\n\n\n<li>Prambiletoj<\/li>\n\n\n\n<li>Man\u011doj\/trinka\u0135oj<\/li>\n\n\n\n<li>Eventuala tranokto<\/li>\n<\/ul>\n<\/div>\n<\/div>\n\n\n\n<hr class=\"wp-block-separator has-alpha-channel-opacity\"\/>\n\n\n\n<div class=\"wp-block-columns is-layout-flex wp-container-core-columns-is-layout-9d6595d7 wp-block-columns-is-layout-flex\">\n<div class=\"wp-block-column is-layout-flow wp-block-column-is-layout-flow\" style=\"flex-basis:5%\">\n<figure class=\"wp-block-image size-full is-resized\"><img loading=\"lazy\" decoding=\"async\" width=\"29\" height=\"29\" src=\"https:\/\/esperanto-nederland.nl\/wp-content\/uploads\/2026\/02\/image-3.png\" alt=\"\" class=\"wp-image-12732\" style=\"width:46px\"\/><\/figure>\n<\/div>\n\n\n\n<div class=\"wp-block-column is-layout-flow wp-block-column-is-layout-flow\" style=\"flex-basis:20%\">\n<p><strong>Gravaj informoj<\/strong><\/p>\n<\/div>\n\n\n\n<div class=\"wp-block-column is-layout-flow wp-block-column-is-layout-flow\" style=\"flex-basis:75%\">\n<p>Por vadmigrado necesas \u015duoj, kiuj ne restas kaptitaj en la koto kaj kiuj protektas la maleolojn kontra\u016d ostroj. Se vi ne havas tiajn \u015duojn, vi ne rajtas partopreni. Ta\u016dgaj estas ekzemple plon\u011dbotoj a\u016d sport\u015duoj el Scapino (nuntempe \u0109irka\u016d 20 e\u016droj).<\/p>\n<\/div>\n<\/div>\n\n\n\n<hr class=\"wp-block-separator has-alpha-channel-opacity\"\/>\n\n\n\n<p>Ali\u011du por la vadmigrado per la formularo: <a href=\"https:\/\/esperanto-nederland.nl\/index.php\/eo\/vadekskurso-al-ameland-aligilo\/\" data-type=\"link\" data-id=\"https:\/\/esperanto-nederland.nl\/index.php\/eo\/vadekskurso-al-ameland-aligilo\/\" target=\"_blank\" rel=\"noreferrer noopener\">Ali\u011du por la vadmigrado<\/a>.<\/p>\n\n\n\n<p>Se vi havas pliajn demandojn a\u016d rimarkojn, vi \u0109iam povas kontakti nin.<\/p>\n\n\n\n<p><em>Harm Voortman, Pawe\u0142 Fischer Kotowski kaj Foppe-Klaas Hovinga (ZEK)<\/em>.<\/p>\n\n\n\n<p><a href=\"https:\/\/esperanto-nederland.nl\/index.php\/eo\/kontakti-la-organizantojn-de-la-vadeskurso-al-amelando\/\" data-type=\"link\" data-id=\"https:\/\/esperanto-nederland.nl\/index.php\/eo\/kontakti-la-organizantojn-de-la-vadeskurso-al-amelando\/\" target=\"_blank\" rel=\"noreferrer noopener\">Kontaktu nin.<\/a><\/p>\n\n\n\n<figure class=\"wp-block-gallery has-nested-images columns-default is-cropped wp-block-gallery-2 is-layout-flex wp-block-gallery-is-layout-flex\">\n<figure class=\"wp-block-image size-large\"><a href=\"https:\/\/esperanto-nederland.nl\/wp-content\/uploads\/2026\/02\/Wadlopen-Harm-Voortman-20250622_113912317-rotated.jpg\"><img loading=\"lazy\" decoding=\"async\" width=\"768\" height=\"1024\" data-id=\"12822\" src=\"https:\/\/esperanto-nederland.nl\/wp-content\/uploads\/2026\/02\/Wadlopen-Harm-Voortman-20250622_113912317-768x1024.jpg\" alt=\"\" class=\"wp-image-12822\" srcset=\"https:\/\/esperanto-nederland.nl\/wp-content\/uploads\/2026\/02\/Wadlopen-Harm-Voortman-20250622_113912317-768x1024.jpg 768w, https:\/\/esperanto-nederland.nl\/wp-content\/uploads\/2026\/02\/Wadlopen-Harm-Voortman-20250622_113912317-225x300.jpg 225w, https:\/\/esperanto-nederland.nl\/wp-content\/uploads\/2026\/02\/Wadlopen-Harm-Voortman-20250622_113912317-285x380.jpg 285w, https:\/\/esperanto-nederland.nl\/wp-content\/uploads\/2026\/02\/Wadlopen-Harm-Voortman-20250622_113912317-rotated.jpg 900w\" sizes=\"auto, (max-width: 768px) 100vw, 768px\" \/><\/a><\/figure>\n\n\n\n<figure class=\"wp-block-image size-large\"><a href=\"https:\/\/esperanto-nederland.nl\/wp-content\/uploads\/2026\/02\/Wadlopen-Harm-Voortman-20250622_120644109-rotated.jpg\"><img loading=\"lazy\" decoding=\"async\" width=\"768\" height=\"1024\" data-id=\"12824\" src=\"https:\/\/esperanto-nederland.nl\/wp-content\/uploads\/2026\/02\/Wadlopen-Harm-Voortman-20250622_120644109-768x1024.jpg\" alt=\"\" class=\"wp-image-12824\" srcset=\"https:\/\/esperanto-nederland.nl\/wp-content\/uploads\/2026\/02\/Wadlopen-Harm-Voortman-20250622_120644109-768x1024.jpg 768w, https:\/\/esperanto-nederland.nl\/wp-content\/uploads\/2026\/02\/Wadlopen-Harm-Voortman-20250622_120644109-225x300.jpg 225w, https:\/\/esperanto-nederland.nl\/wp-content\/uploads\/2026\/02\/Wadlopen-Harm-Voortman-20250622_120644109-285x380.jpg 285w, https:\/\/esperanto-nederland.nl\/wp-content\/uploads\/2026\/02\/Wadlopen-Harm-Voortman-20250622_120644109-rotated.jpg 900w\" sizes=\"auto, (max-width: 768px) 100vw, 768px\" \/><\/a><\/figure>\n\n\n\n<figure class=\"wp-block-image size-large\"><a href=\"https:\/\/esperanto-nederland.nl\/wp-content\/uploads\/2026\/02\/Wadlopen-Harm-Voortman-20250622_140329350-rotated.jpg\"><img loading=\"lazy\" decoding=\"async\" width=\"768\" height=\"1024\" data-id=\"12827\" src=\"https:\/\/esperanto-nederland.nl\/wp-content\/uploads\/2026\/02\/Wadlopen-Harm-Voortman-20250622_140329350-768x1024.jpg\" alt=\"\" class=\"wp-image-12827\" srcset=\"https:\/\/esperanto-nederland.nl\/wp-content\/uploads\/2026\/02\/Wadlopen-Harm-Voortman-20250622_140329350-768x1024.jpg 768w, https:\/\/esperanto-nederland.nl\/wp-content\/uploads\/2026\/02\/Wadlopen-Harm-Voortman-20250622_140329350-225x300.jpg 225w, https:\/\/esperanto-nederland.nl\/wp-content\/uploads\/2026\/02\/Wadlopen-Harm-Voortman-20250622_140329350-285x380.jpg 285w, https:\/\/esperanto-nederland.nl\/wp-content\/uploads\/2026\/02\/Wadlopen-Harm-Voortman-20250622_140329350-rotated.jpg 900w\" sizes=\"auto, (max-width: 768px) 100vw, 768px\" \/><\/a><\/figure>\n<\/figure>\n\n\n\n<figure class=\"wp-block-gallery has-nested-images columns-default is-cropped wp-block-gallery-3 is-layout-flex wp-block-gallery-is-layout-flex\">\n<figure class=\"wp-block-image size-large\"><a href=\"https:\/\/esperanto-nederland.nl\/wp-content\/uploads\/2026\/02\/Wadlopen-Harm-Voortman-20250622_112020434-rotated.jpg\"><img loading=\"lazy\" decoding=\"async\" width=\"1024\" height=\"768\" data-id=\"12823\" src=\"https:\/\/esperanto-nederland.nl\/wp-content\/uploads\/2026\/02\/Wadlopen-Harm-Voortman-20250622_112020434-1024x768.jpg\" alt=\"\" class=\"wp-image-12823\" srcset=\"https:\/\/esperanto-nederland.nl\/wp-content\/uploads\/2026\/02\/Wadlopen-Harm-Voortman-20250622_112020434-1024x768.jpg 1024w, https:\/\/esperanto-nederland.nl\/wp-content\/uploads\/2026\/02\/Wadlopen-Harm-Voortman-20250622_112020434-300x225.jpg 300w, https:\/\/esperanto-nederland.nl\/wp-content\/uploads\/2026\/02\/Wadlopen-Harm-Voortman-20250622_112020434-200x150.jpg 200w, https:\/\/esperanto-nederland.nl\/wp-content\/uploads\/2026\/02\/Wadlopen-Harm-Voortman-20250622_112020434-768x576.jpg 768w, https:\/\/esperanto-nederland.nl\/wp-content\/uploads\/2026\/02\/Wadlopen-Harm-Voortman-20250622_112020434-507x380.jpg 507w, https:\/\/esperanto-nederland.nl\/wp-content\/uploads\/2026\/02\/Wadlopen-Harm-Voortman-20250622_112020434-rotated.jpg 1200w\" sizes=\"auto, (max-width: 1024px) 100vw, 1024px\" \/><\/a><\/figure>\n\n\n\n<figure class=\"wp-block-image size-large\"><a href=\"https:\/\/esperanto-nederland.nl\/wp-content\/uploads\/2026\/02\/Wadlopen-Harm-Voortman-20250622_145202071-rotated.jpg\"><img loading=\"lazy\" decoding=\"async\" width=\"1024\" height=\"768\" data-id=\"12828\" src=\"https:\/\/esperanto-nederland.nl\/wp-content\/uploads\/2026\/02\/Wadlopen-Harm-Voortman-20250622_145202071-1024x768.jpg\" alt=\"\" class=\"wp-image-12828\" srcset=\"https:\/\/esperanto-nederland.nl\/wp-content\/uploads\/2026\/02\/Wadlopen-Harm-Voortman-20250622_145202071-1024x768.jpg 1024w, https:\/\/esperanto-nederland.nl\/wp-content\/uploads\/2026\/02\/Wadlopen-Harm-Voortman-20250622_145202071-300x225.jpg 300w, https:\/\/esperanto-nederland.nl\/wp-content\/uploads\/2026\/02\/Wadlopen-Harm-Voortman-20250622_145202071-200x150.jpg 200w, https:\/\/esperanto-nederland.nl\/wp-content\/uploads\/2026\/02\/Wadlopen-Harm-Voortman-20250622_145202071-768x576.jpg 768w, https:\/\/esperanto-nederland.nl\/wp-content\/uploads\/2026\/02\/Wadlopen-Harm-Voortman-20250622_145202071-507x380.jpg 507w, https:\/\/esperanto-nederland.nl\/wp-content\/uploads\/2026\/02\/Wadlopen-Harm-Voortman-20250622_145202071-rotated.jpg 1200w\" sizes=\"auto, (max-width: 1024px) 100vw, 1024px\" \/><\/a><\/figure>\n\n\n\n<figure class=\"wp-block-image size-large\"><a href=\"https:\/\/esperanto-nederland.nl\/wp-content\/uploads\/2026\/02\/Wadlopen-Harm-Voortman-20250622_125439916-rotated.jpg\"><img loading=\"lazy\" decoding=\"async\" width=\"1024\" height=\"768\" data-id=\"12826\" src=\"https:\/\/esperanto-nederland.nl\/wp-content\/uploads\/2026\/02\/Wadlopen-Harm-Voortman-20250622_125439916-1024x768.jpg\" alt=\"\" class=\"wp-image-12826\" srcset=\"https:\/\/esperanto-nederland.nl\/wp-content\/uploads\/2026\/02\/Wadlopen-Harm-Voortman-20250622_125439916-1024x768.jpg 1024w, https:\/\/esperanto-nederland.nl\/wp-content\/uploads\/2026\/02\/Wadlopen-Harm-Voortman-20250622_125439916-300x225.jpg 300w, https:\/\/esperanto-nederland.nl\/wp-content\/uploads\/2026\/02\/Wadlopen-Harm-Voortman-20250622_125439916-200x150.jpg 200w, https:\/\/esperanto-nederland.nl\/wp-content\/uploads\/2026\/02\/Wadlopen-Harm-Voortman-20250622_125439916-768x576.jpg 768w, https:\/\/esperanto-nederland.nl\/wp-content\/uploads\/2026\/02\/Wadlopen-Harm-Voortman-20250622_125439916-507x380.jpg 507w, https:\/\/esperanto-nederland.nl\/wp-content\/uploads\/2026\/02\/Wadlopen-Harm-Voortman-20250622_125439916-rotated.jpg 1200w\" sizes=\"auto, (max-width: 1024px) 100vw, 1024px\" \/><\/a><\/figure>\n\n\n\n<figure class=\"wp-block-image size-large\"><a href=\"https:\/\/esperanto-nederland.nl\/wp-content\/uploads\/2026\/02\/Wadlopen-Harm-Voortman-20250622_103800951-rotated.jpg\"><img loading=\"lazy\" decoding=\"async\" width=\"1024\" height=\"768\" data-id=\"12821\" src=\"https:\/\/esperanto-nederland.nl\/wp-content\/uploads\/2026\/02\/Wadlopen-Harm-Voortman-20250622_103800951-1024x768.jpg\" alt=\"\" class=\"wp-image-12821\" srcset=\"https:\/\/esperanto-nederland.nl\/wp-content\/uploads\/2026\/02\/Wadlopen-Harm-Voortman-20250622_103800951-1024x768.jpg 1024w, https:\/\/esperanto-nederland.nl\/wp-content\/uploads\/2026\/02\/Wadlopen-Harm-Voortman-20250622_103800951-300x225.jpg 300w, https:\/\/esperanto-nederland.nl\/wp-content\/uploads\/2026\/02\/Wadlopen-Harm-Voortman-20250622_103800951-200x150.jpg 200w, https:\/\/esperanto-nederland.nl\/wp-content\/uploads\/2026\/02\/Wadlopen-Harm-Voortman-20250622_103800951-768x576.jpg 768w, https:\/\/esperanto-nederland.nl\/wp-content\/uploads\/2026\/02\/Wadlopen-Harm-Voortman-20250622_103800951-507x380.jpg 507w, https:\/\/esperanto-nederland.nl\/wp-content\/uploads\/2026\/02\/Wadlopen-Harm-Voortman-20250622_103800951-rotated.jpg 1200w\" sizes=\"auto, (max-width: 1024px) 100vw, 1024px\" \/><\/a><\/figure>\n\n\n\n<figure class=\"wp-block-image size-large\"><a href=\"https:\/\/esperanto-nederland.nl\/wp-content\/uploads\/2026\/02\/Wadlopen-Harm-Voortman-20250622_151059067-rotated.jpg\"><img loading=\"lazy\" decoding=\"async\" width=\"1024\" height=\"768\" data-id=\"12829\" src=\"https:\/\/esperanto-nederland.nl\/wp-content\/uploads\/2026\/02\/Wadlopen-Harm-Voortman-20250622_151059067-1024x768.jpg\" alt=\"\" class=\"wp-image-12829\" srcset=\"https:\/\/esperanto-nederland.nl\/wp-content\/uploads\/2026\/02\/Wadlopen-Harm-Voortman-20250622_151059067-1024x768.jpg 1024w, https:\/\/esperanto-nederland.nl\/wp-content\/uploads\/2026\/02\/Wadlopen-Harm-Voortman-20250622_151059067-300x225.jpg 300w, https:\/\/esperanto-nederland.nl\/wp-content\/uploads\/2026\/02\/Wadlopen-Harm-Voortman-20250622_151059067-200x150.jpg 200w, https:\/\/esperanto-nederland.nl\/wp-content\/uploads\/2026\/02\/Wadlopen-Harm-Voortman-20250622_151059067-768x576.jpg 768w, https:\/\/esperanto-nederland.nl\/wp-content\/uploads\/2026\/02\/Wadlopen-Harm-Voortman-20250622_151059067-507x380.jpg 507w, https:\/\/esperanto-nederland.nl\/wp-content\/uploads\/2026\/02\/Wadlopen-Harm-Voortman-20250622_151059067-rotated.jpg 1200w\" sizes=\"auto, (max-width: 1024px) 100vw, 1024px\" \/><\/a><\/figure>\n\n\n\n<figure class=\"wp-block-image size-large\"><a href=\"https:\/\/esperanto-nederland.nl\/wp-content\/uploads\/2026\/02\/Wadlopen-Harm-Voortman-20250622_125503022-rotated.jpg\"><img loading=\"lazy\" decoding=\"async\" width=\"1024\" height=\"768\" data-id=\"12825\" src=\"https:\/\/esperanto-nederland.nl\/wp-content\/uploads\/2026\/02\/Wadlopen-Harm-Voortman-20250622_125503022-1024x768.jpg\" alt=\"\" class=\"wp-image-12825\" srcset=\"https:\/\/esperanto-nederland.nl\/wp-content\/uploads\/2026\/02\/Wadlopen-Harm-Voortman-20250622_125503022-1024x768.jpg 1024w, https:\/\/esperanto-nederland.nl\/wp-content\/uploads\/2026\/02\/Wadlopen-Harm-Voortman-20250622_125503022-300x225.jpg 300w, https:\/\/esperanto-nederland.nl\/wp-content\/uploads\/2026\/02\/Wadlopen-Harm-Voortman-20250622_125503022-200x150.jpg 200w, https:\/\/esperanto-nederland.nl\/wp-content\/uploads\/2026\/02\/Wadlopen-Harm-Voortman-20250622_125503022-768x576.jpg 768w, https:\/\/esperanto-nederland.nl\/wp-content\/uploads\/2026\/02\/Wadlopen-Harm-Voortman-20250622_125503022-507x380.jpg 507w, https:\/\/esperanto-nederland.nl\/wp-content\/uploads\/2026\/02\/Wadlopen-Harm-Voortman-20250622_125503022-rotated.jpg 1200w\" sizes=\"auto, (max-width: 1024px) 100vw, 1024px\" \/><\/a><\/figure>\n<\/figure>\n","protected":false},"excerpt":{"rendered":"<p>Karaj samideanoj, En junio ni kun grupo da homoj vadeksursos al Amelando! \u0108iu, kiu volas ali\u011di al ni, estas kore bonvena. Ni anka\u016d tre \u011dojus renkonti esperantistojn sur Amelando, kiuj ne volas a\u016d ne povas vadmigradi. Ili povas veni per la pram\u015dipo al la insulo. Ni renkonti\u011dos poste en kafejo a\u016d restoracio sur la insulo. &hellip; <a href=\"https:\/\/esperanto-nederland.nl\/index.php\/eo\/vadekskurso-al-ameland-invito\/\" class=\"more-link\">Verder lezen <span class=\"screen-reader-text\">Vadekskurso al Ameland &#8211; invito<\/span><\/a><\/p>\n","protected":false},"author":2,"featured_media":0,"parent":0,"menu_order":0,"comment_status":"closed","ping_status":"closed","template":"","meta":{"footnotes":""},"class_list":["post-12772","page","type-page","status-publish","hentry","without-featured-image"],"_links":{"self":[{"href":"https:\/\/esperanto-nederland.nl\/index.php\/wp-json\/wp\/v2\/pages\/12772","targetHints":{"allow":["GET"]}}],"collection":[{"href":"https:\/\/esperanto-nederland.nl\/index.php\/wp-json\/wp\/v2\/pages"}],"about":[{"href":"https:\/\/esperanto-nederland.nl\/index.php\/wp-json\/wp\/v2\/types\/page"}],"author":[{"embeddable":true,"href":"https:\/\/esperanto-nederland.nl\/index.php\/wp-json\/wp\/v2\/users\/2"}],"replies":[{"embeddable":true,"href":"https:\/\/esperanto-nederland.nl\/index.php\/wp-json\/wp\/v2\/comments?post=12772"}],"version-history":[{"count":14,"href":"https:\/\/esperanto-nederland.nl\/index.php\/wp-json\/wp\/v2\/pages\/12772\/revisions"}],"predecessor-version":[{"id":13256,"href":"https:\/\/esperanto-nederland.nl\/index.php\/wp-json\/wp\/v2\/pages\/12772\/revisions\/13256"}],"wp:attachment":[{"href":"https:\/\/esperanto-nederland.nl\/index.php\/wp-json\/wp\/v2\/media?parent=12772"}],"curies":[{"name":"wp","href":"https:\/\/api.w.org\/{rel}","templated":true}]}}