{"id":13043,"date":"2026-03-28T19:47:41","date_gmt":"2026-03-28T18:47:41","guid":{"rendered":"https:\/\/esperanto-nederland.nl\/?page_id=13043"},"modified":"2026-03-28T19:47:42","modified_gmt":"2026-03-28T18:47:42","slug":"bewaren","status":"publish","type":"page","link":"https:\/\/esperanto-nederland.nl\/index.php\/bewaren\/","title":{"rendered":"Bewaren"},"content":{"rendered":"\n<h4 class=\"wp-block-heading\"><a href=\"https:\/\/esperanto-nederland.nl\/index.php\/eo\/2026\/02\/23\/vadekskurso-al-ameland-invito\/\" data-type=\"link\" data-id=\"https:\/\/esperanto-nederland.nl\/index.php\/eo\/2026\/02\/23\/vadekskurso-al-ameland-invito\/\">Vadekskurso al Ameland<\/a><\/h4>\n\n\n\n<figure class=\"wp-block-image size-large\"><a href=\"https:\/\/esperanto-nederland.nl\/index.php\/eo\/2026\/02\/23\/vadekskurso-al-ameland-invito\/\"><img decoding=\"async\" src=\"https:\/\/esperanto-nederland.nl\/wp-content\/uploads\/2026\/02\/Wadlopen-Harm-Voortman-20250622_143051038-1024x768.jpg\" alt=\"\" style=\"aspect-ratio:4\/3;object-fit:cover\"\/><\/a><\/figure>\n\n\n\n<p>Sabato, la 7-a de junio 2026 ni kun grupo da homoj vadeksursos al Amelando! \u0108iu, kiu volas ali\u011di al ni, estas kore bonvena. Ni anka\u016d tre \u011dojus renkonti esperantistojn sur Amelando, kiuj ne volas a\u016d ne povas vadmigradi. &#8230;<br><a href=\"https:\/\/esperanto-nederland.nl\/index.php\/eo\/2026\/02\/23\/vadekskurso-al-ameland-invito\/\" data-type=\"link\" data-id=\"https:\/\/esperanto-nederland.nl\/index.php\/eo\/2026\/02\/23\/vadekskurso-al-ameland-invito\/\">Pli&#8230;<\/a><\/p>\n","protected":false},"excerpt":{"rendered":"<p>Vadekskurso al Ameland Sabato, la 7-a de junio 2026 ni kun grupo da homoj vadeksursos al Amelando! \u0108iu, kiu volas ali\u011di al ni, estas kore bonvena. Ni anka\u016d tre \u011dojus renkonti esperantistojn sur Amelando, kiuj ne volas a\u016d ne povas vadmigradi. &#8230;Pli&#8230;<\/p>\n","protected":false},"author":2,"featured_media":0,"parent":0,"menu_order":0,"comment_status":"closed","ping_status":"closed","template":"","meta":{"footnotes":""},"class_list":["post-13043","page","type-page","status-publish","hentry","without-featured-image"],"_links":{"self":[{"href":"https:\/\/esperanto-nederland.nl\/index.php\/wp-json\/wp\/v2\/pages\/13043","targetHints":{"allow":["GET"]}}],"collection":[{"href":"https:\/\/esperanto-nederland.nl\/index.php\/wp-json\/wp\/v2\/pages"}],"about":[{"href":"https:\/\/esperanto-nederland.nl\/index.php\/wp-json\/wp\/v2\/types\/page"}],"author":[{"embeddable":true,"href":"https:\/\/esperanto-nederland.nl\/index.php\/wp-json\/wp\/v2\/users\/2"}],"replies":[{"embeddable":true,"href":"https:\/\/esperanto-nederland.nl\/index.php\/wp-json\/wp\/v2\/comments?post=13043"}],"version-history":[{"count":1,"href":"https:\/\/esperanto-nederland.nl\/index.php\/wp-json\/wp\/v2\/pages\/13043\/revisions"}],"predecessor-version":[{"id":13044,"href":"https:\/\/esperanto-nederland.nl\/index.php\/wp-json\/wp\/v2\/pages\/13043\/revisions\/13044"}],"wp:attachment":[{"href":"https:\/\/esperanto-nederland.nl\/index.php\/wp-json\/wp\/v2\/media?parent=13043"}],"curies":[{"name":"wp","href":"https:\/\/api.w.org\/{rel}","templated":true}]}}