{"id":160,"date":"2023-05-16T05:49:02","date_gmt":"2023-05-16T05:49:02","guid":{"rendered":"https:\/\/www.xloof.nl\/zandbak\/?page_id=160"},"modified":"2024-11-16T22:05:06","modified_gmt":"2024-11-16T21:05:06","slug":"historie","status":"publish","type":"page","link":"https:\/\/esperanto-nederland.nl\/index.php\/historie\/","title":{"rendered":"Historie"},"content":{"rendered":"\n<div class=\"wp-block-columns is-layout-flex wp-container-core-columns-is-layout-9d6595d7 wp-block-columns-is-layout-flex\">\n<div class=\"wp-block-column is-layout-flow wp-block-column-is-layout-flow\" style=\"flex-basis:66.66%\">\n<h2 class=\"wp-block-heading\">Geschiedenis van Esperanto<\/h2>\n\n\n\n<p>Ludwig Zamenhof gaf vanaf 1887 publicaties uit die aan de basis liggen van Esperanto. Hij en anderen hebben het eerste ontwerp verder ontwikkeld tot een volwaardige taal die door zijn gebruikers tot op de dag vandaag verder groeit in woordenschat en gebruiksmogelijkheden, zonder dat de grondslag verandert.<\/p>\n\n\n\n<p>Ook in Nederland raakten mensen ge\u00efnteresseerd in de taal. Er werden diverse verenigingen en organisaties opgericht. De vereniging Esperanto Nederland is hieruit ontstaan.<\/p>\n\n\n\n<p>Esperanto kent een rijke geschiedenis, zowel in het buitenland als in Nederland, die tot de dag van vandaag doorgaat en door zal blijven gaan.<\/p>\n\n\n\n<p>Kijk ook in <a href=\"https:\/\/esperanto-nederland.nl\/index.php\/category\/nieuwsarchief\/\" data-type=\"link\" data-id=\"https:\/\/esperanto-nederland.nl\/index.php\/category\/nieuwsarchief\/\">het nieuwsarchief<\/a> en in de <a href=\"https:\/\/esperanto-nederland.nl\/wp-content\/uploads\/2024\/08\/Nieuwsarchief-oude-website-Esperanto-Nederland.pdf\" data-type=\"attachment\" data-id=\"5343\" target=\"_blank\" rel=\"noreferrer noopener\">oude nieuwsberichten (tot 2024)<\/a> (pdf).<\/p>\n\n\n\n<p><\/p>\n<\/div>\n\n\n\n<div class=\"wp-block-column is-layout-flow wp-block-column-is-layout-flow\" style=\"flex-basis:33.33%\">\n<figure class=\"wp-block-image size-full\"><a href=\"https:\/\/esperanto-nederland.nl\/index.php\/rijke-geschiedenis\/\"><img loading=\"lazy\" decoding=\"async\" width=\"512\" height=\"502\" src=\"https:\/\/esperanto-nederland.nl\/wp-content\/uploads\/2024\/08\/Teleac-cursus-1.jpg\" alt=\"\" class=\"wp-image-5218\" srcset=\"https:\/\/esperanto-nederland.nl\/wp-content\/uploads\/2024\/08\/Teleac-cursus-1.jpg 512w, https:\/\/esperanto-nederland.nl\/wp-content\/uploads\/2024\/08\/Teleac-cursus-1-300x294.jpg 300w, https:\/\/esperanto-nederland.nl\/wp-content\/uploads\/2024\/08\/Teleac-cursus-1-388x380.jpg 388w\" sizes=\"auto, (max-width: 512px) 100vw, 512px\" \/><\/a><figcaption class=\"wp-element-caption\">In 1972 schreven Van Kooten en De Bie een twintigdelige cursus Esperanto voor de TELEAC.<\/figcaption><\/figure>\n<\/div>\n<\/div>\n\n\n\n<p> <br> <\/p>\n\n\n\n<div class=\"wp-block-columns is-layout-flex wp-container-core-columns-is-layout-9d6595d7 wp-block-columns-is-layout-flex\">\n<div class=\"wp-block-column is-layout-flow wp-block-column-is-layout-flow\">\n<h3 class=\"wp-block-heading\"><a href=\"https:\/\/esperanto-nederland.nl\/index.php\/geschiedenis-van-esperanto-nederland\/\" data-type=\"link\" data-id=\"https:\/\/esperanto-nederland.nl\/index.php\/geschiedenis-van-esperanto-nederland\/\">Esperanto Nederland<\/a><\/h3>\n\n\n\n<figure class=\"wp-block-image size-large\"><a href=\"https:\/\/esperanto-nederland.nl\/index.php\/geschiedenis-van-esperanto-nederland\/\"><img loading=\"lazy\" decoding=\"async\" width=\"1024\" height=\"768\" src=\"https:\/\/esperanto-nederland.nl\/wp-content\/uploads\/2024\/08\/20211016anho0000040-Jarkunveno-2021-1200p-1024x768.jpg\" alt=\"\" class=\"wp-image-5298\" srcset=\"https:\/\/esperanto-nederland.nl\/wp-content\/uploads\/2024\/08\/20211016anho0000040-Jarkunveno-2021-1200p-1024x768.jpg 1024w, https:\/\/esperanto-nederland.nl\/wp-content\/uploads\/2024\/08\/20211016anho0000040-Jarkunveno-2021-1200p-300x225.jpg 300w, https:\/\/esperanto-nederland.nl\/wp-content\/uploads\/2024\/08\/20211016anho0000040-Jarkunveno-2021-1200p-768x576.jpg 768w, https:\/\/esperanto-nederland.nl\/wp-content\/uploads\/2024\/08\/20211016anho0000040-Jarkunveno-2021-1200p-507x380.jpg 507w, https:\/\/esperanto-nederland.nl\/wp-content\/uploads\/2024\/08\/20211016anho0000040-Jarkunveno-2021-1200p.jpg 1200w\" sizes=\"auto, (max-width: 1024px) 100vw, 1024px\" \/><\/a><\/figure>\n\n\n\n<p>De vereniging Esperanto Nederland werd opgericht op 23 september 1994 bij notaris Haafkens in Purmerend. Deze vereniging is een voortzetting van twee oudere Esperanto-verenigingen.<br><a href=\"https:\/\/esperanto-nederland.nl\/index.php\/geschiedenis-van-esperanto-nederland\/\" data-type=\"link\" data-id=\"https:\/\/esperanto-nederland.nl\/index.php\/geschiedenis-van-esperanto-nederland\/\">Lees meer&#8230;<\/a><\/p>\n<\/div>\n\n\n\n<div class=\"wp-block-column is-layout-flow wp-block-column-is-layout-flow\">\n<h3 class=\"wp-block-heading\"><a href=\"https:\/\/esperanto-nederland.nl\/index.php\/fotos-van-de-studieweekenden\/\" data-type=\"link\" data-id=\"https:\/\/esperanto-nederland.nl\/index.php\/fotos-studieweekenden\/\">Foto&#8217;s studieweekenden<\/a><\/h3>\n\n\n\n<figure class=\"wp-block-image size-large\"><a href=\"https:\/\/esperanto-nederland.nl\/index.php\/fotos-van-de-studieweekenden\/\"><img loading=\"lazy\" decoding=\"async\" width=\"1024\" height=\"768\" src=\"https:\/\/esperanto-nederland.nl\/wp-content\/uploads\/2024\/03\/Studieweekend-2016-03-maart-in-Buurse-origineel-25-1024x768.jpg\" alt=\"\" class=\"wp-image-2942\" srcset=\"https:\/\/esperanto-nederland.nl\/wp-content\/uploads\/2024\/03\/Studieweekend-2016-03-maart-in-Buurse-origineel-25-1024x768.jpg 1024w, https:\/\/esperanto-nederland.nl\/wp-content\/uploads\/2024\/03\/Studieweekend-2016-03-maart-in-Buurse-origineel-25-300x225.jpg 300w, https:\/\/esperanto-nederland.nl\/wp-content\/uploads\/2024\/03\/Studieweekend-2016-03-maart-in-Buurse-origineel-25-768x576.jpg 768w, https:\/\/esperanto-nederland.nl\/wp-content\/uploads\/2024\/03\/Studieweekend-2016-03-maart-in-Buurse-origineel-25-1536x1152.jpg 1536w, https:\/\/esperanto-nederland.nl\/wp-content\/uploads\/2024\/03\/Studieweekend-2016-03-maart-in-Buurse-origineel-25-2048x1536.jpg 2048w, https:\/\/esperanto-nederland.nl\/wp-content\/uploads\/2024\/03\/Studieweekend-2016-03-maart-in-Buurse-origineel-25-507x380.jpg 507w\" sizes=\"auto, (max-width: 1024px) 100vw, 1024px\" \/><\/a><\/figure>\n\n\n\n<p>Meer dan 20 jaar organiseert Esperanto Nederland studieweekenden. Foto\u2019s die werden gemaakt, zijn opgenomen in de fotoalbums op deze website.<br><br><a href=\"https:\/\/esperanto-nederland.nl\/index.php\/fotos-van-de-studieweekenden\/\" data-type=\"link\" data-id=\"https:\/\/esperanto-nederland.nl\/index.php\/fotos-van-de-studieweekenden\/\">Foto&#8217;s van de studieweekenen&#8230;<\/a><\/p>\n<\/div>\n\n\n\n<div class=\"wp-block-column is-layout-flow wp-block-column-is-layout-flow\">\n<h3 class=\"wp-block-heading\"><a href=\"https:\/\/esperanto-nederland.nl\/index.php\/rijke-geschiedenis\/\" data-type=\"link\" data-id=\"https:\/\/esperanto-nederland.nl\/index.php\/eo\/rica-historio\/\">Rijke geschiedenis<\/a><\/h3>\n\n\n\n<figure class=\"wp-block-image size-full\"><a href=\"https:\/\/esperanto-nederland.nl\/index.php\/rijke-geschiedenis\/\"><img loading=\"lazy\" decoding=\"async\" width=\"400\" height=\"400\" src=\"https:\/\/esperanto-nederland.nl\/wp-content\/uploads\/2024\/08\/robdenijs.jpeg\" alt=\"\" class=\"wp-image-5229\" style=\"aspect-ratio:4\/3;object-fit:cover\" srcset=\"https:\/\/esperanto-nederland.nl\/wp-content\/uploads\/2024\/08\/robdenijs.jpeg 400w, https:\/\/esperanto-nederland.nl\/wp-content\/uploads\/2024\/08\/robdenijs-300x300.jpeg 300w, https:\/\/esperanto-nederland.nl\/wp-content\/uploads\/2024\/08\/robdenijs-150x150.jpeg 150w, https:\/\/esperanto-nederland.nl\/wp-content\/uploads\/2024\/08\/robdenijs-90x90.jpeg 90w, https:\/\/esperanto-nederland.nl\/wp-content\/uploads\/2024\/08\/robdenijs-380x380.jpeg 380w\" sizes=\"auto, (max-width: 400px) 100vw, 400px\" \/><\/a><\/figure>\n\n\n\n<p>Rob de Nijs zong ooit een liedje in Esperanto en Kees van Kooten en Wim de Bie gaven bij de Teleac een Esperanto cursus. De audioversie en boeken zijn bewaard gebleven. Esperanto heeft een rijke geschiedenis, ook in Nederland.<br><a href=\"https:\/\/esperanto-nederland.nl\/index.php\/rijke-geschiedenis\/\" data-type=\"link\" data-id=\"https:\/\/esperanto-nederland.nl\/index.php\/eo\/rica-historio\/\">Lees meer&#8230;<\/a><\/p>\n<\/div>\n<\/div>\n\n\n\n<p><\/p>\n\n\n\n<div class=\"wp-block-columns is-layout-flex wp-container-core-columns-is-layout-9d6595d7 wp-block-columns-is-layout-flex\">\n<div class=\"wp-block-column is-layout-flow wp-block-column-is-layout-flow\">\n<h3 class=\"wp-block-heading\"><a href=\"https:\/\/esperanto-nederland.nl\/index.php\/esperanto-een-lange-zoektocht\/\" data-type=\"link\" data-id=\"https:\/\/esperanto-nederland.nl\/index.php\/esperanto-een-lange-zoektocht\/\">Een lange zoektocht<\/a><\/h3>\n\n\n\n<figure class=\"wp-block-image size-large wp-duotone-unset-2\"><a href=\"https:\/\/esperanto-nederland.nl\/index.php\/esperanto-een-lange-zoektocht\/\"><img decoding=\"async\" src=\"https:\/\/esperanto-nederland.nl\/wp-content\/uploads\/2024\/05\/Toren-van-Babel-Copilot-1.jpeg\" alt=\"\" style=\"aspect-ratio:4\/3;object-fit:cover\"\/><\/a><\/figure>\n\n\n\n<p>Over het oppervlak van onze aardbol worden vele talen gesproken en die verscheidenheid is een rijkdom maar soms ook heel lastig. Een taal ontwikkelt zich. Ook Esperanto is niet zomaar uit het niets ontstaan.<br><a href=\"https:\/\/esperanto-nederland.nl\/index.php\/esperanto-een-lange-zoektocht\/\">Lees meer&#8230;<\/a><\/p>\n<\/div>\n\n\n\n<div class=\"wp-block-column is-layout-flow wp-block-column-is-layout-flow\">\n<h3 class=\"wp-block-heading\"><a href=\"https:\/\/esperanto-nederland.nl\/index.php\/historie\/neutraal-moresnet\/\" data-type=\"link\" data-id=\"https:\/\/esperanto-nederland.nl\/index.php\/eo\/historio\/neutrala-moresnet\/\">Neutraal Moresnet<\/a><\/h3>\n\n\n\n<figure class=\"wp-block-image size-large\"><a href=\"https:\/\/esperanto-nederland.nl\/index.php\/historie\/neutraal-moresnet\/\"><img loading=\"lazy\" decoding=\"async\" width=\"1024\" height=\"768\" src=\"https:\/\/esperanto-nederland.nl\/wp-content\/uploads\/2024\/05\/Neutraal_Moresnet-Bron-Wiki-1024x768.jpg\" alt=\"\" class=\"wp-image-4238\" srcset=\"https:\/\/esperanto-nederland.nl\/wp-content\/uploads\/2024\/05\/Neutraal_Moresnet-Bron-Wiki-1024x768.jpg 1024w, https:\/\/esperanto-nederland.nl\/wp-content\/uploads\/2024\/05\/Neutraal_Moresnet-Bron-Wiki-300x225.jpg 300w, https:\/\/esperanto-nederland.nl\/wp-content\/uploads\/2024\/05\/Neutraal_Moresnet-Bron-Wiki-768x576.jpg 768w, https:\/\/esperanto-nederland.nl\/wp-content\/uploads\/2024\/05\/Neutraal_Moresnet-Bron-Wiki-507x380.jpg 507w, https:\/\/esperanto-nederland.nl\/wp-content\/uploads\/2024\/05\/Neutraal_Moresnet-Bron-Wiki.jpg 1280w\" sizes=\"auto, (max-width: 1024px) 100vw, 1024px\" \/><\/a><\/figure>\n\n\n\n<p>Neutraal Moresnet, officieel \u201cHet Onverdeelde Gebied van Moresnet\u201d, was een staatje van ongeveer 3,44 km<sup>2<\/sup>. In dit staatje was korte tijd Esperanto \u00e9\u00e9n van de offici\u00eble talen.<br><a href=\"https:\/\/esperanto-nederland.nl\/index.php\/historie\/neutraal-moresnet\/\" data-type=\"link\" data-id=\"https:\/\/esperanto-nederland.nl\/index.php\/historie\/neutraal-moresnet\/\">Lees meer&#8230;<\/a><\/p>\n<\/div>\n\n\n\n<div class=\"wp-block-column is-layout-flow wp-block-column-is-layout-flow\">\n<h3 class=\"wp-block-heading\"><a href=\"https:\/\/esperanto-nederland.nl\/index.php\/goslinga-collectie\/\" data-type=\"link\" data-id=\"https:\/\/esperanto-nederland.nl\/index.php\/eo\/gosligan-kolekto\/\">Goslinga colectie<\/a><\/h3>\n\n\n\n<figure class=\"wp-block-image size-large\"><a href=\"https:\/\/esperanto-nederland.nl\/index.php\/goslinga-collectie\/\"><img loading=\"lazy\" decoding=\"async\" width=\"2040\" height=\"1530\" src=\"https:\/\/esperanto-nederland.nl\/wp-content\/uploads\/2024\/07\/Goslinga-Collectie-Originele_02-edited-1.jpg\" alt=\"\" class=\"wp-image-4863\" srcset=\"https:\/\/esperanto-nederland.nl\/wp-content\/uploads\/2024\/07\/Goslinga-Collectie-Originele_02-edited-1.jpg 2040w, https:\/\/esperanto-nederland.nl\/wp-content\/uploads\/2024\/07\/Goslinga-Collectie-Originele_02-edited-1-300x225.jpg 300w, https:\/\/esperanto-nederland.nl\/wp-content\/uploads\/2024\/07\/Goslinga-Collectie-Originele_02-edited-1-1024x768.jpg 1024w, https:\/\/esperanto-nederland.nl\/wp-content\/uploads\/2024\/07\/Goslinga-Collectie-Originele_02-edited-1-768x576.jpg 768w, https:\/\/esperanto-nederland.nl\/wp-content\/uploads\/2024\/07\/Goslinga-Collectie-Originele_02-edited-1-1536x1152.jpg 1536w, https:\/\/esperanto-nederland.nl\/wp-content\/uploads\/2024\/07\/Goslinga-Collectie-Originele_02-edited-1-507x380.jpg 507w\" sizes=\"auto, (max-width: 2040px) 100vw, 2040px\" \/><\/a><\/figure>\n\n\n\n<p>Esperanto Nederland heeft een bijzondere collectie filatelistische zaken, zoals Esperantopostzegels, ansichtkaarten, congresstempels en -insignes en sluitzegels met het Esperanto onderwerp in bezit gehad van Dirk Goslinga (1923). De digitale versie is hier te bekijken. <br><a href=\"https:\/\/esperanto-nederland.nl\/index.php\/goslinga-collectie\/\" data-type=\"link\" data-id=\"https:\/\/esperanto-nederland.nl\/index.php\/eo\/gosligan-kolekto\/\">Dirk Goslinga colectie&#8230;<\/a><\/p>\n<\/div>\n<\/div>\n\n\n\n<p><\/p>\n\n\n\n<p><\/p>\n\n\n\n<p><\/p>\n\n\n\n<p><\/p>\n\n\n\n<p><\/p>\n\n\n\n<p><\/p>\n","protected":false},"excerpt":{"rendered":"<p>Geschiedenis van Esperanto Ludwig Zamenhof gaf vanaf 1887 publicaties uit die aan de basis liggen van Esperanto. Hij en anderen hebben het eerste ontwerp verder ontwikkeld tot een volwaardige taal die door zijn gebruikers tot op de dag vandaag verder groeit in woordenschat en gebruiksmogelijkheden, zonder dat de grondslag verandert. Ook in Nederland raakten mensen &hellip; <a href=\"https:\/\/esperanto-nederland.nl\/index.php\/historie\/\" class=\"more-link\">Verder lezen <span class=\"screen-reader-text\">Historie<\/span><\/a><\/p>\n","protected":false},"author":5,"featured_media":0,"parent":0,"menu_order":0,"comment_status":"closed","ping_status":"closed","template":"","meta":{"footnotes":""},"class_list":["post-160","page","type-page","status-publish","hentry","without-featured-image"],"_links":{"self":[{"href":"https:\/\/esperanto-nederland.nl\/index.php\/wp-json\/wp\/v2\/pages\/160","targetHints":{"allow":["GET"]}}],"collection":[{"href":"https:\/\/esperanto-nederland.nl\/index.php\/wp-json\/wp\/v2\/pages"}],"about":[{"href":"https:\/\/esperanto-nederland.nl\/index.php\/wp-json\/wp\/v2\/types\/page"}],"author":[{"embeddable":true,"href":"https:\/\/esperanto-nederland.nl\/index.php\/wp-json\/wp\/v2\/users\/5"}],"replies":[{"embeddable":true,"href":"https:\/\/esperanto-nederland.nl\/index.php\/wp-json\/wp\/v2\/comments?post=160"}],"version-history":[{"count":73,"href":"https:\/\/esperanto-nederland.nl\/index.php\/wp-json\/wp\/v2\/pages\/160\/revisions"}],"predecessor-version":[{"id":7350,"href":"https:\/\/esperanto-nederland.nl\/index.php\/wp-json\/wp\/v2\/pages\/160\/revisions\/7350"}],"wp:attachment":[{"href":"https:\/\/esperanto-nederland.nl\/index.php\/wp-json\/wp\/v2\/media?parent=160"}],"curies":[{"name":"wp","href":"https:\/\/api.w.org\/{rel}","templated":true}]}}