{"id":196,"date":"2023-05-16T17:19:07","date_gmt":"2023-05-16T17:19:07","guid":{"rendered":"https:\/\/www.xloof.nl\/zandbak\/?page_id=194"},"modified":"2026-01-03T14:23:18","modified_gmt":"2026-01-03T13:23:18","slug":"pri-nederlando","status":"publish","type":"page","link":"https:\/\/esperanto-nederland.nl\/index.php\/eo\/pri-nederlando\/","title":{"rendered":"Pri Nederlando"},"content":{"rendered":"<div class=\"wp-block-image\">\n<figure data-wp-context=\"{&quot;imageId&quot;:&quot;69f1d23812485&quot;}\" data-wp-interactive=\"core\/image\" class=\"alignleft size-large wp-lightbox-container\"><img loading=\"lazy\" decoding=\"async\" width=\"1024\" height=\"246\" data-wp-class--hide=\"state.isContentHidden\" data-wp-class--show=\"state.isContentVisible\" data-wp-init=\"callbacks.setButtonStyles\" data-wp-on-async--click=\"actions.showLightbox\" data-wp-on-async--load=\"callbacks.setButtonStyles\" data-wp-on-async-window--resize=\"callbacks.setButtonStyles\" src=\"https:\/\/esperanto-nederland.nl\/wp-content\/uploads\/2025\/01\/20210101fkho1539160_o-1024x246.jpg\" alt=\"\" class=\"wp-image-8978\" srcset=\"https:\/\/esperanto-nederland.nl\/wp-content\/uploads\/2025\/01\/20210101fkho1539160_o-1024x246.jpg 1024w, https:\/\/esperanto-nederland.nl\/wp-content\/uploads\/2025\/01\/20210101fkho1539160_o-300x72.jpg 300w, https:\/\/esperanto-nederland.nl\/wp-content\/uploads\/2025\/01\/20210101fkho1539160_o-768x185.jpg 768w, https:\/\/esperanto-nederland.nl\/wp-content\/uploads\/2025\/01\/20210101fkho1539160_o-1536x369.jpg 1536w, https:\/\/esperanto-nederland.nl\/wp-content\/uploads\/2025\/01\/20210101fkho1539160_o-2048x492.jpg 2048w, https:\/\/esperanto-nederland.nl\/wp-content\/uploads\/2025\/01\/20210101fkho1539160_o-1180x284.jpg 1180w\" sizes=\"auto, (max-width: 1024px) 100vw, 1024px\" \/><button\n\t\t\tclass=\"lightbox-trigger\"\n\t\t\ttype=\"button\"\n\t\t\taria-haspopup=\"dialog\"\n\t\t\taria-label=\"Vergroten\"\n\t\t\tdata-wp-init=\"callbacks.initTriggerButton\"\n\t\t\tdata-wp-on-async--click=\"actions.showLightbox\"\n\t\t\tdata-wp-style--right=\"state.imageButtonRight\"\n\t\t\tdata-wp-style--top=\"state.imageButtonTop\"\n\t\t>\n\t\t\t<svg xmlns=\"http:\/\/www.w3.org\/2000\/svg\" width=\"12\" height=\"12\" fill=\"none\" viewBox=\"0 0 12 12\">\n\t\t\t\t<path fill=\"#fff\" d=\"M2 0a2 2 0 0 0-2 2v2h1.5V2a.5.5 0 0 1 .5-.5h2V0H2Zm2 10.5H2a.5.5 0 0 1-.5-.5V8H0v2a2 2 0 0 0 2 2h2v-1.5ZM8 12v-1.5h2a.5.5 0 0 0 .5-.5V8H12v2a2 2 0 0 1-2 2H8Zm2-12a2 2 0 0 1 2 2v2h-1.5V2a.5.5 0 0 0-.5-.5H8V0h2Z\" \/>\n\t\t\t<\/svg>\n\t\t<\/button><figcaption class=\"wp-element-caption\"><em>La rivero IJssel.<\/em><\/figcaption><\/figure><\/div>\n\n\n<div style=\"height:9px\" aria-hidden=\"true\" class=\"wp-block-spacer\"><\/div>\n\n\n\n<figure class=\"wp-block-image size-full is-resized\"><img loading=\"lazy\" decoding=\"async\" width=\"125\" height=\"70\" src=\"https:\/\/esperanto-nederland.nl\/wp-content\/uploads\/2025\/01\/klass.gif\" alt=\"\" class=\"wp-image-9001\" style=\"width:162px;height:auto\"\/><\/figure>\n\n\n\n<p>Nederlando situas en Okcidenta E\u016dropo kaj estas protektata de digoj kaj akvokonstruoj pro la malalta tereno. La pejza\u011do estas diversa, kun polderoj, strandoj, arbaroj kaj riveroj kiel la Rejno kaj Mozo. Nederlando estas malalta lando, kaj multaj areoj estas senakvigitaj per mueliloj kaj pumpstacioj. Post la inundo en 1953 oni konstruis grandajn projektojn kiel la Deltawerken (Deltoprotektilaro) por eviti inundojn. Nederlando estas tutmonde konata pro sia sperto en akvomastrumado kaj urboj kiel Amsterdamo kaj Roterdamo altiras multajn turistojn.&nbsp;&nbsp;<\/p>\n\n\n\n<figure data-wp-context=\"{&quot;imageId&quot;:&quot;69f1d238132b1&quot;}\" data-wp-interactive=\"core\/image\" class=\"wp-block-image size-large is-resized wp-lightbox-container\"><img loading=\"lazy\" decoding=\"async\" width=\"791\" height=\"1024\" data-wp-class--hide=\"state.isContentHidden\" data-wp-class--show=\"state.isContentVisible\" data-wp-init=\"callbacks.setButtonStyles\" data-wp-on-async--click=\"actions.showLightbox\" data-wp-on-async--load=\"callbacks.setButtonStyles\" data-wp-on-async-window--resize=\"callbacks.setButtonStyles\" src=\"https:\/\/esperanto-nederland.nl\/wp-content\/uploads\/2025\/01\/20190405fkho2037100_c-kaart-uit-1970-c2-800p-791x1024.jpg\" alt=\"\" class=\"wp-image-9017\" style=\"width:500px\" srcset=\"https:\/\/esperanto-nederland.nl\/wp-content\/uploads\/2025\/01\/20190405fkho2037100_c-kaart-uit-1970-c2-800p-791x1024.jpg 791w, https:\/\/esperanto-nederland.nl\/wp-content\/uploads\/2025\/01\/20190405fkho2037100_c-kaart-uit-1970-c2-800p-232x300.jpg 232w, https:\/\/esperanto-nederland.nl\/wp-content\/uploads\/2025\/01\/20190405fkho2037100_c-kaart-uit-1970-c2-800p-768x994.jpg 768w, https:\/\/esperanto-nederland.nl\/wp-content\/uploads\/2025\/01\/20190405fkho2037100_c-kaart-uit-1970-c2-800p-294x380.jpg 294w, https:\/\/esperanto-nederland.nl\/wp-content\/uploads\/2025\/01\/20190405fkho2037100_c-kaart-uit-1970-c2-800p.jpg 800w\" sizes=\"auto, (max-width: 791px) 100vw, 791px\" \/><button\n\t\t\tclass=\"lightbox-trigger\"\n\t\t\ttype=\"button\"\n\t\t\taria-haspopup=\"dialog\"\n\t\t\taria-label=\"Vergroten\"\n\t\t\tdata-wp-init=\"callbacks.initTriggerButton\"\n\t\t\tdata-wp-on-async--click=\"actions.showLightbox\"\n\t\t\tdata-wp-style--right=\"state.imageButtonRight\"\n\t\t\tdata-wp-style--top=\"state.imageButtonTop\"\n\t\t>\n\t\t\t<svg xmlns=\"http:\/\/www.w3.org\/2000\/svg\" width=\"12\" height=\"12\" fill=\"none\" viewBox=\"0 0 12 12\">\n\t\t\t\t<path fill=\"#fff\" d=\"M2 0a2 2 0 0 0-2 2v2h1.5V2a.5.5 0 0 1 .5-.5h2V0H2Zm2 10.5H2a.5.5 0 0 1-.5-.5V8H0v2a2 2 0 0 0 2 2h2v-1.5ZM8 12v-1.5h2a.5.5 0 0 0 .5-.5V8H12v2a2 2 0 0 1-2 2H8Zm2-12a2 2 0 0 1 2 2v2h-1.5V2a.5.5 0 0 0-.5-.5H8V0h2Z\" \/>\n\t\t\t<\/svg>\n\t\t<\/button><figcaption class=\"wp-element-caption\"><em>Mapo de Nederlando el \u0109irka\u016d 1970.<\/em><\/figcaption><\/figure>\n\n\n\n<p>Pro enmigrado Nederlando havas multajn diversajn kulturojn kaj religiojn. Religia libereco estas fiksita en la konstitucio kaj ekzistas disigo inter \u015dtato kaj eklezio. Nederlando estas miksa\u0135o de kulturoj kaj estas konata pro sia toleremo, kreemo kaj \u011di anka\u016d estas unu el la plej progresemaj landoj en la mondo rilate egalajn rajtojn kaj da\u016dripovon.<\/p>\n\n\n\n<p>En Nederlando la nederlanda estas la oficiala lingvo. La frisa lingvo kaj la Nederlanda signolingvo estas anka\u016d agnoskitaj kiel oficialaj lingvoj. La Limburga kaj Neder-saksia estas agnoskitaj regionaj lingvoj. Nederlandanoj estas konataj pro sia rekteco, bicikla kulturo kaj la influo de religio malplii\u011dis. La lando anka\u016d spertas problemojn, inkluzive de tertremoj pro gaselfosado, la klimata krizo kaj rezisto kontra\u016d rifu\u011dintoj. \u011ci havas ri\u0109an artohistorion kaj imponajn akvokonstruojn kiel la Deltaplanon kaj la Ferma Digo. La publika transporto en Nederlando estas efika kaj facile uzebla por eksterlandanoj, kun la alirkarto por publika transporto (OV-chipkaart), kiun oni povas uzi por trajno, buso, tramo kaj metroo. Certe estas inda fari bicikladon.<\/p>\n\n\n\n<h2 class=\"wp-block-heading\">Loko<\/h2>\n\n\n\n<p>Nederlando situas en Okcidenta E\u016dropo, \u0109e la Norda Maro. \u011ci estas \u0109irka\u016dita de Belgio en la sudo, Germanio en la oriento kaj aliflanke Britio en la okcidento de la maro . Kio vere faras Nederlandon speciala, estas ke granda parto de la lando estas sub la marnivelo! Do, fakte, ni lo\u011das en giganta bankuvo. Sed bon\u015dance, la digoj kaj akvokonstruoj tenas nin sekaj.<\/p>\n\n\n\n<h2 class=\"wp-block-heading\">Pejza\u011do<\/h2>\n\n\n\n<p>Nederlando havas surprize diversan pejza\u011don por tia malgranda lando!<\/p>\n\n\n\n<p>Granda parto de Nederlando konsistas el polderoj, pecoj da tero kiuj estas senakvigitaj kaj \u0109irka\u016ditaj de digoj. \u0108i tiu polderpejza\u011do estas unika kaj simbolas la nederlandan batalon kontra\u016d la akvo.<\/p>\n\n\n\n<p>En la nordo trovi\u011das la Vadomaro (Waddenzee), UNESCO Monda Hereda\u0135o. Kiam estas malalta akvo, aperas sablaj ebena\u0135oj, kie vi povas promeni. Vi e\u0109 povas piediri \u011dis la Vado-insuloj.<\/p>\n\n\n\n<figure data-wp-context=\"{&quot;imageId&quot;:&quot;69f1d238139cc&quot;}\" data-wp-interactive=\"core\/image\" class=\"wp-block-image size-large is-resized wp-lightbox-container\"><img loading=\"lazy\" decoding=\"async\" width=\"1024\" height=\"768\" data-wp-class--hide=\"state.isContentHidden\" data-wp-class--show=\"state.isContentVisible\" data-wp-init=\"callbacks.setButtonStyles\" data-wp-on-async--click=\"actions.showLightbox\" data-wp-on-async--load=\"callbacks.setButtonStyles\" data-wp-on-async-window--resize=\"callbacks.setButtonStyles\" src=\"https:\/\/esperanto-nederland.nl\/wp-content\/uploads\/2025\/01\/20210829fkho06283414_1200p-1024x768.jpg\" alt=\"\" class=\"wp-image-8984\" style=\"width:500px\" srcset=\"https:\/\/esperanto-nederland.nl\/wp-content\/uploads\/2025\/01\/20210829fkho06283414_1200p-1024x768.jpg 1024w, https:\/\/esperanto-nederland.nl\/wp-content\/uploads\/2025\/01\/20210829fkho06283414_1200p-300x225.jpg 300w, https:\/\/esperanto-nederland.nl\/wp-content\/uploads\/2025\/01\/20210829fkho06283414_1200p-200x150.jpg 200w, https:\/\/esperanto-nederland.nl\/wp-content\/uploads\/2025\/01\/20210829fkho06283414_1200p-768x576.jpg 768w, https:\/\/esperanto-nederland.nl\/wp-content\/uploads\/2025\/01\/20210829fkho06283414_1200p-507x380.jpg 507w, https:\/\/esperanto-nederland.nl\/wp-content\/uploads\/2025\/01\/20210829fkho06283414_1200p.jpg 1200w\" sizes=\"auto, (max-width: 1024px) 100vw, 1024px\" \/><button\n\t\t\tclass=\"lightbox-trigger\"\n\t\t\ttype=\"button\"\n\t\t\taria-haspopup=\"dialog\"\n\t\t\taria-label=\"Vergroten\"\n\t\t\tdata-wp-init=\"callbacks.initTriggerButton\"\n\t\t\tdata-wp-on-async--click=\"actions.showLightbox\"\n\t\t\tdata-wp-style--right=\"state.imageButtonRight\"\n\t\t\tdata-wp-style--top=\"state.imageButtonTop\"\n\t\t>\n\t\t\t<svg xmlns=\"http:\/\/www.w3.org\/2000\/svg\" width=\"12\" height=\"12\" fill=\"none\" viewBox=\"0 0 12 12\">\n\t\t\t\t<path fill=\"#fff\" d=\"M2 0a2 2 0 0 0-2 2v2h1.5V2a.5.5 0 0 1 .5-.5h2V0H2Zm2 10.5H2a.5.5 0 0 1-.5-.5V8H0v2a2 2 0 0 0 2 2h2v-1.5ZM8 12v-1.5h2a.5.5 0 0 0 .5-.5V8H12v2a2 2 0 0 1-2 2H8Zm2-12a2 2 0 0 1 2 2v2h-1.5V2a.5.5 0 0 0-.5-.5H8V0h2Z\" \/>\n\t\t\t<\/svg>\n\t\t<\/button><figcaption class=\"wp-element-caption\"><em>Monteto &#8220;De Postbank&#8221; apud Arnhem.<\/em><\/figcaption><\/figure>\n\n\n\n<p>\u0108e la marbordo vi trovas vastajn dunojn kaj strandojn. La strandoj en Norda kaj Suda Holando kaj sur la Vado-insuloj estas popularaj por viziti, \u0109armaj por somera tago a\u016d venta a\u016dtuna promenado.<\/p>\n\n\n\n<p>En la oriento de la lando situas la Veluwe, granda natura areo kun arbaroj, erikejoj kaj sablodunoj. \u0108i tie vi povas renkonti cervojn kaj sova\u011dajn porkojn, kaj nuntempe estas denove lupoj!<\/p>\n\n\n\n<p>Nederlando estas tran\u0109ita de grandaj riveroj kiel la Rejno (Rijn), Mozo (Maas) kaj Vaalo (Waal). \u0108i tio kreas pitoreskajn pejza\u011dojn kun riverdigoj, inundebena\u0135oj kaj \u0109armaj vila\u011detoj. Tipaj por Nederlando estas la vastaj pa\u015dtejoj, kampoj kaj forcejoj.<\/p>\n\n\n\n<p>Nederlando estas eksterlande konata pro siaj ventomuelejoj. Nuntempe \u0109ie videblas altaj ventoturbinoj, precipe la\u016d la marbordo. En kelkaj lokoj ankora\u016d trovi\u011das la klasikaj muelejoj, per kiuj oni muelis grenon, segis lignon kaj pumpis akvon el la polderoj. Iuj el ili estas ankora\u016d uzataj kaj povas esti vizitataj de turistoj.<\/p>\n\n\n\n<h2 class=\"wp-block-heading\">La nomo Nederlando<\/h2>\n\n\n\n<figure data-wp-context=\"{&quot;imageId&quot;:&quot;69f1d23813f42&quot;}\" data-wp-interactive=\"core\/image\" class=\"wp-block-image size-large is-resized wp-lightbox-container\"><img loading=\"lazy\" decoding=\"async\" width=\"1024\" height=\"768\" data-wp-class--hide=\"state.isContentHidden\" data-wp-class--show=\"state.isContentVisible\" data-wp-init=\"callbacks.setButtonStyles\" data-wp-on-async--click=\"actions.showLightbox\" data-wp-on-async--load=\"callbacks.setButtonStyles\" data-wp-on-async-window--resize=\"callbacks.setButtonStyles\" src=\"https:\/\/esperanto-nederland.nl\/wp-content\/uploads\/2025\/01\/20180823sand2047141_kl-1200p-1024x768.jpg\" alt=\"\" class=\"wp-image-8985\" style=\"width:500px\" srcset=\"https:\/\/esperanto-nederland.nl\/wp-content\/uploads\/2025\/01\/20180823sand2047141_kl-1200p-1024x768.jpg 1024w, https:\/\/esperanto-nederland.nl\/wp-content\/uploads\/2025\/01\/20180823sand2047141_kl-1200p-300x225.jpg 300w, https:\/\/esperanto-nederland.nl\/wp-content\/uploads\/2025\/01\/20180823sand2047141_kl-1200p-200x150.jpg 200w, https:\/\/esperanto-nederland.nl\/wp-content\/uploads\/2025\/01\/20180823sand2047141_kl-1200p-768x576.jpg 768w, https:\/\/esperanto-nederland.nl\/wp-content\/uploads\/2025\/01\/20180823sand2047141_kl-1200p-507x380.jpg 507w, https:\/\/esperanto-nederland.nl\/wp-content\/uploads\/2025\/01\/20180823sand2047141_kl-1200p.jpg 1200w\" sizes=\"auto, (max-width: 1024px) 100vw, 1024px\" \/><button\n\t\t\tclass=\"lightbox-trigger\"\n\t\t\ttype=\"button\"\n\t\t\taria-haspopup=\"dialog\"\n\t\t\taria-label=\"Vergroten\"\n\t\t\tdata-wp-init=\"callbacks.initTriggerButton\"\n\t\t\tdata-wp-on-async--click=\"actions.showLightbox\"\n\t\t\tdata-wp-style--right=\"state.imageButtonRight\"\n\t\t\tdata-wp-style--top=\"state.imageButtonTop\"\n\t\t>\n\t\t\t<svg xmlns=\"http:\/\/www.w3.org\/2000\/svg\" width=\"12\" height=\"12\" fill=\"none\" viewBox=\"0 0 12 12\">\n\t\t\t\t<path fill=\"#fff\" d=\"M2 0a2 2 0 0 0-2 2v2h1.5V2a.5.5 0 0 1 .5-.5h2V0H2Zm2 10.5H2a.5.5 0 0 1-.5-.5V8H0v2a2 2 0 0 0 2 2h2v-1.5ZM8 12v-1.5h2a.5.5 0 0 0 .5-.5V8H12v2a2 2 0 0 1-2 2H8Zm2-12a2 2 0 0 1 2 2v2h-1.5V2a.5.5 0 0 0-.5-.5H8V0h2Z\" \/>\n\t\t\t<\/svg>\n\t\t<\/button><figcaption class=\"wp-element-caption\"><em>De Blikvaart, kanalo en Frislando. Dum la Elfstedentocht (Glitkura <\/em><br><em>ekskurso tra la 11 urboj de la provinco Frislando) tio ofte estas <\/em><br><em>malfacila parto por la sketistoj. Pro la vento povas esti polvo sur <\/em><br><em>la glacio, kaj ili jam sketis 150 km. Pro la plialti\u011do de la temperaturo <\/em><br><em>estas necerta \u0109u iam denove <\/em><em>okazos Elfstedentocht.<\/em><\/figcaption><\/figure>\n\n\n\n<p>Kial la lando havas la nomon Nederlando? \u0108ar \u201cneder\u201d signifas \u201cmalalta\u201d. Temas pri la malaltaj landoj. En kelkaj lingvoj oni ankora\u016d nomas Nederlandon tiel. Kelkaj partoj de la lando, precipe en la okcidento, estas tre malaltaj, e\u0109 sub la marnivelo. Se la maro povus libere enflui la landon, grandaj partoj estus sub marakvo. Ekzemple la flughaveno Schiphol ku\u015das sub marnivelo. En la 19-a jarcento oni elpumpis la akvon kaj tiel kreis t.n. polderon. La vorto \u00ab&nbsp;poldero&nbsp;\u00bb do signifas pecon de tero kiun oni forprenis de la maro a\u016d de lago, forpumpinte la akvon. En anta\u016daj tempoj oni uzis muelilojn por tio, nuntempe pumpilojn kiujn oni elektre funkciigas. Digoj protektas la landon kontra\u016d la akvo.<\/p>\n\n\n\n<p>Post inunda katastrofo en 1953 la sud-okcidenta parto de Nederlando estas nun pli sekura kontra\u016d la dan\u011dero de inundo per la t.n. mueliloj estis bonaj energiliverantoj jam en la 17-a jarcento, kiam oni ankora\u016d ne havas karbon kaj kiam oni uzas la lignon de arboj a\u016d la torfon el la mar\u0109oj por varmigi sin kaj kuiri sian poton.<\/p>\n\n\n\n<p>La lando estas re\u011dolando. Plene nomita la Re\u011dolando de la Nederlandoj. Al \u0109i tiu re\u011dolando apartenas kelkaj insuloj en la Kariba regiono: Nederlandaj Antiloj kaj Arubo. Ofte oni nomas Nederlandon anka\u016d Holando. Tio estas fakte la nomo de la du okcidentaj marbordaj provincoj: Nord-Holando kaj Sud-Holando, kiuj en la historio ludis gravan rolon.<br> <br> <br><\/p>\n\n\n\n<figure data-wp-context=\"{&quot;imageId&quot;:&quot;69f1d2381482f&quot;}\" data-wp-interactive=\"core\/image\" class=\"wp-block-image size-large is-resized wp-lightbox-container\"><img loading=\"lazy\" decoding=\"async\" width=\"1024\" height=\"768\" data-wp-class--hide=\"state.isContentHidden\" data-wp-class--show=\"state.isContentVisible\" data-wp-init=\"callbacks.setButtonStyles\" data-wp-on-async--click=\"actions.showLightbox\" data-wp-on-async--load=\"callbacks.setButtonStyles\" data-wp-on-async-window--resize=\"callbacks.setButtonStyles\" src=\"https:\/\/esperanto-nederland.nl\/wp-content\/uploads\/2025\/01\/20210829fkho06294411_1200p-1024x768.jpg\" alt=\"\" class=\"wp-image-8986\" style=\"width:500px\" srcset=\"https:\/\/esperanto-nederland.nl\/wp-content\/uploads\/2025\/01\/20210829fkho06294411_1200p-1024x768.jpg 1024w, https:\/\/esperanto-nederland.nl\/wp-content\/uploads\/2025\/01\/20210829fkho06294411_1200p-300x225.jpg 300w, https:\/\/esperanto-nederland.nl\/wp-content\/uploads\/2025\/01\/20210829fkho06294411_1200p-200x150.jpg 200w, https:\/\/esperanto-nederland.nl\/wp-content\/uploads\/2025\/01\/20210829fkho06294411_1200p-768x576.jpg 768w, https:\/\/esperanto-nederland.nl\/wp-content\/uploads\/2025\/01\/20210829fkho06294411_1200p-507x380.jpg 507w, https:\/\/esperanto-nederland.nl\/wp-content\/uploads\/2025\/01\/20210829fkho06294411_1200p.jpg 1200w\" sizes=\"auto, (max-width: 1024px) 100vw, 1024px\" \/><button\n\t\t\tclass=\"lightbox-trigger\"\n\t\t\ttype=\"button\"\n\t\t\taria-haspopup=\"dialog\"\n\t\t\taria-label=\"Vergroten\"\n\t\t\tdata-wp-init=\"callbacks.initTriggerButton\"\n\t\t\tdata-wp-on-async--click=\"actions.showLightbox\"\n\t\t\tdata-wp-style--right=\"state.imageButtonRight\"\n\t\t\tdata-wp-style--top=\"state.imageButtonTop\"\n\t\t>\n\t\t\t<svg xmlns=\"http:\/\/www.w3.org\/2000\/svg\" width=\"12\" height=\"12\" fill=\"none\" viewBox=\"0 0 12 12\">\n\t\t\t\t<path fill=\"#fff\" d=\"M2 0a2 2 0 0 0-2 2v2h1.5V2a.5.5 0 0 1 .5-.5h2V0H2Zm2 10.5H2a.5.5 0 0 1-.5-.5V8H0v2a2 2 0 0 0 2 2h2v-1.5ZM8 12v-1.5h2a.5.5 0 0 0 .5-.5V8H12v2a2 2 0 0 1-2 2H8Zm2-12a2 2 0 0 1 2 2v2h-1.5V2a.5.5 0 0 0-.5-.5H8V0h2Z\" \/>\n\t\t\t<\/svg>\n\t\t<\/button><figcaption class=\"wp-element-caption\"><em>La rivero IJssel, bran\u0109o de la Rejno.<\/em><\/figcaption><\/figure>\n\n\n\n<p>Nederlando estas fakte delto de la grandaj riveroj Rejno (Rijn), Mozo (Maas) kaj Skeldo (Schelde). Pro grandaj klopodoj dum jarcentoj sur la tereno de akvoscienco Nederlando akiris la respekton kiun \u011di nun havas. La batalo kontra\u016d la akvo estas io, pri kio nederlandanoj fieras. Tiu batalo certe kontribuis al ilia decidemo kiam temas pri realigo de tio, kio \u015dajnas nerealigebla. Alia trajto kiu rilatas al akvo, estas ke nederlandanoj bone kunlaboras, \u0109ar multaj partioj devas interkonsili\u011di pri la akvomastrumado. Tio esti\u011dis dum la historio. Ene de diversaj internaciaj organiza\u0135oj en E\u016dropo nederlandanoj ofte estas rigardataj, kaj kelkfoje petataj kiel pontkonstruistoj. <\/p>\n\n\n\n<p>Pro sia situo apud la maro \u0109i tiuj provincoj ankora\u016d ege gravas por la nederlanda ekonomio. \u0108i tie du gravaj okcidente\u016dropaj riveroj, Rejno kaj Mozo, elfluas en la maron. Pro Roterdamo kun \u011dia haveno, la plej granda en la mondo, oni konsideras Nederlandon grava pordego al E\u016dropo. Cetere, ne nur por \u015dipoj, Nederlando posedas&nbsp;<em>Schiphol<\/em>, unu el la plej grandaj flughavenoj en E\u016dropo.<br>\u0108iuj grandaj urboj havas sian propran karakteron, kvankam ili interapudas. Tiun areon, ofte nomatan&nbsp;<em>Randstad<\/em>&nbsp;(randurbo), \u0109irka\u016datan de la urboj Amsterdamo, Utre\u0125to, Hago kaj Roterdamo, oni konsideru unu urba regiono kun pli ol dek milionoj da lo\u011dantoj. Amsterdamo allogas multajn turistojn per siaj historia centro, majestaj domoj, muzeoj kaj unika kanalaro. Sed anka\u016d Hago, Delft, Harlemo, Utre\u0125to, Groningeno kaj Mastri\u0125to, \u0109iuj havas siajn historiajn konstrua\u0135ojn, monumentojn, muzeojn, tradiciojn kaj eventojn. Okulfrape moderna arkitekturo karakterizas Roterdamon, ekzemple la Erasmo-ponto, kromnomata la cigno.<\/p>\n\n\n\n<h2 class=\"wp-block-heading\">Inundokatastrofo<\/h2>\n\n\n\n<figure data-wp-context=\"{&quot;imageId&quot;:&quot;69f1d23815178&quot;}\" data-wp-interactive=\"core\/image\" class=\"wp-block-image size-large is-resized wp-lightbox-container\"><img loading=\"lazy\" decoding=\"async\" width=\"1024\" height=\"683\" data-wp-class--hide=\"state.isContentHidden\" data-wp-class--show=\"state.isContentVisible\" data-wp-init=\"callbacks.setButtonStyles\" data-wp-on-async--click=\"actions.showLightbox\" data-wp-on-async--load=\"callbacks.setButtonStyles\" data-wp-on-async-window--resize=\"callbacks.setButtonStyles\" src=\"https:\/\/esperanto-nederland.nl\/wp-content\/uploads\/2025\/01\/Deltawerken-Oosterscheldekering-foto-Wikipedia-1024x683.jpg\" alt=\"\" class=\"wp-image-8987\" style=\"width:500px\" srcset=\"https:\/\/esperanto-nederland.nl\/wp-content\/uploads\/2025\/01\/Deltawerken-Oosterscheldekering-foto-Wikipedia-1024x683.jpg 1024w, https:\/\/esperanto-nederland.nl\/wp-content\/uploads\/2025\/01\/Deltawerken-Oosterscheldekering-foto-Wikipedia-300x200.jpg 300w, https:\/\/esperanto-nederland.nl\/wp-content\/uploads\/2025\/01\/Deltawerken-Oosterscheldekering-foto-Wikipedia-768x512.jpg 768w, https:\/\/esperanto-nederland.nl\/wp-content\/uploads\/2025\/01\/Deltawerken-Oosterscheldekering-foto-Wikipedia-1536x1024.jpg 1536w, https:\/\/esperanto-nederland.nl\/wp-content\/uploads\/2025\/01\/Deltawerken-Oosterscheldekering-foto-Wikipedia-570x380.jpg 570w, https:\/\/esperanto-nederland.nl\/wp-content\/uploads\/2025\/01\/Deltawerken-Oosterscheldekering-foto-Wikipedia.jpg 1920w\" sizes=\"auto, (max-width: 1024px) 100vw, 1024px\" \/><button\n\t\t\tclass=\"lightbox-trigger\"\n\t\t\ttype=\"button\"\n\t\t\taria-haspopup=\"dialog\"\n\t\t\taria-label=\"Vergroten\"\n\t\t\tdata-wp-init=\"callbacks.initTriggerButton\"\n\t\t\tdata-wp-on-async--click=\"actions.showLightbox\"\n\t\t\tdata-wp-style--right=\"state.imageButtonRight\"\n\t\t\tdata-wp-style--top=\"state.imageButtonTop\"\n\t\t>\n\t\t\t<svg xmlns=\"http:\/\/www.w3.org\/2000\/svg\" width=\"12\" height=\"12\" fill=\"none\" viewBox=\"0 0 12 12\">\n\t\t\t\t<path fill=\"#fff\" d=\"M2 0a2 2 0 0 0-2 2v2h1.5V2a.5.5 0 0 1 .5-.5h2V0H2Zm2 10.5H2a.5.5 0 0 1-.5-.5V8H0v2a2 2 0 0 0 2 2h2v-1.5ZM8 12v-1.5h2a.5.5 0 0 0 .5-.5V8H12v2a2 2 0 0 1-2 2H8Zm2-12a2 2 0 0 1 2 2v2h-1.5V2a.5.5 0 0 0-.5-.5H8V0h2Z\" \/>\n\t\t\t<\/svg>\n\t\t<\/button><figcaption class=\"wp-element-caption\"><em>Deltaj Projektoj: Oosterschelde-barilo (foto: Vikipedio).<\/em><\/figcaption><\/figure>\n\n\n\n<p>Multaj pontoj, digoj, ventmuelejoj kaj pumpejoj formas unikan fonon, kiu ilustras la kontra\u016dakvan defendon de Nederlando, kun&nbsp;<em>Deltawerken<\/em>&nbsp;(deltoprotektilaro)) kiel provizora kulmino. Per tiuj laboroj, post la inundego en 1953, oni baris \u0109iujn \u015danelojn kaj marbran\u0109ojn en la provincoj Holando kaj Zelando. La \u015dtormflusaj bara\u0135oj \u0109e Roterdamo finlabore pretigitaj en 1997, konsistas el du \u0109arniraj pordegoj, kiuj, dum flusego, fermos la 360 metrojn lar\u011dan&nbsp;<em>Nieuwe Waterweg<\/em>&nbsp;(Nova Akvovojo: al- kaj demara irejo de la haveno). Tiel \u0109irka\u016d miliono da homoj en tiu regiono estas protektataj kontra\u016d inundoj, kaj krom tio oni respondece traktas la vivmedion. Pli-malpli kvarono de Nederlando situas sub la marnivelo. La Malalta Nederlando plejparte konsistas el ebenaj polderoj, areoj \u0109irka\u016dataj de digoj, kie oni teknike mastras la akvonivelon. De la 16-a jarcento oni senakvigis per ventmueliloj e\u0109 tutajn enlandajn lagojn.<\/p>\n\n\n\n<h2 class=\"wp-block-heading\">La nederlandanoj<\/h2>\n\n\n\n<h3 class=\"wp-block-heading\">Religio<\/h3>\n\n\n\n<figure data-wp-context=\"{&quot;imageId&quot;:&quot;69f1d238156c4&quot;}\" data-wp-interactive=\"core\/image\" class=\"wp-block-image size-large is-resized wp-lightbox-container\"><img loading=\"lazy\" decoding=\"async\" width=\"1024\" height=\"768\" data-wp-class--hide=\"state.isContentHidden\" data-wp-class--show=\"state.isContentVisible\" data-wp-init=\"callbacks.setButtonStyles\" data-wp-on-async--click=\"actions.showLightbox\" data-wp-on-async--load=\"callbacks.setButtonStyles\" data-wp-on-async-window--resize=\"callbacks.setButtonStyles\" src=\"https:\/\/esperanto-nederland.nl\/wp-content\/uploads\/2025\/01\/20231225_152953-Kerstviering-in-Zaamslag-1024x768.jpg\" alt=\"\" class=\"wp-image-8988\" style=\"width:500px\" srcset=\"https:\/\/esperanto-nederland.nl\/wp-content\/uploads\/2025\/01\/20231225_152953-Kerstviering-in-Zaamslag-1024x768.jpg 1024w, https:\/\/esperanto-nederland.nl\/wp-content\/uploads\/2025\/01\/20231225_152953-Kerstviering-in-Zaamslag-300x225.jpg 300w, https:\/\/esperanto-nederland.nl\/wp-content\/uploads\/2025\/01\/20231225_152953-Kerstviering-in-Zaamslag-200x150.jpg 200w, https:\/\/esperanto-nederland.nl\/wp-content\/uploads\/2025\/01\/20231225_152953-Kerstviering-in-Zaamslag-768x576.jpg 768w, https:\/\/esperanto-nederland.nl\/wp-content\/uploads\/2025\/01\/20231225_152953-Kerstviering-in-Zaamslag-1536x1152.jpg 1536w, https:\/\/esperanto-nederland.nl\/wp-content\/uploads\/2025\/01\/20231225_152953-Kerstviering-in-Zaamslag-2048x1536.jpg 2048w, https:\/\/esperanto-nederland.nl\/wp-content\/uploads\/2025\/01\/20231225_152953-Kerstviering-in-Zaamslag-507x380.jpg 507w\" sizes=\"auto, (max-width: 1024px) 100vw, 1024px\" \/><button\n\t\t\tclass=\"lightbox-trigger\"\n\t\t\ttype=\"button\"\n\t\t\taria-haspopup=\"dialog\"\n\t\t\taria-label=\"Vergroten\"\n\t\t\tdata-wp-init=\"callbacks.initTriggerButton\"\n\t\t\tdata-wp-on-async--click=\"actions.showLightbox\"\n\t\t\tdata-wp-style--right=\"state.imageButtonRight\"\n\t\t\tdata-wp-style--top=\"state.imageButtonTop\"\n\t\t>\n\t\t\t<svg xmlns=\"http:\/\/www.w3.org\/2000\/svg\" width=\"12\" height=\"12\" fill=\"none\" viewBox=\"0 0 12 12\">\n\t\t\t\t<path fill=\"#fff\" d=\"M2 0a2 2 0 0 0-2 2v2h1.5V2a.5.5 0 0 1 .5-.5h2V0H2Zm2 10.5H2a.5.5 0 0 1-.5-.5V8H0v2a2 2 0 0 0 2 2h2v-1.5ZM8 12v-1.5h2a.5.5 0 0 0 .5-.5V8H12v2a2 2 0 0 1-2 2H8Zm2-12a2 2 0 0 1 2 2v2h-1.5V2a.5.5 0 0 0-.5-.5H8V0h2Z\" \/>\n\t\t\t<\/svg>\n\t\t<\/button><figcaption class=\"wp-element-caption\"><em>Kristnaska festo en la vila\u011do Zaamslag<\/em><\/figcaption><\/figure>\n\n\n\n<p>Post la Reformacio en la 16-a jarcento Nederlando dividi\u011dis en protestantan kaj romkatolikan partojn. La limo inter ili iris proksimume de la sudokcidento al la nordoriento. La granda riveroj estas la dividlinio.  Norde de tiu linio lo\u011dis la protestantoj, sude la katolikoj. La protestanta komunumo pludividi\u011dis en multajn grupojn, kiel ekzemple kalvinanoj, reformacianoj, kaj luteranoj. Krome, jam de la 17-a jarcento, Nederlando konas judajn religianojn. Ili estis precipe posteuloj de rifu\u011dintoj el Hispanio kaj Portugalio. Venis anka\u016d multaj hugenotoj el Francio al Nederlando. Poste envenis hinduoj kaj islamanoj el la iamaj nederlandaj kolonioj, Indonezio kaj Surinamo. Pro la alveno de enmigrantoj el interalie Maroko, Turkio, Indonezio kaj Surinamo ekde la mil-na\u016dcent-sesdekaj jaroj, la nombro da islamanoj tre plialti\u011dis. En Nederlando nun vivas preska\u016d unu miliono da islamaj homoj.<br>Ekde la mezo de la anta\u016da jarcento la influo de la eklezio en Nederlando malgrandi\u011dis. La tradicio, ani\u011di al la gepatra religio iom post iom abrazii\u011dis. Unue tiu sekularigo okazis inter protestantoj, sed poste anka\u016d inter katolikoj. Pli ol duono de nederlandanoj ne plu estas religiemaj.<\/p>\n\n\n\n<p>Religia libereco estas ankrita en la konstitucio de 1848. Krom tio Nederlando havas apartigon inter religio kaj politiko. Tio signifas, ke la \u015dtato ne miksas sin en internajn aferojn de religiaj kaj vivkonceptaj organiza\u0135oj. Siaflanke tiuj organizoj ne miksi\u011du en \u015dtatajn aferojn. La registaro tamen povas ludi stimulan rolon. Tiel la le\u011do pri kvalito de zorginstitucioj postulas, ke zorgoferantoj disponigu en sia domo mensan flegadon kiel eble plej akordi\u011dantan kun la religio a\u016d vivkoncepto de la pacientoj. La unua artikolo de la Nederlanda Konstitucio tekstas: \u2018\u0109iu, kiu trovi\u011das en Nederlando, samkaze estu traktata sammaniere. Diskriminacio pro religio, vivkoncepto, politika inklino, raso a\u016d pro kio ajn estas malpermesata.<\/p>\n\n\n\n<h3 class=\"wp-block-heading\">La homoj<\/h3>\n\n\n\n<figure data-wp-context=\"{&quot;imageId&quot;:&quot;69f1d23815bcb&quot;}\" data-wp-interactive=\"core\/image\" class=\"wp-block-image size-large is-resized wp-lightbox-container\"><img loading=\"lazy\" decoding=\"async\" width=\"1024\" height=\"768\" data-wp-class--hide=\"state.isContentHidden\" data-wp-class--show=\"state.isContentVisible\" data-wp-init=\"callbacks.setButtonStyles\" data-wp-on-async--click=\"actions.showLightbox\" data-wp-on-async--load=\"callbacks.setButtonStyles\" data-wp-on-async-window--resize=\"callbacks.setButtonStyles\" src=\"https:\/\/esperanto-nederland.nl\/wp-content\/uploads\/2025\/01\/20190111whap0000540_o-Feijenoord-Stadion-1200p-1024x768.jpg\" alt=\"\" class=\"wp-image-8990\" style=\"width:500px\" srcset=\"https:\/\/esperanto-nederland.nl\/wp-content\/uploads\/2025\/01\/20190111whap0000540_o-Feijenoord-Stadion-1200p-1024x768.jpg 1024w, https:\/\/esperanto-nederland.nl\/wp-content\/uploads\/2025\/01\/20190111whap0000540_o-Feijenoord-Stadion-1200p-300x225.jpg 300w, https:\/\/esperanto-nederland.nl\/wp-content\/uploads\/2025\/01\/20190111whap0000540_o-Feijenoord-Stadion-1200p-200x150.jpg 200w, https:\/\/esperanto-nederland.nl\/wp-content\/uploads\/2025\/01\/20190111whap0000540_o-Feijenoord-Stadion-1200p-768x576.jpg 768w, https:\/\/esperanto-nederland.nl\/wp-content\/uploads\/2025\/01\/20190111whap0000540_o-Feijenoord-Stadion-1200p-507x380.jpg 507w, https:\/\/esperanto-nederland.nl\/wp-content\/uploads\/2025\/01\/20190111whap0000540_o-Feijenoord-Stadion-1200p.jpg 1200w\" sizes=\"auto, (max-width: 1024px) 100vw, 1024px\" \/><button\n\t\t\tclass=\"lightbox-trigger\"\n\t\t\ttype=\"button\"\n\t\t\taria-haspopup=\"dialog\"\n\t\t\taria-label=\"Vergroten\"\n\t\t\tdata-wp-init=\"callbacks.initTriggerButton\"\n\t\t\tdata-wp-on-async--click=\"actions.showLightbox\"\n\t\t\tdata-wp-style--right=\"state.imageButtonRight\"\n\t\t\tdata-wp-style--top=\"state.imageButtonTop\"\n\t\t>\n\t\t\t<svg xmlns=\"http:\/\/www.w3.org\/2000\/svg\" width=\"12\" height=\"12\" fill=\"none\" viewBox=\"0 0 12 12\">\n\t\t\t\t<path fill=\"#fff\" d=\"M2 0a2 2 0 0 0-2 2v2h1.5V2a.5.5 0 0 1 .5-.5h2V0H2Zm2 10.5H2a.5.5 0 0 1-.5-.5V8H0v2a2 2 0 0 0 2 2h2v-1.5ZM8 12v-1.5h2a.5.5 0 0 0 .5-.5V8H12v2a2 2 0 0 1-2 2H8Zm2-12a2 2 0 0 1 2 2v2h-1.5V2a.5.5 0 0 0-.5-.5H8V0h2Z\" \/>\n\t\t\t<\/svg>\n\t\t<\/button><figcaption class=\"wp-element-caption\"><em>Stadiono Feijenoord De Kuip en Roterdamo.<\/em><\/figcaption><\/figure>\n\n\n\n<p>Estas nur malmultaj nederlandanoj, kiuj ne havas enmigrinton inter la pragepatroj. La hodia\u016dan allaspolitikon karakterizas retenemo, \u0109ar Nederlando estas unu el la plej dense lo\u011dataj landoj en la mondo. La registaro anta\u016d kelkdek jaroj, ankora\u016d praktikis aktivan elmigropolitikon pro la sama ka\u016dzo. En la 60-aj kaj 70-aj jaroj oni denove allogis multajn gastlaboristojn, \u0109ar deficitis la labormerkato. La lastajn jarojn alilandano estas akceptata nur se lia veno estas profitiga por Nederlando, se paktoj devigas, a\u016d se montri\u011das gravaj humanecaj kialoj por allaso. Por akceptitaj eksterlandanoj la registraro praktikas aktivan integradpolitikon. <\/p>\n\n\n\n<p>Nederlando estas miksa\u0135o de kulturoj kaj naciecoj. Homoj el \u0109iuj anguloj de la mondo trovis sian hejmon \u0109i tie, inkluzive grandajn komunumojn el Indonezio, Surinamo, Turkio kaj Maroko.<\/p>\n\n\n\n<p>Multaj nederlandanoj estas tolerantaj kaj malfermaj al aliaj homoj kaj interesi\u011das sin en aliaj kulturoj. Nederlandanoj estas konataj pro sia kreemo kaj noviga pensado. Nederlando ofte estas avangarda kiam temas pri teknologio kaj akvomastrumado. <\/p>\n\n\n\n<p>Futbalo estas tre populara sporto en Nederlando, kun multaj fervoraj subtenantoj. Famaj kluboj estas Ajax, PSV kaj Feyenoord.<\/p>\n\n\n\n<p>Nederlando estas unu el la plej progresemaj landoj en la mondo, kun fokuso sur egalaj rajtoj kaj socia justeco. Ekzemple, \u011di estis unu el la unuaj landoj kiuj le\u011digis la geedzi\u011don inter samseksaj personoj.<\/p>\n\n\n\n<h4 class=\"wp-block-heading\">Annie M.G. Schmidt esprimis la vo\u0109on de la nederlandanoj.<\/h4>\n\n\n\n<figure class=\"wp-block-image size-large is-resized\"><a href=\"https:\/\/esperanto-nederland.nl\/index.php\/eo\/annie-m-g-schmidt\"><img decoding=\"async\" src=\"https:\/\/esperanto-nederland.nl\/wp-content\/uploads\/2025\/10\/Annie-M.G.-Schmidt-Vikipedio.jpg\" alt=\"\" style=\"width:200px\"\/><\/a><\/figure>\n\n\n\n<p>Nederlandanoj ofte pensas pri si kiel toleremaj, ludemaj, kritikemaj kaj ne tro obeemaj al a\u016dtoritatoj. Ni lo\u011das en malgranda lando, sed ni kura\u011das revi grandajn revojn. Verkistino Annie M.G. Schmidt bone montris tiun pensmanieron. Se eksterlandanoj volas pli bone kompreni nederlandanojn, ni certe rekomendas legi \u015diajn librojn.<\/p>\n\n\n\n<p>Annie M.G. Schmidt (1911\u20131995) estas unu el la plej \u015datataj verkistoj en Nederlando. \u015ci verkis librojn por infanoj, kantojn, teatra\u0135ojn kaj gazetajn tekstojn. Multaj nederlandanoj konas \u015diajn rakontojn ekde sia infana\u011do. \u015ciaj famaj figuroj estas Jip kaj Janneke, Pluk el la Petteflet kaj Otje. Ili estas amuzaj kaj memstaraj, sed anka\u016d donas subtilan mesa\u011don: kura\u011du esti malsama.<\/p>\n\n\n\n<p>\u015ciaj libroj estas tradukitaj al multaj lingvoj. Sed \u011dis nun, la\u016d konateco, ne ekzistas traduko al Esperanto. Tio estus tre interesa kaj valora projekto.<\/p>\n\n\n\n<p><a href=\"https:\/\/esperanto-nederland.nl\/index.php\/eo\/annie-m-g-schmidt\" type=\"link\" id=\"https:\/\/esperanto-nederland.nl\/index.php\/eo\/annie-m-g-schmidt\">Pli pri la vivo de Annie M.G. Schmidt.<\/a><\/p>\n\n\n\n<p><\/p>\n\n\n\n<figure data-wp-context=\"{&quot;imageId&quot;:&quot;69f1d238161fc&quot;}\" data-wp-interactive=\"core\/image\" class=\"wp-block-image size-large is-resized wp-lightbox-container\"><img loading=\"lazy\" decoding=\"async\" width=\"1024\" height=\"683\" data-wp-class--hide=\"state.isContentHidden\" data-wp-class--show=\"state.isContentVisible\" data-wp-init=\"callbacks.setButtonStyles\" data-wp-on-async--click=\"actions.showLightbox\" data-wp-on-async--load=\"callbacks.setButtonStyles\" data-wp-on-async-window--resize=\"callbacks.setButtonStyles\" src=\"https:\/\/esperanto-nederland.nl\/wp-content\/uploads\/2025\/01\/Koning-Willem-Alexander-kersttoespraak-2024-3-\u00a9RVD-Valerie-Kuypers-1200p-1024x683.jpg\" alt=\"\" class=\"wp-image-8993\" style=\"width:500px\" srcset=\"https:\/\/esperanto-nederland.nl\/wp-content\/uploads\/2025\/01\/Koning-Willem-Alexander-kersttoespraak-2024-3-\u00a9RVD-Valerie-Kuypers-1200p-1024x683.jpg 1024w, https:\/\/esperanto-nederland.nl\/wp-content\/uploads\/2025\/01\/Koning-Willem-Alexander-kersttoespraak-2024-3-\u00a9RVD-Valerie-Kuypers-1200p-300x200.jpg 300w, https:\/\/esperanto-nederland.nl\/wp-content\/uploads\/2025\/01\/Koning-Willem-Alexander-kersttoespraak-2024-3-\u00a9RVD-Valerie-Kuypers-1200p-768x512.jpg 768w, https:\/\/esperanto-nederland.nl\/wp-content\/uploads\/2025\/01\/Koning-Willem-Alexander-kersttoespraak-2024-3-\u00a9RVD-Valerie-Kuypers-1200p-570x380.jpg 570w, https:\/\/esperanto-nederland.nl\/wp-content\/uploads\/2025\/01\/Koning-Willem-Alexander-kersttoespraak-2024-3-\u00a9RVD-Valerie-Kuypers-1200p.jpg 1200w\" sizes=\"auto, (max-width: 1024px) 100vw, 1024px\" \/><button\n\t\t\tclass=\"lightbox-trigger\"\n\t\t\ttype=\"button\"\n\t\t\taria-haspopup=\"dialog\"\n\t\t\taria-label=\"Vergroten\"\n\t\t\tdata-wp-init=\"callbacks.initTriggerButton\"\n\t\t\tdata-wp-on-async--click=\"actions.showLightbox\"\n\t\t\tdata-wp-style--right=\"state.imageButtonRight\"\n\t\t\tdata-wp-style--top=\"state.imageButtonTop\"\n\t\t>\n\t\t\t<svg xmlns=\"http:\/\/www.w3.org\/2000\/svg\" width=\"12\" height=\"12\" fill=\"none\" viewBox=\"0 0 12 12\">\n\t\t\t\t<path fill=\"#fff\" d=\"M2 0a2 2 0 0 0-2 2v2h1.5V2a.5.5 0 0 1 .5-.5h2V0H2Zm2 10.5H2a.5.5 0 0 1-.5-.5V8H0v2a2 2 0 0 0 2 2h2v-1.5ZM8 12v-1.5h2a.5.5 0 0 0 .5-.5V8H12v2a2 2 0 0 1-2 2H8Zm2-12a2 2 0 0 1 2 2v2h-1.5V2a.5.5 0 0 0-.5-.5H8V0h2Z\" \/>\n\t\t\t<\/svg>\n\t\t<\/button><figcaption class=\"wp-element-caption\"><em>Hago, decembro 2024. Kristnaska parolado de la re\u011do.<\/em><\/figcaption><\/figure>\n\n\n\n<h3 class=\"wp-block-heading\">Registaro<\/h3>\n\n\n\n<p>Nederlando havas re\u011don, Re\u011do Willem-Alexander, kiu ludas ceremonian rolon. La vera politika povo apartenas al la registaro kaj la parlamento, kiu konsistas el la Unua kaj Dua \u0108ambroj. La Dua \u0108ambro estas elektita de la civitanoj kaj faras plejparton de la le\u011doj, dum la Unua \u0108ambro kontrolas ilin. La \u0109efministro, nuntempe Dick Schoof, gvidas la registaron. En Nederlando, diversaj grupoj kunlaboras la\u016d la poldermodelo por fari decidojn.<br> <br> <br> <br> <br> <br> <br> <br> <br> <br> <br><br><\/p>\n\n\n\n<figure data-wp-context=\"{&quot;imageId&quot;:&quot;69f1d2381667f&quot;}\" data-wp-interactive=\"core\/image\" class=\"wp-block-image size-large is-resized wp-lightbox-container\"><img loading=\"lazy\" decoding=\"async\" width=\"1024\" height=\"768\" data-wp-class--hide=\"state.isContentHidden\" data-wp-class--show=\"state.isContentVisible\" data-wp-init=\"callbacks.setButtonStyles\" data-wp-on-async--click=\"actions.showLightbox\" data-wp-on-async--load=\"callbacks.setButtonStyles\" data-wp-on-async-window--resize=\"callbacks.setButtonStyles\" src=\"https:\/\/esperanto-nederland.nl\/wp-content\/uploads\/2025\/01\/20191124fkho1451560_1200p-1024x768.jpg\" alt=\"\" class=\"wp-image-8994\" style=\"width:500px\" srcset=\"https:\/\/esperanto-nederland.nl\/wp-content\/uploads\/2025\/01\/20191124fkho1451560_1200p-1024x768.jpg 1024w, https:\/\/esperanto-nederland.nl\/wp-content\/uploads\/2025\/01\/20191124fkho1451560_1200p-300x225.jpg 300w, https:\/\/esperanto-nederland.nl\/wp-content\/uploads\/2025\/01\/20191124fkho1451560_1200p-200x150.jpg 200w, https:\/\/esperanto-nederland.nl\/wp-content\/uploads\/2025\/01\/20191124fkho1451560_1200p-768x576.jpg 768w, https:\/\/esperanto-nederland.nl\/wp-content\/uploads\/2025\/01\/20191124fkho1451560_1200p-507x380.jpg 507w, https:\/\/esperanto-nederland.nl\/wp-content\/uploads\/2025\/01\/20191124fkho1451560_1200p.jpg 1200w\" sizes=\"auto, (max-width: 1024px) 100vw, 1024px\" \/><button\n\t\t\tclass=\"lightbox-trigger\"\n\t\t\ttype=\"button\"\n\t\t\taria-haspopup=\"dialog\"\n\t\t\taria-label=\"Vergroten\"\n\t\t\tdata-wp-init=\"callbacks.initTriggerButton\"\n\t\t\tdata-wp-on-async--click=\"actions.showLightbox\"\n\t\t\tdata-wp-style--right=\"state.imageButtonRight\"\n\t\t\tdata-wp-style--top=\"state.imageButtonTop\"\n\t\t>\n\t\t\t<svg xmlns=\"http:\/\/www.w3.org\/2000\/svg\" width=\"12\" height=\"12\" fill=\"none\" viewBox=\"0 0 12 12\">\n\t\t\t\t<path fill=\"#fff\" d=\"M2 0a2 2 0 0 0-2 2v2h1.5V2a.5.5 0 0 1 .5-.5h2V0H2Zm2 10.5H2a.5.5 0 0 1-.5-.5V8H0v2a2 2 0 0 0 2 2h2v-1.5ZM8 12v-1.5h2a.5.5 0 0 0 .5-.5V8H12v2a2 2 0 0 1-2 2H8Zm2-12a2 2 0 0 1 2 2v2h-1.5V2a.5.5 0 0 0-.5-.5H8V0h2Z\" \/>\n\t\t\t<\/svg>\n\t\t<\/button><figcaption class=\"wp-element-caption\"><em>En la regiono Twente oni parolas la Twents-an dialekton. La Biblio <\/em><br><em>estas tradukita anka\u016d en la Twents-an dialekton.<\/em><\/figcaption><\/figure>\n\n\n\n<h3 class=\"wp-block-heading\">La lingvoj<\/h3>\n\n\n\n<p>En tuta Nederlando, la nederlanda estas la oficiala lingvo, la lingvo kiun oni \u0109ie a\u016ddas kaj vidas, de la stratnom\u015dildoj \u011dis televidprogramoj kaj oficialaj dokumentoj. Aldone, en la provinco Frislando, la frisa estas agnoskita kiel (dua) oficiala lingvo. Anka\u016d la limburga, en la sudo de Nederlando, kaj la neder-saksia, en la oriento de Nederlando, estas agnoskitaj kiel regionaj lingvoj de la registaro.<\/p>\n\n\n\n<p>Nederlandanoj ofte parolas tre bone la anglan kaj foje la germanan a\u016d la francan. \u0108i tio faras la landon tre alirebla por internaciaj vizitantoj. En Amsterdamo e\u0109 estas tia, ke oni ofte povas pli bone komprenigi vin en la angla ol en la nederlanda.<br> <br> <br> <br> <br> <br> <br> <br> <br> <br><\/p>\n\n\n\n<figure data-wp-context=\"{&quot;imageId&quot;:&quot;69f1d23816b32&quot;}\" data-wp-interactive=\"core\/image\" class=\"wp-block-image size-large is-resized wp-lightbox-container\"><img loading=\"lazy\" decoding=\"async\" width=\"703\" height=\"1024\" data-wp-class--hide=\"state.isContentHidden\" data-wp-class--show=\"state.isContentVisible\" data-wp-init=\"callbacks.setButtonStyles\" data-wp-on-async--click=\"actions.showLightbox\" data-wp-on-async--load=\"callbacks.setButtonStyles\" data-wp-on-async-window--resize=\"callbacks.setButtonStyles\" src=\"https:\/\/esperanto-nederland.nl\/wp-content\/uploads\/2025\/01\/Sinterklaas-en-roetveegpieten-800p-703x1024.jpg\" alt=\"\" class=\"wp-image-9004\" style=\"width:400px\" srcset=\"https:\/\/esperanto-nederland.nl\/wp-content\/uploads\/2025\/01\/Sinterklaas-en-roetveegpieten-800p-703x1024.jpg 703w, https:\/\/esperanto-nederland.nl\/wp-content\/uploads\/2025\/01\/Sinterklaas-en-roetveegpieten-800p-206x300.jpg 206w, https:\/\/esperanto-nederland.nl\/wp-content\/uploads\/2025\/01\/Sinterklaas-en-roetveegpieten-800p-768x1119.jpg 768w, https:\/\/esperanto-nederland.nl\/wp-content\/uploads\/2025\/01\/Sinterklaas-en-roetveegpieten-800p-261x380.jpg 261w, https:\/\/esperanto-nederland.nl\/wp-content\/uploads\/2025\/01\/Sinterklaas-en-roetveegpieten-800p.jpg 800w\" sizes=\"auto, (max-width: 703px) 100vw, 703px\" \/><button\n\t\t\tclass=\"lightbox-trigger\"\n\t\t\ttype=\"button\"\n\t\t\taria-haspopup=\"dialog\"\n\t\t\taria-label=\"Vergroten\"\n\t\t\tdata-wp-init=\"callbacks.initTriggerButton\"\n\t\t\tdata-wp-on-async--click=\"actions.showLightbox\"\n\t\t\tdata-wp-style--right=\"state.imageButtonRight\"\n\t\t\tdata-wp-style--top=\"state.imageButtonTop\"\n\t\t>\n\t\t\t<svg xmlns=\"http:\/\/www.w3.org\/2000\/svg\" width=\"12\" height=\"12\" fill=\"none\" viewBox=\"0 0 12 12\">\n\t\t\t\t<path fill=\"#fff\" d=\"M2 0a2 2 0 0 0-2 2v2h1.5V2a.5.5 0 0 1 .5-.5h2V0H2Zm2 10.5H2a.5.5 0 0 1-.5-.5V8H0v2a2 2 0 0 0 2 2h2v-1.5ZM8 12v-1.5h2a.5.5 0 0 0 .5-.5V8H12v2a2 2 0 0 1-2 2H8Zm2-12a2 2 0 0 1 2 2v2h-1.5V2a.5.5 0 0 0-.5-.5H8V0h2Z\" \/>\n\t\t\t<\/svg>\n\t\t<\/button><figcaption class=\"wp-element-caption\"><em>Sankta Nikolao kaj Fulg\u015dmiro-Petroj.<\/em><\/figcaption><\/figure>\n\n\n\n<h3 class=\"wp-block-heading\">Nederlandaj kutimoj<\/h3>\n\n\n\n<p>Nederlandanoj havas kelkajn kutimojn kaj morojn, kiuj por eksterlandanoj eble estas iom strangaj, sed anka\u016d reflektas la \u0109armon de la lando kaj la homoj.<\/p>\n\n\n\n<p>Nederlandanoj estas konataj pro sia rekteco. Ili ofte diras \u011duste tion, kion ili pensas, sen \u0109irka\u016diri la temon. \u0108i tio povas esti iom surpriza, sed kutime \u011di estas bone intencita kaj ne celas esti mal\u011dentila.<\/p>\n\n\n\n<p>Nederlando estas biciklolando. Biciklovojoj estas \u0109ie kaj biciklantoj ofte havas prioritaton. Atentu bone biciklantojn, precipe en okupataj urboj kiel Amsterdamo kaj Utre\u0125to. Kaj se vi mem biciklas, zorgu havi bonajn lumojn kaj estu preta por \u0109iuj veterkondi\u0109oj!<\/p>\n\n\n\n<p>Tempo gravas en Nederlando. Alvenu \u011dustatempe por rendevuoj, \u0109u temas pri komerca kunveno a\u016d vesperman\u011do \u0109e amikoj hejme. Malfrui\u011dado estas konsiderata kiel mal\u011dentila.<\/p>\n\n\n\n<p>La nederlanda &#8216;gezelligheid&#8217; (bonetoso) temas pri komforto kaj esti kune kun amikoj kaj familio. \u0108i tio povas okazi en kafejo, hejme a\u016d dum evento. \u011ci estas grava parto de la nederlanda kulturo. Trinkado de kafo kaj teo estas grava socia aktiveco. Se oni invitas vin por kafo, atendu agrablan momenton kun biskvitoj a\u016d kuko.<\/p>\n\n\n\n<p>En Nederlando estas kutime dividi a\u016d kompensi elspezojn, kiel man\u011don a\u016d donacon. Zorgu, ke vi havas kontantan monon a\u016d bankkarton kun vi, \u0109ar ne \u0109ie oni akceptas kreditkartojn.<\/p>\n\n\n\n<p>La plej grava festotago estas Re\u011dotago (Koningsdag), la 27-a de aprilo. \u011ci estas tago plena de festo kaj agadoj tra la tuta lando. Anka\u016d Sankta Nikolao (Sinterklaas), la 5-a de decembro, estas grava festotago, precipe por infanoj. Nokte Sankta Nikolao vizitadas kun la Nigraj Petroj \u0109iujn domojn kaj infanoj ricevas multajn donacojn kaj dol\u0109a\u0135ojn.<\/p>\n\n\n\n<p>Nederlandanoj havas la kutimon lasi siajn kurtenojn malfermitaj, por ke \u0109iuj povu rigardi ene. En la kamparo de Nederlando estas kutimo saluti homojn surstrate per &#8220;hoi&#8221; [hoj] a\u016d &#8220;halo&#8221;. Nederlandanoj kutimas manpremi \u0109iun en la \u0109ambro je alveno kaj doni tri kisojn sur la vango, precipe \u0109e familianoj kaj bonaj amikoj. \u0108i tio povas esti iom kutimiga por vizitantoj!<\/p>\n\n\n\n<h4 class=\"wp-block-heading\">Fulg\u015dmiro-Petro (Roetveeg Piet)<\/h4>\n\n\n\n<p>En la lastaj jaroj okazis granda diskuto \u0109irka\u016d Nigra Petro (Zwarte Piet). Multaj opiniis, ke la nigraj viroj kiel helpantoj de la blanka maljuna viro estas diskriminaciaj. Aliaj opiniis, ke Zwarte Piet apartenas al la nederlanda kulturo. Amba\u016d flankoj protestis surstrate. Diversaj solvoj estis proponitaj, ekzemple kolori la Pietojn (purpura, ru\u011da, flava, verda, ktp.). Dum la lastaj jaroj ni vidas, ke Zwarte Piet \u015dan\u011di\u011dis en Fulg\u015dmiro-Petro. La petroj havas nigrajn \u015dmirojn sur siaj viza\u011doj. La\u016ddire la nigraj \u015dmiroj venas de la fulgo en la kamenoj, en kiuj la Petroj devas grimpi. \u0108i tiu solvo estas nuntempe \u011denerale akceptita. En decembro 2024 Sankta Nikolao en la foto anka\u016d havis nigrajn \u015dmirojn sur sia viza\u011do. \u015cajne li ne lasis la Petrojn solaj grimpi tra la kamenoj.<\/p>\n\n\n\n<h2 class=\"wp-block-heading\">Kelkaj defioj por Nederlando<\/h2>\n\n\n\n<figure data-wp-context=\"{&quot;imageId&quot;:&quot;69f1d238171b8&quot;}\" data-wp-interactive=\"core\/image\" class=\"wp-block-image size-large is-resized wp-lightbox-container\"><img loading=\"lazy\" decoding=\"async\" width=\"1024\" height=\"768\" data-wp-class--hide=\"state.isContentHidden\" data-wp-class--show=\"state.isContentVisible\" data-wp-init=\"callbacks.setButtonStyles\" data-wp-on-async--click=\"actions.showLightbox\" data-wp-on-async--load=\"callbacks.setButtonStyles\" data-wp-on-async-window--resize=\"callbacks.setButtonStyles\" src=\"https:\/\/esperanto-nederland.nl\/wp-content\/uploads\/2025\/01\/20221127fkho1113370_1200p-1024x768.jpg\" alt=\"\" class=\"wp-image-9007\" style=\"width:350px\" srcset=\"https:\/\/esperanto-nederland.nl\/wp-content\/uploads\/2025\/01\/20221127fkho1113370_1200p-1024x768.jpg 1024w, https:\/\/esperanto-nederland.nl\/wp-content\/uploads\/2025\/01\/20221127fkho1113370_1200p-300x225.jpg 300w, https:\/\/esperanto-nederland.nl\/wp-content\/uploads\/2025\/01\/20221127fkho1113370_1200p-200x150.jpg 200w, https:\/\/esperanto-nederland.nl\/wp-content\/uploads\/2025\/01\/20221127fkho1113370_1200p-768x576.jpg 768w, https:\/\/esperanto-nederland.nl\/wp-content\/uploads\/2025\/01\/20221127fkho1113370_1200p-507x380.jpg 507w, https:\/\/esperanto-nederland.nl\/wp-content\/uploads\/2025\/01\/20221127fkho1113370_1200p.jpg 1200w\" sizes=\"auto, (max-width: 1024px) 100vw, 1024px\" \/><button\n\t\t\tclass=\"lightbox-trigger\"\n\t\t\ttype=\"button\"\n\t\t\taria-haspopup=\"dialog\"\n\t\t\taria-label=\"Vergroten\"\n\t\t\tdata-wp-init=\"callbacks.initTriggerButton\"\n\t\t\tdata-wp-on-async--click=\"actions.showLightbox\"\n\t\t\tdata-wp-style--right=\"state.imageButtonRight\"\n\t\t\tdata-wp-style--top=\"state.imageButtonTop\"\n\t\t>\n\t\t\t<svg xmlns=\"http:\/\/www.w3.org\/2000\/svg\" width=\"12\" height=\"12\" fill=\"none\" viewBox=\"0 0 12 12\">\n\t\t\t\t<path fill=\"#fff\" d=\"M2 0a2 2 0 0 0-2 2v2h1.5V2a.5.5 0 0 1 .5-.5h2V0H2Zm2 10.5H2a.5.5 0 0 1-.5-.5V8H0v2a2 2 0 0 0 2 2h2v-1.5ZM8 12v-1.5h2a.5.5 0 0 0 .5-.5V8H12v2a2 2 0 0 1-2 2H8Zm2-12a2 2 0 0 1 2 2v2h-1.5V2a.5.5 0 0 0-.5-.5H8V0h2Z\" \/>\n\t\t\t<\/svg>\n\t\t<\/button><\/figure>\n\n\n\n<h3 class=\"wp-block-heading\">Tertremoj en Groningen<\/h3>\n\n\n\n<p>En 1959 unuafoje trovi\u011dis tergaso en la nordo de Nederlando. Ekde 1963 \u0109i tie grandskale boras por tergaso fare de la Nederlanda Naftokompanio (pli konata kiel NAM). La nederlanda tergaskampo kovras proksimume duonon de la e\u016dropa gasprovizo. La tergasekspluato en Groningen tamen ka\u016dzis grund-mallevi\u011do kaj tertremojn. \u0108i tiuj eventoj ka\u016dzis dama\u011don al domoj kaj infrastrukturo kaj ka\u016dzas nesekurecon kaj stre\u0109on inter la lo\u011dantoj. La registraro ne tuj akceptis la nesekurecon. Post kelkaj jaroj la nederlanda registaro finfine prenis rimedojn por redukti la tergasekspluatadon kaj kompensi la dama\u011don, sed la problemoj restas \u0109eestaj.<br> <br> <br> <br> <br> <br> <br><\/p>\n\n\n\n<figure data-wp-context=\"{&quot;imageId&quot;:&quot;69f1d2381762e&quot;}\" data-wp-interactive=\"core\/image\" class=\"wp-block-image size-large is-resized wp-lightbox-container\"><img loading=\"lazy\" decoding=\"async\" width=\"1024\" height=\"768\" data-wp-class--hide=\"state.isContentHidden\" data-wp-class--show=\"state.isContentVisible\" data-wp-init=\"callbacks.setButtonStyles\" data-wp-on-async--click=\"actions.showLightbox\" data-wp-on-async--load=\"callbacks.setButtonStyles\" data-wp-on-async-window--resize=\"callbacks.setButtonStyles\" src=\"https:\/\/esperanto-nederland.nl\/wp-content\/uploads\/2025\/01\/20200222fkho1613520_1200p-1024x768.jpg\" alt=\"\" class=\"wp-image-9008\" style=\"width:350px\" srcset=\"https:\/\/esperanto-nederland.nl\/wp-content\/uploads\/2025\/01\/20200222fkho1613520_1200p-1024x768.jpg 1024w, https:\/\/esperanto-nederland.nl\/wp-content\/uploads\/2025\/01\/20200222fkho1613520_1200p-300x225.jpg 300w, https:\/\/esperanto-nederland.nl\/wp-content\/uploads\/2025\/01\/20200222fkho1613520_1200p-200x150.jpg 200w, https:\/\/esperanto-nederland.nl\/wp-content\/uploads\/2025\/01\/20200222fkho1613520_1200p-768x576.jpg 768w, https:\/\/esperanto-nederland.nl\/wp-content\/uploads\/2025\/01\/20200222fkho1613520_1200p-507x380.jpg 507w, https:\/\/esperanto-nederland.nl\/wp-content\/uploads\/2025\/01\/20200222fkho1613520_1200p.jpg 1200w\" sizes=\"auto, (max-width: 1024px) 100vw, 1024px\" \/><button\n\t\t\tclass=\"lightbox-trigger\"\n\t\t\ttype=\"button\"\n\t\t\taria-haspopup=\"dialog\"\n\t\t\taria-label=\"Vergroten\"\n\t\t\tdata-wp-init=\"callbacks.initTriggerButton\"\n\t\t\tdata-wp-on-async--click=\"actions.showLightbox\"\n\t\t\tdata-wp-style--right=\"state.imageButtonRight\"\n\t\t\tdata-wp-style--top=\"state.imageButtonTop\"\n\t\t>\n\t\t\t<svg xmlns=\"http:\/\/www.w3.org\/2000\/svg\" width=\"12\" height=\"12\" fill=\"none\" viewBox=\"0 0 12 12\">\n\t\t\t\t<path fill=\"#fff\" d=\"M2 0a2 2 0 0 0-2 2v2h1.5V2a.5.5 0 0 1 .5-.5h2V0H2Zm2 10.5H2a.5.5 0 0 1-.5-.5V8H0v2a2 2 0 0 0 2 2h2v-1.5ZM8 12v-1.5h2a.5.5 0 0 0 .5-.5V8H12v2a2 2 0 0 1-2 2H8Zm2-12a2 2 0 0 1 2 2v2h-1.5V2a.5.5 0 0 0-.5-.5H8V0h2Z\" \/>\n\t\t\t<\/svg>\n\t\t<\/button><\/figure>\n\n\n\n<h3 class=\"wp-block-heading\">Klimatkrizo kaj bestorajtoj<\/h3>\n\n\n\n<p>Nederlando estas vundebla al la klimatkrizo, kun riskoj kiel plialti\u011dantaj marniveloj, sekaj printempoj kaj someroj, kaj ekstremaj someraj pluvoj. La registaro laboras pri emisireduktoj kaj aliaj rimedoj por redukti la efikon de klimata \u015dan\u011di\u011do, sed la defio restas granda.<\/p>\n\n\n\n<p>En Nederlando oni protestas kontra\u016d diversaj formoj de bestomisuzo, kiel besteksperimentoj, la produktado de felo kaj ledo, kaj la bestobreda industrio.<\/p>\n\n\n\n<p>Pro e\u016dropaj le\u011doj, farmistoj devas preni multekostajn rimedojn a\u016d fermi siajn entreprenojn pro la alta CO2-ellaso. La farmistoj protestis sur la a\u016dtovojoj kontra\u016d la fermo de siaj entreprenoj, kaj la farmista partio BBB ricevis multajn vo\u0109ojn en la elektoj.<br><br> <br> <\/p>\n\n\n\n<figure data-wp-context=\"{&quot;imageId&quot;:&quot;69f1d23817ab1&quot;}\" data-wp-interactive=\"core\/image\" class=\"wp-block-image size-full is-resized wp-lightbox-container\"><img loading=\"lazy\" decoding=\"async\" width=\"500\" height=\"375\" data-wp-class--hide=\"state.isContentHidden\" data-wp-class--show=\"state.isContentVisible\" data-wp-init=\"callbacks.setButtonStyles\" data-wp-on-async--click=\"actions.showLightbox\" data-wp-on-async--load=\"callbacks.setButtonStyles\" data-wp-on-async-window--resize=\"callbacks.setButtonStyles\" src=\"https:\/\/esperanto-nederland.nl\/wp-content\/uploads\/2025\/01\/20191210fkho1708440_500p.jpg\" alt=\"\" class=\"wp-image-9009\" style=\"width:350px\" srcset=\"https:\/\/esperanto-nederland.nl\/wp-content\/uploads\/2025\/01\/20191210fkho1708440_500p.jpg 500w, https:\/\/esperanto-nederland.nl\/wp-content\/uploads\/2025\/01\/20191210fkho1708440_500p-300x225.jpg 300w, https:\/\/esperanto-nederland.nl\/wp-content\/uploads\/2025\/01\/20191210fkho1708440_500p-200x150.jpg 200w\" sizes=\"auto, (max-width: 500px) 100vw, 500px\" \/><button\n\t\t\tclass=\"lightbox-trigger\"\n\t\t\ttype=\"button\"\n\t\t\taria-haspopup=\"dialog\"\n\t\t\taria-label=\"Vergroten\"\n\t\t\tdata-wp-init=\"callbacks.initTriggerButton\"\n\t\t\tdata-wp-on-async--click=\"actions.showLightbox\"\n\t\t\tdata-wp-style--right=\"state.imageButtonRight\"\n\t\t\tdata-wp-style--top=\"state.imageButtonTop\"\n\t\t>\n\t\t\t<svg xmlns=\"http:\/\/www.w3.org\/2000\/svg\" width=\"12\" height=\"12\" fill=\"none\" viewBox=\"0 0 12 12\">\n\t\t\t\t<path fill=\"#fff\" d=\"M2 0a2 2 0 0 0-2 2v2h1.5V2a.5.5 0 0 1 .5-.5h2V0H2Zm2 10.5H2a.5.5 0 0 1-.5-.5V8H0v2a2 2 0 0 0 2 2h2v-1.5ZM8 12v-1.5h2a.5.5 0 0 0 .5-.5V8H12v2a2 2 0 0 1-2 2H8Zm2-12a2 2 0 0 1 2 2v2h-1.5V2a.5.5 0 0 0-.5-.5H8V0h2Z\" \/>\n\t\t\t<\/svg>\n\t\t<\/button><\/figure>\n\n\n\n<h3 class=\"wp-block-heading\">Kreskanta milita minaco<\/h3>\n\n\n\n<p>La milita minaco en Nederlando estas nun zorgiga temo. La dan\u011deroj de ciberatakoj, spionado kaj sabotado el eksterlando estas kreskantaj, precipe pro la monduma malpaco kiel la milito en Ukrainio. La nederlanda registaro faris pliajn investojn en defendo kaj batalmaterialon por garantii la sekurecon. Kvankam nune ne ekzistas specifaj dan\u011deroj por Nederlando, la dan\u011derindico restas alta kaj la situacio povas rapide \u015dan\u011di\u011di.<br> <br><br><br> <br> <br> <br> <\/p>\n\n\n\n<h2 class=\"wp-block-heading\">Intersesaj lokoj<\/h2>\n\n\n\n<figure data-wp-context=\"{&quot;imageId&quot;:&quot;69f1d238183b4&quot;}\" data-wp-interactive=\"core\/image\" class=\"wp-block-image size-full is-resized wp-lightbox-container\"><img loading=\"lazy\" decoding=\"async\" width=\"1024\" height=\"710\" data-wp-class--hide=\"state.isContentHidden\" data-wp-class--show=\"state.isContentVisible\" data-wp-init=\"callbacks.setButtonStyles\" data-wp-on-async--click=\"actions.showLightbox\" data-wp-on-async--load=\"callbacks.setButtonStyles\" data-wp-on-async-window--resize=\"callbacks.setButtonStyles\" src=\"https:\/\/esperanto-nederland.nl\/wp-content\/uploads\/2025\/01\/Paulus_Potter_-_La-virbovo-wikipedia.jpg\" alt=\"\" class=\"wp-image-9086\" style=\"width:500px\" srcset=\"https:\/\/esperanto-nederland.nl\/wp-content\/uploads\/2025\/01\/Paulus_Potter_-_La-virbovo-wikipedia.jpg 1024w, https:\/\/esperanto-nederland.nl\/wp-content\/uploads\/2025\/01\/Paulus_Potter_-_La-virbovo-wikipedia-300x208.jpg 300w, https:\/\/esperanto-nederland.nl\/wp-content\/uploads\/2025\/01\/Paulus_Potter_-_La-virbovo-wikipedia-768x533.jpg 768w, https:\/\/esperanto-nederland.nl\/wp-content\/uploads\/2025\/01\/Paulus_Potter_-_La-virbovo-wikipedia-548x380.jpg 548w\" sizes=\"auto, (max-width: 1024px) 100vw, 1024px\" \/><button\n\t\t\tclass=\"lightbox-trigger\"\n\t\t\ttype=\"button\"\n\t\t\taria-haspopup=\"dialog\"\n\t\t\taria-label=\"Vergroten\"\n\t\t\tdata-wp-init=\"callbacks.initTriggerButton\"\n\t\t\tdata-wp-on-async--click=\"actions.showLightbox\"\n\t\t\tdata-wp-style--right=\"state.imageButtonRight\"\n\t\t\tdata-wp-style--top=\"state.imageButtonTop\"\n\t\t>\n\t\t\t<svg xmlns=\"http:\/\/www.w3.org\/2000\/svg\" width=\"12\" height=\"12\" fill=\"none\" viewBox=\"0 0 12 12\">\n\t\t\t\t<path fill=\"#fff\" d=\"M2 0a2 2 0 0 0-2 2v2h1.5V2a.5.5 0 0 1 .5-.5h2V0H2Zm2 10.5H2a.5.5 0 0 1-.5-.5V8H0v2a2 2 0 0 0 2 2h2v-1.5ZM8 12v-1.5h2a.5.5 0 0 0 .5-.5V8H12v2a2 2 0 0 1-2 2H8Zm2-12a2 2 0 0 1 2 2v2h-1.5V2a.5.5 0 0 0-.5-.5H8V0h2Z\" \/>\n\t\t\t<\/svg>\n\t\t<\/button><figcaption class=\"wp-element-caption\"><em>La virbovo de Paulus Potter (Foto Vikipedio)<\/em><\/figcaption><\/figure>\n\n\n\n<p><strong>Nederlando<\/strong> havas ri\u0109an arta\u0135historion, kaj ekzistas sennombraj admirindaj majstroverkoj. Iuj arta\u0135oj kiuj certe valoras spekti estas.<\/p>\n\n\n\n<ul class=\"wp-block-list\">\n<li><strong>\u201cLa noktogardisto\u201d (De Nachtwacht)<\/strong> de Rembrandt van Rijn: \u0108i tiu ikoneca pentra\u0135o pendas en la \u015dtata muzeo, Rijksmuseum en Amsterdamo. \u011ci estas impresa verko, kiu dramece montras la arkebuzistojn de Amsterdamo.&#8221;<\/li>\n\n\n\n<li><strong>\u201cKnabino kun la perlo\u201d (Meisje met de parel)<\/strong> de Johannes Vermeer: videbla en la Mauritshuis en Hago, \u0109i tiu pentra\u0135o estas konata pro la mistera esprimo de la knabino kaj la mirindaj detaloj. \u011ci anka\u016d estas nomata la &#8220;Mona Lisa de la nordo.&#8221;<\/li>\n\n\n\n<li><strong>&#8220;Sunfloroj&#8221; (Zonnebloemen)<\/strong> de Vincent van Gogh: En la Van Gogh Muzeo en Amsterdamo vi povas admiri kolekton de la verkoj de Van Gogh, inkluzive la fama &#8220;Sunfloroj&#8221;. Liaj vivaj koloroj kaj esprimplena stilo estas tre specialaj.<\/li>\n\n\n\n<li><strong>&#8220;La Virbovo&#8221; (De Stier) <\/strong>de Paulus Potter: \u0108i tiu pentra\u0135o pendas en la Mauritshuis (Den Haag) kaj montras realisman portreton de bovo en la nederlanda kamparo. \u011ci estas mirinda ekzemplo de la nederlanda realisma pentra\u0135o.<\/li>\n\n\n\n<li><strong>&#8220;Kompozicio kun Ru\u011da, Blua kaj Flava&#8221; (Composition with Red, Blue and Yellow)<\/strong> de Piet Mondriaan: La abstrakta verko de Mondriaan estas ikono de moderna arto. Vi povas spekti liajn verkojn en la Urba Muzeo (Gemeentemuseum) en Hago. La precizaj linioj kaj primaraj koloroj estas karakterizaj por lia stilo.<\/li>\n<\/ul>\n\n\n\n<p>Aliaj verkoj de tute alia naturo estas la imponaj teknikaj arta\u0135oj. Jen kelkaj kiuj certe estas vizitindaj:<\/p>\n\n\n\n<ul class=\"wp-block-list\">\n<li><strong>\u201cDeltoprotektilaro\u201d (Deltawerken)<\/strong>: \u0108i tiu impona serio de digoj kaj \u015dtormbariloj protektas Nederlandon kontra\u016d la maro. Unu el la plej konataj partoj estas la Akvobara\u0135o de la Orienta Skeldo (Oosterscheldekering), ofte konsiderata kiel unu el la sep modernaj mondaj mirinda\u0135oj.<\/li>\n\n\n\n<li><strong>\u201cFermdigo\u201d (Afsluitdijk)<\/strong>: \u0108i tiu 32 kilometrojn longa digo, kiu apartigas la Islolago (IJsselmeer) de la Vadomaro (Waddenzee), estas impona ekzemplo de akvomastrumado. \u011ci ne nur provizas protekton kontra\u016d inundoj, sed anka\u016d estas grava trafikvojo.<\/li>\n\n\n\n<li><strong>\u201cLa Maeslant-bara\u0135o\u201d (De Maeslantkering)<\/strong>: \u0108i tiu impona \u015dtormbara\u0135o apud Roterdamo povas plene fermi\u011di por protekti la urbon kontra\u016d alta akvo. \u011ci estas unu el la plej grandaj moveblaj konstrua\u0135oj en la mondo.<\/li>\n<\/ul>\n\n\n\n<h2 class=\"wp-block-heading\">Biciklado tra Nederlando<\/h2>\n\n\n\n<figure data-wp-context=\"{&quot;imageId&quot;:&quot;69f1d23818a4b&quot;}\" data-wp-interactive=\"core\/image\" class=\"wp-block-image size-large is-resized wp-lightbox-container\"><img loading=\"lazy\" decoding=\"async\" width=\"1024\" height=\"768\" data-wp-class--hide=\"state.isContentHidden\" data-wp-class--show=\"state.isContentVisible\" data-wp-init=\"callbacks.setButtonStyles\" data-wp-on-async--click=\"actions.showLightbox\" data-wp-on-async--load=\"callbacks.setButtonStyles\" data-wp-on-async-window--resize=\"callbacks.setButtonStyles\" src=\"https:\/\/esperanto-nederland.nl\/wp-content\/uploads\/2025\/01\/20201106fkho1453030_1200p-1024x768.jpg\" alt=\"\" class=\"wp-image-9012\" style=\"width:500px\" srcset=\"https:\/\/esperanto-nederland.nl\/wp-content\/uploads\/2025\/01\/20201106fkho1453030_1200p-1024x768.jpg 1024w, https:\/\/esperanto-nederland.nl\/wp-content\/uploads\/2025\/01\/20201106fkho1453030_1200p-300x225.jpg 300w, https:\/\/esperanto-nederland.nl\/wp-content\/uploads\/2025\/01\/20201106fkho1453030_1200p-200x150.jpg 200w, https:\/\/esperanto-nederland.nl\/wp-content\/uploads\/2025\/01\/20201106fkho1453030_1200p-768x576.jpg 768w, https:\/\/esperanto-nederland.nl\/wp-content\/uploads\/2025\/01\/20201106fkho1453030_1200p-507x380.jpg 507w, https:\/\/esperanto-nederland.nl\/wp-content\/uploads\/2025\/01\/20201106fkho1453030_1200p.jpg 1200w\" sizes=\"auto, (max-width: 1024px) 100vw, 1024px\" \/><button\n\t\t\tclass=\"lightbox-trigger\"\n\t\t\ttype=\"button\"\n\t\t\taria-haspopup=\"dialog\"\n\t\t\taria-label=\"Vergroten\"\n\t\t\tdata-wp-init=\"callbacks.initTriggerButton\"\n\t\t\tdata-wp-on-async--click=\"actions.showLightbox\"\n\t\t\tdata-wp-style--right=\"state.imageButtonRight\"\n\t\t\tdata-wp-style--top=\"state.imageButtonTop\"\n\t\t>\n\t\t\t<svg xmlns=\"http:\/\/www.w3.org\/2000\/svg\" width=\"12\" height=\"12\" fill=\"none\" viewBox=\"0 0 12 12\">\n\t\t\t\t<path fill=\"#fff\" d=\"M2 0a2 2 0 0 0-2 2v2h1.5V2a.5.5 0 0 1 .5-.5h2V0H2Zm2 10.5H2a.5.5 0 0 1-.5-.5V8H0v2a2 2 0 0 0 2 2h2v-1.5ZM8 12v-1.5h2a.5.5 0 0 0 .5-.5V8H12v2a2 2 0 0 1-2 2H8Zm2-12a2 2 0 0 1 2 2v2h-1.5V2a.5.5 0 0 0-.5-.5H8V0h2Z\" \/>\n\t\t\t<\/svg>\n\t\t<\/button><figcaption class=\"wp-element-caption\"><em>Unu el la multaj fosa\u0135oj en Gelderlando.<\/em><\/figcaption><\/figure>\n\n\n\n<p>En Nederlando oni multe biciklas. Pripensu pruntepreni biciklon por esplori la urbojn kaj provincojn. Biciklovojoj estas \u0109ie kaj \u0109i tio estas bonega maniero por vidi la \u0109irka\u016da\u0135on. Nederlando havas pli ol 17.000 kilometrojn da biciklovojoj, kaj multaj el ili estas ekipitaj per novigaj infrastrukturoj kiel biciklotuneloj, pontoj kaj e\u0109 biciklorapidajvojoj.<\/p>\n\n\n\n<p><strong>Kasteloj <\/strong>en Nederlando estas absolute vizitindaj pro sia ri\u0109a historio, mirinda arkitekturo kaj ofte mirindaj \u011dardenoj. Multaj kasteloj estas konvertitaj al muzeoj, kie vi povas rigardi la vivon de la nobelaro en la mezepoko kaj renesanco. En multaj kasteloj vi anka\u016d povas \u011dui eventojn kiel mezepokaj merkatoj, kavalirojturniroj kaj gvidataj vizitoj.<\/p>\n\n\n\n<p><a href=\"https:\/\/www.ns.nl\/en\/door-to-door\/ov-fiets\/how-it-works.html\" data-type=\"link\" data-id=\"https:\/\/www.ns.nl\/en\/door-to-door\/ov-fiets\/how-it-works.html\" target=\"_blank\" rel=\"noreferrer noopener\">Informoj pri la prunto de malmultekostaj bicikloj (OV-fietsen).<\/a><\/p>\n\n\n\n<p><\/p>\n\n\n\n<p><\/p>\n\n\n\n<p>Kiam vi vizitas Nederlandon, estas sa\u011de surmeti vestojn en tavoloj. La nederlanda vetero povas esti sufi\u0109e \u015dan\u011di\u011dema, e\u0109 ene de unu tago. Prenu pluvjakon kaj eble ombrelon kun vi, \u0109ar pluvo povas ataki ajnan momenton. Vintre utilas varma jako, koltuko, \u0109apelo kaj gantoj, dum somere vi povas \u011dui pli malpezajn vesta\u0135ojn. Anka\u016d prenu komfortajn \u015duojn se vi planas multe promeni a\u016d bicikli!<\/p>\n\n\n\n<figure data-wp-context=\"{&quot;imageId&quot;:&quot;69f1d238190a3&quot;}\" data-wp-interactive=\"core\/image\" class=\"wp-block-image size-large is-resized wp-lightbox-container\"><img loading=\"lazy\" decoding=\"async\" width=\"1024\" height=\"768\" data-wp-class--hide=\"state.isContentHidden\" data-wp-class--show=\"state.isContentVisible\" data-wp-init=\"callbacks.setButtonStyles\" data-wp-on-async--click=\"actions.showLightbox\" data-wp-on-async--load=\"callbacks.setButtonStyles\" data-wp-on-async-window--resize=\"callbacks.setButtonStyles\" src=\"https:\/\/esperanto-nederland.nl\/wp-content\/uploads\/2025\/01\/20210207fkho1523450_o-1024x768.jpg\" alt=\"\" class=\"wp-image-9013\" style=\"width:500px\" srcset=\"https:\/\/esperanto-nederland.nl\/wp-content\/uploads\/2025\/01\/20210207fkho1523450_o-1024x768.jpg 1024w, https:\/\/esperanto-nederland.nl\/wp-content\/uploads\/2025\/01\/20210207fkho1523450_o-300x225.jpg 300w, https:\/\/esperanto-nederland.nl\/wp-content\/uploads\/2025\/01\/20210207fkho1523450_o-200x150.jpg 200w, https:\/\/esperanto-nederland.nl\/wp-content\/uploads\/2025\/01\/20210207fkho1523450_o-768x576.jpg 768w, https:\/\/esperanto-nederland.nl\/wp-content\/uploads\/2025\/01\/20210207fkho1523450_o-1536x1152.jpg 1536w, https:\/\/esperanto-nederland.nl\/wp-content\/uploads\/2025\/01\/20210207fkho1523450_o-2048x1536.jpg 2048w, https:\/\/esperanto-nederland.nl\/wp-content\/uploads\/2025\/01\/20210207fkho1523450_o-507x380.jpg 507w\" sizes=\"auto, (max-width: 1024px) 100vw, 1024px\" \/><button\n\t\t\tclass=\"lightbox-trigger\"\n\t\t\ttype=\"button\"\n\t\t\taria-haspopup=\"dialog\"\n\t\t\taria-label=\"Vergroten\"\n\t\t\tdata-wp-init=\"callbacks.initTriggerButton\"\n\t\t\tdata-wp-on-async--click=\"actions.showLightbox\"\n\t\t\tdata-wp-style--right=\"state.imageButtonRight\"\n\t\t\tdata-wp-style--top=\"state.imageButtonTop\"\n\t\t>\n\t\t\t<svg xmlns=\"http:\/\/www.w3.org\/2000\/svg\" width=\"12\" height=\"12\" fill=\"none\" viewBox=\"0 0 12 12\">\n\t\t\t\t<path fill=\"#fff\" d=\"M2 0a2 2 0 0 0-2 2v2h1.5V2a.5.5 0 0 1 .5-.5h2V0H2Zm2 10.5H2a.5.5 0 0 1-.5-.5V8H0v2a2 2 0 0 0 2 2h2v-1.5ZM8 12v-1.5h2a.5.5 0 0 0 .5-.5V8H12v2a2 2 0 0 1-2 2H8Zm2-12a2 2 0 0 1 2 2v2h-1.5V2a.5.5 0 0 0-.5-.5H8V0h2Z\" \/>\n\t\t\t<\/svg>\n\t\t<\/button><figcaption class=\"wp-element-caption\"><em>Ne\u011da amuzo kun sledado.<\/em><\/figcaption><\/figure>\n\n\n\n<p>La prezoj de man\u011da\u0135oj kaj lo\u011dado estas kompareblaj al tiuj en aliaj Okcident-e\u016dropaj landoj. En restoracioj estas kutime doni 5-10% kiel trinkmonon.<\/p>\n\n\n\n<p>Nederlando uzas 230V kaj la \u015dtopiloj estas de tipo C kaj F. Certi\u011du porti mondan adapteron se vi uzas aparatojn el alia lando. \u0108u vi bezonas vizon por eniri Nederlandon dependas de via nacieco kaj voja\u011dplanoj. Jen kelkaj \u011deneralaj gvidlinioj:<\/p>\n\n\n\n<ul class=\"wp-block-list\">\n<li><strong>Schengen-vizo<\/strong>: Se vi volas resti en Nederlando malpli ol 90 tagojn, vi eble bezonos Schengen-vizon. \u0108i tiu vizo validas por \u0109iuj Schengen-landoj kaj permesas vin voja\u011di libere dum 90 tagoj ene de \u0109i tiuj landoj.<\/li>\n\n\n\n<li><strong>Nacia Vizo<\/strong>: Por pli longaj restadoj a\u016d por certaj celoj kiel laboro, studo a\u016d geedzi\u011do, vi eble bezonos nacian vizon.<\/li>\n\n\n\n<li><strong>Senviza<\/strong>: Iuj landoj ne havas vizodevon por Nederlando, depende de la da\u016dro de ilia restado. Vi povas kontroli \u0109e <a href=\"https:\/\/www.rijksoverheid.nl\/onderwerpen\/immigratie-naar-nederland\" data-type=\"link\" data-id=\"https:\/\/www.rijksoverheid.nl\/onderwerpen\/immigratie-naar-nederland\">la Schengen-Vizaindikilo de la Ministerio de Eksterlandaj Aferoj<\/a> por vidi  \u0109u vi bezonas vizon.<\/li>\n<\/ul>\n\n\n\n<p><em>(La supraj reguloj estas gvidlinio. Ili povas \u015dan\u011di\u011di kaj vi ne povas akiri rajtojn el ili.)<\/em><\/p>\n\n\n\n<p><a href=\"https:\/\/www.rijksoverheid.nl\/onderwerpen\/immigratie-naar-nederland\" data-type=\"link\" data-id=\"https:\/\/www.rijksoverheid.nl\/onderwerpen\/immigratie-naar-nederland\" target=\"_blank\" rel=\"noreferrer noopener\">Kontrolu anticipe \u0109u necesas peti vizon.<\/a> <br><a href=\"https:\/\/schengenvisum.info\/lijst-visumplichtige-landen\/\" target=\"_blank\" rel=\"noreferrer noopener\">Listo de landoj kun vizodevo.<\/a>&nbsp; <\/p>\n\n\n\n<h2 class=\"wp-block-heading\">La publika transporto<\/h2>\n\n\n\n<figure data-wp-context=\"{&quot;imageId&quot;:&quot;69f1d2381962f&quot;}\" data-wp-interactive=\"core\/image\" class=\"wp-block-image size-full is-resized wp-lightbox-container\"><img loading=\"lazy\" decoding=\"async\" width=\"1024\" height=\"1024\" data-wp-class--hide=\"state.isContentHidden\" data-wp-class--show=\"state.isContentVisible\" data-wp-init=\"callbacks.setButtonStyles\" data-wp-on-async--click=\"actions.showLightbox\" data-wp-on-async--load=\"callbacks.setButtonStyles\" data-wp-on-async-window--resize=\"callbacks.setButtonStyles\" src=\"https:\/\/esperanto-nederland.nl\/wp-content\/uploads\/2025\/01\/openbaar-vervoer-door-Nederland.jpg\" alt=\"\" class=\"wp-image-9014\" style=\"width:500px\" srcset=\"https:\/\/esperanto-nederland.nl\/wp-content\/uploads\/2025\/01\/openbaar-vervoer-door-Nederland.jpg 1024w, https:\/\/esperanto-nederland.nl\/wp-content\/uploads\/2025\/01\/openbaar-vervoer-door-Nederland-300x300.jpg 300w, https:\/\/esperanto-nederland.nl\/wp-content\/uploads\/2025\/01\/openbaar-vervoer-door-Nederland-768x768.jpg 768w, https:\/\/esperanto-nederland.nl\/wp-content\/uploads\/2025\/01\/openbaar-vervoer-door-Nederland-90x90.jpg 90w, https:\/\/esperanto-nederland.nl\/wp-content\/uploads\/2025\/01\/openbaar-vervoer-door-Nederland-380x380.jpg 380w\" sizes=\"auto, (max-width: 1024px) 100vw, 1024px\" \/><button\n\t\t\tclass=\"lightbox-trigger\"\n\t\t\ttype=\"button\"\n\t\t\taria-haspopup=\"dialog\"\n\t\t\taria-label=\"Vergroten\"\n\t\t\tdata-wp-init=\"callbacks.initTriggerButton\"\n\t\t\tdata-wp-on-async--click=\"actions.showLightbox\"\n\t\t\tdata-wp-style--right=\"state.imageButtonRight\"\n\t\t\tdata-wp-style--top=\"state.imageButtonTop\"\n\t\t>\n\t\t\t<svg xmlns=\"http:\/\/www.w3.org\/2000\/svg\" width=\"12\" height=\"12\" fill=\"none\" viewBox=\"0 0 12 12\">\n\t\t\t\t<path fill=\"#fff\" d=\"M2 0a2 2 0 0 0-2 2v2h1.5V2a.5.5 0 0 1 .5-.5h2V0H2Zm2 10.5H2a.5.5 0 0 1-.5-.5V8H0v2a2 2 0 0 0 2 2h2v-1.5ZM8 12v-1.5h2a.5.5 0 0 0 .5-.5V8H12v2a2 2 0 0 1-2 2H8Zm2-12a2 2 0 0 1 2 2v2h-1.5V2a.5.5 0 0 0-.5-.5H8V0h2Z\" \/>\n\t\t\t<\/svg>\n\t\t<\/button><figcaption class=\"wp-element-caption\">(<em>Foto CoPilot<\/em>)<\/figcaption><\/figure>\n\n\n\n<p>La publika transporto en Nederlando estas tre efika kaj facile uzebla, e\u0109 por eksterlandanoj! Jen kelkaj gravaj punktoj por scii:<\/p>\n\n\n\n<p>La OV-\u0109ipkarto estas karto, kiun vi povas uzi por voja\u011di per trajno, buso, tramo kaj metroo en tuta Nederlando. Vi povas \u015dar\u011di saldon sur la karto kaj uzi \u011din por pagi vian voja\u011don. Vi povas a\u0109eti la karton \u0109e vendejoj, stacidomoj kaj rete. Ofte oni nuntempe povas uzi vian bankkarton por pagi la verturkotizoj.<\/p>\n\n\n\n<p>La trajnoj rapide ligas la diversajn urbojn. Vi povas plani vian voja\u011don kaj a\u0109eti biletojn per la retejo de la publika transporto \u0109e <a href=\"https:\/\/www.ns.nl\/en\/travel-information\/buying-your-ticket-online.html\" type=\"link\" id=\"https:\/\/www.ns.nl\/en\/travel-information\/buying-your-ticket-online.html\" target=\"_blank\" rel=\"noreferrer noopener\">www.ns.nl<\/a>.<\/p>\n\n\n\n<p>En urboj kiel Amsterdamo, Roterdamo kaj Hago busoj kaj tramoj estas grava transportmaniero. En Amsterdamo kaj Roterdamo ekzistas metrolinioj, kiuj estas pli rapidaj ol tramoj kaj busoj kaj rapide portas vin tra la urbo. Por mallongaj voja\u011doj sur akvo ofte estas pramoj, kiuj ofertas oportuna kaj rapida alternativo.<\/p>\n\n\n\n<p>Nederlando havas bonajn fervojajn konektojn al najbaraj landoj kiel Belgio, Germanio kaj Francio. Ekzemple, vi povas preni la trajnon Thalys de Amsterdamo al Parizo a\u016d la Eurostar de Amsterdamo al Londono a\u016d la <a href=\"https:\/\/www.flixbus.com\/\" data-type=\"link\" data-id=\"https:\/\/www.flixbus.com\/\">Flixbus<\/a>.<\/p>\n\n\n\n<h3 class=\"wp-block-heading\">A\u016dtoluo<\/h3>\n\n\n\n<p>Se vi veturas per a\u016dto, por kelkaj vojoj, tuneloj kaj pontoj vi devas pagi paspagon. Se vi preferas voja\u011di per a\u016dto, vi povas lui a\u016dton per aplika\u0135oj kiel MyWheels kaj Car2Go.<\/p>\n\n\n\n<h2 class=\"wp-block-heading\">Pli pri Nederlando<\/h2>\n\n\n\n<figure class=\"wp-block-image size-full is-resized\"><a href=\"https:\/\/www.holland.com\/be_nl\/toerisme\" target=\"_blank\" rel=\"noreferrer noopener\"><img decoding=\"async\" src=\"https:\/\/esperanto-nederland.nl\/wp-content\/uploads\/2025\/01\/NL-Nederland.svg\" alt=\"\" class=\"wp-image-9184\" style=\"width:200px\"\/><\/a><\/figure>\n\n\n\n<p>Promocion kaj merkatesploradon de Nederlando kiel feriolando prizorgas <a href=\"https:\/\/www.holland.com\/be_nl\/toerisme\" data-type=\"link\" data-id=\"https:\/\/www.holland.com\/be_nl\/toerisme\" target=\"_blank\" rel=\"noreferrer noopener\">la Nederlanda Oficejo por Turismo kaj Kongresoj (NBTC)<\/a>, havante 17 filiojn en E\u016dropo, Nord-Ameriko kaj Sudorient-Azio. La retpa\u011do de NBTC estas en la nederlanda, la angla, la franca kaj la germana.<\/p>\n\n\n\n<p><\/p>\n","protected":false},"excerpt":{"rendered":"<p>Nederlando situas en Okcidenta E\u016dropo kaj estas protektata de digoj kaj akvokonstruoj pro la malalta tereno. La pejza\u011do estas diversa, kun polderoj, strandoj, arbaroj kaj riveroj kiel la Rejno kaj Mozo. Nederlando estas malalta lando, kaj multaj areoj estas senakvigitaj per mueliloj kaj pumpstacioj. Post la inundo en 1953 oni konstruis grandajn projektojn kiel la &hellip; <a href=\"https:\/\/esperanto-nederland.nl\/index.php\/eo\/pri-nederlando\/\" class=\"more-link\">Verder lezen <span class=\"screen-reader-text\">Pri Nederlando<\/span><\/a><\/p>\n","protected":false},"author":3,"featured_media":0,"parent":0,"menu_order":0,"comment_status":"closed","ping_status":"closed","template":"","meta":{"footnotes":""},"class_list":["post-196","page","type-page","status-publish","hentry","without-featured-image"],"_links":{"self":[{"href":"https:\/\/esperanto-nederland.nl\/index.php\/wp-json\/wp\/v2\/pages\/196","targetHints":{"allow":["GET"]}}],"collection":[{"href":"https:\/\/esperanto-nederland.nl\/index.php\/wp-json\/wp\/v2\/pages"}],"about":[{"href":"https:\/\/esperanto-nederland.nl\/index.php\/wp-json\/wp\/v2\/types\/page"}],"author":[{"embeddable":true,"href":"https:\/\/esperanto-nederland.nl\/index.php\/wp-json\/wp\/v2\/users\/3"}],"replies":[{"embeddable":true,"href":"https:\/\/esperanto-nederland.nl\/index.php\/wp-json\/wp\/v2\/comments?post=196"}],"version-history":[{"count":167,"href":"https:\/\/esperanto-nederland.nl\/index.php\/wp-json\/wp\/v2\/pages\/196\/revisions"}],"predecessor-version":[{"id":12293,"href":"https:\/\/esperanto-nederland.nl\/index.php\/wp-json\/wp\/v2\/pages\/196\/revisions\/12293"}],"wp:attachment":[{"href":"https:\/\/esperanto-nederland.nl\/index.php\/wp-json\/wp\/v2\/media?parent=196"}],"curies":[{"name":"wp","href":"https:\/\/api.w.org\/{rel}","templated":true}]}}