{"id":197,"date":"2023-05-16T17:19:23","date_gmt":"2023-05-16T17:19:23","guid":{"rendered":"https:\/\/www.xloof.nl\/zandbak\/?page_id=196"},"modified":"2025-07-22T21:53:20","modified_gmt":"2025-07-22T19:53:20","slug":"turistaj-informoj","status":"publish","type":"page","link":"https:\/\/esperanto-nederland.nl\/index.php\/eo\/turistaj-informoj\/","title":{"rendered":"Turistaj informoj"},"content":{"rendered":"\n<figure data-wp-context=\"{&quot;imageId&quot;:&quot;69f1d26615b73&quot;}\" data-wp-interactive=\"core\/image\" class=\"wp-block-image size-full wp-lightbox-container\"><img loading=\"lazy\" decoding=\"async\" width=\"1920\" height=\"700\" data-wp-class--hide=\"state.isContentHidden\" data-wp-class--show=\"state.isContentVisible\" data-wp-init=\"callbacks.setButtonStyles\" data-wp-on-async--click=\"actions.showLightbox\" data-wp-on-async--load=\"callbacks.setButtonStyles\" data-wp-on-async-window--resize=\"callbacks.setButtonStyles\" src=\"https:\/\/esperanto-nederland.nl\/wp-content\/uploads\/2024\/12\/Giethoorn.jpg\" alt=\"\" class=\"wp-image-8380\" style=\"object-fit:cover\" srcset=\"https:\/\/esperanto-nederland.nl\/wp-content\/uploads\/2024\/12\/Giethoorn.jpg 1920w, https:\/\/esperanto-nederland.nl\/wp-content\/uploads\/2024\/12\/Giethoorn-300x109.jpg 300w, https:\/\/esperanto-nederland.nl\/wp-content\/uploads\/2024\/12\/Giethoorn-1024x373.jpg 1024w, https:\/\/esperanto-nederland.nl\/wp-content\/uploads\/2024\/12\/Giethoorn-768x280.jpg 768w, https:\/\/esperanto-nederland.nl\/wp-content\/uploads\/2024\/12\/Giethoorn-1536x560.jpg 1536w, https:\/\/esperanto-nederland.nl\/wp-content\/uploads\/2024\/12\/Giethoorn-1042x380.jpg 1042w\" sizes=\"auto, (max-width: 1920px) 100vw, 1920px\" \/><button\n\t\t\tclass=\"lightbox-trigger\"\n\t\t\ttype=\"button\"\n\t\t\taria-haspopup=\"dialog\"\n\t\t\taria-label=\"Vergroten\"\n\t\t\tdata-wp-init=\"callbacks.initTriggerButton\"\n\t\t\tdata-wp-on-async--click=\"actions.showLightbox\"\n\t\t\tdata-wp-style--right=\"state.imageButtonRight\"\n\t\t\tdata-wp-style--top=\"state.imageButtonTop\"\n\t\t>\n\t\t\t<svg xmlns=\"http:\/\/www.w3.org\/2000\/svg\" width=\"12\" height=\"12\" fill=\"none\" viewBox=\"0 0 12 12\">\n\t\t\t\t<path fill=\"#fff\" d=\"M2 0a2 2 0 0 0-2 2v2h1.5V2a.5.5 0 0 1 .5-.5h2V0H2Zm2 10.5H2a.5.5 0 0 1-.5-.5V8H0v2a2 2 0 0 0 2 2h2v-1.5ZM8 12v-1.5h2a.5.5 0 0 0 .5-.5V8H12v2a2 2 0 0 1-2 2H8Zm2-12a2 2 0 0 1 2 2v2h-1.5V2a.5.5 0 0 0-.5-.5H8V0h2Z\" \/>\n\t\t\t<\/svg>\n\t\t<\/button><figcaption class=\"wp-element-caption\"><em>Giethoorn dum la vintro.<\/em><\/figcaption><\/figure>\n\n\n\n<h3 class=\"wp-block-heading\">Giethoorn<\/h3>\n\n\n\n<p>Giethoorn, anka\u016d konata kiel la &#8220;Venecio de la Nordo,&#8221; estas pitoreska vila\u011do en Nederlando, fama pro siaj kanaloj, dometoj tegmentitaj per kanoj, kaj lignaj pontetoj. En \u0109i tiu \u0109arma vila\u011do la boatoj kaj bicikloj estas la \u0109efaj transportiloj. La vila\u011do reflektas la tipan nederlandan pejza\u011don kaj la akvokulturon. La trankvila kaj idilia karaktero de Giethoorn \u0109iujare altiras multajn turistojn.<\/p>\n\n\n\n<div style=\"height:22px\" aria-hidden=\"true\" class=\"wp-block-spacer\"><\/div>\n\n\n\n<div class=\"wp-block-columns is-layout-flex wp-container-core-columns-is-layout-9d6595d7 wp-block-columns-is-layout-flex\">\n<div class=\"wp-block-column is-layout-flow wp-block-column-is-layout-flow\">\n<figure class=\"wp-block-image size-full\"><a href=\"https:\/\/esperanto-nederland.nl\/wp-content\/uploads\/2024\/12\/Muelejoj-en-Nederlando-kl.pdf\" target=\"_blank\" rel=\"noreferrer noopener\"><img loading=\"lazy\" decoding=\"async\" width=\"568\" height=\"801\" src=\"https:\/\/esperanto-nederland.nl\/wp-content\/uploads\/2024\/12\/afbeelding_2024-12-22_221418135.png\" alt=\"\" class=\"wp-image-8382\" srcset=\"https:\/\/esperanto-nederland.nl\/wp-content\/uploads\/2024\/12\/afbeelding_2024-12-22_221418135.png 568w, https:\/\/esperanto-nederland.nl\/wp-content\/uploads\/2024\/12\/afbeelding_2024-12-22_221418135-213x300.png 213w, https:\/\/esperanto-nederland.nl\/wp-content\/uploads\/2024\/12\/afbeelding_2024-12-22_221418135-269x380.png 269w\" sizes=\"auto, (max-width: 568px) 100vw, 568px\" \/><\/a><\/figure>\n<\/div>\n\n\n\n<div class=\"wp-block-column is-layout-flow wp-block-column-is-layout-flow\">\n<h3 class=\"wp-block-heading\"><a href=\"https:\/\/esperanto-nederland.nl\/wp-content\/uploads\/2024\/12\/Muelejoj-en-Nederlando-kl.pdf\" target=\"_blank\" rel=\"noreferrer noopener\">Muelejoj en nederlando<\/a><\/h3>\n\n\n\n<p>La plej malnovaj mueliloj en Nederlando originas el la Mezepoko. Ili estis uzataj por diversaj celoj, inkluzive de pumpado de akvo, muelado de greno kaj segado de ligno. <\/p>\n\n\n\n<p>Unu el la plej konataj lokoj kun historiaj mueliloj estas Kinderdijk. Tie trovi\u011das ventomueliloj, konstruitaj por dreni la polderojn kaj kontroli la akvonivelon.<\/p>\n<\/div>\n\n\n\n<div class=\"wp-block-column is-layout-flow wp-block-column-is-layout-flow\">\n<figure class=\"wp-block-image size-full\"><a href=\"https:\/\/esperanto-nederland.nl\/wp-content\/uploads\/2024\/12\/Tipe-NL.pdf\" target=\"_blank\" rel=\"noreferrer noopener\"><img loading=\"lazy\" decoding=\"async\" width=\"561\" height=\"794\" src=\"https:\/\/esperanto-nederland.nl\/wp-content\/uploads\/2024\/12\/Tipa-Nederlanda.jpg\" alt=\"\" class=\"wp-image-8875\" srcset=\"https:\/\/esperanto-nederland.nl\/wp-content\/uploads\/2024\/12\/Tipa-Nederlanda.jpg 561w, https:\/\/esperanto-nederland.nl\/wp-content\/uploads\/2024\/12\/Tipa-Nederlanda-212x300.jpg 212w, https:\/\/esperanto-nederland.nl\/wp-content\/uploads\/2024\/12\/Tipa-Nederlanda-268x380.jpg 268w\" sizes=\"auto, (max-width: 561px) 100vw, 561px\" \/><\/a><\/figure>\n<\/div>\n\n\n\n<div class=\"wp-block-column is-layout-flow wp-block-column-is-layout-flow\">\n<h3 class=\"wp-block-heading\"><a href=\"https:\/\/esperanto-nederland.nl\/wp-content\/uploads\/2024\/12\/Tipe-NL.pdf\" data-type=\"link\" data-id=\"https:\/\/esperanto-nederland.nl\/wp-content\/uploads\/2024\/12\/Tipe-NL.pdf\">\u0108u tipe Nederlanda?<\/a><\/h3>\n\n\n\n<p>Nederlando, lando de tulipoj kaj ventomueloj. La homoj iras sur lignaj \u015duoj kaj a\u016dskultas muzikon el gurdo. Ili man\u011das krokedojn, gliciriza\u0135on, terpomojn kun legemoj kaj brunan panon kun \u0109okoladeroj. <\/p>\n\n\n\n<p>\u0108iuj tiuj tipe nederlandaj a\u0135oj. A\u016d \u0109u tamen ne?<\/p>\n<\/div>\n<\/div>\n\n\n\n<p><\/p>\n\n\n\n<div class=\"wp-block-columns is-layout-flex wp-container-core-columns-is-layout-9d6595d7 wp-block-columns-is-layout-flex\">\n<div class=\"wp-block-column is-layout-flow wp-block-column-is-layout-flow\" style=\"flex-basis:25%\">\n<figure class=\"wp-block-image size-full\"><a href=\"https:\/\/esperanto-nederland.nl\/wp-content\/uploads\/2024\/12\/Anne-Frank-Domo.pdf\" target=\"_blank\" rel=\"noreferrer noopener\"><img loading=\"lazy\" decoding=\"async\" width=\"300\" height=\"290\" src=\"https:\/\/esperanto-nederland.nl\/wp-content\/uploads\/2024\/12\/Annefrank.jpg\" alt=\"\" class=\"wp-image-8384\"\/><\/a><\/figure>\n<\/div>\n\n\n\n<div class=\"wp-block-column is-layout-flow wp-block-column-is-layout-flow\" style=\"flex-basis:20%\">\n<h3 class=\"wp-block-heading\"><a href=\"https:\/\/esperanto-nederland.nl\/wp-content\/uploads\/2024\/12\/Anne-Frank-Domo.pdf\" data-type=\"link\" data-id=\"https:\/\/esperanto-nederland.nl\/wp-content\/uploads\/2024\/12\/Anne-Frank-Domo.pdf\" target=\"_blank\" rel=\"noreferrer noopener\">Anne Frank (Amsterdamo)<\/a><\/h3>\n\n\n\n<p><a href=\"https:\/\/esperanto-nederland.nl\/wp-content\/uploads\/2024\/12\/Anne-Frank-Domo.pdf\" data-type=\"link\" data-id=\"https:\/\/esperanto-nederland.nl\/wp-content\/uploads\/2024\/12\/Anne-Frank-Domo.pdf\">La gvidilo pri la muzeo.<\/a><\/p>\n\n\n\n<p><a href=\"https:\/\/esperanto-nederland.nl\/index.php\/eo\/fotoj-de-anne-frank\/\" data-type=\"link\" data-id=\"https:\/\/esperanto-nederland.nl\/index.php\/eo\/fotoj-de-anne-frank\/\">Fotoj de Anne Frank.<\/a><\/p>\n<\/div>\n\n\n\n<div class=\"wp-block-column is-layout-flow wp-block-column-is-layout-flow\" style=\"flex-basis:55%\">\n<p>Anne Frank estis juda knabino, kiu fari\u011dis mondfama pro sia taglibro <strong>La Malanta\u016da Domo<\/strong> (Het achterhuis), kiun \u015di skribis dum sia ka\u015di\u011do en Amsterdamo dum la Dua Mondmilito. <\/p>\n\n\n\n<p>Anne Frank naski\u011dis la 12-an de junio 1929 en Frankfurto \u0109e Majno, Germanio, sed \u015dia familio fu\u011dis al Nederlando en 1933 post kiam la nazioj prenis la potencon en Germanio. Anne Frank ka\u015di\u011dis kaj skribis sian taglibron dum la germana okupacio kaj \u015dia taglibro fari\u011dis grava simbolo de la Holoka\u016dsto kaj la judaj ka\u015di\u011dantoj en Nederlando.<\/p>\n\n\n\n<p>\u0108iujare multaj turistoj el la tuta mondo vizitas La Malanta\u016dan Domon, kiu fari\u011dis muzeo, en Amsterdamo.<\/p>\n<\/div>\n<\/div>\n\n\n\n<p><\/p>\n\n\n\n<h2 class=\"wp-block-heading\">Viziti urbojn<\/h2>\n\n\n\n<p>La urboj en Nederlando estas tre vizitindaj. Sube vi trovos itinerojn en la Esperanto-lingvo de kelkaj urboj.<\/p>\n\n\n\n<div class=\"wp-block-columns is-layout-flex wp-container-core-columns-is-layout-9d6595d7 wp-block-columns-is-layout-flex\">\n<div class=\"wp-block-column is-layout-flow wp-block-column-is-layout-flow\">\n<figure class=\"wp-block-image size-large\"><a href=\"https:\/\/esperanto-nederland.nl\/wp-content\/uploads\/2025\/07\/Promeno-tra-Alkmaar-2025.pdf\" target=\"_blank\" rel=\"noreferrer noopener\"><img decoding=\"async\" src=\"https:\/\/esperanto-nederland.nl\/wp-content\/uploads\/2025\/06\/20250614fkho1125030_o-rotated.jpg\" alt=\"\"\/><\/a><\/figure>\n<\/div>\n\n\n\n<div class=\"wp-block-column is-layout-flow wp-block-column-is-layout-flow\">\n<h3 class=\"wp-block-heading\"><a href=\"https:\/\/esperanto-nederland.nl\/wp-content\/uploads\/2025\/07\/Promeno-tra-Alkmaar-2025.pdf\" data-type=\"link\" data-id=\"https:\/\/esperanto-nederland.nl\/wp-content\/uploads\/2025\/07\/Promeno-tra-Alkmaar-2025.pdf\" target=\"_blank\" rel=\"noreferrer noopener\">Alkmaar<\/a><\/h3>\n\n\n\n<p>Alkmaar estas urbo situanta en la provinco Nord-Holando. \u011ci estas plej konata pro sia fama froma\u011dmerkato, kiu \u0109iujare altiras multajn turistojn. Alkmaar anka\u016d havas belan historian centron kun multaj kanaloj kaj monumentoj.<\/p>\n\n\n\n<p>Dum la kultura tago de 2025 ni sekvis \u0109i tiun itineron.<\/p>\n<\/div>\n\n\n\n<div class=\"wp-block-column is-layout-flow wp-block-column-is-layout-flow\"><\/div>\n\n\n\n<div class=\"wp-block-column is-layout-flow wp-block-column-is-layout-flow\">\n<p><\/p>\n<\/div>\n<\/div>\n\n\n\n<div class=\"wp-block-columns is-layout-flex wp-container-core-columns-is-layout-9d6595d7 wp-block-columns-is-layout-flex\">\n<div class=\"wp-block-column is-layout-flow wp-block-column-is-layout-flow\">\n<figure class=\"wp-block-image size-full\"><a href=\"https:\/\/esperanto-nederland.nl\/wp-content\/uploads\/2024\/12\/Amsterdamo-tra-la-jarcentoj.pdf\" target=\"_blank\" rel=\"noreferrer noopener\"><img loading=\"lazy\" decoding=\"async\" width=\"602\" height=\"767\" src=\"https:\/\/esperanto-nederland.nl\/wp-content\/uploads\/2024\/12\/afbeelding_2024-12-29_233411728.png\" alt=\"\" class=\"wp-image-8889\" srcset=\"https:\/\/esperanto-nederland.nl\/wp-content\/uploads\/2024\/12\/afbeelding_2024-12-29_233411728.png 602w, https:\/\/esperanto-nederland.nl\/wp-content\/uploads\/2024\/12\/afbeelding_2024-12-29_233411728-235x300.png 235w, https:\/\/esperanto-nederland.nl\/wp-content\/uploads\/2024\/12\/afbeelding_2024-12-29_233411728-298x380.png 298w\" sizes=\"auto, (max-width: 602px) 100vw, 602px\" \/><\/a><\/figure>\n<\/div>\n\n\n\n<div class=\"wp-block-column is-layout-flow wp-block-column-is-layout-flow\">\n<h3 class=\"wp-block-heading\"><a href=\"https:\/\/esperanto-nederland.nl\/wp-content\/uploads\/2024\/12\/Amsterdamo-tra-la-jarcentoj.pdf\" target=\"_blank\" rel=\"noreferrer noopener\">Amsterdamo tra la jarcento<\/a><\/h3>\n\n\n\n<p>Amsterdamo estas la \u0109efurbo de Nederlando kaj situas en la provinco Nord-Holandio. \u011ci estas fama pro siaj kanaloj, artmuzeoj, kaj vigla nokta vivo. Amsterdam estas internacie konata kiel kultura kaj komerca centro.<\/p>\n<\/div>\n\n\n\n<div class=\"wp-block-column is-layout-flow wp-block-column-is-layout-flow\">\n<figure class=\"wp-block-image size-full\"><a href=\"https:\/\/esperanto-nederland.nl\/wp-content\/uploads\/2025\/07\/AMSTERDAMO-750-JARA.pdf\" target=\"_blank\" rel=\" noreferrer noopener\"><img loading=\"lazy\" decoding=\"async\" width=\"821\" height=\"721\" src=\"https:\/\/esperanto-nederland.nl\/wp-content\/uploads\/2025\/07\/Kvizo-pri-Amsterdamo.jpg\" alt=\"\" class=\"wp-image-10847\" srcset=\"https:\/\/esperanto-nederland.nl\/wp-content\/uploads\/2025\/07\/Kvizo-pri-Amsterdamo.jpg 821w, https:\/\/esperanto-nederland.nl\/wp-content\/uploads\/2025\/07\/Kvizo-pri-Amsterdamo-300x263.jpg 300w, https:\/\/esperanto-nederland.nl\/wp-content\/uploads\/2025\/07\/Kvizo-pri-Amsterdamo-768x674.jpg 768w, https:\/\/esperanto-nederland.nl\/wp-content\/uploads\/2025\/07\/Kvizo-pri-Amsterdamo-433x380.jpg 433w\" sizes=\"auto, (max-width: 821px) 100vw, 821px\" \/><\/a><\/figure>\n<\/div>\n\n\n\n<div class=\"wp-block-column is-layout-flow wp-block-column-is-layout-flow\">\n<h3 class=\"wp-block-heading\"><a href=\"https:\/\/esperanto-nederland.nl\/wp-content\/uploads\/2025\/07\/AMSTERDAMO-750-JARA.pdf\" data-type=\"link\" data-id=\"https:\/\/esperanto-nederland.nl\/wp-content\/uploads\/2025\/07\/AMSTERDAMO-750-JARA.pdf\" target=\"_blank\" rel=\"noreferrer noopener\">Kvizo pri Amsterdamo<\/a><\/h3>\n\n\n\n<p>EEn 2025 Amsterdamo festos sian 750-an datrevenon. Pro tio Bert de Wit kreis kvizon. Bert: &#8220;Mi povus doni la respondojn kompreneble, sed mi pensas ke unue la homoj ekpensu kaj ludu la kvizon en grupo.&#8221;<\/p>\n<\/div>\n<\/div>\n\n\n\n<div class=\"wp-block-columns is-layout-flex wp-container-core-columns-is-layout-9d6595d7 wp-block-columns-is-layout-flex\">\n<div class=\"wp-block-column is-layout-flow wp-block-column-is-layout-flow\">\n<figure class=\"wp-block-image size-full\"><a href=\"https:\/\/esperanto-nederland.nl\/wp-content\/uploads\/2024\/12\/Urbopromenado-tra-Groningen.pdf\" target=\"_blank\" rel=\"noreferrer noopener\"><img loading=\"lazy\" decoding=\"async\" width=\"621\" height=\"879\" src=\"https:\/\/esperanto-nederland.nl\/wp-content\/uploads\/2024\/12\/Groningen.jpg\" alt=\"\" class=\"wp-image-8885\" srcset=\"https:\/\/esperanto-nederland.nl\/wp-content\/uploads\/2024\/12\/Groningen.jpg 621w, https:\/\/esperanto-nederland.nl\/wp-content\/uploads\/2024\/12\/Groningen-212x300.jpg 212w, https:\/\/esperanto-nederland.nl\/wp-content\/uploads\/2024\/12\/Groningen-268x380.jpg 268w\" sizes=\"auto, (max-width: 621px) 100vw, 621px\" \/><\/a><\/figure>\n<\/div>\n\n\n\n<div class=\"wp-block-column is-layout-flow wp-block-column-is-layout-flow\">\n<h3 class=\"wp-block-heading\"><a href=\"https:\/\/esperanto-nederland.nl\/wp-content\/uploads\/2024\/12\/Urbopromenado-tra-Groningen.pdf\" data-type=\"link\" data-id=\"https:\/\/esperanto-nederland.nl\/wp-content\/uploads\/2024\/12\/Urbopromenado-tra-Groningen.pdf\" target=\"_blank\" rel=\"noreferrer noopener\">Groningen<\/a><\/h3>\n\n\n\n<p>Groningen estas grava universitata urbo en la norda parto de Nederlando, situanta en la provinco Groningen. La urbo estas konata pro sia historia centro kaj junulara kulturo.<\/p>\n<\/div>\n\n\n\n<div class=\"wp-block-column is-layout-flow wp-block-column-is-layout-flow\">\n<figure class=\"wp-block-image size-full\"><a href=\"https:\/\/esperanto-nederland.nl\/wp-content\/uploads\/2024\/12\/Harlemo-tra-la-jarcentoj.pdf\" target=\"_blank\" rel=\"noreferrer noopener\"><img loading=\"lazy\" decoding=\"async\" width=\"606\" height=\"807\" src=\"https:\/\/esperanto-nederland.nl\/wp-content\/uploads\/2024\/12\/Harlemo-tra-la-jarcentoj-1.jpg\" alt=\"\" class=\"wp-image-8870\" srcset=\"https:\/\/esperanto-nederland.nl\/wp-content\/uploads\/2024\/12\/Harlemo-tra-la-jarcentoj-1.jpg 606w, https:\/\/esperanto-nederland.nl\/wp-content\/uploads\/2024\/12\/Harlemo-tra-la-jarcentoj-1-225x300.jpg 225w, https:\/\/esperanto-nederland.nl\/wp-content\/uploads\/2024\/12\/Harlemo-tra-la-jarcentoj-1-285x380.jpg 285w\" sizes=\"auto, (max-width: 606px) 100vw, 606px\" \/><\/a><\/figure>\n<\/div>\n\n\n\n<div class=\"wp-block-column is-layout-flow wp-block-column-is-layout-flow\">\n<h3 class=\"wp-block-heading\"><a href=\"https:\/\/esperanto-nederland.nl\/wp-content\/uploads\/2024\/12\/Harlemo-tra-la-jarcentoj.pdf\" target=\"_blank\" rel=\"noreferrer noopener\">Harlemo (Haarlem)<\/a><\/h3>\n\n\n\n<p>Harlemo estas malnova urbo en la provinco Nord-Holandio, proksime de Amsterdam. \u011ci estas konata pro sia historia arkitekturo, muzeoj kaj la belaj Tulipo-Kampoj \u0109irka\u016d la urbo. Harlemo havas ri\u0109an historion.<\/p>\n<\/div>\n<\/div>\n\n\n\n<div class=\"wp-block-columns is-layout-flex wp-container-core-columns-is-layout-9d6595d7 wp-block-columns-is-layout-flex\">\n<div class=\"wp-block-column is-layout-flow wp-block-column-is-layout-flow\">\n<figure class=\"wp-block-image size-full\"><a href=\"https:\/\/esperanto-nederland.nl\/wp-content\/uploads\/2024\/12\/Wandeling-Culturele-Dag-2023-Maastricht.pdf\" target=\"_blank\" rel=\"noreferrer noopener\"><img loading=\"lazy\" decoding=\"async\" width=\"606\" height=\"854\" src=\"https:\/\/esperanto-nederland.nl\/wp-content\/uploads\/2024\/12\/Mastrihto.jpg\" alt=\"\" class=\"wp-image-8893\" srcset=\"https:\/\/esperanto-nederland.nl\/wp-content\/uploads\/2024\/12\/Mastrihto.jpg 606w, https:\/\/esperanto-nederland.nl\/wp-content\/uploads\/2024\/12\/Mastrihto-213x300.jpg 213w, https:\/\/esperanto-nederland.nl\/wp-content\/uploads\/2024\/12\/Mastrihto-270x380.jpg 270w\" sizes=\"auto, (max-width: 606px) 100vw, 606px\" \/><\/a><\/figure>\n<\/div>\n\n\n\n<div class=\"wp-block-column is-layout-flow wp-block-column-is-layout-flow\">\n<h3 class=\"wp-block-heading\"><a href=\"https:\/\/esperanto-nederland.nl\/wp-content\/uploads\/2024\/12\/Wandeling-Culturele-Dag-2023-Maastricht.pdf\" target=\"_blank\" rel=\"noreferrer noopener\">Mastri\u0125to (Maastricht)<\/a><\/h3>\n\n\n\n<p>Maastricht estas unu el la plej malnovaj urboj en Nederlando kaj trovi\u011das en la provinco Limburgo. \u011ci situas \u0109e la rivero Maas kaj estas fama pro sia kultura hereda\u0135o, inkluzive de historiaj pre\u011dejoj kaj la unika internacia karaktero de la urbo.<\/p>\n\n\n\n<p>En 2023 Esperantistoj vizitis la urbon Mastri\u0125to dum la Kultura Tago.<\/p>\n<\/div>\n\n\n\n<div class=\"wp-block-column is-layout-flow wp-block-column-is-layout-flow\">\n<figure class=\"wp-block-image size-full\"><a href=\"https:\/\/esperanto-nederland.nl\/wp-content\/uploads\/2024\/12\/Limburgo-kl.pdf\" target=\"_blank\" rel=\"noreferrer noopener\"><img loading=\"lazy\" decoding=\"async\" width=\"576\" height=\"815\" src=\"https:\/\/esperanto-nederland.nl\/wp-content\/uploads\/2024\/12\/Faldfolio-Suda-Limburgo-.jpg\" alt=\"\" class=\"wp-image-8881\" srcset=\"https:\/\/esperanto-nederland.nl\/wp-content\/uploads\/2024\/12\/Faldfolio-Suda-Limburgo-.jpg 576w, https:\/\/esperanto-nederland.nl\/wp-content\/uploads\/2024\/12\/Faldfolio-Suda-Limburgo--212x300.jpg 212w, https:\/\/esperanto-nederland.nl\/wp-content\/uploads\/2024\/12\/Faldfolio-Suda-Limburgo--269x380.jpg 269w\" sizes=\"auto, (max-width: 576px) 100vw, 576px\" \/><\/a><\/figure>\n<\/div>\n\n\n\n<div class=\"wp-block-column is-layout-flow wp-block-column-is-layout-flow\">\n<h3 class=\"wp-block-heading\"><a href=\"https:\/\/esperanto-nederland.nl\/wp-content\/uploads\/2024\/12\/Limburgo-kl.pdf\" target=\"_blank\" rel=\"noreferrer noopener\">Sud-Limburgo<\/a><\/h3>\n\n\n\n<p>Sep vila\u011do unu \u0109armejo sine de la limburga montetaro. <\/p>\n\n\n\n<p>Nederlando ne estas nur plata, sed anka\u016d havas kelkajn montetajn areojn, kiel en la sudo de Nederlando. \u0108i tiu bro\u015duro pri sep vila\u011doj en Sud-Limburgo donas per fotoj impreson de tiu \u0109i bela regiono.<\/p>\n<\/div>\n<\/div>\n\n\n\n<div class=\"wp-block-columns is-layout-flex wp-container-core-columns-is-layout-9d6595d7 wp-block-columns-is-layout-flex\">\n<div class=\"wp-block-column is-layout-flow wp-block-column-is-layout-flow\">\n<figure class=\"wp-block-image size-full\"><a href=\"https:\/\/esperanto-nederland.nl\/wp-content\/uploads\/2024\/12\/2022-wandeling-promeno-Woudrichem-25jun22.pdf\" target=\"_blank\" rel=\"noreferrer noopener\"><img loading=\"lazy\" decoding=\"async\" width=\"550\" height=\"721\" src=\"https:\/\/esperanto-nederland.nl\/wp-content\/uploads\/2024\/12\/Woudrichem.jpg\" alt=\"\" class=\"wp-image-8902\" srcset=\"https:\/\/esperanto-nederland.nl\/wp-content\/uploads\/2024\/12\/Woudrichem.jpg 550w, https:\/\/esperanto-nederland.nl\/wp-content\/uploads\/2024\/12\/Woudrichem-229x300.jpg 229w, https:\/\/esperanto-nederland.nl\/wp-content\/uploads\/2024\/12\/Woudrichem-290x380.jpg 290w\" sizes=\"auto, (max-width: 550px) 100vw, 550px\" \/><\/a><\/figure>\n<\/div>\n\n\n\n<div class=\"wp-block-column is-layout-flow wp-block-column-is-layout-flow\">\n<h3 class=\"wp-block-heading\"><a href=\"https:\/\/esperanto-nederland.nl\/wp-content\/uploads\/2024\/12\/2022-wandeling-promeno-Woudrichem-25jun22.pdf\" target=\"_blank\" rel=\"noreferrer noopener\">Woudrichem [Wa\u016ddri\u0125em]<\/a><\/h3>\n\n\n\n<p>Woudrichem situas \u0109e la kunfluejo de la riveroj Waal kaj Merwede kaj estas konata pro siaj historiaj konstrua\u0135oj kaj bela haveno.<\/p>\n\n\n\n<p>En 2022 Esperantistoj vizitis la urbon Woudrichem dum la Kultura Tago.<\/p>\n<\/div>\n\n\n\n<div class=\"wp-block-column is-layout-flow wp-block-column-is-layout-flow\">\n<figure class=\"wp-block-image size-full\"><a href=\"https:\/\/esperanto-nederland.nl\/wp-content\/uploads\/2024\/08\/Kultura-rondiro-tra-Zuteno-v.1-A4v2.docx.pdf\" target=\"_blank\" rel=\"noreferrer noopener\"><img loading=\"lazy\" decoding=\"async\" width=\"602\" height=\"849\" src=\"https:\/\/esperanto-nederland.nl\/wp-content\/uploads\/2025\/01\/Zutfeno-Kultura-rondiro.jpg\" alt=\"\" class=\"wp-image-8941\" srcset=\"https:\/\/esperanto-nederland.nl\/wp-content\/uploads\/2025\/01\/Zutfeno-Kultura-rondiro.jpg 602w, https:\/\/esperanto-nederland.nl\/wp-content\/uploads\/2025\/01\/Zutfeno-Kultura-rondiro-213x300.jpg 213w, https:\/\/esperanto-nederland.nl\/wp-content\/uploads\/2025\/01\/Zutfeno-Kultura-rondiro-269x380.jpg 269w\" sizes=\"auto, (max-width: 602px) 100vw, 602px\" \/><\/a><\/figure>\n<\/div>\n\n\n\n<div class=\"wp-block-column is-layout-flow wp-block-column-is-layout-flow\">\n<h3 class=\"wp-block-heading\"><a href=\"https:\/\/esperanto-nederland.nl\/wp-content\/uploads\/2024\/08\/Kultura-rondiro-tra-Zuteno-v.1-A4v2.docx.pdf\" data-type=\"link\" data-id=\"https:\/\/esperanto-nederland.nl\/wp-content\/uploads\/2024\/08\/Kultura-rondiro-tra-Zuteno-v.1-A4v2.docx.pdf\" target=\"_blank\" rel=\"noreferrer noopener\">Zutfeno (Zutphen)<\/a><\/h3>\n\n\n\n<p>Zutfeno estas historia urbo en la provinco Gelderlando. \u011ci situas \u0109e la rivero IJssel kaj estas konata pro siaj mezepokaj konstrua\u0135oj, bela malnova urbocentro, kaj bonveniga etoso.<\/p>\n\n\n\n<p>En 2024 Esperantistoj vizitis la urbon Zutfeno dum la Kultura Tago.<\/p>\n<\/div>\n<\/div>\n\n\n\n<p><\/p>\n","protected":false},"excerpt":{"rendered":"<p>Giethoorn Giethoorn, anka\u016d konata kiel la &#8220;Venecio de la Nordo,&#8221; estas pitoreska vila\u011do en Nederlando, fama pro siaj kanaloj, dometoj tegmentitaj per kanoj, kaj lignaj pontetoj. En \u0109i tiu \u0109arma vila\u011do la boatoj kaj bicikloj estas la \u0109efaj transportiloj. La vila\u011do reflektas la tipan nederlandan pejza\u011don kaj la akvokulturon. La trankvila kaj idilia karaktero de &hellip; <a href=\"https:\/\/esperanto-nederland.nl\/index.php\/eo\/turistaj-informoj\/\" class=\"more-link\">Verder lezen <span class=\"screen-reader-text\">Turistaj informoj<\/span><\/a><\/p>\n","protected":false},"author":3,"featured_media":0,"parent":0,"menu_order":0,"comment_status":"closed","ping_status":"closed","template":"","meta":{"footnotes":""},"class_list":["post-197","page","type-page","status-publish","hentry","without-featured-image"],"_links":{"self":[{"href":"https:\/\/esperanto-nederland.nl\/index.php\/wp-json\/wp\/v2\/pages\/197","targetHints":{"allow":["GET"]}}],"collection":[{"href":"https:\/\/esperanto-nederland.nl\/index.php\/wp-json\/wp\/v2\/pages"}],"about":[{"href":"https:\/\/esperanto-nederland.nl\/index.php\/wp-json\/wp\/v2\/types\/page"}],"author":[{"embeddable":true,"href":"https:\/\/esperanto-nederland.nl\/index.php\/wp-json\/wp\/v2\/users\/3"}],"replies":[{"embeddable":true,"href":"https:\/\/esperanto-nederland.nl\/index.php\/wp-json\/wp\/v2\/comments?post=197"}],"version-history":[{"count":58,"href":"https:\/\/esperanto-nederland.nl\/index.php\/wp-json\/wp\/v2\/pages\/197\/revisions"}],"predecessor-version":[{"id":10855,"href":"https:\/\/esperanto-nederland.nl\/index.php\/wp-json\/wp\/v2\/pages\/197\/revisions\/10855"}],"wp:attachment":[{"href":"https:\/\/esperanto-nederland.nl\/index.php\/wp-json\/wp\/v2\/media?parent=197"}],"curies":[{"name":"wp","href":"https:\/\/api.w.org\/{rel}","templated":true}]}}