{"id":5176,"date":"2024-08-03T23:01:07","date_gmt":"2024-08-03T21:01:07","guid":{"rendered":"https:\/\/esperanto-nederland.nl\/?page_id=5176"},"modified":"2024-12-12T22:32:29","modified_gmt":"2024-12-12T21:32:29","slug":"kultura-tago-en-woudrichem","status":"publish","type":"page","link":"https:\/\/esperanto-nederland.nl\/index.php\/eo\/kultura-tago-en-woudrichem\/","title":{"rendered":"Kultura Tago en Woudrichem"},"content":{"rendered":"\n<p>Sabaton, la 25-an de junio 2022 okazis la Kultura Tago en Woudrichem. Woudrichem estas<br>malgranda fortika\u0135a urbo en Nordbrabanto \u0109e la rivero Merwede.<\/p>\n\n\n\n<h3 class=\"wp-block-heading\">Anta\u016dkongreso<\/h3>\n\n\n\n<p>Vendredon vespere la 24an de junio 2022 &#8211; &#8220;Anta\u016dkongreso&#8221; hejme \u0109e Jorine Captein en Woudrichem.<\/p>\n\n\n\n<figure class=\"wp-block-gallery has-nested-images columns-default is-cropped wp-block-gallery-2 is-layout-flex wp-block-gallery-is-layout-flex\">\n<figure class=\"wp-block-image size-large\"><a href=\"https:\/\/esperanto-nederland.nl\/wp-content\/uploads\/2024\/08\/Kultura-Tago-Woudrichem-2022-06-25-01.png\"><img loading=\"lazy\" decoding=\"async\" width=\"621\" height=\"626\" data-id=\"5143\" src=\"https:\/\/esperanto-nederland.nl\/wp-content\/uploads\/2024\/08\/Kultura-Tago-Woudrichem-2022-06-25-01.png\" alt=\"\" class=\"wp-image-5143\" srcset=\"https:\/\/esperanto-nederland.nl\/wp-content\/uploads\/2024\/08\/Kultura-Tago-Woudrichem-2022-06-25-01.png 621w, https:\/\/esperanto-nederland.nl\/wp-content\/uploads\/2024\/08\/Kultura-Tago-Woudrichem-2022-06-25-01-298x300.png 298w, https:\/\/esperanto-nederland.nl\/wp-content\/uploads\/2024\/08\/Kultura-Tago-Woudrichem-2022-06-25-01-150x150.png 150w, https:\/\/esperanto-nederland.nl\/wp-content\/uploads\/2024\/08\/Kultura-Tago-Woudrichem-2022-06-25-01-90x90.png 90w, https:\/\/esperanto-nederland.nl\/wp-content\/uploads\/2024\/08\/Kultura-Tago-Woudrichem-2022-06-25-01-377x380.png 377w\" sizes=\"auto, (max-width: 621px) 100vw, 621px\" \/><\/a><\/figure>\n\n\n\n<figure class=\"wp-block-image size-large\"><a href=\"https:\/\/esperanto-nederland.nl\/wp-content\/uploads\/2024\/08\/Kultura-Tago-Woudrichem-2022-06-25-02.png\"><img loading=\"lazy\" decoding=\"async\" width=\"623\" height=\"420\" data-id=\"5144\" src=\"https:\/\/esperanto-nederland.nl\/wp-content\/uploads\/2024\/08\/Kultura-Tago-Woudrichem-2022-06-25-02.png\" alt=\"\" class=\"wp-image-5144\" srcset=\"https:\/\/esperanto-nederland.nl\/wp-content\/uploads\/2024\/08\/Kultura-Tago-Woudrichem-2022-06-25-02.png 623w, https:\/\/esperanto-nederland.nl\/wp-content\/uploads\/2024\/08\/Kultura-Tago-Woudrichem-2022-06-25-02-300x202.png 300w, https:\/\/esperanto-nederland.nl\/wp-content\/uploads\/2024\/08\/Kultura-Tago-Woudrichem-2022-06-25-02-360x242.png 360w, https:\/\/esperanto-nederland.nl\/wp-content\/uploads\/2024\/08\/Kultura-Tago-Woudrichem-2022-06-25-02-564x380.png 564w\" sizes=\"auto, (max-width: 623px) 100vw, 623px\" \/><\/a><\/figure>\n\n\n\n<figure class=\"wp-block-image size-large\"><a href=\"https:\/\/esperanto-nederland.nl\/wp-content\/uploads\/2024\/08\/Kultura-Tago-Woudrichem-2022-06-25-06.png\"><img loading=\"lazy\" decoding=\"async\" width=\"713\" height=\"534\" data-id=\"5148\" src=\"https:\/\/esperanto-nederland.nl\/wp-content\/uploads\/2024\/08\/Kultura-Tago-Woudrichem-2022-06-25-06.png\" alt=\"\" class=\"wp-image-5148\" srcset=\"https:\/\/esperanto-nederland.nl\/wp-content\/uploads\/2024\/08\/Kultura-Tago-Woudrichem-2022-06-25-06.png 713w, https:\/\/esperanto-nederland.nl\/wp-content\/uploads\/2024\/08\/Kultura-Tago-Woudrichem-2022-06-25-06-300x225.png 300w, https:\/\/esperanto-nederland.nl\/wp-content\/uploads\/2024\/08\/Kultura-Tago-Woudrichem-2022-06-25-06-507x380.png 507w\" sizes=\"auto, (max-width: 713px) 100vw, 713px\" \/><\/a><\/figure>\n\n\n\n<figure class=\"wp-block-image size-large\"><a href=\"https:\/\/esperanto-nederland.nl\/wp-content\/uploads\/2024\/08\/Kultura-Tago-Woudrichem-2022-06-25-05.png\"><img loading=\"lazy\" decoding=\"async\" width=\"671\" height=\"503\" data-id=\"5147\" src=\"https:\/\/esperanto-nederland.nl\/wp-content\/uploads\/2024\/08\/Kultura-Tago-Woudrichem-2022-06-25-05.png\" alt=\"\" class=\"wp-image-5147\" srcset=\"https:\/\/esperanto-nederland.nl\/wp-content\/uploads\/2024\/08\/Kultura-Tago-Woudrichem-2022-06-25-05.png 671w, https:\/\/esperanto-nederland.nl\/wp-content\/uploads\/2024\/08\/Kultura-Tago-Woudrichem-2022-06-25-05-300x225.png 300w, https:\/\/esperanto-nederland.nl\/wp-content\/uploads\/2024\/08\/Kultura-Tago-Woudrichem-2022-06-25-05-507x380.png 507w\" sizes=\"auto, (max-width: 671px) 100vw, 671px\" \/><\/a><\/figure>\n\n\n\n<figure class=\"wp-block-image size-large\"><a href=\"https:\/\/esperanto-nederland.nl\/wp-content\/uploads\/2024\/08\/Kultura-Tago-Woudrichem-2022-06-25-04.png\"><img loading=\"lazy\" decoding=\"async\" width=\"685\" height=\"514\" data-id=\"5146\" src=\"https:\/\/esperanto-nederland.nl\/wp-content\/uploads\/2024\/08\/Kultura-Tago-Woudrichem-2022-06-25-04.png\" alt=\"\" class=\"wp-image-5146\" srcset=\"https:\/\/esperanto-nederland.nl\/wp-content\/uploads\/2024\/08\/Kultura-Tago-Woudrichem-2022-06-25-04.png 685w, https:\/\/esperanto-nederland.nl\/wp-content\/uploads\/2024\/08\/Kultura-Tago-Woudrichem-2022-06-25-04-300x225.png 300w, https:\/\/esperanto-nederland.nl\/wp-content\/uploads\/2024\/08\/Kultura-Tago-Woudrichem-2022-06-25-04-506x380.png 506w\" sizes=\"auto, (max-width: 685px) 100vw, 685px\" \/><\/a><\/figure>\n\n\n\n<figure class=\"wp-block-image size-large\"><a href=\"https:\/\/esperanto-nederland.nl\/wp-content\/uploads\/2024\/08\/Kultura-Tago-Woudrichem-2022-06-25-03.png\"><img loading=\"lazy\" decoding=\"async\" width=\"663\" height=\"494\" data-id=\"5145\" src=\"https:\/\/esperanto-nederland.nl\/wp-content\/uploads\/2024\/08\/Kultura-Tago-Woudrichem-2022-06-25-03.png\" alt=\"\" class=\"wp-image-5145\" srcset=\"https:\/\/esperanto-nederland.nl\/wp-content\/uploads\/2024\/08\/Kultura-Tago-Woudrichem-2022-06-25-03.png 663w, https:\/\/esperanto-nederland.nl\/wp-content\/uploads\/2024\/08\/Kultura-Tago-Woudrichem-2022-06-25-03-300x224.png 300w, https:\/\/esperanto-nederland.nl\/wp-content\/uploads\/2024\/08\/Kultura-Tago-Woudrichem-2022-06-25-03-510x380.png 510w\" sizes=\"auto, (max-width: 663px) 100vw, 663px\" \/><\/a><\/figure>\n<\/figure>\n\n\n\n<h3 class=\"wp-block-heading\">Alveno<\/h3>\n\n\n\n<p>Alveno de la partoprenantoj kaj bonvenigaj vortoj de nia nova prezidanto Marc van Oostendorp.<\/p>\n\n\n\n<figure class=\"wp-block-gallery has-nested-images columns-default is-cropped wp-block-gallery-3 is-layout-flex wp-block-gallery-is-layout-flex\">\n<figure class=\"wp-block-image size-large\"><a href=\"https:\/\/esperanto-nederland.nl\/wp-content\/uploads\/2024\/08\/Kultura-Tago-Woudrichem-2022-06-25-07.png\"><img loading=\"lazy\" decoding=\"async\" width=\"682\" height=\"455\" data-id=\"5149\" src=\"https:\/\/esperanto-nederland.nl\/wp-content\/uploads\/2024\/08\/Kultura-Tago-Woudrichem-2022-06-25-07.png\" alt=\"\" class=\"wp-image-5149\" srcset=\"https:\/\/esperanto-nederland.nl\/wp-content\/uploads\/2024\/08\/Kultura-Tago-Woudrichem-2022-06-25-07.png 682w, https:\/\/esperanto-nederland.nl\/wp-content\/uploads\/2024\/08\/Kultura-Tago-Woudrichem-2022-06-25-07-300x200.png 300w, https:\/\/esperanto-nederland.nl\/wp-content\/uploads\/2024\/08\/Kultura-Tago-Woudrichem-2022-06-25-07-570x380.png 570w\" sizes=\"auto, (max-width: 682px) 100vw, 682px\" \/><\/a><\/figure>\n\n\n\n<figure class=\"wp-block-image size-large\"><a href=\"https:\/\/esperanto-nederland.nl\/wp-content\/uploads\/2024\/08\/Kultura-Tago-Woudrichem-2022-06-25-08.png\"><img loading=\"lazy\" decoding=\"async\" width=\"656\" height=\"491\" data-id=\"5150\" src=\"https:\/\/esperanto-nederland.nl\/wp-content\/uploads\/2024\/08\/Kultura-Tago-Woudrichem-2022-06-25-08.png\" alt=\"\" class=\"wp-image-5150\" srcset=\"https:\/\/esperanto-nederland.nl\/wp-content\/uploads\/2024\/08\/Kultura-Tago-Woudrichem-2022-06-25-08.png 656w, https:\/\/esperanto-nederland.nl\/wp-content\/uploads\/2024\/08\/Kultura-Tago-Woudrichem-2022-06-25-08-300x225.png 300w, https:\/\/esperanto-nederland.nl\/wp-content\/uploads\/2024\/08\/Kultura-Tago-Woudrichem-2022-06-25-08-508x380.png 508w\" sizes=\"auto, (max-width: 656px) 100vw, 656px\" \/><\/a><\/figure>\n\n\n\n<figure class=\"wp-block-image size-large\"><a href=\"https:\/\/esperanto-nederland.nl\/wp-content\/uploads\/2024\/08\/Kultura-Tago-Woudrichem-2022-06-25-09.png\"><img loading=\"lazy\" decoding=\"async\" width=\"711\" height=\"532\" data-id=\"5104\" src=\"https:\/\/esperanto-nederland.nl\/wp-content\/uploads\/2024\/08\/Kultura-Tago-Woudrichem-2022-06-25-09.png\" alt=\"\" class=\"wp-image-5104\" srcset=\"https:\/\/esperanto-nederland.nl\/wp-content\/uploads\/2024\/08\/Kultura-Tago-Woudrichem-2022-06-25-09.png 711w, https:\/\/esperanto-nederland.nl\/wp-content\/uploads\/2024\/08\/Kultura-Tago-Woudrichem-2022-06-25-09-300x224.png 300w, https:\/\/esperanto-nederland.nl\/wp-content\/uploads\/2024\/08\/Kultura-Tago-Woudrichem-2022-06-25-09-508x380.png 508w\" sizes=\"auto, (max-width: 711px) 100vw, 711px\" \/><\/a><\/figure>\n\n\n\n<figure class=\"wp-block-image size-large\"><a href=\"https:\/\/esperanto-nederland.nl\/wp-content\/uploads\/2024\/08\/Kultura-Tago-Woudrichem-2022-06-25-14.png\"><img loading=\"lazy\" decoding=\"async\" width=\"682\" height=\"909\" data-id=\"5109\" src=\"https:\/\/esperanto-nederland.nl\/wp-content\/uploads\/2024\/08\/Kultura-Tago-Woudrichem-2022-06-25-14.png\" alt=\"\" class=\"wp-image-5109\" srcset=\"https:\/\/esperanto-nederland.nl\/wp-content\/uploads\/2024\/08\/Kultura-Tago-Woudrichem-2022-06-25-14.png 682w, https:\/\/esperanto-nederland.nl\/wp-content\/uploads\/2024\/08\/Kultura-Tago-Woudrichem-2022-06-25-14-225x300.png 225w, https:\/\/esperanto-nederland.nl\/wp-content\/uploads\/2024\/08\/Kultura-Tago-Woudrichem-2022-06-25-14-285x380.png 285w\" sizes=\"auto, (max-width: 682px) 100vw, 682px\" \/><\/a><\/figure>\n\n\n\n<figure class=\"wp-block-image size-large\"><a href=\"https:\/\/esperanto-nederland.nl\/wp-content\/uploads\/2024\/08\/Kultura-Tago-Woudrichem-2022-06-25-13.png\"><img loading=\"lazy\" decoding=\"async\" width=\"682\" height=\"510\" data-id=\"5108\" src=\"https:\/\/esperanto-nederland.nl\/wp-content\/uploads\/2024\/08\/Kultura-Tago-Woudrichem-2022-06-25-13.png\" alt=\"\" class=\"wp-image-5108\" srcset=\"https:\/\/esperanto-nederland.nl\/wp-content\/uploads\/2024\/08\/Kultura-Tago-Woudrichem-2022-06-25-13.png 682w, https:\/\/esperanto-nederland.nl\/wp-content\/uploads\/2024\/08\/Kultura-Tago-Woudrichem-2022-06-25-13-300x224.png 300w, https:\/\/esperanto-nederland.nl\/wp-content\/uploads\/2024\/08\/Kultura-Tago-Woudrichem-2022-06-25-13-508x380.png 508w\" sizes=\"auto, (max-width: 682px) 100vw, 682px\" \/><\/a><\/figure>\n\n\n\n<figure class=\"wp-block-image size-large\"><a href=\"https:\/\/esperanto-nederland.nl\/wp-content\/uploads\/2024\/08\/Kultura-Tago-Woudrichem-2022-06-25-12.png\"><img loading=\"lazy\" decoding=\"async\" width=\"664\" height=\"447\" data-id=\"5107\" src=\"https:\/\/esperanto-nederland.nl\/wp-content\/uploads\/2024\/08\/Kultura-Tago-Woudrichem-2022-06-25-12.png\" alt=\"\" class=\"wp-image-5107\" srcset=\"https:\/\/esperanto-nederland.nl\/wp-content\/uploads\/2024\/08\/Kultura-Tago-Woudrichem-2022-06-25-12.png 664w, https:\/\/esperanto-nederland.nl\/wp-content\/uploads\/2024\/08\/Kultura-Tago-Woudrichem-2022-06-25-12-300x202.png 300w, https:\/\/esperanto-nederland.nl\/wp-content\/uploads\/2024\/08\/Kultura-Tago-Woudrichem-2022-06-25-12-360x242.png 360w, https:\/\/esperanto-nederland.nl\/wp-content\/uploads\/2024\/08\/Kultura-Tago-Woudrichem-2022-06-25-12-564x380.png 564w\" sizes=\"auto, (max-width: 664px) 100vw, 664px\" \/><\/a><\/figure>\n\n\n\n<figure class=\"wp-block-image size-large\"><a href=\"https:\/\/esperanto-nederland.nl\/wp-content\/uploads\/2024\/08\/Kultura-Tago-Woudrichem-2022-06-25-11.png\"><img loading=\"lazy\" decoding=\"async\" width=\"706\" height=\"527\" data-id=\"5106\" src=\"https:\/\/esperanto-nederland.nl\/wp-content\/uploads\/2024\/08\/Kultura-Tago-Woudrichem-2022-06-25-11.png\" alt=\"\" class=\"wp-image-5106\" srcset=\"https:\/\/esperanto-nederland.nl\/wp-content\/uploads\/2024\/08\/Kultura-Tago-Woudrichem-2022-06-25-11.png 706w, https:\/\/esperanto-nederland.nl\/wp-content\/uploads\/2024\/08\/Kultura-Tago-Woudrichem-2022-06-25-11-300x224.png 300w, https:\/\/esperanto-nederland.nl\/wp-content\/uploads\/2024\/08\/Kultura-Tago-Woudrichem-2022-06-25-11-509x380.png 509w\" sizes=\"auto, (max-width: 706px) 100vw, 706px\" \/><\/a><\/figure>\n\n\n\n<figure class=\"wp-block-image size-large\"><a href=\"https:\/\/esperanto-nederland.nl\/wp-content\/uploads\/2024\/08\/Kultura-Tago-Woudrichem-2022-06-25-10.png\"><img loading=\"lazy\" decoding=\"async\" width=\"693\" height=\"519\" data-id=\"5105\" src=\"https:\/\/esperanto-nederland.nl\/wp-content\/uploads\/2024\/08\/Kultura-Tago-Woudrichem-2022-06-25-10.png\" alt=\"\" class=\"wp-image-5105\" srcset=\"https:\/\/esperanto-nederland.nl\/wp-content\/uploads\/2024\/08\/Kultura-Tago-Woudrichem-2022-06-25-10.png 693w, https:\/\/esperanto-nederland.nl\/wp-content\/uploads\/2024\/08\/Kultura-Tago-Woudrichem-2022-06-25-10-300x225.png 300w, https:\/\/esperanto-nederland.nl\/wp-content\/uploads\/2024\/08\/Kultura-Tago-Woudrichem-2022-06-25-10-507x380.png 507w\" sizes=\"auto, (max-width: 693px) 100vw, 693px\" \/><\/a><\/figure>\n\n\n\n<figure class=\"wp-block-image size-large\"><a href=\"https:\/\/esperanto-nederland.nl\/wp-content\/uploads\/2024\/08\/Kultura-Tago-Woudrichem-2022-06-25-15.png\"><img loading=\"lazy\" decoding=\"async\" width=\"676\" height=\"896\" data-id=\"5110\" src=\"https:\/\/esperanto-nederland.nl\/wp-content\/uploads\/2024\/08\/Kultura-Tago-Woudrichem-2022-06-25-15.png\" alt=\"\" class=\"wp-image-5110\" srcset=\"https:\/\/esperanto-nederland.nl\/wp-content\/uploads\/2024\/08\/Kultura-Tago-Woudrichem-2022-06-25-15.png 676w, https:\/\/esperanto-nederland.nl\/wp-content\/uploads\/2024\/08\/Kultura-Tago-Woudrichem-2022-06-25-15-226x300.png 226w, https:\/\/esperanto-nederland.nl\/wp-content\/uploads\/2024\/08\/Kultura-Tago-Woudrichem-2022-06-25-15-287x380.png 287w\" sizes=\"auto, (max-width: 676px) 100vw, 676px\" \/><\/a><\/figure>\n<\/figure>\n\n\n\n<h3 class=\"wp-block-heading\">Libroservo<\/h3>\n\n\n\n<p>Libroservo de FEL (Flandra Esperanto-Ligo) el Antverpeno, prizorgata fare de Yves Nevelsteen. Krome bro\u015duroj kaj revuoj por disdoni.<\/p>\n\n\n\n<figure class=\"wp-block-gallery has-nested-images columns-3 is-cropped wp-block-gallery-4 is-layout-flex wp-block-gallery-is-layout-flex\">\n<figure class=\"wp-block-image size-large\"><a href=\"https:\/\/esperanto-nederland.nl\/wp-content\/uploads\/2024\/08\/Kultura-Tago-Woudrichem-2022-06-25-16.png\"><img loading=\"lazy\" decoding=\"async\" width=\"673\" height=\"505\" data-id=\"5111\" src=\"https:\/\/esperanto-nederland.nl\/wp-content\/uploads\/2024\/08\/Kultura-Tago-Woudrichem-2022-06-25-16.png\" alt=\"\" class=\"wp-image-5111\" srcset=\"https:\/\/esperanto-nederland.nl\/wp-content\/uploads\/2024\/08\/Kultura-Tago-Woudrichem-2022-06-25-16.png 673w, https:\/\/esperanto-nederland.nl\/wp-content\/uploads\/2024\/08\/Kultura-Tago-Woudrichem-2022-06-25-16-300x225.png 300w, https:\/\/esperanto-nederland.nl\/wp-content\/uploads\/2024\/08\/Kultura-Tago-Woudrichem-2022-06-25-16-506x380.png 506w\" sizes=\"auto, (max-width: 673px) 100vw, 673px\" \/><\/a><\/figure>\n\n\n\n<figure class=\"wp-block-image size-large\"><img decoding=\"async\" src=\"https:\/\/esperanto-nederland.nl\/wp-content\/uploads\/2024\/06\/Blanco-878x1024.png\" alt=\"\"\/><\/figure>\n\n\n\n<figure class=\"wp-block-image size-large\"><img decoding=\"async\" src=\"https:\/\/esperanto-nederland.nl\/wp-content\/uploads\/2024\/06\/Blanco-878x1024.png\" alt=\"\"\/><\/figure>\n<\/figure>\n\n\n\n<h3 class=\"wp-block-heading\">Traduki poemojn, ateliero zorgata de Karina Scharf<\/h3>\n\n\n\n<figure class=\"wp-block-gallery has-nested-images columns-default is-cropped wp-block-gallery-5 is-layout-flex wp-block-gallery-is-layout-flex\">\n<figure class=\"wp-block-image size-large\"><a href=\"https:\/\/esperanto-nederland.nl\/wp-content\/uploads\/2024\/08\/Kultura-Tago-Woudrichem-2022-06-25-20.png\"><img loading=\"lazy\" decoding=\"async\" width=\"630\" height=\"472\" data-id=\"5115\" src=\"https:\/\/esperanto-nederland.nl\/wp-content\/uploads\/2024\/08\/Kultura-Tago-Woudrichem-2022-06-25-20.png\" alt=\"\" class=\"wp-image-5115\" srcset=\"https:\/\/esperanto-nederland.nl\/wp-content\/uploads\/2024\/08\/Kultura-Tago-Woudrichem-2022-06-25-20.png 630w, https:\/\/esperanto-nederland.nl\/wp-content\/uploads\/2024\/08\/Kultura-Tago-Woudrichem-2022-06-25-20-300x225.png 300w, https:\/\/esperanto-nederland.nl\/wp-content\/uploads\/2024\/08\/Kultura-Tago-Woudrichem-2022-06-25-20-507x380.png 507w\" sizes=\"auto, (max-width: 630px) 100vw, 630px\" \/><\/a><\/figure>\n\n\n\n<figure class=\"wp-block-image size-large\"><a href=\"https:\/\/esperanto-nederland.nl\/wp-content\/uploads\/2024\/08\/Kultura-Tago-Woudrichem-2022-06-25-19.png\"><img loading=\"lazy\" decoding=\"async\" width=\"635\" height=\"423\" data-id=\"5114\" src=\"https:\/\/esperanto-nederland.nl\/wp-content\/uploads\/2024\/08\/Kultura-Tago-Woudrichem-2022-06-25-19.png\" alt=\"\" class=\"wp-image-5114\" srcset=\"https:\/\/esperanto-nederland.nl\/wp-content\/uploads\/2024\/08\/Kultura-Tago-Woudrichem-2022-06-25-19.png 635w, https:\/\/esperanto-nederland.nl\/wp-content\/uploads\/2024\/08\/Kultura-Tago-Woudrichem-2022-06-25-19-300x200.png 300w, https:\/\/esperanto-nederland.nl\/wp-content\/uploads\/2024\/08\/Kultura-Tago-Woudrichem-2022-06-25-19-570x380.png 570w\" sizes=\"auto, (max-width: 635px) 100vw, 635px\" \/><\/a><\/figure>\n\n\n\n<figure class=\"wp-block-image size-large\"><a href=\"https:\/\/esperanto-nederland.nl\/wp-content\/uploads\/2024\/08\/Kultura-Tago-Woudrichem-2022-06-25-18.png\"><img loading=\"lazy\" decoding=\"async\" width=\"646\" height=\"483\" data-id=\"5113\" src=\"https:\/\/esperanto-nederland.nl\/wp-content\/uploads\/2024\/08\/Kultura-Tago-Woudrichem-2022-06-25-18.png\" alt=\"\" class=\"wp-image-5113\" srcset=\"https:\/\/esperanto-nederland.nl\/wp-content\/uploads\/2024\/08\/Kultura-Tago-Woudrichem-2022-06-25-18.png 646w, https:\/\/esperanto-nederland.nl\/wp-content\/uploads\/2024\/08\/Kultura-Tago-Woudrichem-2022-06-25-18-300x224.png 300w, https:\/\/esperanto-nederland.nl\/wp-content\/uploads\/2024\/08\/Kultura-Tago-Woudrichem-2022-06-25-18-508x380.png 508w\" sizes=\"auto, (max-width: 646px) 100vw, 646px\" \/><\/a><\/figure>\n<\/figure>\n\n\n\n<h3 class=\"wp-block-heading\">Promenado tra Woudrichem<\/h3>\n\n\n\n<figure class=\"wp-block-gallery has-nested-images columns-default is-cropped wp-block-gallery-6 is-layout-flex wp-block-gallery-is-layout-flex\">\n<figure class=\"wp-block-image size-large\"><a href=\"https:\/\/esperanto-nederland.nl\/wp-content\/uploads\/2024\/08\/Kultura-Tago-Woudrichem-2022-06-25-21.png\"><img loading=\"lazy\" decoding=\"async\" width=\"651\" height=\"487\" data-id=\"5116\" src=\"https:\/\/esperanto-nederland.nl\/wp-content\/uploads\/2024\/08\/Kultura-Tago-Woudrichem-2022-06-25-21.png\" alt=\"\" class=\"wp-image-5116\" srcset=\"https:\/\/esperanto-nederland.nl\/wp-content\/uploads\/2024\/08\/Kultura-Tago-Woudrichem-2022-06-25-21.png 651w, https:\/\/esperanto-nederland.nl\/wp-content\/uploads\/2024\/08\/Kultura-Tago-Woudrichem-2022-06-25-21-300x224.png 300w, https:\/\/esperanto-nederland.nl\/wp-content\/uploads\/2024\/08\/Kultura-Tago-Woudrichem-2022-06-25-21-508x380.png 508w\" sizes=\"auto, (max-width: 651px) 100vw, 651px\" \/><\/a><\/figure>\n\n\n\n<figure class=\"wp-block-image size-large\"><a href=\"https:\/\/esperanto-nederland.nl\/wp-content\/uploads\/2024\/08\/Kultura-Tago-Woudrichem-2022-06-25-25.png\"><img loading=\"lazy\" decoding=\"async\" width=\"668\" height=\"499\" data-id=\"5120\" src=\"https:\/\/esperanto-nederland.nl\/wp-content\/uploads\/2024\/08\/Kultura-Tago-Woudrichem-2022-06-25-25.png\" alt=\"\" class=\"wp-image-5120\" srcset=\"https:\/\/esperanto-nederland.nl\/wp-content\/uploads\/2024\/08\/Kultura-Tago-Woudrichem-2022-06-25-25.png 668w, https:\/\/esperanto-nederland.nl\/wp-content\/uploads\/2024\/08\/Kultura-Tago-Woudrichem-2022-06-25-25-300x224.png 300w, https:\/\/esperanto-nederland.nl\/wp-content\/uploads\/2024\/08\/Kultura-Tago-Woudrichem-2022-06-25-25-509x380.png 509w\" sizes=\"auto, (max-width: 668px) 100vw, 668px\" \/><\/a><\/figure>\n\n\n\n<figure class=\"wp-block-image size-large\"><a href=\"https:\/\/esperanto-nederland.nl\/wp-content\/uploads\/2024\/08\/Kultura-Tago-Woudrichem-2022-06-25-24.png\"><img loading=\"lazy\" decoding=\"async\" width=\"663\" height=\"494\" data-id=\"5119\" src=\"https:\/\/esperanto-nederland.nl\/wp-content\/uploads\/2024\/08\/Kultura-Tago-Woudrichem-2022-06-25-24.png\" alt=\"\" class=\"wp-image-5119\" srcset=\"https:\/\/esperanto-nederland.nl\/wp-content\/uploads\/2024\/08\/Kultura-Tago-Woudrichem-2022-06-25-24.png 663w, https:\/\/esperanto-nederland.nl\/wp-content\/uploads\/2024\/08\/Kultura-Tago-Woudrichem-2022-06-25-24-300x224.png 300w, https:\/\/esperanto-nederland.nl\/wp-content\/uploads\/2024\/08\/Kultura-Tago-Woudrichem-2022-06-25-24-510x380.png 510w\" sizes=\"auto, (max-width: 663px) 100vw, 663px\" \/><\/a><\/figure>\n\n\n\n<figure class=\"wp-block-image size-large\"><a href=\"https:\/\/esperanto-nederland.nl\/wp-content\/uploads\/2024\/08\/Kultura-Tago-Woudrichem-2022-06-25-23.png\"><img loading=\"lazy\" decoding=\"async\" width=\"657\" height=\"878\" data-id=\"5118\" src=\"https:\/\/esperanto-nederland.nl\/wp-content\/uploads\/2024\/08\/Kultura-Tago-Woudrichem-2022-06-25-23.png\" alt=\"\" class=\"wp-image-5118\" srcset=\"https:\/\/esperanto-nederland.nl\/wp-content\/uploads\/2024\/08\/Kultura-Tago-Woudrichem-2022-06-25-23.png 657w, https:\/\/esperanto-nederland.nl\/wp-content\/uploads\/2024\/08\/Kultura-Tago-Woudrichem-2022-06-25-23-224x300.png 224w, https:\/\/esperanto-nederland.nl\/wp-content\/uploads\/2024\/08\/Kultura-Tago-Woudrichem-2022-06-25-23-284x380.png 284w\" sizes=\"auto, (max-width: 657px) 100vw, 657px\" \/><\/a><\/figure>\n\n\n\n<figure class=\"wp-block-image size-large\"><a href=\"https:\/\/esperanto-nederland.nl\/wp-content\/uploads\/2024\/08\/Kultura-Tago-Woudrichem-2022-06-25-22.png\"><img loading=\"lazy\" decoding=\"async\" width=\"645\" height=\"484\" data-id=\"5117\" src=\"https:\/\/esperanto-nederland.nl\/wp-content\/uploads\/2024\/08\/Kultura-Tago-Woudrichem-2022-06-25-22.png\" alt=\"\" class=\"wp-image-5117\" srcset=\"https:\/\/esperanto-nederland.nl\/wp-content\/uploads\/2024\/08\/Kultura-Tago-Woudrichem-2022-06-25-22.png 645w, https:\/\/esperanto-nederland.nl\/wp-content\/uploads\/2024\/08\/Kultura-Tago-Woudrichem-2022-06-25-22-300x225.png 300w, https:\/\/esperanto-nederland.nl\/wp-content\/uploads\/2024\/08\/Kultura-Tago-Woudrichem-2022-06-25-22-506x380.png 506w\" sizes=\"auto, (max-width: 645px) 100vw, 645px\" \/><\/a><\/figure>\n\n\n\n<figure class=\"wp-block-image size-large\"><img decoding=\"async\" src=\"https:\/\/esperanto-nederland.nl\/wp-content\/uploads\/2024\/06\/Blanco-878x1024.png\" alt=\"\"\/><\/figure>\n<\/figure>\n\n\n\n<h3 class=\"wp-block-heading\">Lun\u0109o<\/h3>\n\n\n\n<p>Bona lun\u0109o en kafejo \/ restoracio &#8216;Gewoon Ploon&#8217;. Sinjorino Apolonia, la \u0109efo de la restoracio, kiu malfermi\u011dis anta\u016d nelonge (ni fakte estas la unua granda grupo) rakontas al ni pri kio atendas nin kiel man\u011do. Loes tradukis en Esperanton.<\/p>\n\n\n\n<figure class=\"wp-block-gallery has-nested-images columns-default is-cropped wp-block-gallery-7 is-layout-flex wp-block-gallery-is-layout-flex\">\n<figure class=\"wp-block-image size-large\"><a href=\"https:\/\/esperanto-nederland.nl\/wp-content\/uploads\/2024\/08\/Kultura-Tago-Woudrichem-2022-06-25-26.png\"><img loading=\"lazy\" decoding=\"async\" width=\"676\" height=\"503\" data-id=\"5121\" src=\"https:\/\/esperanto-nederland.nl\/wp-content\/uploads\/2024\/08\/Kultura-Tago-Woudrichem-2022-06-25-26.png\" alt=\"\" class=\"wp-image-5121\" srcset=\"https:\/\/esperanto-nederland.nl\/wp-content\/uploads\/2024\/08\/Kultura-Tago-Woudrichem-2022-06-25-26.png 676w, https:\/\/esperanto-nederland.nl\/wp-content\/uploads\/2024\/08\/Kultura-Tago-Woudrichem-2022-06-25-26-300x223.png 300w, https:\/\/esperanto-nederland.nl\/wp-content\/uploads\/2024\/08\/Kultura-Tago-Woudrichem-2022-06-25-26-511x380.png 511w\" sizes=\"auto, (max-width: 676px) 100vw, 676px\" \/><\/a><\/figure>\n\n\n\n<figure class=\"wp-block-image size-large\"><a href=\"https:\/\/esperanto-nederland.nl\/wp-content\/uploads\/2024\/08\/Kultura-Tago-Woudrichem-2022-06-25-30.png\"><img loading=\"lazy\" decoding=\"async\" width=\"657\" height=\"491\" data-id=\"5125\" src=\"https:\/\/esperanto-nederland.nl\/wp-content\/uploads\/2024\/08\/Kultura-Tago-Woudrichem-2022-06-25-30.png\" alt=\"\" class=\"wp-image-5125\" srcset=\"https:\/\/esperanto-nederland.nl\/wp-content\/uploads\/2024\/08\/Kultura-Tago-Woudrichem-2022-06-25-30.png 657w, https:\/\/esperanto-nederland.nl\/wp-content\/uploads\/2024\/08\/Kultura-Tago-Woudrichem-2022-06-25-30-300x224.png 300w, https:\/\/esperanto-nederland.nl\/wp-content\/uploads\/2024\/08\/Kultura-Tago-Woudrichem-2022-06-25-30-508x380.png 508w\" sizes=\"auto, (max-width: 657px) 100vw, 657px\" \/><\/a><\/figure>\n\n\n\n<figure class=\"wp-block-image size-large\"><a href=\"https:\/\/esperanto-nederland.nl\/wp-content\/uploads\/2024\/08\/Kultura-Tago-Woudrichem-2022-06-25-28.png\"><img loading=\"lazy\" decoding=\"async\" width=\"672\" height=\"500\" data-id=\"5123\" src=\"https:\/\/esperanto-nederland.nl\/wp-content\/uploads\/2024\/08\/Kultura-Tago-Woudrichem-2022-06-25-28.png\" alt=\"\" class=\"wp-image-5123\" srcset=\"https:\/\/esperanto-nederland.nl\/wp-content\/uploads\/2024\/08\/Kultura-Tago-Woudrichem-2022-06-25-28.png 672w, https:\/\/esperanto-nederland.nl\/wp-content\/uploads\/2024\/08\/Kultura-Tago-Woudrichem-2022-06-25-28-300x223.png 300w, https:\/\/esperanto-nederland.nl\/wp-content\/uploads\/2024\/08\/Kultura-Tago-Woudrichem-2022-06-25-28-511x380.png 511w\" sizes=\"auto, (max-width: 672px) 100vw, 672px\" \/><\/a><\/figure>\n\n\n\n<figure class=\"wp-block-image size-large\"><a href=\"https:\/\/esperanto-nederland.nl\/wp-content\/uploads\/2024\/08\/Kultura-Tago-Woudrichem-2022-06-25-27.png\"><img loading=\"lazy\" decoding=\"async\" width=\"672\" height=\"504\" data-id=\"5122\" src=\"https:\/\/esperanto-nederland.nl\/wp-content\/uploads\/2024\/08\/Kultura-Tago-Woudrichem-2022-06-25-27.png\" alt=\"\" class=\"wp-image-5122\" srcset=\"https:\/\/esperanto-nederland.nl\/wp-content\/uploads\/2024\/08\/Kultura-Tago-Woudrichem-2022-06-25-27.png 672w, https:\/\/esperanto-nederland.nl\/wp-content\/uploads\/2024\/08\/Kultura-Tago-Woudrichem-2022-06-25-27-300x225.png 300w, https:\/\/esperanto-nederland.nl\/wp-content\/uploads\/2024\/08\/Kultura-Tago-Woudrichem-2022-06-25-27-507x380.png 507w\" sizes=\"auto, (max-width: 672px) 100vw, 672px\" \/><\/a><\/figure>\n\n\n\n<figure class=\"wp-block-image size-large\"><a href=\"https:\/\/esperanto-nederland.nl\/wp-content\/uploads\/2024\/08\/Kultura-Tago-Woudrichem-2022-06-25-29.png\"><img loading=\"lazy\" decoding=\"async\" width=\"672\" height=\"504\" data-id=\"5124\" src=\"https:\/\/esperanto-nederland.nl\/wp-content\/uploads\/2024\/08\/Kultura-Tago-Woudrichem-2022-06-25-29.png\" alt=\"\" class=\"wp-image-5124\" srcset=\"https:\/\/esperanto-nederland.nl\/wp-content\/uploads\/2024\/08\/Kultura-Tago-Woudrichem-2022-06-25-29.png 672w, https:\/\/esperanto-nederland.nl\/wp-content\/uploads\/2024\/08\/Kultura-Tago-Woudrichem-2022-06-25-29-300x225.png 300w, https:\/\/esperanto-nederland.nl\/wp-content\/uploads\/2024\/08\/Kultura-Tago-Woudrichem-2022-06-25-29-507x380.png 507w\" sizes=\"auto, (max-width: 672px) 100vw, 672px\" \/><\/a><\/figure>\n<\/figure>\n\n\n\n<h3 class=\"wp-block-heading\">Vizito al muzeo<\/h3>\n\n\n\n<p>Vizito al muzeo pri fi\u015dkaptado en Woudrichem kun interesa \u0109i\u0109erona gvidado. Jorine (lo\u011danto de Woudrichem kaj la \u0109efa organizanto de tiu \u0109i Kultura Tago), kun traduko de kasisto Loes, prezentis la \u0109i\u0109eronojn al ni.<\/p>\n\n\n\n<p>Poste venis Kajto (Ankie van der Meer kaj Nanne Kalma) kiu sukcesis logi nin per belaj maristaj kantoj (en pluraj lokaj nederlandaj dialektoj) reen al la koncertejo, kafejo &#8216;Gewoon Ploon&#8217;.<\/p>\n\n\n\n<figure class=\"wp-block-gallery has-nested-images columns-default is-cropped wp-block-gallery-8 is-layout-flex wp-block-gallery-is-layout-flex\">\n<figure class=\"wp-block-image size-large\"><a href=\"https:\/\/esperanto-nederland.nl\/wp-content\/uploads\/2024\/08\/Kultura-Tago-Woudrichem-2022-06-25-31.png\"><img loading=\"lazy\" decoding=\"async\" width=\"676\" height=\"505\" data-id=\"5126\" src=\"https:\/\/esperanto-nederland.nl\/wp-content\/uploads\/2024\/08\/Kultura-Tago-Woudrichem-2022-06-25-31.png\" alt=\"\" class=\"wp-image-5126\" srcset=\"https:\/\/esperanto-nederland.nl\/wp-content\/uploads\/2024\/08\/Kultura-Tago-Woudrichem-2022-06-25-31.png 676w, https:\/\/esperanto-nederland.nl\/wp-content\/uploads\/2024\/08\/Kultura-Tago-Woudrichem-2022-06-25-31-300x224.png 300w, https:\/\/esperanto-nederland.nl\/wp-content\/uploads\/2024\/08\/Kultura-Tago-Woudrichem-2022-06-25-31-509x380.png 509w\" sizes=\"auto, (max-width: 676px) 100vw, 676px\" \/><\/a><\/figure>\n\n\n\n<figure class=\"wp-block-image size-large\"><a href=\"https:\/\/esperanto-nederland.nl\/wp-content\/uploads\/2024\/08\/Kultura-Tago-Woudrichem-2022-06-25-36.png\"><img loading=\"lazy\" decoding=\"async\" width=\"662\" height=\"497\" data-id=\"5131\" src=\"https:\/\/esperanto-nederland.nl\/wp-content\/uploads\/2024\/08\/Kultura-Tago-Woudrichem-2022-06-25-36.png\" alt=\"\" class=\"wp-image-5131\" srcset=\"https:\/\/esperanto-nederland.nl\/wp-content\/uploads\/2024\/08\/Kultura-Tago-Woudrichem-2022-06-25-36.png 662w, https:\/\/esperanto-nederland.nl\/wp-content\/uploads\/2024\/08\/Kultura-Tago-Woudrichem-2022-06-25-36-300x225.png 300w, https:\/\/esperanto-nederland.nl\/wp-content\/uploads\/2024\/08\/Kultura-Tago-Woudrichem-2022-06-25-36-506x380.png 506w\" sizes=\"auto, (max-width: 662px) 100vw, 662px\" \/><\/a><\/figure>\n\n\n\n<figure class=\"wp-block-image size-large\"><a href=\"https:\/\/esperanto-nederland.nl\/wp-content\/uploads\/2024\/08\/Kultura-Tago-Woudrichem-2022-06-25-35.png\"><img loading=\"lazy\" decoding=\"async\" width=\"666\" height=\"497\" data-id=\"5130\" src=\"https:\/\/esperanto-nederland.nl\/wp-content\/uploads\/2024\/08\/Kultura-Tago-Woudrichem-2022-06-25-35.png\" alt=\"\" class=\"wp-image-5130\" srcset=\"https:\/\/esperanto-nederland.nl\/wp-content\/uploads\/2024\/08\/Kultura-Tago-Woudrichem-2022-06-25-35.png 666w, https:\/\/esperanto-nederland.nl\/wp-content\/uploads\/2024\/08\/Kultura-Tago-Woudrichem-2022-06-25-35-300x224.png 300w, https:\/\/esperanto-nederland.nl\/wp-content\/uploads\/2024\/08\/Kultura-Tago-Woudrichem-2022-06-25-35-509x380.png 509w\" sizes=\"auto, (max-width: 666px) 100vw, 666px\" \/><\/a><\/figure>\n\n\n\n<figure class=\"wp-block-image size-large\"><a href=\"https:\/\/esperanto-nederland.nl\/wp-content\/uploads\/2024\/08\/Kultura-Tago-Woudrichem-2022-06-25-34.png\"><img loading=\"lazy\" decoding=\"async\" width=\"643\" height=\"479\" data-id=\"5129\" src=\"https:\/\/esperanto-nederland.nl\/wp-content\/uploads\/2024\/08\/Kultura-Tago-Woudrichem-2022-06-25-34.png\" alt=\"\" class=\"wp-image-5129\" srcset=\"https:\/\/esperanto-nederland.nl\/wp-content\/uploads\/2024\/08\/Kultura-Tago-Woudrichem-2022-06-25-34.png 643w, https:\/\/esperanto-nederland.nl\/wp-content\/uploads\/2024\/08\/Kultura-Tago-Woudrichem-2022-06-25-34-300x223.png 300w, https:\/\/esperanto-nederland.nl\/wp-content\/uploads\/2024\/08\/Kultura-Tago-Woudrichem-2022-06-25-34-510x380.png 510w\" sizes=\"auto, (max-width: 643px) 100vw, 643px\" \/><\/a><\/figure>\n\n\n\n<figure class=\"wp-block-image size-large\"><a href=\"https:\/\/esperanto-nederland.nl\/wp-content\/uploads\/2024\/08\/Kultura-Tago-Woudrichem-2022-06-25-33.png\"><img loading=\"lazy\" decoding=\"async\" width=\"663\" height=\"497\" data-id=\"5128\" src=\"https:\/\/esperanto-nederland.nl\/wp-content\/uploads\/2024\/08\/Kultura-Tago-Woudrichem-2022-06-25-33.png\" alt=\"\" class=\"wp-image-5128\" srcset=\"https:\/\/esperanto-nederland.nl\/wp-content\/uploads\/2024\/08\/Kultura-Tago-Woudrichem-2022-06-25-33.png 663w, https:\/\/esperanto-nederland.nl\/wp-content\/uploads\/2024\/08\/Kultura-Tago-Woudrichem-2022-06-25-33-300x225.png 300w, https:\/\/esperanto-nederland.nl\/wp-content\/uploads\/2024\/08\/Kultura-Tago-Woudrichem-2022-06-25-33-507x380.png 507w\" sizes=\"auto, (max-width: 663px) 100vw, 663px\" \/><\/a><\/figure>\n\n\n\n<figure class=\"wp-block-image size-large\"><a href=\"https:\/\/esperanto-nederland.nl\/wp-content\/uploads\/2024\/08\/Kultura-Tago-Woudrichem-2022-06-25-32.png\"><img loading=\"lazy\" decoding=\"async\" width=\"649\" height=\"488\" data-id=\"5127\" src=\"https:\/\/esperanto-nederland.nl\/wp-content\/uploads\/2024\/08\/Kultura-Tago-Woudrichem-2022-06-25-32.png\" alt=\"\" class=\"wp-image-5127\" srcset=\"https:\/\/esperanto-nederland.nl\/wp-content\/uploads\/2024\/08\/Kultura-Tago-Woudrichem-2022-06-25-32.png 649w, https:\/\/esperanto-nederland.nl\/wp-content\/uploads\/2024\/08\/Kultura-Tago-Woudrichem-2022-06-25-32-300x226.png 300w, https:\/\/esperanto-nederland.nl\/wp-content\/uploads\/2024\/08\/Kultura-Tago-Woudrichem-2022-06-25-32-505x380.png 505w\" sizes=\"auto, (max-width: 649px) 100vw, 649px\" \/><\/a><\/figure>\n<\/figure>\n\n\n\n<h3 class=\"wp-block-heading\">Trinki sur la teraso<\/h3>\n\n\n\n<p>Anta\u016d la komenco de la koncerto de Kajto (Ankie van der Meer kaj Nanne Kalma) en la koncertejo de kafejo &#8216;Gewoon Ploon&#8217; ni trinkis ion sur la teraso. Piet Glorieux el Belgio prenis la okazon inviti nin al la Beneluksa kongreso kaj koruso-pacevento kiu okazis en septembro en Ieper (Belgio) tiujare.<\/p>\n\n\n\n<figure class=\"wp-block-gallery has-nested-images columns-default is-cropped wp-block-gallery-9 is-layout-flex wp-block-gallery-is-layout-flex\">\n<figure class=\"wp-block-image size-large\"><a href=\"https:\/\/esperanto-nederland.nl\/wp-content\/uploads\/2024\/08\/Kultura-Tago-Woudrichem-2022-06-25-37.png\"><img loading=\"lazy\" decoding=\"async\" width=\"613\" height=\"818\" data-id=\"5132\" src=\"https:\/\/esperanto-nederland.nl\/wp-content\/uploads\/2024\/08\/Kultura-Tago-Woudrichem-2022-06-25-37.png\" alt=\"\" class=\"wp-image-5132\" srcset=\"https:\/\/esperanto-nederland.nl\/wp-content\/uploads\/2024\/08\/Kultura-Tago-Woudrichem-2022-06-25-37.png 613w, https:\/\/esperanto-nederland.nl\/wp-content\/uploads\/2024\/08\/Kultura-Tago-Woudrichem-2022-06-25-37-225x300.png 225w, https:\/\/esperanto-nederland.nl\/wp-content\/uploads\/2024\/08\/Kultura-Tago-Woudrichem-2022-06-25-37-285x380.png 285w\" sizes=\"auto, (max-width: 613px) 100vw, 613px\" \/><\/a><\/figure>\n\n\n\n<figure class=\"wp-block-image size-large\"><a href=\"https:\/\/esperanto-nederland.nl\/wp-content\/uploads\/2024\/08\/Kultura-Tago-Woudrichem-2022-06-25-39.png\"><img loading=\"lazy\" decoding=\"async\" width=\"663\" height=\"497\" data-id=\"5134\" src=\"https:\/\/esperanto-nederland.nl\/wp-content\/uploads\/2024\/08\/Kultura-Tago-Woudrichem-2022-06-25-39.png\" alt=\"\" class=\"wp-image-5134\" srcset=\"https:\/\/esperanto-nederland.nl\/wp-content\/uploads\/2024\/08\/Kultura-Tago-Woudrichem-2022-06-25-39.png 663w, https:\/\/esperanto-nederland.nl\/wp-content\/uploads\/2024\/08\/Kultura-Tago-Woudrichem-2022-06-25-39-300x225.png 300w, https:\/\/esperanto-nederland.nl\/wp-content\/uploads\/2024\/08\/Kultura-Tago-Woudrichem-2022-06-25-39-507x380.png 507w\" sizes=\"auto, (max-width: 663px) 100vw, 663px\" \/><\/a><\/figure>\n\n\n\n<figure class=\"wp-block-image size-large\"><a href=\"https:\/\/esperanto-nederland.nl\/wp-content\/uploads\/2024\/08\/Kultura-Tago-Woudrichem-2022-06-25-38.png\"><img loading=\"lazy\" decoding=\"async\" width=\"647\" height=\"486\" data-id=\"5133\" src=\"https:\/\/esperanto-nederland.nl\/wp-content\/uploads\/2024\/08\/Kultura-Tago-Woudrichem-2022-06-25-38.png\" alt=\"\" class=\"wp-image-5133\" srcset=\"https:\/\/esperanto-nederland.nl\/wp-content\/uploads\/2024\/08\/Kultura-Tago-Woudrichem-2022-06-25-38.png 647w, https:\/\/esperanto-nederland.nl\/wp-content\/uploads\/2024\/08\/Kultura-Tago-Woudrichem-2022-06-25-38-300x225.png 300w, https:\/\/esperanto-nederland.nl\/wp-content\/uploads\/2024\/08\/Kultura-Tago-Woudrichem-2022-06-25-38-506x380.png 506w\" sizes=\"auto, (max-width: 647px) 100vw, 647px\" \/><\/a><\/figure>\n<\/figure>\n\n\n\n<h3 class=\"wp-block-heading\">Koncerto de Kajto<\/h3>\n\n\n\n<p>Fotoj de la koncerto de Kajto (Nanne Kalma kaj Ankie van der Meer) en kafejo Ploon. Belaj kantoj en akustike bona salono kun interesa bildo je la fono. Loes prezentis Kajto-n al la publiko. \u0108eestis kelkaj lo\u011dantoj de Woudrichem. Je la fino prezidanto de asocio Esperanto Nederland Marc van Oostendorp nome de la asocio kore dankis al Nanne Kalma kaj Ankie van der Meer pro ilia belega koncerto. Ni \u0109iuj ege \u011duis la bonan etoson kune.<\/p>\n\n\n\n<figure class=\"wp-block-gallery has-nested-images columns-default is-cropped wp-block-gallery-10 is-layout-flex wp-block-gallery-is-layout-flex\">\n<figure class=\"wp-block-image size-large\"><a href=\"https:\/\/esperanto-nederland.nl\/wp-content\/uploads\/2024\/08\/Kultura-Tago-Woudrichem-2022-06-25-40.png\"><img loading=\"lazy\" decoding=\"async\" width=\"627\" height=\"469\" data-id=\"5135\" src=\"https:\/\/esperanto-nederland.nl\/wp-content\/uploads\/2024\/08\/Kultura-Tago-Woudrichem-2022-06-25-40.png\" alt=\"\" class=\"wp-image-5135\" srcset=\"https:\/\/esperanto-nederland.nl\/wp-content\/uploads\/2024\/08\/Kultura-Tago-Woudrichem-2022-06-25-40.png 627w, https:\/\/esperanto-nederland.nl\/wp-content\/uploads\/2024\/08\/Kultura-Tago-Woudrichem-2022-06-25-40-300x224.png 300w, https:\/\/esperanto-nederland.nl\/wp-content\/uploads\/2024\/08\/Kultura-Tago-Woudrichem-2022-06-25-40-508x380.png 508w\" sizes=\"auto, (max-width: 627px) 100vw, 627px\" \/><\/a><\/figure>\n\n\n\n<figure class=\"wp-block-image size-large\"><a href=\"https:\/\/esperanto-nederland.nl\/wp-content\/uploads\/2024\/08\/Kultura-Tago-Woudrichem-2022-06-25-42.png\"><img loading=\"lazy\" decoding=\"async\" width=\"671\" height=\"502\" data-id=\"5137\" src=\"https:\/\/esperanto-nederland.nl\/wp-content\/uploads\/2024\/08\/Kultura-Tago-Woudrichem-2022-06-25-42.png\" alt=\"\" class=\"wp-image-5137\" srcset=\"https:\/\/esperanto-nederland.nl\/wp-content\/uploads\/2024\/08\/Kultura-Tago-Woudrichem-2022-06-25-42.png 671w, https:\/\/esperanto-nederland.nl\/wp-content\/uploads\/2024\/08\/Kultura-Tago-Woudrichem-2022-06-25-42-300x224.png 300w, https:\/\/esperanto-nederland.nl\/wp-content\/uploads\/2024\/08\/Kultura-Tago-Woudrichem-2022-06-25-42-508x380.png 508w\" sizes=\"auto, (max-width: 671px) 100vw, 671px\" \/><\/a><\/figure>\n\n\n\n<figure class=\"wp-block-image size-large\"><a href=\"https:\/\/esperanto-nederland.nl\/wp-content\/uploads\/2024\/08\/Kultura-Tago-Woudrichem-2022-06-25-44.png\"><img loading=\"lazy\" decoding=\"async\" width=\"651\" height=\"484\" data-id=\"5139\" src=\"https:\/\/esperanto-nederland.nl\/wp-content\/uploads\/2024\/08\/Kultura-Tago-Woudrichem-2022-06-25-44.png\" alt=\"\" class=\"wp-image-5139\" srcset=\"https:\/\/esperanto-nederland.nl\/wp-content\/uploads\/2024\/08\/Kultura-Tago-Woudrichem-2022-06-25-44.png 651w, https:\/\/esperanto-nederland.nl\/wp-content\/uploads\/2024\/08\/Kultura-Tago-Woudrichem-2022-06-25-44-300x223.png 300w, https:\/\/esperanto-nederland.nl\/wp-content\/uploads\/2024\/08\/Kultura-Tago-Woudrichem-2022-06-25-44-511x380.png 511w\" sizes=\"auto, (max-width: 651px) 100vw, 651px\" \/><\/a><\/figure>\n\n\n\n<figure class=\"wp-block-image size-large\"><a href=\"https:\/\/esperanto-nederland.nl\/wp-content\/uploads\/2024\/08\/Kultura-Tago-Woudrichem-2022-06-25-43.png\"><img loading=\"lazy\" decoding=\"async\" width=\"667\" height=\"888\" data-id=\"5138\" src=\"https:\/\/esperanto-nederland.nl\/wp-content\/uploads\/2024\/08\/Kultura-Tago-Woudrichem-2022-06-25-43.png\" alt=\"\" class=\"wp-image-5138\" srcset=\"https:\/\/esperanto-nederland.nl\/wp-content\/uploads\/2024\/08\/Kultura-Tago-Woudrichem-2022-06-25-43.png 667w, https:\/\/esperanto-nederland.nl\/wp-content\/uploads\/2024\/08\/Kultura-Tago-Woudrichem-2022-06-25-43-225x300.png 225w, https:\/\/esperanto-nederland.nl\/wp-content\/uploads\/2024\/08\/Kultura-Tago-Woudrichem-2022-06-25-43-285x380.png 285w\" sizes=\"auto, (max-width: 667px) 100vw, 667px\" \/><\/a><\/figure>\n\n\n\n<figure class=\"wp-block-image size-large\"><a href=\"https:\/\/esperanto-nederland.nl\/wp-content\/uploads\/2024\/08\/Kultura-Tago-Woudrichem-2022-06-25-41.png\"><img loading=\"lazy\" decoding=\"async\" width=\"673\" height=\"511\" data-id=\"5136\" src=\"https:\/\/esperanto-nederland.nl\/wp-content\/uploads\/2024\/08\/Kultura-Tago-Woudrichem-2022-06-25-41.png\" alt=\"\" class=\"wp-image-5136\" srcset=\"https:\/\/esperanto-nederland.nl\/wp-content\/uploads\/2024\/08\/Kultura-Tago-Woudrichem-2022-06-25-41.png 673w, https:\/\/esperanto-nederland.nl\/wp-content\/uploads\/2024\/08\/Kultura-Tago-Woudrichem-2022-06-25-41-300x228.png 300w, https:\/\/esperanto-nederland.nl\/wp-content\/uploads\/2024\/08\/Kultura-Tago-Woudrichem-2022-06-25-41-500x380.png 500w\" sizes=\"auto, (max-width: 673px) 100vw, 673px\" \/><\/a><\/figure>\n<\/figure>\n\n\n\n<h3 class=\"wp-block-heading\">Elstara vesperman\u011do kuirita de sinjoro Jop<\/h3>\n\n\n\n<p>Elstara vesperman\u011do kuirita de sinjoro Jop kaj edzino en ilia privata domo en Woudrichem por tiuj kiuj deziris ankora\u016d iom resti en la pitoreska urbeto.<\/p>\n\n\n\n<figure class=\"wp-block-gallery has-nested-images columns-default is-cropped wp-block-gallery-11 is-layout-flex wp-block-gallery-is-layout-flex\">\n<figure class=\"wp-block-image size-large\"><a href=\"https:\/\/esperanto-nederland.nl\/wp-content\/uploads\/2024\/08\/Kultura-Tago-Woudrichem-2022-06-25-45.png\"><img loading=\"lazy\" decoding=\"async\" width=\"674\" height=\"505\" data-id=\"5140\" src=\"https:\/\/esperanto-nederland.nl\/wp-content\/uploads\/2024\/08\/Kultura-Tago-Woudrichem-2022-06-25-45.png\" alt=\"\" class=\"wp-image-5140\" srcset=\"https:\/\/esperanto-nederland.nl\/wp-content\/uploads\/2024\/08\/Kultura-Tago-Woudrichem-2022-06-25-45.png 674w, https:\/\/esperanto-nederland.nl\/wp-content\/uploads\/2024\/08\/Kultura-Tago-Woudrichem-2022-06-25-45-300x225.png 300w, https:\/\/esperanto-nederland.nl\/wp-content\/uploads\/2024\/08\/Kultura-Tago-Woudrichem-2022-06-25-45-507x380.png 507w\" sizes=\"auto, (max-width: 674px) 100vw, 674px\" \/><\/a><\/figure>\n\n\n\n<figure class=\"wp-block-image size-large\"><a href=\"https:\/\/esperanto-nederland.nl\/wp-content\/uploads\/2024\/08\/Kultura-Tago-Woudrichem-2022-06-25-46.png\"><img loading=\"lazy\" decoding=\"async\" width=\"681\" height=\"512\" data-id=\"5141\" src=\"https:\/\/esperanto-nederland.nl\/wp-content\/uploads\/2024\/08\/Kultura-Tago-Woudrichem-2022-06-25-46.png\" alt=\"\" class=\"wp-image-5141\" srcset=\"https:\/\/esperanto-nederland.nl\/wp-content\/uploads\/2024\/08\/Kultura-Tago-Woudrichem-2022-06-25-46.png 681w, https:\/\/esperanto-nederland.nl\/wp-content\/uploads\/2024\/08\/Kultura-Tago-Woudrichem-2022-06-25-46-300x226.png 300w, https:\/\/esperanto-nederland.nl\/wp-content\/uploads\/2024\/08\/Kultura-Tago-Woudrichem-2022-06-25-46-505x380.png 505w\" sizes=\"auto, (max-width: 681px) 100vw, 681px\" \/><\/a><\/figure>\n<\/figure>\n\n\n\n<h3 class=\"wp-block-heading\">Vespera premenado<\/h3>\n\n\n\n<p>Vespera promenado tra la fortika\u0135o Woudrichem<\/p>\n\n\n\n<figure class=\"wp-block-gallery has-nested-images columns-default is-cropped wp-block-gallery-12 is-layout-flex wp-block-gallery-is-layout-flex\">\n<figure class=\"wp-block-image size-large\"><a href=\"https:\/\/esperanto-nederland.nl\/wp-content\/uploads\/2024\/08\/Kultura-Tago-Woudrichem-2022-06-25-47.png\"><img loading=\"lazy\" decoding=\"async\" width=\"651\" height=\"482\" data-id=\"5142\" src=\"https:\/\/esperanto-nederland.nl\/wp-content\/uploads\/2024\/08\/Kultura-Tago-Woudrichem-2022-06-25-47.png\" alt=\"\" class=\"wp-image-5142\" srcset=\"https:\/\/esperanto-nederland.nl\/wp-content\/uploads\/2024\/08\/Kultura-Tago-Woudrichem-2022-06-25-47.png 651w, https:\/\/esperanto-nederland.nl\/wp-content\/uploads\/2024\/08\/Kultura-Tago-Woudrichem-2022-06-25-47-300x222.png 300w, https:\/\/esperanto-nederland.nl\/wp-content\/uploads\/2024\/08\/Kultura-Tago-Woudrichem-2022-06-25-47-513x380.png 513w\" sizes=\"auto, (max-width: 651px) 100vw, 651px\" \/><\/a><\/figure>\n\n\n\n<figure class=\"wp-block-image size-large\"><img decoding=\"async\" src=\"https:\/\/esperanto-nederland.nl\/wp-content\/uploads\/2024\/06\/Blanco-878x1024.png\" alt=\"\"\/><\/figure>\n<\/figure>\n\n\n\n<p><em>Teksto: Monique; Fotoj: Andries Hovinga<\/em><\/p>\n","protected":false},"excerpt":{"rendered":"<p>Sabaton, la 25-an de junio 2022 okazis la Kultura Tago en Woudrichem. Woudrichem estasmalgranda fortika\u0135a urbo en Nordbrabanto \u0109e la rivero Merwede. Anta\u016dkongreso Vendredon vespere la 24an de junio 2022 &#8211; &#8220;Anta\u016dkongreso&#8221; hejme \u0109e Jorine Captein en Woudrichem. Alveno Alveno de la partoprenantoj kaj bonvenigaj vortoj de nia nova prezidanto Marc van Oostendorp. Libroservo Libroservo &hellip; <a href=\"https:\/\/esperanto-nederland.nl\/index.php\/eo\/kultura-tago-en-woudrichem\/\" class=\"more-link\">Verder lezen <span class=\"screen-reader-text\">Kultura Tago en Woudrichem<\/span><\/a><\/p>\n","protected":false},"author":2,"featured_media":0,"parent":0,"menu_order":0,"comment_status":"closed","ping_status":"closed","template":"","meta":{"footnotes":""},"class_list":["post-5176","page","type-page","status-publish","hentry","without-featured-image"],"_links":{"self":[{"href":"https:\/\/esperanto-nederland.nl\/index.php\/wp-json\/wp\/v2\/pages\/5176","targetHints":{"allow":["GET"]}}],"collection":[{"href":"https:\/\/esperanto-nederland.nl\/index.php\/wp-json\/wp\/v2\/pages"}],"about":[{"href":"https:\/\/esperanto-nederland.nl\/index.php\/wp-json\/wp\/v2\/types\/page"}],"author":[{"embeddable":true,"href":"https:\/\/esperanto-nederland.nl\/index.php\/wp-json\/wp\/v2\/users\/2"}],"replies":[{"embeddable":true,"href":"https:\/\/esperanto-nederland.nl\/index.php\/wp-json\/wp\/v2\/comments?post=5176"}],"version-history":[{"count":2,"href":"https:\/\/esperanto-nederland.nl\/index.php\/wp-json\/wp\/v2\/pages\/5176\/revisions"}],"predecessor-version":[{"id":8114,"href":"https:\/\/esperanto-nederland.nl\/index.php\/wp-json\/wp\/v2\/pages\/5176\/revisions\/8114"}],"wp:attachment":[{"href":"https:\/\/esperanto-nederland.nl\/index.php\/wp-json\/wp\/v2\/media?parent=5176"}],"curies":[{"name":"wp","href":"https:\/\/api.w.org\/{rel}","templated":true}]}}