{"id":614,"date":"2023-09-09T21:05:23","date_gmt":"2023-09-09T21:05:23","guid":{"rendered":"https:\/\/esperanto-nederland.nl\/?page_id=614"},"modified":"2026-04-02T22:46:52","modified_gmt":"2026-04-02T20:46:52","slug":"asocio","status":"publish","type":"page","link":"https:\/\/esperanto-nederland.nl\/index.php\/eo\/asocio\/","title":{"rendered":"La asocio"},"content":{"rendered":"\n<figure data-wp-context=\"{&quot;imageId&quot;:&quot;69f1d23ea9e09&quot;}\" data-wp-interactive=\"core\/image\" class=\"wp-block-image size-large is-resized wp-lightbox-container\"><img decoding=\"async\" data-wp-class--hide=\"state.isContentHidden\" data-wp-class--show=\"state.isContentVisible\" data-wp-init=\"callbacks.setButtonStyles\" data-wp-on-async--click=\"actions.showLightbox\" data-wp-on-async--load=\"callbacks.setButtonStyles\" data-wp-on-async-window--resize=\"callbacks.setButtonStyles\" src=\"https:\/\/esperanto-nederland.nl\/wp-content\/uploads\/2023\/11\/20230808anho1226453_kl-rotated.jpg\" alt=\"\" style=\"aspect-ratio:0.75;object-fit:cover;width:363px\"\/><button\n\t\t\tclass=\"lightbox-trigger\"\n\t\t\ttype=\"button\"\n\t\t\taria-haspopup=\"dialog\"\n\t\t\taria-label=\"Vergroten\"\n\t\t\tdata-wp-init=\"callbacks.initTriggerButton\"\n\t\t\tdata-wp-on-async--click=\"actions.showLightbox\"\n\t\t\tdata-wp-style--right=\"state.imageButtonRight\"\n\t\t\tdata-wp-style--top=\"state.imageButtonTop\"\n\t\t>\n\t\t\t<svg xmlns=\"http:\/\/www.w3.org\/2000\/svg\" width=\"12\" height=\"12\" fill=\"none\" viewBox=\"0 0 12 12\">\n\t\t\t\t<path fill=\"#fff\" d=\"M2 0a2 2 0 0 0-2 2v2h1.5V2a.5.5 0 0 1 .5-.5h2V0H2Zm2 10.5H2a.5.5 0 0 1-.5-.5V8H0v2a2 2 0 0 0 2 2h2v-1.5ZM8 12v-1.5h2a.5.5 0 0 0 .5-.5V8H12v2a2 2 0 0 1-2 2H8Zm2-12a2 2 0 0 1 2 2v2h-1.5V2a.5.5 0 0 0-.5-.5H8V0h2Z\" \/>\n\t\t\t<\/svg>\n\t\t<\/button><\/figure>\n\n\n\n<p>Esperanto Nederland estas asocio, kiu kunigas homojn en Nederlando kiuj interesi\u011das pri la lingvo Esperanto kaj volas plivastigi \u011dian konatecon en Nederlando. Kiel kultura asocio, \u011di celas solvi la lingvoproblemon en internaciaj rilatoj kaj faciligi internacian komunikadon.<\/p>\n\n\n\n<p>La asocio organizas diversajn agadojn rilatajn al Esperanto. Esperanto Nederland havas pli ol 200 membrojn kaj estas membro de la Universala Esperanto-Asocio (UEA). En diversaj lokoj en Nederlando, Esperantistoj kunvenas por paroli kaj lerni Esperanton kune. Ili faras tion ekzemple dum studosemajnfino a\u016d dum lokaj kunvenoj. \u0108iu povas membri\u011di en la asocio. \u0108iun duan monaton Esperanto Nederland eldonas membrorevuon.<\/p>\n\n\n\n<p>La estraro, kiu konsistas el kvin membroj, estas elektita de la membroj.<\/p>\n\n\n\n<p>Esperanto Nederland organizas diversajn agadojn, inkluzive de:<\/p>\n\n\n\n<ul class=\"wp-block-list\">\n<li>Doni informojn pri Esperanto kaj pri la kontribuo de Esperanto al la solvo de lingvaj problemoj;<\/li>\n\n\n\n<li>Organizi Esperanto-kursojn;<\/li>\n\n\n\n<li>Stimuli la vendon de Esperanto-literaturo kaj -instrumaterialo;<\/li>\n\n\n\n<li>Organizi studkunvenojn;<\/li>\n\n\n\n<li>Prizorgi rilatojn kun rilataj organiza\u0135oj enlande kaj eksterlande; kaj<\/li>\n\n\n\n<li>Subteni <a href=\"https:\/\/esperanto-nederland.nl\/index.php\/leerstoel-in-amsterdam\/\">la katedron de Interlingvistiko kaj Esperanto<\/a> \u0109e la universitato de Amsterdamo.<\/li>\n<\/ul>\n\n\n\n<p>Vi povas membri\u011di en la asocio kaj finance subteni \u011din. Esperanto Nederland havas la statuson ANBI.<br>La konto de Esperanto Nederland: NL10 TRIO 0786 8441 67<\/p>\n\n\n\n<div class=\"wp-block-columns is-layout-flex wp-container-core-columns-is-layout-9d6595d7 wp-block-columns-is-layout-flex\">\n<div class=\"wp-block-column is-layout-flow wp-block-column-is-layout-flow\">\n<h2 class=\"wp-block-heading\"><a href=\"https:\/\/esperanto-nederland.nl\/index.php\/eo\/estraro\/\">Estraro<\/a><\/h2>\n\n\n\n<figure class=\"wp-block-image size-large\"><img loading=\"lazy\" decoding=\"async\" width=\"1024\" height=\"768\" src=\"https:\/\/esperanto-nederland.nl\/wp-content\/uploads\/2024\/07\/Foto-Jaarvergadering-2023-1200p-1024x768.jpg\" alt=\"\" class=\"wp-image-4826\" style=\"object-fit:cover\" srcset=\"https:\/\/esperanto-nederland.nl\/wp-content\/uploads\/2024\/07\/Foto-Jaarvergadering-2023-1200p-1024x768.jpg 1024w, https:\/\/esperanto-nederland.nl\/wp-content\/uploads\/2024\/07\/Foto-Jaarvergadering-2023-1200p-300x225.jpg 300w, https:\/\/esperanto-nederland.nl\/wp-content\/uploads\/2024\/07\/Foto-Jaarvergadering-2023-1200p-768x576.jpg 768w, https:\/\/esperanto-nederland.nl\/wp-content\/uploads\/2024\/07\/Foto-Jaarvergadering-2023-1200p-507x380.jpg 507w, https:\/\/esperanto-nederland.nl\/wp-content\/uploads\/2024\/07\/Foto-Jaarvergadering-2023-1200p.jpg 1200w\" sizes=\"auto, (max-width: 1024px) 100vw, 1024px\" \/><\/figure>\n\n\n\n<p>La estraro de Esperanto Nederland estas la motoro de la organiza\u0135o. La estraranoj kunordigas kion la membroj faras kaj superrigardas la \u0109efajn eventojn, kiujn ili ofte mem iniciatas.<br><a href=\"https:\/\/esperanto-nederland.nl\/index.php\/eo\/estraro\/\" data-type=\"page\" data-id=\"180\">Estraro<\/a><\/p>\n<\/div>\n\n\n\n<div class=\"wp-block-column is-layout-flow wp-block-column-is-layout-flow\">\n<h2 class=\"wp-block-heading\"><a href=\"https:\/\/esperanto-nederland.nl\/index.php\/eo\/membrokunveno\/\">Membrokunveno<\/a><\/h2>\n\n\n\n<figure class=\"wp-block-image size-large\"><a href=\"https:\/\/esperanto-nederland.nl\/index.php\/ledenvergadering\/\"><img loading=\"lazy\" decoding=\"async\" width=\"1024\" height=\"768\" src=\"https:\/\/esperanto-nederland.nl\/wp-content\/uploads\/2024\/07\/20220612anho1143043_1200p-1024x768.jpg\" alt=\"\" class=\"wp-image-4816\" srcset=\"https:\/\/esperanto-nederland.nl\/wp-content\/uploads\/2024\/07\/20220612anho1143043_1200p-1024x768.jpg 1024w, https:\/\/esperanto-nederland.nl\/wp-content\/uploads\/2024\/07\/20220612anho1143043_1200p-300x225.jpg 300w, https:\/\/esperanto-nederland.nl\/wp-content\/uploads\/2024\/07\/20220612anho1143043_1200p-768x576.jpg 768w, https:\/\/esperanto-nederland.nl\/wp-content\/uploads\/2024\/07\/20220612anho1143043_1200p-507x380.jpg 507w, https:\/\/esperanto-nederland.nl\/wp-content\/uploads\/2024\/07\/20220612anho1143043_1200p.jpg 1200w\" sizes=\"auto, (max-width: 1024px) 100vw, 1024px\" \/><\/a><\/figure>\n\n\n\n<p>Dum la \u011denerala membrokunveno de Esperanto Nederland ni diskutas la agadojn, kiuj estas efektivigitaj a\u016d komencitaj de la estraro de Esperanto Nederland.<br><a href=\"https:\/\/esperanto-nederland.nl\/index.php\/eo\/membrokunveno\/\">Membrokunveno<\/a><\/p>\n<\/div>\n\n\n\n<div class=\"wp-block-column is-layout-flow wp-block-column-is-layout-flow\">\n<h2 class=\"wp-block-heading\"><a href=\"https:\/\/esperanto-nederland.nl\/index.php\/eo\/statuto-kaj-aliaj-aferoj\/\" data-type=\"link\" data-id=\"https:\/\/esperanto-nederland.nl\/index.php\/eo\/statuto-kaj-aliaj-aferoj\/\">Statuto k.t.p.<\/a><\/h2>\n\n\n\n<figure class=\"wp-block-image size-full\"><a href=\"https:\/\/esperanto-nederland.nl\/index.php\/eo\/statuto-kaj-aliaj-aferoj\/\"><img loading=\"lazy\" decoding=\"async\" width=\"388\" height=\"403\" src=\"https:\/\/esperanto-nederland.nl\/wp-content\/uploads\/2024\/12\/Naar-beleidsplannen-sel-1.jpg\" alt=\"\" class=\"wp-image-8468\" style=\"aspect-ratio:4\/3;object-fit:cover\" srcset=\"https:\/\/esperanto-nederland.nl\/wp-content\/uploads\/2024\/12\/Naar-beleidsplannen-sel-1.jpg 388w, https:\/\/esperanto-nederland.nl\/wp-content\/uploads\/2024\/12\/Naar-beleidsplannen-sel-1-289x300.jpg 289w, https:\/\/esperanto-nederland.nl\/wp-content\/uploads\/2024\/12\/Naar-beleidsplannen-sel-1-366x380.jpg 366w\" sizes=\"auto, (max-width: 388px) 100vw, 388px\" \/><\/a><\/figure>\n\n\n\n<p>La laborplano donas informojn pri kiel funkcias la asocio Esperanto Nederland. <br><a href=\"https:\/\/esperanto-nederland.nl\/index.php\/eo\/statuto-kaj-aliaj-aferoj\/\" data-type=\"link\" data-id=\"https:\/\/esperanto-nederland.nl\/index.php\/eo\/statuto-kaj-aliaj-aferoj\/\">Statuto k.t.p.<\/a><\/p>\n<\/div>\n<\/div>\n\n\n\n<p><br> <\/p>\n\n\n\n<div class=\"wp-block-columns is-layout-flex wp-container-core-columns-is-layout-9d6595d7 wp-block-columns-is-layout-flex\">\n<div class=\"wp-block-column is-layout-flow wp-block-column-is-layout-flow\">\n<h2 class=\"wp-block-heading\"><a href=\"https:\/\/esperanto-nederland.nl\/index.php\/eo\/rorevuo-fenikso\/\">Revuo Fenikso<\/a><\/h2>\n\n\n\n<figure class=\"wp-block-image size-full\"><a href=\"https:\/\/esperanto-nederland.nl\/wp-content\/uploads\/2026\/04\/Fenikso-2026-1_RETEJO.pdf\" target=\"_blank\" rel=\" noreferrer noopener\"><img loading=\"lazy\" decoding=\"async\" width=\"499\" height=\"700\" src=\"https:\/\/esperanto-nederland.nl\/wp-content\/uploads\/2026\/04\/frontpage.png\" alt=\"\" class=\"wp-image-13151\" style=\"aspect-ratio:3\/4;object-fit:cover\" srcset=\"https:\/\/esperanto-nederland.nl\/wp-content\/uploads\/2026\/04\/frontpage.png 499w, https:\/\/esperanto-nederland.nl\/wp-content\/uploads\/2026\/04\/frontpage-214x300.png 214w, https:\/\/esperanto-nederland.nl\/wp-content\/uploads\/2026\/04\/frontpage-271x380.png 271w\" sizes=\"auto, (max-width: 499px) 100vw, 499px\" \/><\/a><\/figure>\n\n\n\n<p>Membroj ricevas la membrogazeton Fenikso hejme \u0109iun duan monaton. Kelkajn semajnojn post la eldono de la membrorevuo, \u011di estas anka\u016d rete el\u015dutebla de \u0109i tiu retejo.<br><a href=\"https:\/\/esperanto-nederland.nl\/index.php\/eo\/rorevuo-fenikso\/\" data-type=\"page\" data-id=\"179\">Revuo Fenikso&#8230;<\/a><\/p>\n<\/div>\n\n\n\n<div class=\"wp-block-column is-layout-flow wp-block-column-is-layout-flow\">\n<h2 class=\"wp-block-heading\"><a href=\"https:\/\/esperanto-nederland.nl\/index.php\/eo\/lokaj-grupoj\/\">Lokaj grupoj<\/a><\/h2>\n\n\n\n<figure class=\"wp-block-image size-full\"><a href=\"https:\/\/esperanto-nederland.nl\/index.php\/plaatselijke-groepen\/\"><img loading=\"lazy\" decoding=\"async\" width=\"398\" height=\"530\" src=\"https:\/\/esperanto-nederland.nl\/wp-content\/uploads\/2024\/07\/Kaart-van-Nederland2-edited.png\" alt=\"\" class=\"wp-image-4591\" style=\"aspect-ratio:3\/4;object-fit:cover\" srcset=\"https:\/\/esperanto-nederland.nl\/wp-content\/uploads\/2024\/07\/Kaart-van-Nederland2-edited.png 398w, https:\/\/esperanto-nederland.nl\/wp-content\/uploads\/2024\/07\/Kaart-van-Nederland2-edited-225x300.png 225w, https:\/\/esperanto-nederland.nl\/wp-content\/uploads\/2024\/07\/Kaart-van-Nederland2-edited-285x380.png 285w\" sizes=\"auto, (max-width: 398px) 100vw, 398px\" \/><\/a><\/figure>\n\n\n\n<p>En pluraj lokoj en Nederlando, Esperantistoj kunvenas en lokaj grupoj: en Alkmaar, Eindhoven, Nord-Nederlando, Amsterdamo kaj Zutphen. \u0108iu loka grupo organizas siajn proprajn agadojn. \u0108iu povas ali\u011di al la klubo.<br><a href=\"https:\/\/esperanto-nederland.nl\/index.php\/eo\/lokaj-grupoj\/\" data-type=\"page\" data-id=\"177\">Lokaj grupoj&#8230;<\/a><\/p>\n<\/div>\n\n\n\n<div class=\"wp-block-column is-layout-flow wp-block-column-is-layout-flow\">\n<h2 class=\"wp-block-heading\"><a href=\"https:\/\/esperanto-nederland.nl\/index.php\/eo\/kontakto\/\" data-type=\"link\" data-id=\"https:\/\/esperanto-nederland.nl\/index.php\/eo\/kontakto\/\">Kontakto<\/a><\/h2>\n\n\n\n<figure class=\"wp-block-image size-full\"><a href=\"https:\/\/esperanto-nederland.nl\/index.php\/contact\/\"><img loading=\"lazy\" decoding=\"async\" width=\"768\" height=\"1024\" src=\"https:\/\/esperanto-nederland.nl\/wp-content\/uploads\/2024\/07\/Plaatje-naar-contactgegevens-Bing-Copilot-edited-1.jpeg\" alt=\"\" class=\"wp-image-4833\" style=\"aspect-ratio:3\/4;object-fit:cover\" srcset=\"https:\/\/esperanto-nederland.nl\/wp-content\/uploads\/2024\/07\/Plaatje-naar-contactgegevens-Bing-Copilot-edited-1.jpeg 768w, https:\/\/esperanto-nederland.nl\/wp-content\/uploads\/2024\/07\/Plaatje-naar-contactgegevens-Bing-Copilot-edited-1-225x300.jpeg 225w, https:\/\/esperanto-nederland.nl\/wp-content\/uploads\/2024\/07\/Plaatje-naar-contactgegevens-Bing-Copilot-edited-1-285x380.jpeg 285w\" sizes=\"auto, (max-width: 768px) 100vw, 768px\" \/><\/a><\/figure>\n\n\n\n<p>Por kontakti nian asocion, vi povas uzi formularojn. Anka\u016d vi povas kontakti la infocentron.<br><a href=\"https:\/\/esperanto-nederland.nl\/index.php\/eo\/kontakto\/\" data-type=\"page\" data-id=\"170\">Kontakto&#8230;<\/a><\/p>\n<\/div>\n<\/div>\n","protected":false},"excerpt":{"rendered":"<p>Esperanto Nederland estas asocio, kiu kunigas homojn en Nederlando kiuj interesi\u011das pri la lingvo Esperanto kaj volas plivastigi \u011dian konatecon en Nederlando. Kiel kultura asocio, \u011di celas solvi la lingvoproblemon en internaciaj rilatoj kaj faciligi internacian komunikadon. La asocio organizas diversajn agadojn rilatajn al Esperanto. Esperanto Nederland havas pli ol 200 membrojn kaj estas membro &hellip; <a href=\"https:\/\/esperanto-nederland.nl\/index.php\/eo\/asocio\/\" class=\"more-link\">Verder lezen <span class=\"screen-reader-text\">La asocio<\/span><\/a><\/p>\n","protected":false},"author":2,"featured_media":0,"parent":0,"menu_order":0,"comment_status":"closed","ping_status":"closed","template":"","meta":{"footnotes":""},"class_list":["post-614","page","type-page","status-publish","hentry","without-featured-image"],"_links":{"self":[{"href":"https:\/\/esperanto-nederland.nl\/index.php\/wp-json\/wp\/v2\/pages\/614","targetHints":{"allow":["GET"]}}],"collection":[{"href":"https:\/\/esperanto-nederland.nl\/index.php\/wp-json\/wp\/v2\/pages"}],"about":[{"href":"https:\/\/esperanto-nederland.nl\/index.php\/wp-json\/wp\/v2\/types\/page"}],"author":[{"embeddable":true,"href":"https:\/\/esperanto-nederland.nl\/index.php\/wp-json\/wp\/v2\/users\/2"}],"replies":[{"embeddable":true,"href":"https:\/\/esperanto-nederland.nl\/index.php\/wp-json\/wp\/v2\/comments?post=614"}],"version-history":[{"count":34,"href":"https:\/\/esperanto-nederland.nl\/index.php\/wp-json\/wp\/v2\/pages\/614\/revisions"}],"predecessor-version":[{"id":13177,"href":"https:\/\/esperanto-nederland.nl\/index.php\/wp-json\/wp\/v2\/pages\/614\/revisions\/13177"}],"wp:attachment":[{"href":"https:\/\/esperanto-nederland.nl\/index.php\/wp-json\/wp\/v2\/media?parent=614"}],"curies":[{"name":"wp","href":"https:\/\/api.w.org\/{rel}","templated":true}]}}