{"id":6736,"date":"2024-10-08T11:46:49","date_gmt":"2024-10-08T09:46:49","guid":{"rendered":"https:\/\/esperanto-nederland.nl\/?page_id=6736"},"modified":"2025-01-07T20:24:29","modified_gmt":"2025-01-07T19:24:29","slug":"historio","status":"publish","type":"page","link":"https:\/\/esperanto-nederland.nl\/index.php\/eo\/historio\/","title":{"rendered":"Historio"},"content":{"rendered":"\n<div class=\"wp-block-columns is-layout-flex wp-container-core-columns-is-layout-9d6595d7 wp-block-columns-is-layout-flex\">\n<div class=\"wp-block-column is-layout-flow wp-block-column-is-layout-flow\" style=\"flex-basis:66.66%\">\n<h2 class=\"wp-block-heading\">Historio de Esperanto<\/h2>\n\n\n\n<p>Ludwig Zamenhof eldonis librojn ekde 1887, kiuj estas la bazo de Esperanto. Li kaj aliaj plibonigis la lingvon \u011dis plenkreska lingvo, kiu kreskas en vortoj kaj uzo dank&#8217; al siaj uzantoj, sen \u015dan\u011di la bazon.<\/p>\n\n\n\n<p>Anka\u016d en Nederlando homoj interesi\u011dis pri la lingvo. Diversaj asocioj kaj organiza\u0135oj estis fonditaj. La asocio Esperanto Nederland naski\u011dis el \u0109i tio.<\/p>\n\n\n\n<p>Esperanto havas ri\u0109an historion, kaj eksterlande kaj en Nederlando, kiu da\u016dras \u011dis hodia\u016d kaj da\u016dros en la estonteco.<\/p>\n\n\n\n<p>Rigardu anka\u016d en <a href=\"https:\/\/esperanto-nederland.nl\/index.php\/eo\/category\/novajxarkivo\/\" data-type=\"post_tag\" data-id=\"36\">la nova\u0135arkivo<\/a> kaj en la <a href=\"https:\/\/esperanto-nederland.nl\/wp-content\/uploads\/2024\/08\/Nieuwsarchief-oude-website-Esperanto-Nederland.pdf\" data-type=\"attachment\" data-id=\"5343\" target=\"_blank\" rel=\"noreferrer noopener\">malnovaj nova\u0135oj (\u011dis 2024)<\/a> (pdf).<\/p>\n<\/div>\n\n\n\n<div class=\"wp-block-column is-layout-flow wp-block-column-is-layout-flow\" style=\"flex-basis:33.33%\">\n<figure class=\"wp-block-image size-full\"><a href=\"https:\/\/esperanto-nederland.nl\/index.php\/rijke-geschiedenis\/\"><img loading=\"lazy\" decoding=\"async\" width=\"512\" height=\"502\" src=\"https:\/\/esperanto-nederland.nl\/wp-content\/uploads\/2024\/08\/Teleac-cursus-1.jpg\" alt=\"\" class=\"wp-image-5218\" srcset=\"https:\/\/esperanto-nederland.nl\/wp-content\/uploads\/2024\/08\/Teleac-cursus-1.jpg 512w, https:\/\/esperanto-nederland.nl\/wp-content\/uploads\/2024\/08\/Teleac-cursus-1-300x294.jpg 300w, https:\/\/esperanto-nederland.nl\/wp-content\/uploads\/2024\/08\/Teleac-cursus-1-388x380.jpg 388w\" sizes=\"auto, (max-width: 512px) 100vw, 512px\" \/><\/a><figcaption class=\"wp-element-caption\"><em>En 1972 Van Kooten kaj De Bie skribis dudekpartan kurson Esperanto por TELEAC.<\/em><\/figcaption><\/figure>\n<\/div>\n<\/div>\n\n\n\n<div class=\"wp-block-columns is-layout-flex wp-container-core-columns-is-layout-9d6595d7 wp-block-columns-is-layout-flex\">\n<div class=\"wp-block-column is-layout-flow wp-block-column-is-layout-flow\">\n<h3 class=\"wp-block-heading\"><a href=\"https:\/\/esperanto-nederland.nl\/index.php\/eo\/historio-de-esperanto-nederland\/\">Esperanto Nederland<\/a><\/h3>\n\n\n\n<figure class=\"wp-block-image size-large\"><a href=\"https:\/\/esperanto-nederland.nl\/index.php\/eo\/historio-de-esperanto-nederland\/\"><img loading=\"lazy\" decoding=\"async\" width=\"1024\" height=\"768\" src=\"https:\/\/esperanto-nederland.nl\/wp-content\/uploads\/2024\/08\/20211016anho0000040-Jarkunveno-2021-1200p-1024x768.jpg\" alt=\"\" class=\"wp-image-5298\" srcset=\"https:\/\/esperanto-nederland.nl\/wp-content\/uploads\/2024\/08\/20211016anho0000040-Jarkunveno-2021-1200p-1024x768.jpg 1024w, https:\/\/esperanto-nederland.nl\/wp-content\/uploads\/2024\/08\/20211016anho0000040-Jarkunveno-2021-1200p-300x225.jpg 300w, https:\/\/esperanto-nederland.nl\/wp-content\/uploads\/2024\/08\/20211016anho0000040-Jarkunveno-2021-1200p-768x576.jpg 768w, https:\/\/esperanto-nederland.nl\/wp-content\/uploads\/2024\/08\/20211016anho0000040-Jarkunveno-2021-1200p-507x380.jpg 507w, https:\/\/esperanto-nederland.nl\/wp-content\/uploads\/2024\/08\/20211016anho0000040-Jarkunveno-2021-1200p.jpg 1200w\" sizes=\"auto, (max-width: 1024px) 100vw, 1024px\" \/><\/a><\/figure>\n\n\n\n<p>La asocio Esperanto Nederland estis fondita la 23-an de septembro 1994 \u0109e notario Haafkens en Purmerend. \u0108i tiu asocio estas da\u016drigo de du pli malnovaj Esperanto-asocioj.<br><a href=\"https:\/\/esperanto-nederland.nl\/index.php\/eo\/historio-de-esperanto-nederland\/\" data-type=\"page\" data-id=\"5299\">Legu pli&#8230;<\/a><\/p>\n<\/div>\n\n\n\n<div class=\"wp-block-column is-layout-flow wp-block-column-is-layout-flow\">\n<h3 class=\"wp-block-heading\"><a href=\"https:\/\/esperanto-nederland.nl\/index.php\/eo\/fotoj-de-studosemajnfinoj\/\" data-type=\"link\" data-id=\"https:\/\/esperanto-nederland.nl\/index.php\/eo\/fotoj-de-studosemajnfinoj\/\">Fotoj de studosemajnfinoj<\/a><\/h3>\n\n\n\n<figure class=\"wp-block-image size-large\"><a href=\"https:\/\/esperanto-nederland.nl\/index.php\/eo\/fotoj-de-studosemajnfinoj\/\"><img loading=\"lazy\" decoding=\"async\" width=\"1024\" height=\"768\" src=\"https:\/\/esperanto-nederland.nl\/wp-content\/uploads\/2024\/03\/Studieweekend-2016-03-maart-in-Buurse-origineel-25-1024x768.jpg\" alt=\"\" class=\"wp-image-2942\" srcset=\"https:\/\/esperanto-nederland.nl\/wp-content\/uploads\/2024\/03\/Studieweekend-2016-03-maart-in-Buurse-origineel-25-1024x768.jpg 1024w, https:\/\/esperanto-nederland.nl\/wp-content\/uploads\/2024\/03\/Studieweekend-2016-03-maart-in-Buurse-origineel-25-300x225.jpg 300w, https:\/\/esperanto-nederland.nl\/wp-content\/uploads\/2024\/03\/Studieweekend-2016-03-maart-in-Buurse-origineel-25-768x576.jpg 768w, https:\/\/esperanto-nederland.nl\/wp-content\/uploads\/2024\/03\/Studieweekend-2016-03-maart-in-Buurse-origineel-25-1536x1152.jpg 1536w, https:\/\/esperanto-nederland.nl\/wp-content\/uploads\/2024\/03\/Studieweekend-2016-03-maart-in-Buurse-origineel-25-2048x1536.jpg 2048w, https:\/\/esperanto-nederland.nl\/wp-content\/uploads\/2024\/03\/Studieweekend-2016-03-maart-in-Buurse-origineel-25-507x380.jpg 507w\" sizes=\"auto, (max-width: 1024px) 100vw, 1024px\" \/><\/a><\/figure>\n\n\n\n<p>Pli ol 20 jarojn Esperanto Nederland organizas studosemajnfinojn. Fotoj, kiuj estis faritaj, estas en la fotoalbumoj sur \u0109i tiu retejo.<br><a href=\"https:\/\/esperanto-nederland.nl\/index.php\/eo\/fotoj-de-studosemajnfinoj\/\">Fotoj de studosemajnfinoj&#8230;<\/a><\/p>\n<\/div>\n\n\n\n<div class=\"wp-block-column is-layout-flow wp-block-column-is-layout-flow\">\n<h3 class=\"wp-block-heading\"><a href=\"https:\/\/esperanto-nederland.nl\/index.php\/eo\/rica-historio\/\" data-type=\"link\" data-id=\"https:\/\/esperanto-nederland.nl\/index.php\/eo\/rica-historio\/\">Ri\u0109a historio<\/a><\/h3>\n\n\n\n<figure class=\"wp-block-image size-full\"><a href=\"https:\/\/esperanto-nederland.nl\/index.php\/eo\/rica-historio\/\"><img loading=\"lazy\" decoding=\"async\" width=\"400\" height=\"400\" src=\"https:\/\/esperanto-nederland.nl\/wp-content\/uploads\/2024\/08\/robdenijs.jpeg\" alt=\"\" class=\"wp-image-5229\" style=\"aspect-ratio:4\/3;object-fit:cover\" srcset=\"https:\/\/esperanto-nederland.nl\/wp-content\/uploads\/2024\/08\/robdenijs.jpeg 400w, https:\/\/esperanto-nederland.nl\/wp-content\/uploads\/2024\/08\/robdenijs-300x300.jpeg 300w, https:\/\/esperanto-nederland.nl\/wp-content\/uploads\/2024\/08\/robdenijs-150x150.jpeg 150w, https:\/\/esperanto-nederland.nl\/wp-content\/uploads\/2024\/08\/robdenijs-90x90.jpeg 90w, https:\/\/esperanto-nederland.nl\/wp-content\/uploads\/2024\/08\/robdenijs-380x380.jpeg 380w\" sizes=\"auto, (max-width: 400px) 100vw, 400px\" \/><\/a><\/figure>\n\n\n\n<p>Rob de Nijs iam kantis kanton en Esperanto kaj Kees van Kooten kaj Wim de Bie donis \u0109e Teleac Esperanto-kurson. La a\u016ddoversio kaj libroj estis konservitaj. Esperanto havas ri\u0109an historion, anka\u016d en Nederlando.<br><a href=\"https:\/\/esperanto-nederland.nl\/index.php\/eo\/rica-historio\/\" data-type=\"link\" data-id=\"https:\/\/esperanto-nederland.nl\/index.php\/eo\/rica-historio\/\">Legu pli&#8230;<\/a><\/p>\n<\/div>\n<\/div>\n\n\n\n<p> <br> <\/p>\n\n\n\n<div class=\"wp-block-columns is-layout-flex wp-container-core-columns-is-layout-9d6595d7 wp-block-columns-is-layout-flex\">\n<div class=\"wp-block-column is-layout-flow wp-block-column-is-layout-flow\">\n<h3 class=\"wp-block-heading\"><a href=\"https:\/\/esperanto-nederland.nl\/index.php\/eo\/esperanto-longa-sercado\/\" data-type=\"link\" data-id=\"https:\/\/esperanto-nederland.nl\/index.php\/eo\/esperanto-longa-sercado\/\">Longa ser\u0109ado<\/a><\/h3>\n\n\n\n<figure class=\"wp-block-image size-large wp-duotone-unset-2\"><a href=\"https:\/\/esperanto-nederland.nl\/index.php\/eo\/esperanto-longa-sercado\/\"><img decoding=\"async\" src=\"https:\/\/esperanto-nederland.nl\/wp-content\/uploads\/2024\/05\/Toren-van-Babel-Copilot-1.jpeg\" alt=\"\" style=\"aspect-ratio:4\/3;object-fit:cover\"\/><\/a><\/figure>\n\n\n\n<p>Multaj lingvoj estas parolataj tra la surfaco de nia terglobo kaj tiu diverseco estas ri\u0109a\u0135o, sed foje anka\u016d tre malfacila. Lingvo disvolvi\u011das. Anka\u016d Esperanto ne nur ekestis el nenie.<br><a href=\"https:\/\/esperanto-nederland.nl\/index.php\/eo\/esperanto-longa-sercado\/\">Legu pli&#8230;<\/a><\/p>\n<\/div>\n\n\n\n<div class=\"wp-block-column is-layout-flow wp-block-column-is-layout-flow\">\n<h3 class=\"wp-block-heading\"><a href=\"https:\/\/esperanto-nederland.nl\/index.php\/eo\/historio\/neutrala-moresnet\/\" data-type=\"link\" data-id=\"https:\/\/esperanto-nederland.nl\/index.php\/eo\/historio\/neutrala-moresnet\/\">Neutrala Moresnet<\/a><\/h3>\n\n\n\n<figure class=\"wp-block-image size-large\"><a href=\"https:\/\/esperanto-nederland.nl\/index.php\/eo\/historio\/neutrala-moresnet\/\"><img loading=\"lazy\" decoding=\"async\" width=\"1024\" height=\"768\" src=\"https:\/\/esperanto-nederland.nl\/wp-content\/uploads\/2024\/05\/Neutraal_Moresnet-Bron-Wiki-1024x768.jpg\" alt=\"\" class=\"wp-image-4238\" srcset=\"https:\/\/esperanto-nederland.nl\/wp-content\/uploads\/2024\/05\/Neutraal_Moresnet-Bron-Wiki-1024x768.jpg 1024w, https:\/\/esperanto-nederland.nl\/wp-content\/uploads\/2024\/05\/Neutraal_Moresnet-Bron-Wiki-300x225.jpg 300w, https:\/\/esperanto-nederland.nl\/wp-content\/uploads\/2024\/05\/Neutraal_Moresnet-Bron-Wiki-768x576.jpg 768w, https:\/\/esperanto-nederland.nl\/wp-content\/uploads\/2024\/05\/Neutraal_Moresnet-Bron-Wiki-507x380.jpg 507w, https:\/\/esperanto-nederland.nl\/wp-content\/uploads\/2024\/05\/Neutraal_Moresnet-Bron-Wiki.jpg 1280w\" sizes=\"auto, (max-width: 1024px) 100vw, 1024px\" \/><\/a><\/figure>\n\n\n\n<p>Ne\u016dtrala Moresnet, oficiale &#8220;La Nedividebla Areo de Moresnet&#8221;, estis \u015dtato de proksimume 3,44 km\u00b2. En \u0109i tiu \u015dtato Esperanto dum mallonga tempo estis unu el la oficialaj lingvoj.<br><a href=\"https:\/\/esperanto-nederland.nl\/index.php\/eo\/historio\/neutrala-moresnet\/\">Legu pli&#8230;<\/a><\/p>\n<\/div>\n\n\n\n<div class=\"wp-block-column is-layout-flow wp-block-column-is-layout-flow\">\n<h3 class=\"wp-block-heading\"><a href=\"https:\/\/esperanto-nederland.nl\/index.php\/eo\/gosligan-kolekto\/\" data-type=\"link\" data-id=\"https:\/\/esperanto-nederland.nl\/index.php\/eo\/gosligan-kolekto\/\">Goslinga kolekto<\/a><\/h3>\n\n\n\n<figure class=\"wp-block-image size-large\"><a href=\"https:\/\/esperanto-nederland.nl\/index.php\/eo\/gosligan-kolekto\/\"><img loading=\"lazy\" decoding=\"async\" width=\"2040\" height=\"1530\" src=\"https:\/\/esperanto-nederland.nl\/wp-content\/uploads\/2024\/07\/Goslinga-Collectie-Originele_02-edited-1.jpg\" alt=\"\" class=\"wp-image-4863\" srcset=\"https:\/\/esperanto-nederland.nl\/wp-content\/uploads\/2024\/07\/Goslinga-Collectie-Originele_02-edited-1.jpg 2040w, https:\/\/esperanto-nederland.nl\/wp-content\/uploads\/2024\/07\/Goslinga-Collectie-Originele_02-edited-1-300x225.jpg 300w, https:\/\/esperanto-nederland.nl\/wp-content\/uploads\/2024\/07\/Goslinga-Collectie-Originele_02-edited-1-1024x768.jpg 1024w, https:\/\/esperanto-nederland.nl\/wp-content\/uploads\/2024\/07\/Goslinga-Collectie-Originele_02-edited-1-768x576.jpg 768w, https:\/\/esperanto-nederland.nl\/wp-content\/uploads\/2024\/07\/Goslinga-Collectie-Originele_02-edited-1-1536x1152.jpg 1536w, https:\/\/esperanto-nederland.nl\/wp-content\/uploads\/2024\/07\/Goslinga-Collectie-Originele_02-edited-1-507x380.jpg 507w\" sizes=\"auto, (max-width: 2040px) 100vw, 2040px\" \/><\/a><\/figure>\n\n\n\n<p>Esperanto Nederland havas specialan kolekton de filatelaj aferoj, kiel esperantaj po\u015dtmarkoj, po\u015dtkartoj, kongresaj stampiloj kaj insignoj, kaj sigelaj markoj pri Esperanto. La cifereca versio estas rigardebla \u0109i tie.<br><a href=\"https:\/\/esperanto-nederland.nl\/index.php\/eo\/gosligan-kolekto\/\" data-type=\"link\" data-id=\"https:\/\/esperanto-nederland.nl\/index.php\/eo\/gosligan-kolekto\/\">Dirk Goslinga kolekto&#8230;<\/a><\/p>\n<\/div>\n<\/div>\n\n\n\n<p><\/p>\n\n\n\n<p><\/p>\n","protected":false},"excerpt":{"rendered":"<p>Historio de Esperanto Ludwig Zamenhof eldonis librojn ekde 1887, kiuj estas la bazo de Esperanto. Li kaj aliaj plibonigis la lingvon \u011dis plenkreska lingvo, kiu kreskas en vortoj kaj uzo dank&#8217; al siaj uzantoj, sen \u015dan\u011di la bazon. Anka\u016d en Nederlando homoj interesi\u011dis pri la lingvo. Diversaj asocioj kaj organiza\u0135oj estis fonditaj. La asocio Esperanto &hellip; <a href=\"https:\/\/esperanto-nederland.nl\/index.php\/eo\/historio\/\" class=\"more-link\">Verder lezen <span class=\"screen-reader-text\">Historio<\/span><\/a><\/p>\n","protected":false},"author":2,"featured_media":0,"parent":0,"menu_order":0,"comment_status":"closed","ping_status":"closed","template":"","meta":{"footnotes":""},"class_list":["post-6736","page","type-page","status-publish","hentry","without-featured-image"],"_links":{"self":[{"href":"https:\/\/esperanto-nederland.nl\/index.php\/wp-json\/wp\/v2\/pages\/6736","targetHints":{"allow":["GET"]}}],"collection":[{"href":"https:\/\/esperanto-nederland.nl\/index.php\/wp-json\/wp\/v2\/pages"}],"about":[{"href":"https:\/\/esperanto-nederland.nl\/index.php\/wp-json\/wp\/v2\/types\/page"}],"author":[{"embeddable":true,"href":"https:\/\/esperanto-nederland.nl\/index.php\/wp-json\/wp\/v2\/users\/2"}],"replies":[{"embeddable":true,"href":"https:\/\/esperanto-nederland.nl\/index.php\/wp-json\/wp\/v2\/comments?post=6736"}],"version-history":[{"count":14,"href":"https:\/\/esperanto-nederland.nl\/index.php\/wp-json\/wp\/v2\/pages\/6736\/revisions"}],"predecessor-version":[{"id":9153,"href":"https:\/\/esperanto-nederland.nl\/index.php\/wp-json\/wp\/v2\/pages\/6736\/revisions\/9153"}],"wp:attachment":[{"href":"https:\/\/esperanto-nederland.nl\/index.php\/wp-json\/wp\/v2\/media?parent=6736"}],"curies":[{"name":"wp","href":"https:\/\/api.w.org\/{rel}","templated":true}]}}