{"id":6741,"date":"2024-10-08T11:56:25","date_gmt":"2024-10-08T09:56:25","guid":{"rendered":"https:\/\/esperanto-nederland.nl\/?page_id=6741"},"modified":"2026-04-14T21:01:04","modified_gmt":"2026-04-14T19:01:04","slug":"esperanto-kulturo","status":"publish","type":"page","link":"https:\/\/esperanto-nederland.nl\/index.php\/eo\/esperanto-kulturo\/","title":{"rendered":"Esperanto-kulturo"},"content":{"rendered":"\n<figure data-wp-context=\"{&quot;imageId&quot;:&quot;69f1d26410d7e&quot;}\" data-wp-interactive=\"core\/image\" class=\"wp-block-image size-full is-resized wp-lightbox-container\"><img loading=\"lazy\" decoding=\"async\" width=\"1200\" height=\"900\" data-wp-class--hide=\"state.isContentHidden\" data-wp-class--show=\"state.isContentVisible\" data-wp-init=\"callbacks.setButtonStyles\" data-wp-on-async--click=\"actions.showLightbox\" data-wp-on-async--load=\"callbacks.setButtonStyles\" data-wp-on-async-window--resize=\"callbacks.setButtonStyles\" src=\"https:\/\/esperanto-nederland.nl\/wp-content\/uploads\/2026\/01\/20250729fkho2139060_1200p-UK-2025.jpg\" alt=\"\" class=\"wp-image-12315\" style=\"width:550px\" srcset=\"https:\/\/esperanto-nederland.nl\/wp-content\/uploads\/2026\/01\/20250729fkho2139060_1200p-UK-2025.jpg 1200w, https:\/\/esperanto-nederland.nl\/wp-content\/uploads\/2026\/01\/20250729fkho2139060_1200p-UK-2025-300x225.jpg 300w, https:\/\/esperanto-nederland.nl\/wp-content\/uploads\/2026\/01\/20250729fkho2139060_1200p-UK-2025-1024x768.jpg 1024w, https:\/\/esperanto-nederland.nl\/wp-content\/uploads\/2026\/01\/20250729fkho2139060_1200p-UK-2025-200x150.jpg 200w, https:\/\/esperanto-nederland.nl\/wp-content\/uploads\/2026\/01\/20250729fkho2139060_1200p-UK-2025-768x576.jpg 768w, https:\/\/esperanto-nederland.nl\/wp-content\/uploads\/2026\/01\/20250729fkho2139060_1200p-UK-2025-507x380.jpg 507w\" sizes=\"auto, (max-width: 1200px) 100vw, 1200px\" \/><button\n\t\t\tclass=\"lightbox-trigger\"\n\t\t\ttype=\"button\"\n\t\t\taria-haspopup=\"dialog\"\n\t\t\taria-label=\"Vergroten\"\n\t\t\tdata-wp-init=\"callbacks.initTriggerButton\"\n\t\t\tdata-wp-on-async--click=\"actions.showLightbox\"\n\t\t\tdata-wp-style--right=\"state.imageButtonRight\"\n\t\t\tdata-wp-style--top=\"state.imageButtonTop\"\n\t\t>\n\t\t\t<svg xmlns=\"http:\/\/www.w3.org\/2000\/svg\" width=\"12\" height=\"12\" fill=\"none\" viewBox=\"0 0 12 12\">\n\t\t\t\t<path fill=\"#fff\" d=\"M2 0a2 2 0 0 0-2 2v2h1.5V2a.5.5 0 0 1 .5-.5h2V0H2Zm2 10.5H2a.5.5 0 0 1-.5-.5V8H0v2a2 2 0 0 0 2 2h2v-1.5ZM8 12v-1.5h2a.5.5 0 0 0 .5-.5V8H12v2a2 2 0 0 1-2 2H8Zm2-12a2 2 0 0 1 2 2v2h-1.5V2a.5.5 0 0 0-.5-.5H8V0h2Z\" \/>\n\t\t\t<\/svg>\n\t\t<\/button><\/figure>\n\n\n\n<p>En la Esperanto-mondo esperantistoj el diversaj fonoj renkontas unu la alian. Inter ili estas junaj kaj maljunaj, homoj kun malsamaj gustoj pri muziko, homoj kiuj man\u011das kaj ne man\u011das viandon, homoj kun malsamaj politikaj kaj religiaj devenoj, pacifistoj kaj homoj kiuj ali\u011dis kiel soldatoj en Ukrainio.<\/p>\n\n\n\n<p>Oni uzas vortoj kiel &#8220;Esperanto-movado&#8221; kaj &#8220;la Esperanto-mondo&#8221; por priskribi la grupon de esperantistoj tra la mondo, kaj anka\u016d la vorto &#8220;Esperanto-komunumo&#8221; estas uzata. Kio certe kunigas esperantistojn estas, ke ili interesi\u011das pri la sama lingvo.<\/p>\n\n\n\n<h2 class=\"wp-block-heading\">Propra kulturo<\/h2>\n\n\n\n<figure data-wp-context=\"{&quot;imageId&quot;:&quot;69f1d264117c0&quot;}\" data-wp-interactive=\"core\/image\" class=\"wp-block-image size-large is-resized wp-lightbox-container\"><img loading=\"lazy\" decoding=\"async\" width=\"1024\" height=\"721\" data-wp-class--hide=\"state.isContentHidden\" data-wp-class--show=\"state.isContentVisible\" data-wp-init=\"callbacks.setButtonStyles\" data-wp-on-async--click=\"actions.showLightbox\" data-wp-on-async--load=\"callbacks.setButtonStyles\" data-wp-on-async-window--resize=\"callbacks.setButtonStyles\" src=\"https:\/\/esperanto-nederland.nl\/wp-content\/uploads\/2024\/07\/20230805fkho1216000_sel-1200p-1024x721.jpg\" alt=\"\" class=\"wp-image-4502\" style=\"width:400px\" srcset=\"https:\/\/esperanto-nederland.nl\/wp-content\/uploads\/2024\/07\/20230805fkho1216000_sel-1200p-1024x721.jpg 1024w, https:\/\/esperanto-nederland.nl\/wp-content\/uploads\/2024\/07\/20230805fkho1216000_sel-1200p-300x211.jpg 300w, https:\/\/esperanto-nederland.nl\/wp-content\/uploads\/2024\/07\/20230805fkho1216000_sel-1200p-768x541.jpg 768w, https:\/\/esperanto-nederland.nl\/wp-content\/uploads\/2024\/07\/20230805fkho1216000_sel-1200p-540x380.jpg 540w, https:\/\/esperanto-nederland.nl\/wp-content\/uploads\/2024\/07\/20230805fkho1216000_sel-1200p.jpg 1200w\" sizes=\"auto, (max-width: 1024px) 100vw, 1024px\" \/><button\n\t\t\tclass=\"lightbox-trigger\"\n\t\t\ttype=\"button\"\n\t\t\taria-haspopup=\"dialog\"\n\t\t\taria-label=\"Vergroten\"\n\t\t\tdata-wp-init=\"callbacks.initTriggerButton\"\n\t\t\tdata-wp-on-async--click=\"actions.showLightbox\"\n\t\t\tdata-wp-style--right=\"state.imageButtonRight\"\n\t\t\tdata-wp-style--top=\"state.imageButtonTop\"\n\t\t>\n\t\t\t<svg xmlns=\"http:\/\/www.w3.org\/2000\/svg\" width=\"12\" height=\"12\" fill=\"none\" viewBox=\"0 0 12 12\">\n\t\t\t\t<path fill=\"#fff\" d=\"M2 0a2 2 0 0 0-2 2v2h1.5V2a.5.5 0 0 1 .5-.5h2V0H2Zm2 10.5H2a.5.5 0 0 1-.5-.5V8H0v2a2 2 0 0 0 2 2h2v-1.5ZM8 12v-1.5h2a.5.5 0 0 0 .5-.5V8H12v2a2 2 0 0 1-2 2H8Zm2-12a2 2 0 0 1 2 2v2h-1.5V2a.5.5 0 0 0-.5-.5H8V0h2Z\" \/>\n\t\t\t<\/svg>\n\t\t<\/button><figcaption class=\"wp-element-caption\"><em>Nanne Kalma kaj Ankie van der Meer el Frislando, <br>muzikas sub la nomo Kajto kaj kreas belan atmosferon <br>dum Esperanto-kongresoj. Jen ili mansvinge adia\u016das <br>kongresanojn de UK 2023 en Torino.(Foto: F.K. Hovinga)<\/em><\/figcaption><\/figure>\n\n\n\n<p>Tra la jaroj anka\u016d Esperanto-parolantoj disvolvis propran kulturon kun komunaj socikulturaj normoj. Plej multaj esperantistoj sentas sin mondlo\u011dantoj kaj interesi\u011das pri aliaj landoj kaj kulturoj. Multaj interesi\u011das pri lingvoj kaj dialektoj kaj ofte parolas aliajn fremdajn lingvojn krom Esperanto.<\/p>\n\n\n\n<p>La Esperanto-kulturo inkluzivas la artojn, kiel lega\u0135o, literaturo, muziko, filmoj kaj teatro, kun siaj propraj konataj verkistoj, kantistoj kaj artistoj. Kelkaj el la plej gravaj homoj de la Esperanta literaturo inkludas William Auld, kiu estis nomumita trifoje por la Nobel-premio pri literaturo, Julio Baghy, K\u00e1lm\u00e1n Kalocsay kaj Claude Piron. La kulturo anka\u016d inkluzivas naciajn kaj internaciajn eventojn kaj kulturajn inter\u015dan\u011dojn. Kelkaj Esperanto-asocioj havas konstrua\u0135ojn, kiel UEA en Roterdamo kaj FEL en Antverpeno kaj iam estis Esperanto-lando, Ne\u016dtrala Moresnet.<\/p>\n\n\n\n<h3 class=\"wp-block-heading\">Voja\u011di<\/h3>\n\n\n\n<p>Grava parto de la Esperanto-kulturo estas voja\u011di al aliaj landoj kaj renkonti homojn el la tuta mondo. Dum kongresoj oni kune vesperman\u011das, kaj multaj esperantistoj aktive ser\u0109as kontakton unu kun la alia. Danke al la lingvo, ili ekkonas diversajn kutimojn, tradiciojn kaj gustojn el aliaj kulturoj. Per la <a href=\"https:\/\/www.pasportaservo.org\" data-type=\"link\" data-id=\"https:\/\/www.pasportaservo.org\" target=\"_blank\" rel=\"noreferrer noopener\">retejo Pasporto Servo<\/a> oni povas trovi gastemajn esperantistojn \u0109e kiuj vi povas tranokti \u2014 kaj se vi volas, vi anka\u016d povas ali\u011di kiel gastiganto a\u016d gastigantino.<\/p>\n\n\n\n<figure class=\"wp-block-image size-large is-resized\"><a href=\"https:\/\/esperanto-nederland.nl\/index.php\/eo\/mia-vizito-al-esperantolando\"><img decoding=\"async\" src=\"https:\/\/esperanto-nederland.nl\/wp-content\/uploads\/2025\/08\/Rianne-Sanders-2-1024x768.jpg\" alt=\"\" style=\"width:400px\"\/><\/a><\/figure>\n\n\n\n<p>Rianne Sanders verkis personan raporton pri la renkonti\u011doj, kiujn \u015di spertis en 2025 pere de Esperanto: <a href=\"https:\/\/esperanto-nederland.nl\/index.php\/eo\/mia-vizito-al-esperantolando\" type=\"link\" id=\"https:\/\/esperanto-nederland.nl\/index.php\/eo\/mia-vizito-al-esperantolando\">Mia vizito al Esperantolando<\/a>.<\/p>\n\n\n\n<p>En la somero de 2024 Rianne Sanders renkontis Evelyne kaj \u015dian partneron dum piedirado tra Francio. Ili estis la unuaj esperantistoj kun kiuj \u015di iam ajn konati\u011dis. \u015ci tranoktis \u0109e ili kaj dum tiuj vespero Evelyne tiel vigle kaj entuziasme rakontis pri Esperanto, ke balda\u016d poste \u015di mem decidis eklerni la lingvon. <a href=\"https:\/\/esperanto-nederland.nl\/index.php\/eo\/intervjuo_kun_evelyne_el_francio\/\" data-type=\"link\" data-id=\"https:\/\/esperanto-nederland.nl\/index.php\/eo\/intervjuo_kun_evelyne_el_francio\/\">Legu la intervjuon kun Evelyne<\/a>.<\/p>\n\n\n\n<p>Esperantistoj renkontas esperantistojn en aliaj landoj, kaj tiam foje ekestas amrilatoj. Anta\u016d kelkaj jaroj, Marc van Oostendorp ricevis viziton de du nederlandaj sinjorinoj, kiuj alportis al li stakon da amleteroj verkitaj en Esperanto, kun la peto traduki ilin. Ilia nederlanda patro ricevis tiujn leterojn en la tridekaj jaroj, de sia itala amikino. La leteroj rakontas la historion de granda amo, kiun ilia patro \u015dajne neniam forgesis. <a href=\"https:\/\/esperanto-nederland.nl\/index.php\/eo\/leteroj-kiel-suneroj-en-kesto\" data-type=\"link\" data-id=\"https:\/\/esperanto-nederland.nl\/index.php\/eo\/leteroj-kiel-suneroj-en-kesto\">Al alia rakonto.<\/a><\/p>\n\n\n\n<h3 class=\"wp-block-heading\">Muziko, radio kaj televido<\/h3>\n\n\n\n<p>Vi povas a\u016dskulti multe da Esperanto-muziko \u0109e Jutubo. Ekzistas anka\u016d sendependa muzikeldonejo, Vinilkosmo, kiu okupi\u011das pri produktado, eldonado kaj distribuado de muziko en Esperanto. \u011ci ofertas lar\u011dan gamon de muzikstiloj, inkluzive de roko, popmuziko, popola, kaj pli. La etikedo subtenas artistojn el la tuta mondo kaj propagandas la Esperanto-kulturon per muziko. <a href=\"https:\/\/www.vinilkosmo-mp3.com\/eo\/\" target=\"_blank\" rel=\"noreferrer noopener\">Vinilkosmo&#8230;<\/a><\/p>\n\n\n\n<p>Ekzistas pluraj Esperantaj radiostacioj, kiujn oni nun povas a\u016dskulti rete a\u016d kiel podkasto. <a href=\"http:\/\/muzaiko.info\/\" target=\"_blank\" rel=\"noreferrer noopener\">Muzaiko<\/a> elsendas 24 horojn tage. Krom Muzaiko, kelkaj el la plej a\u016dskultitaj podkastoj estas <a href=\"https:\/\/esperanto.cri.cn\/\" target=\"_blank\" rel=\"noreferrer noopener\">\u0108ina Radio internacia<\/a>, <a href=\"https:\/\/melburno.org.au\/3ZZZradio\/\" target=\"_blank\" rel=\"noreferrer noopener\">3ZZZradio<\/a> el A\u016dstralio, <a href=\"https:\/\/pola-retradio.org\/\" target=\"_blank\" rel=\"noreferrer noopener\">Pola Retradio<\/a> kaj <a href=\"https:\/\/www.podkasto.net\/\" target=\"_blank\" rel=\"noreferrer noopener\">Varsovia Vento<\/a> el Pollando kaj <a href=\"https:\/\/www.radiohc.cu\/eo\/inicio-esperanto-2\/\" data-type=\"link\" data-id=\"https:\/\/www.radiohc.cu\/eo\/inicio-esperanto-2\/\" target=\"_blank\" rel=\"noreferrer noopener\">Radio Havano Kubo<\/a> el Kubo. Vi povas trovi pli da radio kaj podkastoj \u0109e <a href=\"https:\/\/esperanto.net\/nl\/uitzendingen-in-esperanto\/\" target=\"_blank\" rel=\"noreferrer noopener\">Esperanto.net<\/a>.<\/p>\n\n\n\n<p><a href=\"https:\/\/esperanto-tv.com\/zamtv\">ZamTV<\/a> montras filmetojn 24 horojn tage kaj tiel \u011di funkcias kiel televidilo.<\/p>\n\n\n\n<figure class=\"wp-block-image size-large is-resized\"><img loading=\"lazy\" decoding=\"async\" width=\"1024\" height=\"687\" src=\"https:\/\/esperanto-nederland.nl\/wp-content\/uploads\/2026\/01\/Himalia-1024x687.jpg\" alt=\"\" class=\"wp-image-12461\" style=\"width:400px\" srcset=\"https:\/\/esperanto-nederland.nl\/wp-content\/uploads\/2026\/01\/Himalia-1024x687.jpg 1024w, https:\/\/esperanto-nederland.nl\/wp-content\/uploads\/2026\/01\/Himalia-300x201.jpg 300w, https:\/\/esperanto-nederland.nl\/wp-content\/uploads\/2026\/01\/Himalia-768x516.jpg 768w, https:\/\/esperanto-nederland.nl\/wp-content\/uploads\/2026\/01\/Himalia-360x242.jpg 360w, https:\/\/esperanto-nederland.nl\/wp-content\/uploads\/2026\/01\/Himalia-566x380.jpg 566w, https:\/\/esperanto-nederland.nl\/wp-content\/uploads\/2026\/01\/Himalia.jpg 1272w\" sizes=\"auto, (max-width: 1024px) 100vw, 1024px\" \/><\/figure>\n\n\n\n<h4 class=\"wp-block-heading\">Himalia (2024) \u2013 Poema sciencfikcia fabelo en Esperanto<\/h4>\n\n\n\n<p>La kanada mallongfilmo <strong>Himalia<\/strong> (2024), re\u011disorita de Juliette A. Lossky kaj Clara Milo, prezentas droman, forte vidan rakonton pri juna knabino, kiu allogi\u011das de mistera lumradio el la \u0109ielo. En mondo kie realo kaj imagopovo sin tu\u015das, \u015di sekvas tiun lumon kiel internan gvidilon en sia ser\u0109ado je senco kaj identeco.<\/p>\n\n\n\n<p>Specialan nuancon donas la uzo de <strong>Esperanto<\/strong>. La kreintoj elektis lingvon ne ligitan al unu sola lando a\u016d kulturo, por doni al la filmo universalan, preska\u016d senlokan etoson. La milda, melodie fluanta sono de Esperanto perfekte kongruas kun la poezia tono de la rakonto.<\/p>\n\n\n\n<p><a href=\"https:\/\/www.arte.tv\/fr\/videos\/128695-000-A\/himalia\/\" data-type=\"link\" data-id=\"https:\/\/www.arte.tv\/fr\/videos\/128695-000-A\/himalia\/\" target=\"_blank\" rel=\"noreferrer noopener\">Spektu la filmon \u0109e Arte<\/a>.<\/p>\n\n\n\n<h3 class=\"wp-block-heading\">Simboloj kaj kutimoj<\/h3>\n\n\n\n<p>Esperanto-kulturo havas emblemojn, simbolojn kaj arta\u0135ojn. Estis eldonitaj Esperantaj po\u015dtmarkoj kaj foje e\u0109 moneroj nomitaj <a href=\"https:\/\/nl.wikipedia.org\/wiki\/Stelo\" target=\"_blank\" rel=\"noreferrer noopener\">steloj<\/a>.<\/p>\n\n\n\n<p>Esperantistoj havas anka\u016d proprajn kutimojn kaj kutimojn, ekzemple kiam ili renkontas unu la alian. Ili uzas certajn Esperantajn vortojn. Ekzemplo de tia vorto estas &#8220;krokodili&#8221;, kiu signifas, ke homoj en Esperanta medio parolas sian propran nacian lingvon.<\/p>\n\n\n\n<p>La kulturo \u015dan\u011di\u011das kaj ri\u0109i\u011das \u0109ar homoj en la tuta mondo renkontas unu la alian.<\/p>\n\n\n\n<p>Por tiuj, kiuj volas scii pli pri Esperanto-kulturo, povas legi la libron <em><a href=\"https:\/\/wydawnictworys.com\/esperanta-kulturo-red-ilona-koutny.html\" target=\"_blank\" rel=\"noreferrer noopener\">Esperanta kulturo<\/a><\/em>, redaktita de Ilona Koutny (lingvo: Esperanto).<\/p>\n\n\n\n<div class=\"wp-block-columns is-layout-flex wp-container-core-columns-is-layout-9d6595d7 wp-block-columns-is-layout-flex\">\n<div class=\"wp-block-column is-layout-flow wp-block-column-is-layout-flow\">\n<figure data-wp-context=\"{&quot;imageId&quot;:&quot;69f1d26412e8e&quot;}\" data-wp-interactive=\"core\/image\" class=\"wp-block-image size-full wp-lightbox-container\"><img loading=\"lazy\" decoding=\"async\" width=\"944\" height=\"708\" data-wp-class--hide=\"state.isContentHidden\" data-wp-class--show=\"state.isContentVisible\" data-wp-init=\"callbacks.setButtonStyles\" data-wp-on-async--click=\"actions.showLightbox\" data-wp-on-async--load=\"callbacks.setButtonStyles\" data-wp-on-async-window--resize=\"callbacks.setButtonStyles\" src=\"https:\/\/esperanto-nederland.nl\/wp-content\/uploads\/2024\/07\/afbeelding_2024-07-02_223211995-edited.png\" alt=\"\" class=\"wp-image-4579\" style=\"object-fit:cover\" srcset=\"https:\/\/esperanto-nederland.nl\/wp-content\/uploads\/2024\/07\/afbeelding_2024-07-02_223211995-edited.png 944w, https:\/\/esperanto-nederland.nl\/wp-content\/uploads\/2024\/07\/afbeelding_2024-07-02_223211995-edited-300x225.png 300w, https:\/\/esperanto-nederland.nl\/wp-content\/uploads\/2024\/07\/afbeelding_2024-07-02_223211995-edited-768x576.png 768w, https:\/\/esperanto-nederland.nl\/wp-content\/uploads\/2024\/07\/afbeelding_2024-07-02_223211995-edited-507x380.png 507w\" sizes=\"auto, (max-width: 944px) 100vw, 944px\" \/><button\n\t\t\tclass=\"lightbox-trigger\"\n\t\t\ttype=\"button\"\n\t\t\taria-haspopup=\"dialog\"\n\t\t\taria-label=\"Vergroten\"\n\t\t\tdata-wp-init=\"callbacks.initTriggerButton\"\n\t\t\tdata-wp-on-async--click=\"actions.showLightbox\"\n\t\t\tdata-wp-style--right=\"state.imageButtonRight\"\n\t\t\tdata-wp-style--top=\"state.imageButtonTop\"\n\t\t>\n\t\t\t<svg xmlns=\"http:\/\/www.w3.org\/2000\/svg\" width=\"12\" height=\"12\" fill=\"none\" viewBox=\"0 0 12 12\">\n\t\t\t\t<path fill=\"#fff\" d=\"M2 0a2 2 0 0 0-2 2v2h1.5V2a.5.5 0 0 1 .5-.5h2V0H2Zm2 10.5H2a.5.5 0 0 1-.5-.5V8H0v2a2 2 0 0 0 2 2h2v-1.5ZM8 12v-1.5h2a.5.5 0 0 0 .5-.5V8H12v2a2 2 0 0 1-2 2H8Zm2-12a2 2 0 0 1 2 2v2h-1.5V2a.5.5 0 0 0-.5-.5H8V0h2Z\" \/>\n\t\t\t<\/svg>\n\t\t<\/button><figcaption class=\"wp-element-caption\">Esperanto-monumento en Zwolle <em>(foto: F.K. Hovinga)<\/em><\/figcaption><\/figure>\n<\/div>\n\n\n\n<div class=\"wp-block-column is-layout-flow wp-block-column-is-layout-flow\">\n<figure data-wp-context=\"{&quot;imageId&quot;:&quot;69f1d26413690&quot;}\" data-wp-interactive=\"core\/image\" class=\"wp-block-image size-large wp-lightbox-container\"><img loading=\"lazy\" decoding=\"async\" width=\"1024\" height=\"768\" data-wp-class--hide=\"state.isContentHidden\" data-wp-class--show=\"state.isContentVisible\" data-wp-init=\"callbacks.setButtonStyles\" data-wp-on-async--click=\"actions.showLightbox\" data-wp-on-async--load=\"callbacks.setButtonStyles\" data-wp-on-async-window--resize=\"callbacks.setButtonStyles\" src=\"https:\/\/esperanto-nederland.nl\/wp-content\/uploads\/2024\/07\/20230805fkho1146380_1200p-Esperanto-vlag-UK-2023-1024x768.jpg\" alt=\"\" class=\"wp-image-4500\" style=\"object-fit:cover\" srcset=\"https:\/\/esperanto-nederland.nl\/wp-content\/uploads\/2024\/07\/20230805fkho1146380_1200p-Esperanto-vlag-UK-2023-1024x768.jpg 1024w, https:\/\/esperanto-nederland.nl\/wp-content\/uploads\/2024\/07\/20230805fkho1146380_1200p-Esperanto-vlag-UK-2023-300x225.jpg 300w, https:\/\/esperanto-nederland.nl\/wp-content\/uploads\/2024\/07\/20230805fkho1146380_1200p-Esperanto-vlag-UK-2023-768x576.jpg 768w, https:\/\/esperanto-nederland.nl\/wp-content\/uploads\/2024\/07\/20230805fkho1146380_1200p-Esperanto-vlag-UK-2023-507x380.jpg 507w, https:\/\/esperanto-nederland.nl\/wp-content\/uploads\/2024\/07\/20230805fkho1146380_1200p-Esperanto-vlag-UK-2023.jpg 1200w\" sizes=\"auto, (max-width: 1024px) 100vw, 1024px\" \/><button\n\t\t\tclass=\"lightbox-trigger\"\n\t\t\ttype=\"button\"\n\t\t\taria-haspopup=\"dialog\"\n\t\t\taria-label=\"Vergroten\"\n\t\t\tdata-wp-init=\"callbacks.initTriggerButton\"\n\t\t\tdata-wp-on-async--click=\"actions.showLightbox\"\n\t\t\tdata-wp-style--right=\"state.imageButtonRight\"\n\t\t\tdata-wp-style--top=\"state.imageButtonTop\"\n\t\t>\n\t\t\t<svg xmlns=\"http:\/\/www.w3.org\/2000\/svg\" width=\"12\" height=\"12\" fill=\"none\" viewBox=\"0 0 12 12\">\n\t\t\t\t<path fill=\"#fff\" d=\"M2 0a2 2 0 0 0-2 2v2h1.5V2a.5.5 0 0 1 .5-.5h2V0H2Zm2 10.5H2a.5.5 0 0 1-.5-.5V8H0v2a2 2 0 0 0 2 2h2v-1.5ZM8 12v-1.5h2a.5.5 0 0 0 .5-.5V8H12v2a2 2 0 0 1-2 2H8Zm2-12a2 2 0 0 1 2 2v2h-1.5V2a.5.5 0 0 0-.5-.5H8V0h2Z\" \/>\n\t\t\t<\/svg>\n\t\t<\/button><figcaption class=\"wp-element-caption\"><em>La Esperanto-flago estas unu el la simboloj de Esperanto, same kiel la verda koloro. <\/em><em>(foto: F.K. Hovinga)<\/em><\/figcaption><\/figure>\n<\/div>\n\n\n\n<div class=\"wp-block-column is-layout-flow wp-block-column-is-layout-flow\">\n<figure data-wp-context=\"{&quot;imageId&quot;:&quot;69f1d26413f3e&quot;}\" data-wp-interactive=\"core\/image\" class=\"wp-block-image size-large wp-lightbox-container\"><img loading=\"lazy\" decoding=\"async\" width=\"1173\" height=\"880\" data-wp-class--hide=\"state.isContentHidden\" data-wp-class--show=\"state.isContentVisible\" data-wp-init=\"callbacks.setButtonStyles\" data-wp-on-async--click=\"actions.showLightbox\" data-wp-on-async--load=\"callbacks.setButtonStyles\" data-wp-on-async-window--resize=\"callbacks.setButtonStyles\" src=\"https:\/\/esperanto-nederland.nl\/wp-content\/uploads\/2024\/07\/20230803fkho2021020_sel2-1200p-Kjara-UK-Turijn-edited.jpg\" alt=\"\" class=\"wp-image-4580\" srcset=\"https:\/\/esperanto-nederland.nl\/wp-content\/uploads\/2024\/07\/20230803fkho2021020_sel2-1200p-Kjara-UK-Turijn-edited.jpg 1173w, https:\/\/esperanto-nederland.nl\/wp-content\/uploads\/2024\/07\/20230803fkho2021020_sel2-1200p-Kjara-UK-Turijn-edited-300x225.jpg 300w, https:\/\/esperanto-nederland.nl\/wp-content\/uploads\/2024\/07\/20230803fkho2021020_sel2-1200p-Kjara-UK-Turijn-edited-1024x768.jpg 1024w, https:\/\/esperanto-nederland.nl\/wp-content\/uploads\/2024\/07\/20230803fkho2021020_sel2-1200p-Kjara-UK-Turijn-edited-768x576.jpg 768w, https:\/\/esperanto-nederland.nl\/wp-content\/uploads\/2024\/07\/20230803fkho2021020_sel2-1200p-Kjara-UK-Turijn-edited-507x380.jpg 507w\" sizes=\"auto, (max-width: 1173px) 100vw, 1173px\" \/><button\n\t\t\tclass=\"lightbox-trigger\"\n\t\t\ttype=\"button\"\n\t\t\taria-haspopup=\"dialog\"\n\t\t\taria-label=\"Vergroten\"\n\t\t\tdata-wp-init=\"callbacks.initTriggerButton\"\n\t\t\tdata-wp-on-async--click=\"actions.showLightbox\"\n\t\t\tdata-wp-style--right=\"state.imageButtonRight\"\n\t\t\tdata-wp-style--top=\"state.imageButtonTop\"\n\t\t>\n\t\t\t<svg xmlns=\"http:\/\/www.w3.org\/2000\/svg\" width=\"12\" height=\"12\" fill=\"none\" viewBox=\"0 0 12 12\">\n\t\t\t\t<path fill=\"#fff\" d=\"M2 0a2 2 0 0 0-2 2v2h1.5V2a.5.5 0 0 1 .5-.5h2V0H2Zm2 10.5H2a.5.5 0 0 1-.5-.5V8H0v2a2 2 0 0 0 2 2h2v-1.5ZM8 12v-1.5h2a.5.5 0 0 0 .5-.5V8H12v2a2 2 0 0 1-2 2H8Zm2-12a2 2 0 0 1 2 2v2h-1.5V2a.5.5 0 0 0-.5-.5H8V0h2Z\" \/>\n\t\t\t<\/svg>\n\t\t<\/button><figcaption class=\"wp-element-caption\">La itala kantistino Kjara regule kantas kaj eldonis plurajn KD-ojn en Esperanto.<\/figcaption><\/figure>\n<\/div>\n<\/div>\n\n\n\n<h3 class=\"wp-block-heading\">La nombro de esperantistoj<\/h3>\n\n\n\n<figure data-wp-context=\"{&quot;imageId&quot;:&quot;69f1d264148bb&quot;}\" data-wp-interactive=\"core\/image\" class=\"wp-block-image size-large is-resized is-style-default wp-lightbox-container\"><img loading=\"lazy\" decoding=\"async\" width=\"1024\" height=\"768\" data-wp-class--hide=\"state.isContentHidden\" data-wp-class--show=\"state.isContentVisible\" data-wp-init=\"callbacks.setButtonStyles\" data-wp-on-async--click=\"actions.showLightbox\" data-wp-on-async--load=\"callbacks.setButtonStyles\" data-wp-on-async-window--resize=\"callbacks.setButtonStyles\" src=\"https:\/\/esperanto-nederland.nl\/wp-content\/uploads\/2024\/07\/20230804fkho2014400_kl-1200p-1024x768.jpg\" alt=\"\" class=\"wp-image-4487\" style=\"width:400px\" srcset=\"https:\/\/esperanto-nederland.nl\/wp-content\/uploads\/2024\/07\/20230804fkho2014400_kl-1200p-1024x768.jpg 1024w, https:\/\/esperanto-nederland.nl\/wp-content\/uploads\/2024\/07\/20230804fkho2014400_kl-1200p-300x225.jpg 300w, https:\/\/esperanto-nederland.nl\/wp-content\/uploads\/2024\/07\/20230804fkho2014400_kl-1200p-768x576.jpg 768w, https:\/\/esperanto-nederland.nl\/wp-content\/uploads\/2024\/07\/20230804fkho2014400_kl-1200p-507x380.jpg 507w, https:\/\/esperanto-nederland.nl\/wp-content\/uploads\/2024\/07\/20230804fkho2014400_kl-1200p.jpg 1200w\" sizes=\"auto, (max-width: 1024px) 100vw, 1024px\" \/><button\n\t\t\tclass=\"lightbox-trigger\"\n\t\t\ttype=\"button\"\n\t\t\taria-haspopup=\"dialog\"\n\t\t\taria-label=\"Vergroten\"\n\t\t\tdata-wp-init=\"callbacks.initTriggerButton\"\n\t\t\tdata-wp-on-async--click=\"actions.showLightbox\"\n\t\t\tdata-wp-style--right=\"state.imageButtonRight\"\n\t\t\tdata-wp-style--top=\"state.imageButtonTop\"\n\t\t>\n\t\t\t<svg xmlns=\"http:\/\/www.w3.org\/2000\/svg\" width=\"12\" height=\"12\" fill=\"none\" viewBox=\"0 0 12 12\">\n\t\t\t\t<path fill=\"#fff\" d=\"M2 0a2 2 0 0 0-2 2v2h1.5V2a.5.5 0 0 1 .5-.5h2V0H2Zm2 10.5H2a.5.5 0 0 1-.5-.5V8H0v2a2 2 0 0 0 2 2h2v-1.5ZM8 12v-1.5h2a.5.5 0 0 0 .5-.5V8H12v2a2 2 0 0 1-2 2H8Zm2-12a2 2 0 0 1 2 2v2h-1.5V2a.5.5 0 0 0-.5-.5H8V0h2Z\" \/>\n\t\t\t<\/svg>\n\t\t<\/button><figcaption class=\"wp-element-caption\"><em>Renkonti\u011do kun germanoj kaj belgoj en Torino<\/em><br><em>(UK 2023) (foto: F.K. Hovinga)<\/em><\/figcaption><\/figure>\n\n\n\n<p>Neniu scias kiom da esperantistoj estas. Taksoj foje estis faritaj. La nombroj varias de dekoj de miloj da homoj \u011dis 2 milionoj da homoj tutmonde. Dependas anka\u016d de kiu oni konsideras esperantisto. Tiuj, kiuj entuziasmas pri Esperanto kaj lernis nur kelkajn vortojn, povas nomi sin esperantistoj, same kiel tiuj, kiuj jam de jaroj nenion faris per la lingvo, sed tamen \u015datas la ideon. La termino &#8220;esperantisto&#8221; ne estas protektata. Tio ver\u015dajne ne bone kongruus kun la Esperanto-ideo kie inkluzivo estas grava kerna valoro.<\/p>\n\n\n\n<p>Kelkaj homoj ali\u011das al asocio. Esperanto Nederlando nuntempe (2024) havas pli ol ducent membrojn. UEA havis dek tri mil membrojn en 2016. Sed \u0109i tiuj nombroj diras malmulte pri la nombro da homoj, kiuj interesi\u011das pri la lingvo. La Esperanta versio de Vikipedio montras, ke estas multaj Esperanto-entuziasmuloj ekster la asocioj. La nombro de \u0109i tie kreitaj artikoloj superis 350 mil en 2024 (fonto: r\/Esperanto). La Esperanta Vikipedio estas do en la 27-a loko se temas pri la kvanto de artikoloj (fonto: Bing Copilot). \u011ci havas 595000 vizitantoj monate.<\/p>\n\n\n\n<h4 class=\"wp-block-heading\">Esperanto video<\/h4>\n\n\n\n<p>La \u0109i-suba video, de anta\u016d kelkaj jaroj, donas bonan impreson pri la Esperanto-movado. Vi povas \u015dalti nederlandajn subtekstojn.<\/p>\n\n\n\n<p class=\"has-vivid-red-color has-text-color has-link-color wp-elements-6c9180880285d36701bb1b1bb8407e0b\"><iframe loading=\"lazy\" width=\"480\" height=\"360\" src=\"https:\/\/www.youtube.com\/embed\/rgKHtrbqH8Y\" frameborder=\"0\" allowfullscreen=\"\"><\/iframe><\/p>\n","protected":false},"excerpt":{"rendered":"<p>En la Esperanto-mondo esperantistoj el diversaj fonoj renkontas unu la alian. Inter ili estas junaj kaj maljunaj, homoj kun malsamaj gustoj pri muziko, homoj kiuj man\u011das kaj ne man\u011das viandon, homoj kun malsamaj politikaj kaj religiaj devenoj, pacifistoj kaj homoj kiuj ali\u011dis kiel soldatoj en Ukrainio. Oni uzas vortoj kiel &#8220;Esperanto-movado&#8221; kaj &#8220;la Esperanto-mondo&#8221; por &hellip; <a href=\"https:\/\/esperanto-nederland.nl\/index.php\/eo\/esperanto-kulturo\/\" class=\"more-link\">Verder lezen <span class=\"screen-reader-text\">Esperanto-kulturo<\/span><\/a><\/p>\n","protected":false},"author":2,"featured_media":0,"parent":0,"menu_order":0,"comment_status":"closed","ping_status":"closed","template":"","meta":{"footnotes":""},"class_list":["post-6741","page","type-page","status-publish","hentry","without-featured-image"],"_links":{"self":[{"href":"https:\/\/esperanto-nederland.nl\/index.php\/wp-json\/wp\/v2\/pages\/6741","targetHints":{"allow":["GET"]}}],"collection":[{"href":"https:\/\/esperanto-nederland.nl\/index.php\/wp-json\/wp\/v2\/pages"}],"about":[{"href":"https:\/\/esperanto-nederland.nl\/index.php\/wp-json\/wp\/v2\/types\/page"}],"author":[{"embeddable":true,"href":"https:\/\/esperanto-nederland.nl\/index.php\/wp-json\/wp\/v2\/users\/2"}],"replies":[{"embeddable":true,"href":"https:\/\/esperanto-nederland.nl\/index.php\/wp-json\/wp\/v2\/comments?post=6741"}],"version-history":[{"count":26,"href":"https:\/\/esperanto-nederland.nl\/index.php\/wp-json\/wp\/v2\/pages\/6741\/revisions"}],"predecessor-version":[{"id":13237,"href":"https:\/\/esperanto-nederland.nl\/index.php\/wp-json\/wp\/v2\/pages\/6741\/revisions\/13237"}],"wp:attachment":[{"href":"https:\/\/esperanto-nederland.nl\/index.php\/wp-json\/wp\/v2\/media?parent=6741"}],"curies":[{"name":"wp","href":"https:\/\/api.w.org\/{rel}","templated":true}]}}