{"id":6771,"date":"2024-10-08T12:47:25","date_gmt":"2024-10-08T10:47:25","guid":{"rendered":"https:\/\/esperanto-nederland.nl\/?page_id=6771"},"modified":"2026-01-31T09:17:04","modified_gmt":"2026-01-31T08:17:04","slug":"lokaj-grupoj","status":"publish","type":"page","link":"https:\/\/esperanto-nederland.nl\/index.php\/eo\/lokaj-grupoj\/","title":{"rendered":"Lokaj grupoj"},"content":{"rendered":"\n<div class=\"wp-block-columns is-layout-flex wp-container-core-columns-is-layout-9d6595d7 wp-block-columns-is-layout-flex\">\n<div class=\"wp-block-column is-layout-flow wp-block-column-is-layout-flow\">\n<div id=\"main_inner\" class=\"fixed\" style=\"position:relative;\">\n\t      \n       <img decoding=\"async\" src=\"https:\/\/esperanto-nederland.nl\/wp-content\/uploads\/2024\/04\/nederland.gif\" style=\"position:absolute; left:0px; top:0px; width: 417px; height: 475px;\"> \n<a href=\"#alkmaar\"><img decoding=\"async\" src=\"https:\/\/esperanto-nederland.nl\/wp-content\/uploads\/2024\/04\/steleto-r.png\" border=\"0\" title=\"Alkmaar e.o.\" style=\"position:absolute;left:145px;top:120px;\"><\/a>\n<a href=\"#haarlem\"><img decoding=\"async\" src=\"https:\/\/esperanto-nederland.nl\/wp-content\/uploads\/2024\/04\/steleto-v.png\" border=\"0\" title=\"Haarlem\" style=\"position:absolute;left:133px;top:170px;\"><\/a>\n<a href=\"#groningen\"><img decoding=\"async\" src=\"https:\/\/esperanto-nederland.nl\/wp-content\/uploads\/2024\/04\/steleto-r.png\" border=\"0\" title=\"Noord-Nederland\" style=\"position:absolute;left:331px;top:38px;\"><\/a>\n<a href=\"#leeuwarden\"><img decoding=\"async\" src=\"https:\/\/esperanto-nederland.nl\/wp-content\/uploads\/2024\/04\/steleto-v.png\" border=\"0\" title=\"Friesland - Leeuwarden\" style=\"position:absolute;left:252px;top:38px;\"><\/a>\n<a href=\"#voorschoten\"><img decoding=\"async\" src=\"https:\/\/esperanto-nederland.nl\/wp-content\/uploads\/2024\/04\/steleto-v.png\" border=\"0\" title=\"Voorschoten\" style=\"position:absolute;left:105px;top:225px;\"><\/a>\n<a href=\"#harich\"><img decoding=\"async\" src=\"https:\/\/esperanto-nederland.nl\/wp-content\/uploads\/2024\/04\/steleto-v.png\" border=\"0\" title=\"Friesland - Harich\" style=\"position:absolute;left:232px;top:90px;\"><\/a>\n<a href=\"#zeeland\"><img decoding=\"async\" src=\"https:\/\/esperanto-nederland.nl\/wp-content\/uploads\/2024\/04\/steleto-v.png\" border=\"0\" title=\"Meza Zelando (midden Zeeland)\" style=\"position:absolute;left:40px;top:335px;\"><\/a>\n<a href=\"#oost-veluwe\"><img decoding=\"async\" src=\"https:\/\/esperanto-nederland.nl\/wp-content\/uploads\/2024\/04\/steleto-v.png\" border=\"0\" title=\"Oost Veluwe\" style=\"position:absolute;left:270px;top:206px;\"><\/a>\n<a href=\"#nijmegen\"><img decoding=\"async\" src=\"https:\/\/esperanto-nederland.nl\/wp-content\/uploads\/2024\/04\/steleto-v.png\" border=\"0\" title=\"Nijmegen\" style=\"position:absolute;left:170px;top:170px;\"><\/a>\n<a href=\"#eindhoven\"><img decoding=\"async\" src=\"https:\/\/esperanto-nederland.nl\/wp-content\/uploads\/2024\/04\/steleto-r.png\" border=\"0\" title=\"Eindhoven\" style=\"position:absolute;left:210px;top:330px;\"><\/a>\n<a href=\"#laamsterdamarondo\"><img decoding=\"async\" src=\"https:\/\/esperanto-nederland.nl\/wp-content\/uploads\/2024\/04\/steleto-r.png\" border=\"0\" title=\"La Amsterdam Rondo\" style=\"position:absolute;left:170px;top:170px;\"><\/a>\n<a href=\"#amsterdam\"><img decoding=\"async\" src=\"https:\/\/esperanto-nederland.nl\/wp-content\/uploads\/2024\/04\/steleto-v.png\" border=\"0\" title=\"Amsterdam\" style=\"position:absolute;left:160px;top:185px;\"><\/a>\n<a href=\"#heerlen\"><img decoding=\"async\" src=\"https:\/\/esperanto-nederland.nl\/wp-content\/uploads\/2024\/04\/steleto-v.png\" border=\"0\" title=\"Heerlen\" style=\"position:absolute;left:275px;top:435px;\"><\/a>\n<a href=\"#zutphen\"><img decoding=\"async\" src=\"https:\/\/esperanto-nederland.nl\/wp-content\/uploads\/2024\/04\/steleto-r.png\" border=\"0\" title=\"Zutphen\" style=\"position:absolute;left:295px;top:225px;\"><\/a>\n\t\n     <p><\/p>\n    <p>&nbsp;<\/p>\n    <p>&nbsp;<\/p>\n    <p>&nbsp;<\/p>\n    <p>&nbsp;<\/p>    \n    <p>&nbsp;<\/p>    \n    <p>&nbsp;<\/p>\n    <p>&nbsp;<\/p>\n    <p>&nbsp;<\/p>\n    <p>&nbsp;<\/p>\n    <p>&nbsp;<\/p>\n    <p>&nbsp;<\/p>\n<\/div>\n<br class=\"clear\">\n<\/div>\n\n\n\n<div class=\"wp-block-column is-layout-flow wp-block-column-is-layout-flow\">\n<p>En multaj lokoj en Nederlando esperantistoj renkonti\u011das en lokaj grupoj: en Alkmaar, Eindhoven, Norda Nederlando, Amsterdamo kaj en Zutphen. \u0108iu loka grupo organizas siajn proprajn agadojn. \u0108iuj estas bonvenaj ali\u011di al la klubo. Por tio, kontaktu la kunordiganton.<\/p>\n\n\n\n<p>En Nederlando estas anka\u016d kontaktpersonoj, kiujn vi povas kontakti kiam vi volas scii pli pri Esperanto, la lingvo a\u016d la asocio. La nomojn kaj kontaktinformojn vi trovos sube de \u0109i tiu pa\u011do.<\/p>\n<\/div>\n<\/div>\n\n\n\n<p><\/p>\n\n\n\n<h2 class=\"wp-block-heading\">Lokaj grupoj<\/h2>\n\n\n\n<div class=\"wp-block-columns is-layout-flex wp-container-core-columns-is-layout-9d6595d7 wp-block-columns-is-layout-flex\">\n<div class=\"wp-block-column is-layout-flow wp-block-column-is-layout-flow\" style=\"flex-basis:66.66%\">\n<h3 class=\"wp-block-heading\"><a name=\"alkmaar\"><\/a>Alkmaar<\/h3>\n\n\n\n<p>Tiny Droge<br>Grevelingen 130<br>NL-1826 AR Alkmaar<br>Tel: +31(0)725 610 349<br><a href=\"https:\/\/esperanto-nederland.nl\/index.php\/eo\/kontakti-alkmaar\/\" data-type=\"link\" data-id=\"https:\/\/esperanto-nederland.nl\/index.php\/eo\/kontakti-alkmaar\/\" target=\"_blank\" rel=\"noreferrer noopener\">Kontaktu&#8230;<\/a> <br><br>\u0108iu tria lundo (en a\u016dgusto la kvara) de la monato je la 20.00 horo estas la regulaj klubkunvenoj kun diversaj temoj.<\/p>\n\n\n\n<p>Retejo de la asocio: <a href=\"http:\/\/www.fromagokloso.nl\" target=\"_blank\" rel=\"noreferrer noopener\">Froma\u011doklo\u015do<\/a>.<br><br><\/p>\n<\/div>\n\n\n\n<div class=\"wp-block-column is-layout-flow wp-block-column-is-layout-flow\" style=\"flex-basis:33.33%\">\n<figure class=\"wp-block-image size-full is-resized\"><img loading=\"lazy\" decoding=\"async\" width=\"653\" height=\"619\" src=\"https:\/\/esperanto-nederland.nl\/wp-content\/uploads\/2023\/09\/Embleem_EsperantoAlkmaar.gif\" alt=\"\" class=\"wp-image-1038\" style=\"width:196px;height:186px\"\/><\/figure>\n<\/div>\n<\/div>\n\n\n\n<div class=\"wp-block-columns is-layout-flex wp-container-core-columns-is-layout-9d6595d7 wp-block-columns-is-layout-flex\">\n<div class=\"wp-block-column is-layout-flow wp-block-column-is-layout-flow\">\n<h3 class=\"wp-block-heading\"><a name=\"eindhoven\"><\/a>Eindhoven<\/h3>\n\n\n\n<p>An Olijslagers<br>Veghel<br>Tel. 0431 352894<br><a href=\"https:\/\/esperanto-nederland.nl\/index.php\/eo\/kontakti-eindhoven\/\" data-type=\"link\" data-id=\"https:\/\/esperanto-nederland.nl\/index.php\/eo\/kontakti-eindhoven\/\" target=\"_blank\" rel=\"noreferrer noopener\">Kontaktu&#8230;<\/a><\/p>\n\n\n\n<p>La regula renkonti\u011do estas \u0109iu tria merkredo de la monato (escepte de julio kaj a\u016dgusto) je la 20.00 horo.<\/p>\n\n\n\n<p>Pli da informo pri <a href=\"https:\/\/eke.dse.nl\" data-type=\"link\" data-id=\"https:\/\/eke.dse.nl\" target=\"_blank\" rel=\"noreferrer noopener\">Esperanto-klubo Eindhoven<\/a>.<br> <br> <br> <\/p>\n<\/div>\n\n\n\n<div class=\"wp-block-column is-layout-flow wp-block-column-is-layout-flow\">\n<figure class=\"wp-block-image size-full is-resized\"><img loading=\"lazy\" decoding=\"async\" width=\"456\" height=\"249\" src=\"https:\/\/esperanto-nederland.nl\/wp-content\/uploads\/2023\/09\/klubejo-Eindhoven.jpg\" alt=\"\" class=\"wp-image-1039\" style=\"width:418px;height:228px\" srcset=\"https:\/\/esperanto-nederland.nl\/wp-content\/uploads\/2023\/09\/klubejo-Eindhoven.jpg 456w, https:\/\/esperanto-nederland.nl\/wp-content\/uploads\/2023\/09\/klubejo-Eindhoven-300x164.jpg 300w\" sizes=\"auto, (max-width: 456px) 100vw, 456px\" \/><\/figure>\n<\/div>\n<\/div>\n\n\n\n<div class=\"wp-block-columns is-layout-flex wp-container-core-columns-is-layout-9d6595d7 wp-block-columns-is-layout-flex\">\n<div class=\"wp-block-column is-layout-flow wp-block-column-is-layout-flow\">\n<h3 class=\"wp-block-heading\"><a name=\"groningen\"><\/a>Noord-Nederland<\/h3>\n\n\n\n<p>Ineke Emmelkamp<br>Groningen<br>Tel: +31(0)505 718 842<br><a href=\"https:\/\/esperanto-nederland.nl\/index.php\/eo\/kontakti-noord-nederland\/\" data-type=\"link\" data-id=\"https:\/\/esperanto-nederland.nl\/index.php\/eo\/kontakti-noord-nederland\/\" target=\"_blank\" rel=\"noreferrer noopener\">Kontaktu&#8230;<\/a><\/p>\n\n\n\n<p>\u0108iun duan semajnon marde je la 19.45 horo la klubo renkonti\u011das.<br>Pli da informo pri <a href=\"https:\/\/www.pingveno.nl\/klubo\/index.html\" data-type=\"link\" data-id=\"https:\/\/www.pingveno.nl\/klubo\/index.html\" target=\"_blank\" rel=\"noreferrer noopener\">Esperanto Noord-Nederland<\/a><\/p>\n<\/div>\n\n\n\n<div class=\"wp-block-column is-layout-flow wp-block-column-is-layout-flow\">\n<figure class=\"wp-block-image size-full is-resized\"><img loading=\"lazy\" decoding=\"async\" width=\"448\" height=\"241\" src=\"https:\/\/esperanto-nederland.nl\/wp-content\/uploads\/2023\/09\/kunvenejo-Groningen.jpeg\" alt=\"\" class=\"wp-image-1040\" style=\"width:416px;height:224px\" srcset=\"https:\/\/esperanto-nederland.nl\/wp-content\/uploads\/2023\/09\/kunvenejo-Groningen.jpeg 448w, https:\/\/esperanto-nederland.nl\/wp-content\/uploads\/2023\/09\/kunvenejo-Groningen-300x161.jpeg 300w\" sizes=\"auto, (max-width: 448px) 100vw, 448px\" \/><\/figure>\n<\/div>\n<\/div>\n\n\n\n<div class=\"wp-block-columns is-layout-flex wp-container-core-columns-is-layout-9d6595d7 wp-block-columns-is-layout-flex\">\n<div class=\"wp-block-column is-layout-flow wp-block-column-is-layout-flow\">\n<h3 class=\"wp-block-heading\"><a name=\"laamsterdamarondo\"><\/a>La Amsterdama Rondo<\/h3>\n\n\n\n<p>Peter Ebenau tel: +31(0)6 1424 0870<br>Bert de Wit tel: +31(0)235 242 643<\/p>\n\n\n\n<p>\u0108iun duan diman\u0109on de la monato je la 13:00 horo La Amsterdamo Rondo renkonti\u011das en Hotelo De Koopermoolen.<\/p>\n\n\n\n<p>Pli da informo pri <a href=\"https:\/\/esperanto-nederland.nl\/index.php\/eo\/la-amsterdamo-rondo-eo\/\" data-type=\"link\" data-id=\"https:\/\/esperanto-nederland.nl\/index.php\/eo\/la-amsterdamo-rondo-eo\/\">La Amsterdamo Rondo<\/a> kaj <a href=\"https:\/\/www.facebook.com\/amsterdamo\/\" data-type=\"link\" data-id=\"https:\/\/www.facebook.com\/amsterdamo\/\" target=\"_blank\" rel=\"noreferrer noopener\">Facebook<\/a>.<\/p>\n<\/div>\n\n\n\n<div class=\"wp-block-column is-layout-flow wp-block-column-is-layout-flow\">\n<figure data-wp-context=\"{&quot;imageId&quot;:&quot;69edec3f01598&quot;}\" data-wp-interactive=\"core\/image\" class=\"wp-block-image size-large is-resized wp-lightbox-container\"><img loading=\"lazy\" decoding=\"async\" width=\"1024\" height=\"668\" data-wp-class--hide=\"state.isContentHidden\" data-wp-class--show=\"state.isContentVisible\" data-wp-init=\"callbacks.setButtonStyles\" data-wp-on-async--click=\"actions.showLightbox\" data-wp-on-async--load=\"callbacks.setButtonStyles\" data-wp-on-async-window--resize=\"callbacks.setButtonStyles\" src=\"https:\/\/esperanto-nederland.nl\/wp-content\/uploads\/2023\/09\/La-Amsterdamo-Rondo-grupo-1024x668.jpg\" alt=\"\" class=\"wp-image-1048\" style=\"width:417px;height:272px\" srcset=\"https:\/\/esperanto-nederland.nl\/wp-content\/uploads\/2023\/09\/La-Amsterdamo-Rondo-grupo-1024x668.jpg 1024w, https:\/\/esperanto-nederland.nl\/wp-content\/uploads\/2023\/09\/La-Amsterdamo-Rondo-grupo-300x196.jpg 300w, https:\/\/esperanto-nederland.nl\/wp-content\/uploads\/2023\/09\/La-Amsterdamo-Rondo-grupo-768x501.jpg 768w, https:\/\/esperanto-nederland.nl\/wp-content\/uploads\/2023\/09\/La-Amsterdamo-Rondo-grupo-1536x1002.jpg 1536w, https:\/\/esperanto-nederland.nl\/wp-content\/uploads\/2023\/09\/La-Amsterdamo-Rondo-grupo-583x380.jpg 583w, https:\/\/esperanto-nederland.nl\/wp-content\/uploads\/2023\/09\/La-Amsterdamo-Rondo-grupo.jpg 2048w\" sizes=\"auto, (max-width: 1024px) 100vw, 1024px\" \/><button\n\t\t\tclass=\"lightbox-trigger\"\n\t\t\ttype=\"button\"\n\t\t\taria-haspopup=\"dialog\"\n\t\t\taria-label=\"Vergroten\"\n\t\t\tdata-wp-init=\"callbacks.initTriggerButton\"\n\t\t\tdata-wp-on-async--click=\"actions.showLightbox\"\n\t\t\tdata-wp-style--right=\"state.imageButtonRight\"\n\t\t\tdata-wp-style--top=\"state.imageButtonTop\"\n\t\t>\n\t\t\t<svg xmlns=\"http:\/\/www.w3.org\/2000\/svg\" width=\"12\" height=\"12\" fill=\"none\" viewBox=\"0 0 12 12\">\n\t\t\t\t<path fill=\"#fff\" d=\"M2 0a2 2 0 0 0-2 2v2h1.5V2a.5.5 0 0 1 .5-.5h2V0H2Zm2 10.5H2a.5.5 0 0 1-.5-.5V8H0v2a2 2 0 0 0 2 2h2v-1.5ZM8 12v-1.5h2a.5.5 0 0 0 .5-.5V8H12v2a2 2 0 0 1-2 2H8Zm2-12a2 2 0 0 1 2 2v2h-1.5V2a.5.5 0 0 0-.5-.5H8V0h2Z\" \/>\n\t\t\t<\/svg>\n\t\t<\/button><\/figure>\n<\/div>\n<\/div>\n\n\n\n<div class=\"wp-block-columns is-layout-flex wp-container-core-columns-is-layout-9d6595d7 wp-block-columns-is-layout-flex\">\n<div class=\"wp-block-column is-layout-flow wp-block-column-is-layout-flow\">\n<h3 class=\"wp-block-heading\"><a name=\"zutphen\"><\/a>Zutphen<\/h3>\n\n\n\n<p>Esperanto-club Zutphen (ZEK)<br>Foppe-Klaas Hovinga<br>Tel: +31(0)612 551 449<br><a href=\"https:\/\/esperanto-nederland.nl\/index.php\/eo\/kontakti-zutfenon\/\" data-type=\"page\" data-id=\"7890\" target=\"_blank\" rel=\"noreferrer noopener\">Kontaktu&#8230;<\/a><\/p>\n\n\n\n<p>La klubo renkonti\u011das \u0109iun ses semajnojn sabate posttagmeze je la 14:00 horo en la Biblioteko Zutphen, Broederenkerkplein 2, 7201 JP Zutphen.<\/p>\n\n\n\n<p>\u0108iuj estas kore bonvenaj, precipe komencantaj Esperanto-parolantoj.<\/p>\n<\/div>\n\n\n\n<div class=\"wp-block-column is-layout-flow wp-block-column-is-layout-flow\">\n<figure data-wp-context=\"{&quot;imageId&quot;:&quot;69edec3f018ff&quot;}\" data-wp-interactive=\"core\/image\" class=\"wp-block-image size-large is-resized wp-lightbox-container\"><img decoding=\"async\" data-wp-class--hide=\"state.isContentHidden\" data-wp-class--show=\"state.isContentVisible\" data-wp-init=\"callbacks.setButtonStyles\" data-wp-on-async--click=\"actions.showLightbox\" data-wp-on-async--load=\"callbacks.setButtonStyles\" data-wp-on-async-window--resize=\"callbacks.setButtonStyles\" src=\"https:\/\/esperanto-nederland.nl\/wp-content\/uploads\/2025\/09\/Zutfena-Esperanto-Klubo-kl-2000p-1024x768.jpg\" alt=\"\" style=\"width:415px;height:312px\"\/><button\n\t\t\tclass=\"lightbox-trigger\"\n\t\t\ttype=\"button\"\n\t\t\taria-haspopup=\"dialog\"\n\t\t\taria-label=\"Vergroten\"\n\t\t\tdata-wp-init=\"callbacks.initTriggerButton\"\n\t\t\tdata-wp-on-async--click=\"actions.showLightbox\"\n\t\t\tdata-wp-style--right=\"state.imageButtonRight\"\n\t\t\tdata-wp-style--top=\"state.imageButtonTop\"\n\t\t>\n\t\t\t<svg xmlns=\"http:\/\/www.w3.org\/2000\/svg\" width=\"12\" height=\"12\" fill=\"none\" viewBox=\"0 0 12 12\">\n\t\t\t\t<path fill=\"#fff\" d=\"M2 0a2 2 0 0 0-2 2v2h1.5V2a.5.5 0 0 1 .5-.5h2V0H2Zm2 10.5H2a.5.5 0 0 1-.5-.5V8H0v2a2 2 0 0 0 2 2h2v-1.5ZM8 12v-1.5h2a.5.5 0 0 0 .5-.5V8H12v2a2 2 0 0 1-2 2H8Zm2-12a2 2 0 0 1 2 2v2h-1.5V2a.5.5 0 0 0-.5-.5H8V0h2Z\" \/>\n\t\t\t<\/svg>\n\t\t<\/button><\/figure>\n<\/div>\n<\/div>\n\n\n\n<h2 class=\"wp-block-heading\">Nederlandse Groep van Esperanto-Leraren (NGGE)<\/h2>\n\n\n\n<p>Provisore atingebla per: <a href=\"https:\/\/esperanto-nederland.nl\/index.php\/eo\/kontakti-ngge\/\" data-type=\"link\" data-id=\"https:\/\/esperanto-nederland.nl\/index.php\/eo\/kontakti-ngge\/\" target=\"_blank\" rel=\"noreferrer noopener\">Estrarano por informado de Esperanto Nederland<\/a><\/p>\n\n\n\n<h2 class=\"wp-block-heading\">Kontaktpersonoj<\/h2>\n\n\n\n<p>Kontaktpersonoj reprezentas Esperanto Nederland en diversaj lokoj en Nederlando. Vi povas kontakti ilin se vi volas scii ion pri Esperanto-agadoj en la regiono. Anka\u016d vi povas kontakti ilin se vi havas librojn a\u016d alian Esperanto-materialon, kiujn vi volas donaci.<\/p>\n\n\n\n<h3 class=\"wp-block-heading\"><a name=\"amsterdam\"><\/a>Amsterdam<\/h3>\n\n\n\n<p>Ans Bakker-ten Hagen<br>Kastelenstraat 231-2<br>NL-1082 EG Amsterdam<br>Tel: +31(0)206 421 853<br><a href=\"https:\/\/esperanto-nederland.nl\/index.php\/eo\/kontakti-amsterdamon\/\" data-type=\"link\" data-id=\"https:\/\/esperanto-nederland.nl\/index.php\/eo\/kontakti-amsterdamon\/\" target=\"_blank\" rel=\"noreferrer noopener\">Kontaktu&#8230;<\/a><\/p>\n\n\n\n<h3 class=\"wp-block-heading\"><a name=\"haarlem\"><\/a>Haarlem<\/h3>\n\n\n\n<p>Bert de Wit<br>Houtvaartkade 21<br>NL-2111 BR Aerdenhout<br>Tel: +31(0)235 242 643<br><a href=\"https:\/\/esperanto-nederland.nl\/index.php\/eo\/kontakti-haarlem\/\" data-type=\"page\" data-id=\"3540\" target=\"_blank\" rel=\"noreferrer noopener\">Kontaktu&#8230;<\/a><\/p>\n\n\n\n<h3 class=\"wp-block-heading\"><a name=\"harich\"><\/a>Harich<\/h3>\n\n\n\n<p>Wiebren Akkerman<br>Westerein 14a<br>NL-8571 GB Harich<br>Tel: +31(0)514 602 272<br><a href=\"https:\/\/esperanto-nederland.nl\/index.php\/eo\/kontakti-harich\/\" data-type=\"link\" data-id=\"https:\/\/esperanto-nederland.nl\/index.php\/eo\/kontakti-harich\/\" target=\"_blank\" rel=\"noreferrer noopener\">Kontaktu&#8230;<\/a><\/p>\n\n\n\n<h3 class=\"wp-block-heading\"><a name=\"heerlen\"><\/a>Heerlen<\/h3>\n\n\n\n<p>Hans Adriaanse<br>Spoorplein 38<br>NL-6411 NZ Heerlen<br>Tel: +31(0)653 446 341<br><a href=\"https:\/\/esperanto-nederland.nl\/index.php\/eo\/kontakti-heerlen\/\" data-type=\"page\" data-id=\"3544\" target=\"_blank\" rel=\"noreferrer noopener\">Kontaktu&#8230;<\/a><\/p>\n\n\n\n<h3 class=\"wp-block-heading\"><a name=\"den-helder\"><\/a>Den Helder<\/h3>\n\n\n\n<p>Vinus Lathouwers<br>Julianadorp<br>Tel: +31(0)223 643 781<br><a href=\"https:\/\/esperanto-nederland.nl\/index.php\/eo\/kontakti-den-helder\/\" data-type=\"link\" data-id=\"https:\/\/esperanto-nederland.nl\/index.php\/eo\/kontakti-den-helder\/\" target=\"_blank\" rel=\"noreferrer noopener\">Kontaktu&#8230;<\/a><\/p>\n\n\n\n<h3 class=\"wp-block-heading\"><a name=\"leeuwarden\"><\/a>Leeuwarden<\/h3>\n\n\n\n<p>Andries Hovinga<br>De Fennen 47<br>NL-8918 CC Leeuwarden<br>Tel: +31(0)628 916 262<br><a href=\"https:\/\/esperanto-nederland.nl\/index.php\/eo\/kontakti-leeuwarden\/\" data-type=\"link\" data-id=\"https:\/\/esperanto-nederland.nl\/index.php\/eo\/kontakti-leeuwarden\/\" target=\"_blank\" rel=\"noreferrer noopener\">Kontaktu&#8230;<\/a><\/p>\n\n\n\n<h3 class=\"wp-block-heading\"><a name=\"voorschoten\"><\/a>Voorschoten<\/h3>\n\n\n\n<p>M. Kardol <br>Voorschoten <br>Tel: +31(0)71 522 02 96 <br><a href=\"https:\/\/esperanto-nederland.nl\/index.php\/eo\/kontakti-voorschoten\/\" data-type=\"link\" data-id=\"https:\/\/esperanto-nederland.nl\/index.php\/eo\/kontakti-voorschoten\/\" target=\"_blank\" rel=\"noreferrer noopener\">Kontaktu&#8230;<\/a><\/p>\n\n\n\n<h3 class=\"wp-block-heading\"><a name=\"nijmegen\"><\/a>Nijmegen<\/h3>\n\n\n\n<p>Jan Bemelmans<br>Zwanenveld 2287<br>NL-6538 PS Nijmegen<br>Tel: +31(0)243 882 926<br><a href=\"https:\/\/esperanto-nederland.nl\/index.php\/eo\/kontakti-nimegon\/\" data-type=\"link\" data-id=\"https:\/\/esperanto-nederland.nl\/index.php\/eo\/kontakti-nimegon\/\" target=\"_blank\" rel=\"noreferrer noopener\">Kontaktu&#8230;<\/a><\/p>\n\n\n\n<h3 class=\"wp-block-heading\"><a name=\"oost-veluwe\"><\/a>Oost-Veluwe<\/h3>\n\n\n\n<p>Anneke Schouten-Buys<br>Dintel 20<br>NL-7333 MC Apeldoorn<br><a href=\"https:\/\/esperanto-nederland.nl\/index.php\/eo\/kontakti-orientan-veluwe\/\" data-type=\"link\" data-id=\"https:\/\/esperanto-nederland.nl\/index.php\/eo\/kontakti-orientan-veluwe\/\" target=\"_blank\" rel=\"noreferrer noopener\">Kontaktu&#8230;<\/a><\/p>\n\n\n\n<h3 class=\"wp-block-heading\"><a name=\"zeeland\"><\/a>Zeeland<\/h3>\n\n\n\n<p>Ingel Baaijens<br>Vlissingen<br>Tel. +31611177010<br><a href=\"https:\/\/esperanto-nederland.nl\/index.php\/eo\/kontakti-zeeland\/\" data-type=\"link\" data-id=\"https:\/\/esperanto-nederland.nl\/index.php\/eo\/kontakti-orientan-veluwe\/\" target=\"_blank\" rel=\"noreferrer noopener\">Kontaktu&#8230;<\/a><\/p>\n\n\n\n<p><\/p>\n","protected":false},"excerpt":{"rendered":"<p>&nbsp; &nbsp; &nbsp; &nbsp; &nbsp; &nbsp; &nbsp; &nbsp; &nbsp; &nbsp; &nbsp; En multaj lokoj en Nederlando esperantistoj renkonti\u011das en lokaj grupoj: en Alkmaar, Eindhoven, Norda Nederlando, Amsterdamo kaj en Zutphen. \u0108iu loka grupo organizas siajn proprajn agadojn. \u0108iuj estas bonvenaj ali\u011di al la klubo. Por tio, kontaktu la kunordiganton. En Nederlando estas anka\u016d kontaktpersonoj, kiujn &hellip; <a href=\"https:\/\/esperanto-nederland.nl\/index.php\/eo\/lokaj-grupoj\/\" class=\"more-link\">Verder lezen <span class=\"screen-reader-text\">Lokaj grupoj<\/span><\/a><\/p>\n","protected":false},"author":2,"featured_media":0,"parent":0,"menu_order":0,"comment_status":"closed","ping_status":"closed","template":"","meta":{"footnotes":""},"class_list":["post-6771","page","type-page","status-publish","hentry","without-featured-image"],"_links":{"self":[{"href":"https:\/\/esperanto-nederland.nl\/index.php\/wp-json\/wp\/v2\/pages\/6771","targetHints":{"allow":["GET"]}}],"collection":[{"href":"https:\/\/esperanto-nederland.nl\/index.php\/wp-json\/wp\/v2\/pages"}],"about":[{"href":"https:\/\/esperanto-nederland.nl\/index.php\/wp-json\/wp\/v2\/types\/page"}],"author":[{"embeddable":true,"href":"https:\/\/esperanto-nederland.nl\/index.php\/wp-json\/wp\/v2\/users\/2"}],"replies":[{"embeddable":true,"href":"https:\/\/esperanto-nederland.nl\/index.php\/wp-json\/wp\/v2\/comments?post=6771"}],"version-history":[{"count":52,"href":"https:\/\/esperanto-nederland.nl\/index.php\/wp-json\/wp\/v2\/pages\/6771\/revisions"}],"predecessor-version":[{"id":12801,"href":"https:\/\/esperanto-nederland.nl\/index.php\/wp-json\/wp\/v2\/pages\/6771\/revisions\/12801"}],"wp:attachment":[{"href":"https:\/\/esperanto-nederland.nl\/index.php\/wp-json\/wp\/v2\/media?parent=6771"}],"curies":[{"name":"wp","href":"https:\/\/api.w.org\/{rel}","templated":true}]}}