{"id":6817,"date":"2024-10-08T14:16:40","date_gmt":"2024-10-08T12:16:40","guid":{"rendered":"https:\/\/esperanto-nederland.nl\/?page_id=6817"},"modified":"2025-01-19T00:46:09","modified_gmt":"2025-01-18T23:46:09","slug":"rica-historio","status":"publish","type":"page","link":"https:\/\/esperanto-nederland.nl\/index.php\/eo\/rica-historio\/","title":{"rendered":"Ri\u0109a historio"},"content":{"rendered":"\n<div class=\"wp-block-columns is-layout-flex wp-container-core-columns-is-layout-9d6595d7 wp-block-columns-is-layout-flex\">\n<div class=\"wp-block-column is-layout-flow wp-block-column-is-layout-flow\" style=\"flex-basis:66.66%\">\n<p>Rob de Nijs iam kantis kanton en Esperanto, kaj Kees van Kooten kaj Wim de Bie donis kurson pri Esperanto \u0109e Teleac. La sonversio kaj libroj restis konservitaj. Esperanto havas ri\u0109an historion, anka\u016d en Nederlando. Multaj homoj lernis \u011din kaj estis granda nombro da kluboj. Monumentoj kaj stratoj ankora\u016d atestas pri tio. Anka\u016d konataj nederlandanoj okupi\u011dis pri Esperanto.<\/p>\n\n\n\n<h3 class=\"wp-block-heading\">Willem Drees<\/h3>\n\n\n\n<p>Willem Drees, \u0109efministro de Nederlando de 1948 \u011dis 1958. Li estis honorofica membro de UEA (Universala Esperanto-Asocio, de Global Esperanto Association). En 1954 li malfermis la 39-an Universalan Kongreson de Esperanto en la Krelagehuis en Haarlemo.<\/p>\n\n\n\n<h3 class=\"wp-block-heading\">Titus Brandsma<\/h3>\n\n\n\n<p>Alia konata nederlandano estas Titus Brandsma. Titus Brandsma (23-an de februaro 1881 \u2013 Dachau, 26-an de julio 1942), naskita kiel Anno Sjoerd Brandsma en Oegeklooster proksime de Bolsward, estis sanktigita de Papo Francisko la 15-an de majo 2022. Kiel Esperanto-parolanto li estis membro de IKUE, la Internacia Katolika Unio de Esperantistoj. \u0108i tiu organizo nomumis lin kiel patrono, kune kun Maria kaj Maximiliano Maria Kolbe.<\/p>\n<\/div>\n\n\n\n<div class=\"wp-block-column is-layout-flow wp-block-column-is-layout-flow\" style=\"flex-basis:33.33%\">\n<figure class=\"wp-block-image size-large is-resized\"><img loading=\"lazy\" decoding=\"async\" width=\"779\" height=\"1024\" src=\"https:\/\/esperanto-nederland.nl\/wp-content\/uploads\/2024\/08\/Dr._W._Drees_opent_in_het_Krelagehuis_het_39e_Esperanto_Wereldcongres._NL-HlmNHA_54004198-779x1024.jpeg\" alt=\"\" class=\"wp-image-5275\" style=\"width:500px\" srcset=\"https:\/\/esperanto-nederland.nl\/wp-content\/uploads\/2024\/08\/Dr._W._Drees_opent_in_het_Krelagehuis_het_39e_Esperanto_Wereldcongres._NL-HlmNHA_54004198-779x1024.jpeg 779w, https:\/\/esperanto-nederland.nl\/wp-content\/uploads\/2024\/08\/Dr._W._Drees_opent_in_het_Krelagehuis_het_39e_Esperanto_Wereldcongres._NL-HlmNHA_54004198-228x300.jpeg 228w, https:\/\/esperanto-nederland.nl\/wp-content\/uploads\/2024\/08\/Dr._W._Drees_opent_in_het_Krelagehuis_het_39e_Esperanto_Wereldcongres._NL-HlmNHA_54004198-768x1010.jpeg 768w, https:\/\/esperanto-nederland.nl\/wp-content\/uploads\/2024\/08\/Dr._W._Drees_opent_in_het_Krelagehuis_het_39e_Esperanto_Wereldcongres._NL-HlmNHA_54004198-1168x1536.jpeg 1168w, https:\/\/esperanto-nederland.nl\/wp-content\/uploads\/2024\/08\/Dr._W._Drees_opent_in_het_Krelagehuis_het_39e_Esperanto_Wereldcongres._NL-HlmNHA_54004198-1557x2048.jpeg 1557w, https:\/\/esperanto-nederland.nl\/wp-content\/uploads\/2024\/08\/Dr._W._Drees_opent_in_het_Krelagehuis_het_39e_Esperanto_Wereldcongres._NL-HlmNHA_54004198-289x380.jpeg 289w, https:\/\/esperanto-nederland.nl\/wp-content\/uploads\/2024\/08\/Dr._W._Drees_opent_in_het_Krelagehuis_het_39e_Esperanto_Wereldcongres._NL-HlmNHA_54004198-scaled.jpeg 1946w\" sizes=\"auto, (max-width: 779px) 100vw, 779px\" \/><figcaption class=\"wp-element-caption\"><em>Foto: Dr. W. Drees malfermas en la Krelagehuis la 39-an Universalan Kongreson de Esperanto (Wikimedia)<\/em><\/figcaption><\/figure>\n<\/div>\n<\/div>\n\n\n\n<h2 class=\"wp-block-heading\">Van Kooten &amp; De Bie<\/h2>\n\n\n\n<div class=\"wp-block-columns is-layout-flex wp-container-core-columns-is-layout-9d6595d7 wp-block-columns-is-layout-flex\">\n<div class=\"wp-block-column is-layout-flow wp-block-column-is-layout-flow\">\n<p>En 1972 Van Kooten &amp; De Bie verkis dudekpartan Esperanto-kurson por la TELEAC.<br>En \u011di ili rolis kiel la \u015diprompi\u011duloj Kornelio kaj Vilhelmo, kiuj, alveninte sur la insulo Mop, disvolvis la mondlingvon Esperanto. La televidaj epizodoj ne estas konservitaj, sed estas longdiskokesto kun kvin longdiskoj kaj kurslibro.<\/p>\n\n\n\n<p>Vi povas el\u015duti la kurslibrojn \u0109i tie.<\/p>\n\n\n\n<ul class=\"wp-block-list\">\n<li><a href=\"https:\/\/esperanto-nederland.nl\/wp-content\/uploads\/2024\/08\/Esperanto-Teleac-1-kl90.pdf\" target=\"_blank\" rel=\"noreferrer noopener\">Kurslibro 1 por la lecionoj 1 \u011dis 10.<\/a><\/li>\n\n\n\n<li><a href=\"https:\/\/esperanto-nederland.nl\/wp-content\/uploads\/2024\/08\/Esperanto-Teleac-2-kl90.pdf\" target=\"_blank\" rel=\"noreferrer noopener\">Kurslibro 2 por la lecionoj 11 \u011dis 20.<\/a><\/li>\n<\/ul>\n<\/div>\n\n\n\n<div class=\"wp-block-column is-layout-flow wp-block-column-is-layout-flow\">\n<figure data-wp-context=\"{&quot;imageId&quot;:&quot;69f1d2c862054&quot;}\" data-wp-interactive=\"core\/image\" class=\"wp-block-image size-full is-resized wp-lightbox-container\"><img loading=\"lazy\" decoding=\"async\" width=\"512\" height=\"502\" data-wp-class--hide=\"state.isContentHidden\" data-wp-class--show=\"state.isContentVisible\" data-wp-init=\"callbacks.setButtonStyles\" data-wp-on-async--click=\"actions.showLightbox\" data-wp-on-async--load=\"callbacks.setButtonStyles\" data-wp-on-async-window--resize=\"callbacks.setButtonStyles\" src=\"https:\/\/esperanto-nederland.nl\/wp-content\/uploads\/2024\/08\/Teleac-cursus-1.jpg\" alt=\"\" class=\"wp-image-5218\" style=\"width:300px\" srcset=\"https:\/\/esperanto-nederland.nl\/wp-content\/uploads\/2024\/08\/Teleac-cursus-1.jpg 512w, https:\/\/esperanto-nederland.nl\/wp-content\/uploads\/2024\/08\/Teleac-cursus-1-300x294.jpg 300w, https:\/\/esperanto-nederland.nl\/wp-content\/uploads\/2024\/08\/Teleac-cursus-1-388x380.jpg 388w\" sizes=\"auto, (max-width: 512px) 100vw, 512px\" \/><button\n\t\t\tclass=\"lightbox-trigger\"\n\t\t\ttype=\"button\"\n\t\t\taria-haspopup=\"dialog\"\n\t\t\taria-label=\"Vergroten\"\n\t\t\tdata-wp-init=\"callbacks.initTriggerButton\"\n\t\t\tdata-wp-on-async--click=\"actions.showLightbox\"\n\t\t\tdata-wp-style--right=\"state.imageButtonRight\"\n\t\t\tdata-wp-style--top=\"state.imageButtonTop\"\n\t\t>\n\t\t\t<svg xmlns=\"http:\/\/www.w3.org\/2000\/svg\" width=\"12\" height=\"12\" fill=\"none\" viewBox=\"0 0 12 12\">\n\t\t\t\t<path fill=\"#fff\" d=\"M2 0a2 2 0 0 0-2 2v2h1.5V2a.5.5 0 0 1 .5-.5h2V0H2Zm2 10.5H2a.5.5 0 0 1-.5-.5V8H0v2a2 2 0 0 0 2 2h2v-1.5ZM8 12v-1.5h2a.5.5 0 0 0 .5-.5V8H12v2a2 2 0 0 1-2 2H8Zm2-12a2 2 0 0 1 2 2v2h-1.5V2a.5.5 0 0 0-.5-.5H8V0h2Z\" \/>\n\t\t\t<\/svg>\n\t\t<\/button><figcaption class=\"wp-element-caption\"><em>En 1972 Van Kooten &amp; De Bie verkis dudekpartan Esperanto-kurson por la TELEAC.<\/em><\/figcaption><\/figure>\n<\/div>\n\n\n\n<div class=\"wp-block-column is-layout-flow wp-block-column-is-layout-flow\">\n<figure data-wp-context=\"{&quot;imageId&quot;:&quot;69f1d2c8622ba&quot;}\" data-wp-interactive=\"core\/image\" class=\"wp-block-image size-large wp-lightbox-container\"><img decoding=\"async\" data-wp-class--hide=\"state.isContentHidden\" data-wp-class--show=\"state.isContentVisible\" data-wp-init=\"callbacks.setButtonStyles\" data-wp-on-async--click=\"actions.showLightbox\" data-wp-on-async--load=\"callbacks.setButtonStyles\" data-wp-on-async-window--resize=\"callbacks.setButtonStyles\" src=\"https:\/\/esperanto-nederland.nl\/wp-content\/uploads\/2024\/08\/Teleac-cursus-2.jpg\" alt=\"\"\/><button\n\t\t\tclass=\"lightbox-trigger\"\n\t\t\ttype=\"button\"\n\t\t\taria-haspopup=\"dialog\"\n\t\t\taria-label=\"Vergroten\"\n\t\t\tdata-wp-init=\"callbacks.initTriggerButton\"\n\t\t\tdata-wp-on-async--click=\"actions.showLightbox\"\n\t\t\tdata-wp-style--right=\"state.imageButtonRight\"\n\t\t\tdata-wp-style--top=\"state.imageButtonTop\"\n\t\t>\n\t\t\t<svg xmlns=\"http:\/\/www.w3.org\/2000\/svg\" width=\"12\" height=\"12\" fill=\"none\" viewBox=\"0 0 12 12\">\n\t\t\t\t<path fill=\"#fff\" d=\"M2 0a2 2 0 0 0-2 2v2h1.5V2a.5.5 0 0 1 .5-.5h2V0H2Zm2 10.5H2a.5.5 0 0 1-.5-.5V8H0v2a2 2 0 0 0 2 2h2v-1.5ZM8 12v-1.5h2a.5.5 0 0 0 .5-.5V8H12v2a2 2 0 0 1-2 2H8Zm2-12a2 2 0 0 1 2 2v2h-1.5V2a.5.5 0 0 0-.5-.5H8V0h2Z\" \/>\n\t\t\t<\/svg>\n\t\t<\/button><\/figure>\n<\/div>\n<\/div>\n\n\n\n<p>Vi povas a\u016dskulti la a\u016dd-klipoj sube<br><\/p>\n\n\n\n<div class=\"wp-block-columns is-layout-flex wp-container-core-columns-is-layout-9d6595d7 wp-block-columns-is-layout-flex\">\n<div class=\"wp-block-column is-layout-flow wp-block-column-is-layout-flow\">\n<div class=\"wp-block-group is-nowrap is-layout-flex wp-container-core-group-is-layout-ad2f72ca wp-block-group-is-layout-flex\">\n<p class=\"wp-container-content-759e20a8\">Lecionoj 1 kaj 2:<\/p>\n\n\n\n<figure class=\"wp-block-audio\"><audio controls src=\"https:\/\/esperanto-nederland.nl\/wp-content\/uploads\/2024\/08\/Van-Kooten-en-De-Bie-Lecionoj-01-k-02.mp3\"><\/audio><\/figure>\n<\/div>\n\n\n\n<div class=\"wp-block-group is-nowrap is-layout-flex wp-container-core-group-is-layout-ad2f72ca wp-block-group-is-layout-flex\">\n<p class=\"wp-container-content-759e20a8\">Lecionoj 3 kaj 4:<\/p>\n\n\n\n<figure class=\"wp-block-audio\"><audio controls src=\"https:\/\/esperanto-nederland.nl\/wp-content\/uploads\/2024\/08\/Van-Kooten-en-De-Bie-Lecionoj-03-k-04.mp3\"><\/audio><\/figure>\n<\/div>\n\n\n\n<div class=\"wp-block-group is-nowrap is-layout-flex wp-container-core-group-is-layout-ad2f72ca wp-block-group-is-layout-flex\">\n<p class=\"wp-container-content-759e20a8\">Lecionoj 5 kaj 6:<\/p>\n\n\n\n<figure class=\"wp-block-audio\"><audio controls src=\"https:\/\/esperanto-nederland.nl\/wp-content\/uploads\/2024\/08\/Van-Kooten-en-De-Bie-Lecionoj-05-k-06.mp3\"><\/audio><\/figure>\n<\/div>\n\n\n\n<div class=\"wp-block-group is-nowrap is-layout-flex wp-container-core-group-is-layout-ad2f72ca wp-block-group-is-layout-flex\">\n<p class=\"wp-container-content-759e20a8\">Lecionoj 7 kaj 8:<\/p>\n\n\n\n<figure class=\"wp-block-audio\"><audio controls src=\"https:\/\/esperanto-nederland.nl\/wp-content\/uploads\/2024\/08\/Van-Kooten-en-De-Bie-Lecionoj-07-k-08.mp3\"><\/audio><\/figure>\n<\/div>\n\n\n\n<div class=\"wp-block-group is-nowrap is-layout-flex wp-container-core-group-is-layout-ad2f72ca wp-block-group-is-layout-flex\">\n<p class=\"wp-container-content-759e20a8\">Lecionoj 9 kaj 10:<\/p>\n\n\n\n<figure class=\"wp-block-audio\"><audio controls src=\"https:\/\/esperanto-nederland.nl\/wp-content\/uploads\/2024\/08\/Van-Kooten-en-De-Bie-Lecionoj-09-k-10.mp3\"><\/audio><\/figure>\n<\/div>\n<\/div>\n\n\n\n<div class=\"wp-block-column is-layout-flow wp-block-column-is-layout-flow\">\n<div class=\"wp-block-group is-nowrap is-layout-flex wp-container-core-group-is-layout-ad2f72ca wp-block-group-is-layout-flex\">\n<p class=\"wp-container-content-66c62f5e\">Lecionoj 11 kaj 12:<\/p>\n\n\n\n<figure class=\"wp-block-audio\"><audio controls src=\"https:\/\/esperanto-nederland.nl\/wp-content\/uploads\/2024\/08\/Van-Kooten-en-De-Bie-Lecionoj-11-k-12.mp3\"><\/audio><\/figure>\n<\/div>\n\n\n\n<div class=\"wp-block-group is-nowrap is-layout-flex wp-container-core-group-is-layout-ad2f72ca wp-block-group-is-layout-flex\">\n<p class=\"wp-container-content-66c62f5e\">Lecionoj 13 kaj 14:<\/p>\n\n\n\n<figure class=\"wp-block-audio\"><audio controls src=\"https:\/\/esperanto-nederland.nl\/wp-content\/uploads\/2024\/08\/Van-Kooten-en-De-Bie-Lecionoj-13-k-14.mp3\"><\/audio><\/figure>\n<\/div>\n\n\n\n<div class=\"wp-block-group is-nowrap is-layout-flex wp-container-core-group-is-layout-ad2f72ca wp-block-group-is-layout-flex\">\n<p class=\"wp-container-content-66c62f5e\">Lecionoj 15 kaj 16:<\/p>\n\n\n\n<figure class=\"wp-block-audio\"><audio controls src=\"https:\/\/esperanto-nederland.nl\/wp-content\/uploads\/2024\/08\/Van-Kooten-en-De-Bie-Lecionoj-15-k-16.mp3\"><\/audio><\/figure>\n<\/div>\n\n\n\n<div class=\"wp-block-group is-nowrap is-layout-flex wp-container-core-group-is-layout-ad2f72ca wp-block-group-is-layout-flex\">\n<p class=\"wp-container-content-66c62f5e\">Lecionoj 17 kaj 18:<\/p>\n\n\n\n<figure class=\"wp-block-audio\"><audio controls src=\"https:\/\/esperanto-nederland.nl\/wp-content\/uploads\/2024\/08\/Van-Kooten-en-De-Bie-Lecionoj-17-k-18.mp3\"><\/audio><\/figure>\n<\/div>\n\n\n\n<div class=\"wp-block-group is-nowrap is-layout-flex wp-container-core-group-is-layout-ad2f72ca wp-block-group-is-layout-flex\">\n<p class=\"wp-container-content-66c62f5e\">Lecionoj 19 kaj 20:<\/p>\n\n\n\n<figure class=\"wp-block-audio\"><audio controls src=\"https:\/\/esperanto-nederland.nl\/wp-content\/uploads\/2024\/08\/Van-Kooten-en-De-Bie-Lecionoj-19-k-20.mp3\"><\/audio><\/figure>\n<\/div>\n<\/div>\n<\/div>\n\n\n\n<p><br> <br> <\/p>\n\n\n\n<h2 class=\"wp-block-heading\">Rob de Nijs<\/h2>\n\n\n\n<figure class=\"wp-block-image size-full is-resized\"><img loading=\"lazy\" decoding=\"async\" width=\"400\" height=\"400\" src=\"https:\/\/esperanto-nederland.nl\/wp-content\/uploads\/2024\/08\/robdenijs.jpeg\" alt=\"\" class=\"wp-image-5229\" style=\"width:400px\" srcset=\"https:\/\/esperanto-nederland.nl\/wp-content\/uploads\/2024\/08\/robdenijs.jpeg 400w, https:\/\/esperanto-nederland.nl\/wp-content\/uploads\/2024\/08\/robdenijs-300x300.jpeg 300w, https:\/\/esperanto-nederland.nl\/wp-content\/uploads\/2024\/08\/robdenijs-150x150.jpeg 150w, https:\/\/esperanto-nederland.nl\/wp-content\/uploads\/2024\/08\/robdenijs-90x90.jpeg 90w, https:\/\/esperanto-nederland.nl\/wp-content\/uploads\/2024\/08\/robdenijs-380x380.jpeg 380w\" sizes=\"auto, (max-width: 400px) 100vw, 400px\" \/><\/figure>\n\n\n\n<p>Rob de Nijs iam anka\u016d kantis kanton en Esperanto:&nbsp;<em>Unu vo\u0109&#8217; tutmonda<\/em>&nbsp;(Wereldwijd \u00e9\u00e9n stem).<\/p>\n\n\n\n<div class=\"wp-block-columns is-layout-flex wp-container-core-columns-is-layout-9d6595d7 wp-block-columns-is-layout-flex\">\n<div class=\"wp-block-column is-layout-flow wp-block-column-is-layout-flow\">\n<p>Unu vo\u0109&#8217; tutmonda:<\/p>\n<\/div>\n\n\n\n<div class=\"wp-block-column is-layout-flow wp-block-column-is-layout-flow\">\n<figure class=\"wp-block-audio\"><audio controls src=\"https:\/\/esperanto-nederland.nl\/wp-content\/uploads\/2024\/08\/Unu-Voc-Tutmonda.ogg\"><\/audio><\/figure>\n<\/div>\n<\/div>\n\n\n\n<p>Esperanta versio de la kanto&nbsp;<em>Unu vo\u0109&#8217; tutmond<\/em>a<br>Paul Field\/Belinda Meuldijk\/Attie Middelkoop<br><\/p>\n\n\n\n<div class=\"wp-block-columns is-layout-flex wp-container-core-columns-is-layout-9d6595d7 wp-block-columns-is-layout-flex\">\n<div class=\"wp-block-column is-layout-flow wp-block-column-is-layout-flow\">\n<p>En silento de l&#8217; vespero<br>nova\u0135oj en seri&#8217;.<br>La bildoj de agreso<br>proksimas anta\u016d mi.<br>Mia fil&#8217; trankvile dormas,<br>sen penso pri malic&#8217;,<br>serenas la feli\u0109&#8217;.<br> <br> <\/p>\n\n\n\n<p>Unu vo\u0109&#8217; tutmonda.<\/p>\n\n\n\n<p>Mi vidas tankojn, bombojn<br>brilantajn en la sun&#8217;<br>kaj pacon kalkulatan<br>en megatun&#8217;.<br>Oriente, okcidente<br>valoras nur la mon&#8217;<br>kaj en ilia sa\u011do<br>la pac&#8217; estas nur son&#8217;.<\/p>\n\n\n\n<p>Unu vo\u0109&#8217; tutmonda.<\/p>\n<\/div>\n\n\n\n<div class=\"wp-block-column is-layout-flow wp-block-column-is-layout-flow\">\n<p>Ne forgeseblas soldatoj<br>kun viza\u011doj sur la ter&#8217;<br>kun okuloj nekredemaj,<br>estis Di&#8217; ja ilia partner&#8217;.<br>Pravigas ni l&#8217; malamon,<br>esprimi\u011das kondolenc&#8217;<br>kaj tro malla\u016dte, tarde,<br>parolas la konscienc&#8217;.<\/p>\n\n\n\n<p>Unu vo\u0109&#8217; tutmonda.<\/p>\n\n\n\n<p>Vespere foje revas<br>mi pri futura tag&#8217;<br>de \u0109ies liberi\u011do<br>el bombminaca plag&#8217;.<br>Mi iras al mia filo<br>kaj jen, en lia viza\u011d&#8217;<br>kviete dormanta, trovi\u011das<br>la de mi sopirata pac&#8217;.<\/p>\n\n\n\n<p>Unu vo\u0109&#8217; tutmonda.<\/p>\n<\/div>\n<\/div>\n\n\n\n<p><br> <br> <br>  <\/p>\n\n\n\n<h2 class=\"wp-block-heading\"><a href=\"https:\/\/anderetijden.nl\/programma\/1\/Andere-Tijden\/aflevering\/414\/Esperanto\" target=\"_blank\" rel=\"noreferrer noopener\">Esperanto en Andere Tijden<\/a><\/h2>\n\n\n\n<p>La televidprogramo Andere Tijden prezentas dokumentan filmon pri Esperanto en Nederlando.<\/p>\n\n\n\n<div class=\"wp-block-columns is-layout-flex wp-container-core-columns-is-layout-9d6595d7 wp-block-columns-is-layout-flex\">\n<div class=\"wp-block-column is-layout-flow wp-block-column-is-layout-flow\" style=\"flex-basis:50%\">\n<figure class=\"wp-block-image size-full\"><a href=\"https:\/\/anderetijden.nl\/programma\/1\/Andere-Tijden\/aflevering\/414\/Esperanto\" target=\"_blank\" rel=\"noreferrer noopener\"><img loading=\"lazy\" decoding=\"async\" width=\"1000\" height=\"552\" src=\"https:\/\/esperanto-nederland.nl\/wp-content\/uploads\/2024\/12\/Andere-tijden.jpg\" alt=\"\" class=\"wp-image-8511\" srcset=\"https:\/\/esperanto-nederland.nl\/wp-content\/uploads\/2024\/12\/Andere-tijden.jpg 1000w, https:\/\/esperanto-nederland.nl\/wp-content\/uploads\/2024\/12\/Andere-tijden-300x166.jpg 300w, https:\/\/esperanto-nederland.nl\/wp-content\/uploads\/2024\/12\/Andere-tijden-768x424.jpg 768w, https:\/\/esperanto-nederland.nl\/wp-content\/uploads\/2024\/12\/Andere-tijden-688x380.jpg 688w\" sizes=\"auto, (max-width: 1000px) 100vw, 1000px\" \/><\/a><\/figure>\n<\/div>\n\n\n\n<div class=\"wp-block-column is-layout-flow wp-block-column-is-layout-flow\" style=\"flex-basis:50%\">\n<p>\u201cFilmo pri kiel la idealismo de Zamenhof gajnas forton en la periodo post la Unua Mondmilito. Kun la optimismo pri la ebloj de tekniko, anka\u016d kreskas la optimismo pri la ebleco konstrui la socion. Esperanto povus esti unu el la eblecoj por atingi pacon inter la popoloj. La nombro da Esperanto-parolantoj kreskas, kaj anka\u016d la nombro de publikiga\u0135oj: ne nur ekzistantaj verkoj estas tradukitaj al Esperanto, sed anka\u016d aperas originala Esperanto-literaturo. Kun la fondo de la Ligo de Nacioj en 1919, ekzistas anka\u016d bezono por internacia diplomatia lingvo. La plano fari Esperanton la oficiala lingvo renkontas reziston de la francoj, kiuj volas konservi la francan kiel la diplomatia lingvo de tiu tempo.<\/p>\n\n\n\n<p>La plano ne reali\u011das, sed kiel konsola\u0135o, la lingvo estas rekonita kiel telegrafia lingvo. Anka\u016d en Nederlando, en la 1930-aj jaroj, oni (vane) diskutis pri Esperanto kiel dua lingvo en la edukado.\u201d<\/p>\n\n\n\n<p><a href=\"https:\/\/anderetijden.nl\/programma\/1\/Andere-Tijden\/aflevering\/414\/Esperanto\" target=\"_blank\" rel=\"noreferrer noopener\">Spekti filmon&#8230;<\/a><\/p>\n<\/div>\n<\/div>\n\n\n\n<p> <br> <\/p>\n\n\n\n<h2 class=\"wp-block-heading\"><a href=\"https:\/\/esperanto-nederland.nl\/index.php\/esperantomonument-in-den-burg-texel\/\" data-type=\"page\" data-id=\"1310\">Monumentoj<\/a><\/h2>\n\n\n\n<p>La monumentoj kaj la stratoj kaj placoj kiuj portas Esperantan nomon, ankora\u016d atestas pri la ri\u0109a historio. En Nederlando staras en diversaj lokoj anka\u016d statuoj: en Bergen op Zoom, en Den Burg (Texel), Utrecht, Zwolle, Leeuwarden kaj Vlieland. Vidu <a href=\"https:\/\/nl.wikipedia.org\/wiki\/Esperantomonumenten_in_Nederland\">Vikipedion<\/a>.<\/p>\n\n\n\n<div class=\"wp-block-columns is-layout-flex wp-container-core-columns-is-layout-9d6595d7 wp-block-columns-is-layout-flex\">\n<div class=\"wp-block-column is-layout-flow wp-block-column-is-layout-flow\" style=\"flex-basis:33.33%\">\n<figure data-wp-context=\"{&quot;imageId&quot;:&quot;69f1d2c8637ab&quot;}\" data-wp-interactive=\"core\/image\" class=\"wp-block-image size-large wp-lightbox-container\"><img loading=\"lazy\" decoding=\"async\" width=\"707\" height=\"1024\" data-wp-class--hide=\"state.isContentHidden\" data-wp-class--show=\"state.isContentVisible\" data-wp-init=\"callbacks.setButtonStyles\" data-wp-on-async--click=\"actions.showLightbox\" data-wp-on-async--load=\"callbacks.setButtonStyles\" data-wp-on-async-window--resize=\"callbacks.setButtonStyles\" src=\"https:\/\/esperanto-nederland.nl\/wp-content\/uploads\/2024\/10\/afbeelding_2024-10-05_144804711-707x1024.png\" alt=\"\" class=\"wp-image-6673\" srcset=\"https:\/\/esperanto-nederland.nl\/wp-content\/uploads\/2024\/10\/afbeelding_2024-10-05_144804711-707x1024.png 707w, https:\/\/esperanto-nederland.nl\/wp-content\/uploads\/2024\/10\/afbeelding_2024-10-05_144804711-207x300.png 207w, https:\/\/esperanto-nederland.nl\/wp-content\/uploads\/2024\/10\/afbeelding_2024-10-05_144804711-768x1112.png 768w, https:\/\/esperanto-nederland.nl\/wp-content\/uploads\/2024\/10\/afbeelding_2024-10-05_144804711-263x380.png 263w, https:\/\/esperanto-nederland.nl\/wp-content\/uploads\/2024\/10\/afbeelding_2024-10-05_144804711.png 800w\" sizes=\"auto, (max-width: 707px) 100vw, 707px\" \/><button\n\t\t\tclass=\"lightbox-trigger\"\n\t\t\ttype=\"button\"\n\t\t\taria-haspopup=\"dialog\"\n\t\t\taria-label=\"Vergroten\"\n\t\t\tdata-wp-init=\"callbacks.initTriggerButton\"\n\t\t\tdata-wp-on-async--click=\"actions.showLightbox\"\n\t\t\tdata-wp-style--right=\"state.imageButtonRight\"\n\t\t\tdata-wp-style--top=\"state.imageButtonTop\"\n\t\t>\n\t\t\t<svg xmlns=\"http:\/\/www.w3.org\/2000\/svg\" width=\"12\" height=\"12\" fill=\"none\" viewBox=\"0 0 12 12\">\n\t\t\t\t<path fill=\"#fff\" d=\"M2 0a2 2 0 0 0-2 2v2h1.5V2a.5.5 0 0 1 .5-.5h2V0H2Zm2 10.5H2a.5.5 0 0 1-.5-.5V8H0v2a2 2 0 0 0 2 2h2v-1.5ZM8 12v-1.5h2a.5.5 0 0 0 .5-.5V8H12v2a2 2 0 0 1-2 2H8Zm2-12a2 2 0 0 1 2 2v2h-1.5V2a.5.5 0 0 0-.5-.5H8V0h2Z\" \/>\n\t\t\t<\/svg>\n\t\t<\/button><\/figure>\n<\/div>\n\n\n\n<div class=\"wp-block-column is-layout-flow wp-block-column-is-layout-flow\" style=\"flex-basis:66.66%\">\n<h3 class=\"wp-block-heading\">Zamenhof-monumento en Bergen op Zoom<\/h3>\n\n\n\n<p>\u0108e la Bolwerk en Bergen op Zoom staras la plej malnova Esperanto-monumento de Nederlando. La statuo estis ina\u016dgurita en 1933, \u0109eestante Lidia Zamenhof, la filino de Lejzer Zamenhof. La monumento estas desegnita de Mario Santuz.<\/p>\n\n\n\n<p>Pli da informoj pri \u0109i tiu monumento vi trovas \u0109e la retejo <a href=\"https:\/\/standbeelden.vanderkrogt.net\/object.php?record=NB06ae\" target=\"_blank\" rel=\"noreferrer noopener\">Mens &amp; Dier in Steen &amp; Brons<\/a> kaj en <a href=\"https:\/\/nl.wikipedia.org\/wiki\/Esperantomonumenten_in_Nederland\">Vikipedio<\/a>.<\/p>\n\n\n\n<p><\/p>\n\n\n\n<p><\/p>\n\n\n\n<p><\/p>\n\n\n\n<p><\/p>\n<\/div>\n<\/div>\n\n\n\n<p><\/p>\n\n\n\n<div class=\"wp-block-columns is-layout-flex wp-container-core-columns-is-layout-9d6595d7 wp-block-columns-is-layout-flex\">\n<div class=\"wp-block-column is-layout-flow wp-block-column-is-layout-flow\" style=\"flex-basis:50%\">\n<figure class=\"wp-block-image size-large\"><a href=\"https:\/\/esperanto-nederland.nl\/index.php\/esperantomonument-in-den-burg-texel\/\"><img loading=\"lazy\" decoding=\"async\" width=\"1032\" height=\"774\" src=\"https:\/\/esperanto-nederland.nl\/wp-content\/uploads\/2024\/07\/Esperantomonument-in-Den-Burg-edited.jpg\" alt=\"\" class=\"wp-image-4696\" style=\"aspect-ratio:1.3298701298701299;object-fit:cover\" srcset=\"https:\/\/esperanto-nederland.nl\/wp-content\/uploads\/2024\/07\/Esperantomonument-in-Den-Burg-edited.jpg 1032w, https:\/\/esperanto-nederland.nl\/wp-content\/uploads\/2024\/07\/Esperantomonument-in-Den-Burg-edited-300x225.jpg 300w, https:\/\/esperanto-nederland.nl\/wp-content\/uploads\/2024\/07\/Esperantomonument-in-Den-Burg-edited-1024x768.jpg 1024w, https:\/\/esperanto-nederland.nl\/wp-content\/uploads\/2024\/07\/Esperantomonument-in-Den-Burg-edited-768x576.jpg 768w, https:\/\/esperanto-nederland.nl\/wp-content\/uploads\/2024\/07\/Esperantomonument-in-Den-Burg-edited-507x380.jpg 507w\" sizes=\"auto, (max-width: 1032px) 100vw, 1032px\" \/><\/a><\/figure>\n<\/div>\n\n\n\n<div class=\"wp-block-column is-layout-flow wp-block-column-is-layout-flow\" style=\"flex-basis:50%\">\n<h3 class=\"wp-block-heading\">Esperanto-monumento sur Texel<\/h3>\n\n\n\n<p>En Den Burg en Texel staras Esperanto-monumento. \u011ci estas brikaj kolono kun sur \u011di terglobo kun kvin ringoj kaj stelo kiel ventmontrilo, kiel simbolo ke la Esperanto-stelo lumas la tutan mondon. \u0108e kvar flankoj de la supro estas la vorto &#8220;Esperanto.&#8221;<\/p>\n\n\n\n<p><a href=\"https:\/\/esperanto-nederland.nl\/index.php\/esperantomonument-in-den-burg-texel\/\" data-type=\"page\" data-id=\"1310\">Esperantomonument en Den Burg (Texel)&#8230;<\/a><\/p>\n<\/div>\n<\/div>\n\n\n\n<p><\/p>\n","protected":false},"excerpt":{"rendered":"<p>Rob de Nijs iam kantis kanton en Esperanto, kaj Kees van Kooten kaj Wim de Bie donis kurson pri Esperanto \u0109e Teleac. La sonversio kaj libroj restis konservitaj. Esperanto havas ri\u0109an historion, anka\u016d en Nederlando. Multaj homoj lernis \u011din kaj estis granda nombro da kluboj. Monumentoj kaj stratoj ankora\u016d atestas pri tio. Anka\u016d konataj nederlandanoj &hellip; <a href=\"https:\/\/esperanto-nederland.nl\/index.php\/eo\/rica-historio\/\" class=\"more-link\">Verder lezen <span class=\"screen-reader-text\">Ri\u0109a historio<\/span><\/a><\/p>\n","protected":false},"author":2,"featured_media":0,"parent":0,"menu_order":0,"comment_status":"closed","ping_status":"closed","template":"","meta":{"footnotes":""},"class_list":["post-6817","page","type-page","status-publish","hentry","without-featured-image"],"_links":{"self":[{"href":"https:\/\/esperanto-nederland.nl\/index.php\/wp-json\/wp\/v2\/pages\/6817","targetHints":{"allow":["GET"]}}],"collection":[{"href":"https:\/\/esperanto-nederland.nl\/index.php\/wp-json\/wp\/v2\/pages"}],"about":[{"href":"https:\/\/esperanto-nederland.nl\/index.php\/wp-json\/wp\/v2\/types\/page"}],"author":[{"embeddable":true,"href":"https:\/\/esperanto-nederland.nl\/index.php\/wp-json\/wp\/v2\/users\/2"}],"replies":[{"embeddable":true,"href":"https:\/\/esperanto-nederland.nl\/index.php\/wp-json\/wp\/v2\/comments?post=6817"}],"version-history":[{"count":15,"href":"https:\/\/esperanto-nederland.nl\/index.php\/wp-json\/wp\/v2\/pages\/6817\/revisions"}],"predecessor-version":[{"id":9329,"href":"https:\/\/esperanto-nederland.nl\/index.php\/wp-json\/wp\/v2\/pages\/6817\/revisions\/9329"}],"wp:attachment":[{"href":"https:\/\/esperanto-nederland.nl\/index.php\/wp-json\/wp\/v2\/media?parent=6817"}],"curies":[{"name":"wp","href":"https:\/\/api.w.org\/{rel}","templated":true}]}}