{"id":6834,"date":"2024-10-08T15:11:28","date_gmt":"2024-10-08T13:11:28","guid":{"rendered":"https:\/\/esperanto-nederland.nl\/?page_id=6834"},"modified":"2025-04-08T20:20:52","modified_gmt":"2025-04-08T18:20:52","slug":"neutrala-moresnet","status":"publish","type":"page","link":"https:\/\/esperanto-nederland.nl\/index.php\/eo\/historio\/neutrala-moresnet\/","title":{"rendered":"Ne\u016dtrala Moresnet"},"content":{"rendered":"\n<figure class=\"wp-block-image size-large is-resized is-style-default\"><a href=\"https:\/\/esperanto-nederland.nl\/wp-content\/uploads\/2024\/05\/Neutraal_Moresnet-Bron-Wiki.jpg\"><img loading=\"lazy\" decoding=\"async\" width=\"1024\" height=\"768\" src=\"https:\/\/esperanto-nederland.nl\/wp-content\/uploads\/2024\/05\/Neutraal_Moresnet-Bron-Wiki-1024x768.jpg\" alt=\"\" class=\"wp-image-4238\" style=\"width:500px\" srcset=\"https:\/\/esperanto-nederland.nl\/wp-content\/uploads\/2024\/05\/Neutraal_Moresnet-Bron-Wiki-1024x768.jpg 1024w, https:\/\/esperanto-nederland.nl\/wp-content\/uploads\/2024\/05\/Neutraal_Moresnet-Bron-Wiki-300x225.jpg 300w, https:\/\/esperanto-nederland.nl\/wp-content\/uploads\/2024\/05\/Neutraal_Moresnet-Bron-Wiki-768x576.jpg 768w, https:\/\/esperanto-nederland.nl\/wp-content\/uploads\/2024\/05\/Neutraal_Moresnet-Bron-Wiki-507x380.jpg 507w, https:\/\/esperanto-nederland.nl\/wp-content\/uploads\/2024\/05\/Neutraal_Moresnet-Bron-Wiki.jpg 1280w\" sizes=\"auto, (max-width: 1024px) 100vw, 1024px\" \/><\/a><figcaption class=\"wp-element-caption\"><em>Foto: Wikipedia<\/em><\/figcaption><\/figure>\n\n\n\n<p>Ne\u016dtrala Moresnet, oficiale &#8220;La Nedividebla Areo de Moresnet,&#8221; estis de 1816 \u011dis 1920 ne\u016dtrala areo kun surfaco de \u0109irka\u016d 3,44 km\u00b2. \u011ci apartenis al kaj la Unui\u011dinta Re\u011dlando de Nederlando (post sendependi\u011do al la nova \u015dtato Belgio) kaj al Prusio (post 1871 Germanio). La areo, en la formo de stumpa triangulo, trovi\u011dis sude de la Vaalserberg kaj atingis la \u0109efvojon de Akeno al Lie\u011do. Unu el la kartografiaj aparta\u0135oj estis, ke \u011di havis kvarlandan punkton kun Belgio, Nederlando kaj Germanio.<\/p>\n\n\n\n<p>Ne\u016dtrala Moresnet ekestis post la fina falo de Napoleono, kiam Nederlando kaj Prusio ne povis konsenti pri la posedado de valora zinkminejo \u0109e Kelmis en la tiama komunumo Moresnet dum la rearan\u011do de E\u016dropo. La areo estis konata kiel zinkeksportisto, impostparadizo, kontrabandejo, ludloko kaj dum mallonga tempo anka\u016d kiel potenciala &#8220;Esperanto\u015dtato&#8221;.<\/p>\n\n\n\n<p>Dum la Unua Mondmilito, Ne\u016dtrala Moresnet estis okupita de Germanio kaj poste de Belgio. Fine \u011di estis definitive aneksita de Belgio kaj ekde tiam fari\u011dis parto de la provinco Lie\u011do.<\/p>\n\n\n\n<p>En Ne\u016dtrala Moresnet lo\u011dis \u0109efe belgoj (ekde la sendependeco), prusoj (ekde 1871 germanoj), kaj nederlandanoj (malpli multe ekde la belga sendependeco). En a\u016dgusto 1914 \u0109iuj lo\u011dantoj estis naciigitaj kiel germanoj.<\/p>\n\n\n\n<p>Ne\u016dtrala Moresnet havis anka\u016d (neformalan) himnon, nomatan &#8216;Amikejo-Mar\u015do&#8217;. \u011ci estis komponita de la li\u0125a komponisto Willy Huppermann. <a href=\"https:\/\/esperanto-nederland.nl\/wp-content\/uploads\/2025\/04\/Amikayo-Volkslied-van-Neutraal-Moresnet.pdf\" data-type=\"link\" data-id=\"https:\/\/esperanto-nederland.nl\/wp-content\/uploads\/2025\/04\/Amikayo-Volkslied-van-Neutraal-Moresnet.pdf\" target=\"_blank\" rel=\"noreferrer noopener\">La notaro de la himno.<\/a><\/p>\n\n\n\n<figure class=\"wp-block-gallery has-nested-images columns-4 is-cropped wp-block-gallery-2 is-layout-flex wp-block-gallery-is-layout-flex\">\n<figure class=\"wp-block-image size-large\"><a href=\"https:\/\/esperanto-nederland.nl\/wp-content\/uploads\/2024\/03\/4landen.jpg\" target=\"_blank\" rel=\"noopener\"><img loading=\"lazy\" decoding=\"async\" width=\"1024\" height=\"658\" data-id=\"2113\" src=\"https:\/\/esperanto-nederland.nl\/wp-content\/uploads\/2024\/03\/4landen-1024x658.jpg\" alt=\"\" class=\"wp-image-2113\" srcset=\"https:\/\/esperanto-nederland.nl\/wp-content\/uploads\/2024\/03\/4landen-1024x658.jpg 1024w, https:\/\/esperanto-nederland.nl\/wp-content\/uploads\/2024\/03\/4landen-300x193.jpg 300w, https:\/\/esperanto-nederland.nl\/wp-content\/uploads\/2024\/03\/4landen-768x493.jpg 768w, https:\/\/esperanto-nederland.nl\/wp-content\/uploads\/2024\/03\/4landen-592x380.jpg 592w, https:\/\/esperanto-nederland.nl\/wp-content\/uploads\/2024\/03\/4landen.jpg 1037w\" sizes=\"auto, (max-width: 1024px) 100vw, 1024px\" \/><\/a><\/figure>\n\n\n\n<figure class=\"wp-block-image size-large\"><a href=\"https:\/\/esperanto-nederland.nl\/wp-content\/uploads\/2024\/03\/moresnetlandkaart-scaled.jpg\" target=\"_blank\" rel=\"noopener\"><img loading=\"lazy\" decoding=\"async\" width=\"1024\" height=\"621\" data-id=\"2112\" src=\"https:\/\/esperanto-nederland.nl\/wp-content\/uploads\/2024\/03\/moresnetlandkaart-1024x621.jpg\" alt=\"\" class=\"wp-image-2112\" srcset=\"https:\/\/esperanto-nederland.nl\/wp-content\/uploads\/2024\/03\/moresnetlandkaart-1024x621.jpg 1024w, https:\/\/esperanto-nederland.nl\/wp-content\/uploads\/2024\/03\/moresnetlandkaart-300x182.jpg 300w, https:\/\/esperanto-nederland.nl\/wp-content\/uploads\/2024\/03\/moresnetlandkaart-768x466.jpg 768w, https:\/\/esperanto-nederland.nl\/wp-content\/uploads\/2024\/03\/moresnetlandkaart-1536x932.jpg 1536w, https:\/\/esperanto-nederland.nl\/wp-content\/uploads\/2024\/03\/moresnetlandkaart-2048x1243.jpg 2048w, https:\/\/esperanto-nederland.nl\/wp-content\/uploads\/2024\/03\/moresnetlandkaart-626x380.jpg 626w\" sizes=\"auto, (max-width: 1024px) 100vw, 1024px\" \/><\/a><\/figure>\n\n\n\n<figure class=\"wp-block-image size-large\"><a href=\"https:\/\/esperanto-nederland.nl\/wp-content\/uploads\/2024\/03\/Neutraal-Moresnet-Noordelijke-grenspunt-1.jpg\" target=\"_blank\" rel=\"noopener\"><img loading=\"lazy\" decoding=\"async\" width=\"680\" height=\"1024\" data-id=\"2111\" src=\"https:\/\/esperanto-nederland.nl\/wp-content\/uploads\/2024\/03\/Neutraal-Moresnet-Noordelijke-grenspunt-1-680x1024.jpg\" alt=\"\" class=\"wp-image-2111\" srcset=\"https:\/\/esperanto-nederland.nl\/wp-content\/uploads\/2024\/03\/Neutraal-Moresnet-Noordelijke-grenspunt-1-680x1024.jpg 680w, https:\/\/esperanto-nederland.nl\/wp-content\/uploads\/2024\/03\/Neutraal-Moresnet-Noordelijke-grenspunt-1-199x300.jpg 199w, https:\/\/esperanto-nederland.nl\/wp-content\/uploads\/2024\/03\/Neutraal-Moresnet-Noordelijke-grenspunt-1-768x1157.jpg 768w, https:\/\/esperanto-nederland.nl\/wp-content\/uploads\/2024\/03\/Neutraal-Moresnet-Noordelijke-grenspunt-1-252x380.jpg 252w, https:\/\/esperanto-nederland.nl\/wp-content\/uploads\/2024\/03\/Neutraal-Moresnet-Noordelijke-grenspunt-1.jpg 911w\" sizes=\"auto, (max-width: 680px) 100vw, 680px\" \/><\/a><\/figure>\n<\/figure>\n\n\n\n<h3 class=\"wp-block-heading\">En la amaskomunikiloj<\/h3>\n\n\n\n<p>Pri Moresnet aperis diversaj programoj en la amaskomunikiloj.<\/p>\n\n\n\n<p>En la radiospektaklo <em>Het Spoor Terug<\/em> la VPRO dedi\u0109is programon al Moresnet: La kvara lando, programo pri la rimarkinda kaj preska\u016d forgesita historio de Moresnet, iam la kvara lando \u0109e la Tri-Landa Punkto.<\/p>\n\n\n\n<p>A\u016dskultu <a href=\"https:\/\/www.vpro.nl\/speel~WO_VPRO_3461829~neutraal-moresnet~.html\" target=\"_blank\" rel=\"noreferrer noopener\">la radioelsendon de VPRO<\/a> pri Moresnet. Anka\u016d <a href=\"https:\/\/anderetijden.nl\/aflevering\/414\/Esperanto\" target=\"_blank\" rel=\"noreferrer noopener\">la televida programo &#8220;Andere tijden&#8221;<\/a> atentis pri \u0109i tiu malgranda lando. Amba\u016d elsendoj estas en la nederlanda.<\/p>\n\n\n\n<p>Malsupre estas kelkaj filmoj por spekti pri la kvara lando.<\/p>\n\n\n\n<p>Se vi poste volas scii pli pri \u0109i tiu malgranda lando, la nederlandlingva libro de Philip Dr\u00f6ge estas rekomendinda: &#8220;Opkomst en ondergang van een vergeten buurlandje, Moresnet&#8221; (ISBN 9789000349609).<\/p>\n\n\n\n<p><\/p>\n\n\n\n<div class=\"wp-block-columns is-layout-flex wp-container-core-columns-is-layout-9d6595d7 wp-block-columns-is-layout-flex\">\n<div class=\"wp-block-column is-layout-flow wp-block-column-is-layout-flow\">\n<div class=\"wp-block-columns is-layout-flex wp-container-core-columns-is-layout-9d6595d7 wp-block-columns-is-layout-flex\">\n<div class=\"wp-block-column is-layout-flow wp-block-column-is-layout-flow\">\n<h4 class=\"wp-block-heading\">Moresnet: Boudewijn B\u00fcch<\/h4>\n\n\n\n<figure class=\"wp-block-image size-large\"><a href=\"https:\/\/www.youtube.com\/watch?v=mVbpvZJXCJk\" target=\"_blank\" rel=\"noreferrer noopener\"><img loading=\"lazy\" decoding=\"async\" width=\"1024\" height=\"688\" src=\"https:\/\/esperanto-nederland.nl\/wp-content\/uploads\/2024\/08\/afbeelding_2024-08-24_183651047-1024x688.png\" alt=\"\" class=\"wp-image-5834\" style=\"aspect-ratio:4\/3;object-fit:cover\" srcset=\"https:\/\/esperanto-nederland.nl\/wp-content\/uploads\/2024\/08\/afbeelding_2024-08-24_183651047-1024x688.png 1024w, https:\/\/esperanto-nederland.nl\/wp-content\/uploads\/2024\/08\/afbeelding_2024-08-24_183651047-300x202.png 300w, https:\/\/esperanto-nederland.nl\/wp-content\/uploads\/2024\/08\/afbeelding_2024-08-24_183651047-768x516.png 768w, https:\/\/esperanto-nederland.nl\/wp-content\/uploads\/2024\/08\/afbeelding_2024-08-24_183651047-360x242.png 360w, https:\/\/esperanto-nederland.nl\/wp-content\/uploads\/2024\/08\/afbeelding_2024-08-24_183651047-565x380.png 565w, https:\/\/esperanto-nederland.nl\/wp-content\/uploads\/2024\/08\/afbeelding_2024-08-24_183651047.png 1425w\" sizes=\"auto, (max-width: 1024px) 100vw, 1024px\" \/><\/a><\/figure>\n\n\n\n<p>Televida elsendo: epizodo 8 &#8220;Vierlandenpunt&#8221; (<em>Kvarlandapunkto<\/em>) de la sezono 1998 de &#8216;De Wereld Van Boudewijn B\u00fcch&#8217; (<em>La Mondo de Boudewijn B\u00fcch<\/em>).<\/p>\n<\/div>\n\n\n\n<div class=\"wp-block-column is-layout-flow wp-block-column-is-layout-flow\">\n<h4 class=\"wp-block-heading\">Amikejo<\/h4>\n\n\n\n<figure class=\"wp-block-image size-large\"><a href=\"https:\/\/www.youtube.com\/watch?v=AgkyvZ2QRwM\" target=\"_blank\" rel=\"noreferrer noopener\"><img loading=\"lazy\" decoding=\"async\" width=\"1024\" height=\"683\" src=\"https:\/\/esperanto-nederland.nl\/wp-content\/uploads\/2024\/08\/afbeelding_2024-08-24_183907610-1024x683.png\" alt=\"\" class=\"wp-image-5835\" style=\"aspect-ratio:4\/3;object-fit:cover\" srcset=\"https:\/\/esperanto-nederland.nl\/wp-content\/uploads\/2024\/08\/afbeelding_2024-08-24_183907610-1024x683.png 1024w, https:\/\/esperanto-nederland.nl\/wp-content\/uploads\/2024\/08\/afbeelding_2024-08-24_183907610-300x200.png 300w, https:\/\/esperanto-nederland.nl\/wp-content\/uploads\/2024\/08\/afbeelding_2024-08-24_183907610-768x512.png 768w, https:\/\/esperanto-nederland.nl\/wp-content\/uploads\/2024\/08\/afbeelding_2024-08-24_183907610-570x380.png 570w, https:\/\/esperanto-nederland.nl\/wp-content\/uploads\/2024\/08\/afbeelding_2024-08-24_183907610.png 1444w\" sizes=\"auto, (max-width: 1024px) 100vw, 1024px\" \/><\/a><\/figure>\n\n\n\n<p>Dokumenta filmo pri Ne\u016dtrala Moresnet. Nederlandaj lingvo-parolantoj kun Esperanto subtekstoj.<\/p>\n<\/div>\n\n\n\n<div class=\"wp-block-column is-layout-flow wp-block-column-is-layout-flow\">\n<h4 class=\"wp-block-heading\">La Forgesita Lando de Moresnet<\/h4>\n\n\n\n<figure class=\"wp-block-image size-large\"><a href=\"https:\/\/www.youtube.com\/watch?v=Mcl1V_3p83Y\" target=\"_blank\" rel=\"noreferrer noopener\"><img loading=\"lazy\" decoding=\"async\" width=\"1024\" height=\"689\" src=\"https:\/\/esperanto-nederland.nl\/wp-content\/uploads\/2024\/08\/afbeelding_2024-08-24_163958631-1024x689.png\" alt=\"\" class=\"wp-image-5798\" style=\"aspect-ratio:4\/3;object-fit:cover\" srcset=\"https:\/\/esperanto-nederland.nl\/wp-content\/uploads\/2024\/08\/afbeelding_2024-08-24_163958631-1024x689.png 1024w, https:\/\/esperanto-nederland.nl\/wp-content\/uploads\/2024\/08\/afbeelding_2024-08-24_163958631-300x202.png 300w, https:\/\/esperanto-nederland.nl\/wp-content\/uploads\/2024\/08\/afbeelding_2024-08-24_163958631-768x516.png 768w, https:\/\/esperanto-nederland.nl\/wp-content\/uploads\/2024\/08\/afbeelding_2024-08-24_163958631-360x242.png 360w, https:\/\/esperanto-nederland.nl\/wp-content\/uploads\/2024\/08\/afbeelding_2024-08-24_163958631-565x380.png 565w, https:\/\/esperanto-nederland.nl\/wp-content\/uploads\/2024\/08\/afbeelding_2024-08-24_163958631.png 1426w\" sizes=\"auto, (max-width: 1024px) 100vw, 1024px\" \/><\/a><\/figure>\n\n\n\n<p>Dokumenta filmo pri Moresnet el 1990. &#8220;Het Vergeten Land Van Moresnet&#8221; (<em>La Forgesita Lando de Moresnet<\/em>) estas filmo pri maljunaj homoj kaj la pasinteco, kiu balda\u016d mortos kun ili.&#8221;<\/p>\n<\/div>\n<\/div>\n<\/div>\n<\/div>\n\n\n\n<p> <br> <br> <\/p>\n\n\n\n<div class=\"wp-block-columns is-layout-flex wp-container-core-columns-is-layout-9d6595d7 wp-block-columns-is-layout-flex\">\n<div class=\"wp-block-column is-layout-flow wp-block-column-is-layout-flow\">\n<h4 class=\"wp-block-heading\">Moresnet: Lando de tri kvadrataj kilometroj<\/h4>\n\n\n\n<figure class=\"wp-block-image size-large\"><a href=\"https:\/\/youtu.be\/_prbB6yoO4o\" target=\"_blank\" rel=\"noreferrer noopener\"><img loading=\"lazy\" decoding=\"async\" width=\"1024\" height=\"648\" src=\"https:\/\/esperanto-nederland.nl\/wp-content\/uploads\/2024\/08\/afbeelding_2024-08-27_205625437-1024x648.png\" alt=\"\" class=\"wp-image-5848\" style=\"aspect-ratio:16\/9;object-fit:cover\" srcset=\"https:\/\/esperanto-nederland.nl\/wp-content\/uploads\/2024\/08\/afbeelding_2024-08-27_205625437-1024x648.png 1024w, https:\/\/esperanto-nederland.nl\/wp-content\/uploads\/2024\/08\/afbeelding_2024-08-27_205625437-300x190.png 300w, https:\/\/esperanto-nederland.nl\/wp-content\/uploads\/2024\/08\/afbeelding_2024-08-27_205625437-768x486.png 768w, https:\/\/esperanto-nederland.nl\/wp-content\/uploads\/2024\/08\/afbeelding_2024-08-27_205625437-601x380.png 601w, https:\/\/esperanto-nederland.nl\/wp-content\/uploads\/2024\/08\/afbeelding_2024-08-27_205625437.png 1467w\" sizes=\"auto, (max-width: 1024px) 100vw, 1024px\" \/><\/a><\/figure>\n\n\n\n<p>En sia Boekenweek-eseo &#8216;Zink&#8217; (<em>Zinko<\/em>) spuras David Van Reybrouck la rimarkindan historion de la forgesita eta \u015dtato Ne\u016dtrala Moresnet.<\/p>\n<\/div>\n\n\n\n<div class=\"wp-block-column is-layout-flow wp-block-column-is-layout-flow\">\n<h4 class=\"wp-block-heading\">Grenspalen Van Neutraal Moresnet<\/h4>\n\n\n\n<figure class=\"wp-block-image size-large\"><a href=\"https:\/\/youtu.be\/vMoBj_yPeT8\" target=\"_blank\" rel=\"noreferrer noopener\"><img loading=\"lazy\" decoding=\"async\" width=\"1024\" height=\"641\" src=\"https:\/\/esperanto-nederland.nl\/wp-content\/uploads\/2024\/08\/afbeelding_2024-08-27_205816038-1024x641.png\" alt=\"\" class=\"wp-image-5850\" style=\"aspect-ratio:16\/9;object-fit:cover\" srcset=\"https:\/\/esperanto-nederland.nl\/wp-content\/uploads\/2024\/08\/afbeelding_2024-08-27_205816038-1024x641.png 1024w, https:\/\/esperanto-nederland.nl\/wp-content\/uploads\/2024\/08\/afbeelding_2024-08-27_205816038-300x188.png 300w, https:\/\/esperanto-nederland.nl\/wp-content\/uploads\/2024\/08\/afbeelding_2024-08-27_205816038-768x481.png 768w, https:\/\/esperanto-nederland.nl\/wp-content\/uploads\/2024\/08\/afbeelding_2024-08-27_205816038-607x380.png 607w, https:\/\/esperanto-nederland.nl\/wp-content\/uploads\/2024\/08\/afbeelding_2024-08-27_205816038.png 1521w\" sizes=\"auto, (max-width: 1024px) 100vw, 1024px\" \/><\/a><\/figure>\n\n\n\n<p>Dokumenta filmo &#8220;Grenspalen Van Neutraal Moresnet&#8221; (<em>Lim\u015dtonoj de Ne\u016dtrala Moresnet<\/em>) en kiu oni ser\u0109as la spurojn de la malaperinta lando.<\/p>\n<\/div>\n<\/div>\n\n\n\n<p>Vikipedio: <a href=\"https:\/\/eo.wikipedia.org\/wiki\/Moresnet_ne\u016dtrala\" target=\"_blank\" rel=\"noreferrer noopener\">Neutraal Moresnet<\/a><br><\/p>\n","protected":false},"excerpt":{"rendered":"<p>Ne\u016dtrala Moresnet, oficiale &#8220;La Nedividebla Areo de Moresnet,&#8221; estis de 1816 \u011dis 1920 ne\u016dtrala areo kun surfaco de \u0109irka\u016d 3,44 km\u00b2. \u011ci apartenis al kaj la Unui\u011dinta Re\u011dlando de Nederlando (post sendependi\u011do al la nova \u015dtato Belgio) kaj al Prusio (post 1871 Germanio). La areo, en la formo de stumpa triangulo, trovi\u011dis sude de la &hellip; <a href=\"https:\/\/esperanto-nederland.nl\/index.php\/eo\/historio\/neutrala-moresnet\/\" class=\"more-link\">Verder lezen <span class=\"screen-reader-text\">Ne\u016dtrala Moresnet<\/span><\/a><\/p>\n","protected":false},"author":2,"featured_media":0,"parent":6736,"menu_order":0,"comment_status":"closed","ping_status":"closed","template":"","meta":{"footnotes":""},"class_list":["post-6834","page","type-page","status-publish","hentry","without-featured-image"],"_links":{"self":[{"href":"https:\/\/esperanto-nederland.nl\/index.php\/wp-json\/wp\/v2\/pages\/6834","targetHints":{"allow":["GET"]}}],"collection":[{"href":"https:\/\/esperanto-nederland.nl\/index.php\/wp-json\/wp\/v2\/pages"}],"about":[{"href":"https:\/\/esperanto-nederland.nl\/index.php\/wp-json\/wp\/v2\/types\/page"}],"author":[{"embeddable":true,"href":"https:\/\/esperanto-nederland.nl\/index.php\/wp-json\/wp\/v2\/users\/2"}],"replies":[{"embeddable":true,"href":"https:\/\/esperanto-nederland.nl\/index.php\/wp-json\/wp\/v2\/comments?post=6834"}],"version-history":[{"count":11,"href":"https:\/\/esperanto-nederland.nl\/index.php\/wp-json\/wp\/v2\/pages\/6834\/revisions"}],"predecessor-version":[{"id":10032,"href":"https:\/\/esperanto-nederland.nl\/index.php\/wp-json\/wp\/v2\/pages\/6834\/revisions\/10032"}],"up":[{"embeddable":true,"href":"https:\/\/esperanto-nederland.nl\/index.php\/wp-json\/wp\/v2\/pages\/6736"}],"wp:attachment":[{"href":"https:\/\/esperanto-nederland.nl\/index.php\/wp-json\/wp\/v2\/media?parent=6834"}],"curies":[{"name":"wp","href":"https:\/\/api.w.org\/{rel}","templated":true}]}}