{"id":7465,"date":"2024-11-24T21:52:25","date_gmt":"2024-11-24T20:52:25","guid":{"rendered":"https:\/\/esperanto-nederland.nl\/?page_id=7465"},"modified":"2025-01-01T20:33:34","modified_gmt":"2025-01-01T19:33:34","slug":"esperanto-monumento-en-den-burg-texel","status":"publish","type":"page","link":"https:\/\/esperanto-nederland.nl\/index.php\/eo\/esperanto-monumento-en-den-burg-texel\/","title":{"rendered":"Esperanto-monumento en Den Burg (Texel)"},"content":{"rendered":"\n<figure data-wp-context=\"{&quot;imageId&quot;:&quot;69f1d8c796df3&quot;}\" data-wp-interactive=\"core\/image\" class=\"wp-block-image size-large is-resized wp-duotone-unset-2 wp-lightbox-container\"><img loading=\"lazy\" decoding=\"async\" width=\"1024\" height=\"770\" data-wp-class--hide=\"state.isContentHidden\" data-wp-class--show=\"state.isContentVisible\" data-wp-init=\"callbacks.setButtonStyles\" data-wp-on-async--click=\"actions.showLightbox\" data-wp-on-async--load=\"callbacks.setButtonStyles\" data-wp-on-async-window--resize=\"callbacks.setButtonStyles\" src=\"https:\/\/esperanto-nederland.nl\/wp-content\/uploads\/2023\/11\/Esperantomonument-in-Den-Burg-1024x770.jpg\" alt=\"\" class=\"wp-image-1302\" style=\"width:600px\" srcset=\"https:\/\/esperanto-nederland.nl\/wp-content\/uploads\/2023\/11\/Esperantomonument-in-Den-Burg-1024x770.jpg 1024w, https:\/\/esperanto-nederland.nl\/wp-content\/uploads\/2023\/11\/Esperantomonument-in-Den-Burg-300x226.jpg 300w, https:\/\/esperanto-nederland.nl\/wp-content\/uploads\/2023\/11\/Esperantomonument-in-Den-Burg-768x577.jpg 768w, https:\/\/esperanto-nederland.nl\/wp-content\/uploads\/2023\/11\/Esperantomonument-in-Den-Burg-505x380.jpg 505w, https:\/\/esperanto-nederland.nl\/wp-content\/uploads\/2023\/11\/Esperantomonument-in-Den-Burg.jpg 1032w\" sizes=\"auto, (max-width: 1024px) 100vw, 1024px\" \/><button\n\t\t\tclass=\"lightbox-trigger\"\n\t\t\ttype=\"button\"\n\t\t\taria-haspopup=\"dialog\"\n\t\t\taria-label=\"Vergroten\"\n\t\t\tdata-wp-init=\"callbacks.initTriggerButton\"\n\t\t\tdata-wp-on-async--click=\"actions.showLightbox\"\n\t\t\tdata-wp-style--right=\"state.imageButtonRight\"\n\t\t\tdata-wp-style--top=\"state.imageButtonTop\"\n\t\t>\n\t\t\t<svg xmlns=\"http:\/\/www.w3.org\/2000\/svg\" width=\"12\" height=\"12\" fill=\"none\" viewBox=\"0 0 12 12\">\n\t\t\t\t<path fill=\"#fff\" d=\"M2 0a2 2 0 0 0-2 2v2h1.5V2a.5.5 0 0 1 .5-.5h2V0H2Zm2 10.5H2a.5.5 0 0 1-.5-.5V8H0v2a2 2 0 0 0 2 2h2v-1.5ZM8 12v-1.5h2a.5.5 0 0 0 .5-.5V8H12v2a2 2 0 0 1-2 2H8Zm2-12a2 2 0 0 1 2 2v2h-1.5V2a.5.5 0 0 0-.5-.5H8V0h2Z\" \/>\n\t\t\t<\/svg>\n\t\t<\/button><\/figure>\n\n\n\n<p><strong>En Den Burg sur (insulo)  Texel staras Esperanto-monumento. \u011ci estas brika kolono kun sur \u011di terglobo kun kvin ringoj kaj stelo kiel ventmontrilo, kiel simbolo ke la Esperanto-stelo lumas la tutan mondon. \u0108e kvar flankoj de la supro estas la vorto \u201cEsperanto.\u201d<\/strong><\/p>\n\n\n\n<p>La monumento estis konstruita en 1935 de la fratoj Johan Duinker kaj Gijs Duinker, kiuj amba\u016d estis esperantistoj. La arkitekto de la monumento estis s-ro. Igesz kaj la masonisto Siem de Waal konstruis la tuton.<\/p>\n\n\n\n<p>Tiam Johan Duinker estis \u0109efredaktoro de la Texelse Courant kaj bone utiligis sian pozicion por anonci Esperanto-renkonti\u011dojn kaj kursojn en la gazeto. La Texelse Courant krome publikigis voja\u011draportojn de Siem de Waal, juna Texelano, kiu vizitis esperantistojn tra E\u016dropo per biciklo kaj estis akceptita \u0109ie kun malfermitaj brakoj. En la insulo kreskis entuziasmo por la artefarita lingvo, pro kio la fratoj Duinker sukcesis kolekti monon por vera Esperanto-monumento.<\/p>\n\n\n\n<h3 class=\"wp-block-heading\">Ina\u016dguro, malkonstruo kaj rekonstruo<\/h3>\n\n\n\n<p>Komence de junio 1935, la monumento estis ina\u016dgurita, meze de granda intereso, fare de s-ro Isbr\u00fccker. La\u016d ordono de la nazioj, la monumento estis malkonstruita en 1941, sed anta\u016d la malkonstruo, kelkaj homoj povis forpreni kaj sekurigi la plej gravajn partojn, kiel la tekstojn, la bildon de Zamenhof kaj la Esperantan stelon.<\/p>\n\n\n\n<p>Post la Okupacio, la\u016d instigo de s-ro Boon oni rekonstruis la monumenton kaj ina\u016dguris \u011din denove je Pentekost-lundo 1950.<\/p>\n\n\n\n<p>La 2-an de junio 1985, esperantistoj el Den Helder kaj Alkmaar organizis memorfeston por la 50-a datreveno de la monumento.<\/p>\n\n\n\n<h3 class=\"wp-block-heading\">Festo de la resta\u016drado<\/h3>\n\n\n\n<p>La 17-an de junio 2000 \u0109irka\u016d 30 esperantistoj kunvenis en Den Burg sur Texel por festi la resta\u016dron de la Esperanto-monumento kaj rememori la ina\u016dguron, kiu okazis 65 jarojn pli frue.<\/p>\n\n\n\n<p>Hans ten Hagen kaj Ronald Bijtenhoorn, estraranoj de Esperanto-Nederland, prezentis floran aran\u011don kun rubando sur kiu estis presita: &#8216;Dank aan Texels Trouw&#8217; (&#8216;dankon al la fideleco de Texel&#8217;). Dum la mallonga ceremonio \u0109e la monumento, Harry de Graaf, aligita kun la Texelse Courant, faris paroladon pri la historio de la monumento. Kees Ruig, iama mar-oficiro, parolis pri la utileco de Esperanto dum siaj voja\u011doj. Krome en la konstrua\u0135o &#8216;De Schakel&#8217; okazis Esperantolecionoj al interesatoj fare de Atilio Orellana Rojas el Argentino kaj estis montrita malnova filmo el 1935 pri la konstruado de la monumento.<\/p>\n\n\n\n<h3 class=\"wp-block-heading\">Bro\u015duro &#8220;Esperanto kaj Texel&#8221;<\/h3>\n\n\n\n<p><a href=\"https:\/\/esperanto-nederland.nl\/wp-content\/uploads\/2023\/11\/Texel-klein.pdf\">Legu \u0109i tie<\/a> la bro\u015duron &#8220;Esperanto kaj Texel&#8221;, bro\u015duro eldonita memore al la starigo de la Esperanto-monumento sur Texel en 1935. (pdf, nederlanda)<\/p>\n\n\n\n<div class=\"wp-block-columns is-layout-flex wp-container-core-columns-is-layout-9d6595d7 wp-block-columns-is-layout-flex\">\n<div class=\"wp-block-column is-layout-flow wp-block-column-is-layout-flow\" style=\"flex-basis:33.33%\">\n<figure class=\"wp-block-image size-full is-resized\"><a href=\"https:\/\/esperanto-nederland.nl\/wp-content\/uploads\/2023\/11\/Texel-klein.pdf\"><img loading=\"lazy\" decoding=\"async\" width=\"583\" height=\"826\" src=\"https:\/\/esperanto-nederland.nl\/wp-content\/uploads\/2024\/07\/image-2.png\" alt=\"\" class=\"wp-image-5062\" style=\"width:231px;height:auto\" srcset=\"https:\/\/esperanto-nederland.nl\/wp-content\/uploads\/2024\/07\/image-2.png 583w, https:\/\/esperanto-nederland.nl\/wp-content\/uploads\/2024\/07\/image-2-212x300.png 212w, https:\/\/esperanto-nederland.nl\/wp-content\/uploads\/2024\/07\/image-2-268x380.png 268w\" sizes=\"auto, (max-width: 583px) 100vw, 583px\" \/><\/a><\/figure>\n<\/div>\n\n\n\n<div class=\"wp-block-column is-layout-flow wp-block-column-is-layout-flow\" style=\"flex-basis:66.66%\">\n<p><\/p>\n<\/div>\n<\/div>\n\n\n\n<h3 class=\"wp-block-heading\">Ina\u016dguro de memortabulo<\/h3>\n\n\n\n<p>Merkrede, la 24-an de februaro 2016, memortabulo estis ina\u016dgurita \u0109e la Esperanto-monumento \u0109e Kogerstraat en Den Burg sur Texel.<\/p>\n\n\n\n<p>La teksto sur la plato rilatas al la monumento, la fondinto de Esperanto kaj s-ro Johan Duinker, kiu havis gravan rolon en la enkonduko de tiu \u0109i helplingvo sur Texel kaj prenis la iniciaton por la konstruado de la monumento. Dum la &#8220;Rusoj-milito&#8221; { <a href=\"https:\/\/eo.wikipedia.org\/wiki\/Kartvela_ribelo_de_Teselo\">https:\/\/eo.wikipedia.org\/wiki\/Kartvela_ribelo_de_Teselo<\/a>] en aprilo 1945, Johan Duinker estis murdita fare de la germanoj. La memortabulo anka\u016d memorigas nin pri tio.<\/p>\n\n\n\n<figure class=\"wp-block-image size-large is-resized\"><a href=\"https:\/\/esperanto-nederland.nl\/wp-content\/uploads\/2024\/03\/Een-Texelaar-per-fiets-de-wereld.pdf\" target=\"_blank\" rel=\"noreferrer noopener\"><img loading=\"lazy\" decoding=\"async\" width=\"633\" height=\"1024\" src=\"https:\/\/esperanto-nederland.nl\/wp-content\/uploads\/2024\/03\/Siem-de-Waal-fonto-Texelsche-Courant-20-julio-1935-633x1024.jpg\" alt=\"\" class=\"wp-image-3499\" style=\"width:350px\" srcset=\"https:\/\/esperanto-nederland.nl\/wp-content\/uploads\/2024\/03\/Siem-de-Waal-fonto-Texelsche-Courant-20-julio-1935-633x1024.jpg 633w, https:\/\/esperanto-nederland.nl\/wp-content\/uploads\/2024\/03\/Siem-de-Waal-fonto-Texelsche-Courant-20-julio-1935-185x300.jpg 185w, https:\/\/esperanto-nederland.nl\/wp-content\/uploads\/2024\/03\/Siem-de-Waal-fonto-Texelsche-Courant-20-julio-1935-235x380.jpg 235w, https:\/\/esperanto-nederland.nl\/wp-content\/uploads\/2024\/03\/Siem-de-Waal-fonto-Texelsche-Courant-20-julio-1935.jpg 675w\" sizes=\"auto, (max-width: 633px) 100vw, 633px\" \/><\/a><figcaption class=\"wp-element-caption\">Siem de Waal (Texelsche Courant la 20-an de julio 1935)<\/figcaption><\/figure>\n\n\n\n<p>La ina\u016dguro estis farita de lia filo Wim Duinker el Leiden, helpita de Mary Smidt-Witte, vidvino de Klaas Smidt, kiu klopodis plibonigi la staton de la monumento kaj \u011dia tuja \u0109irka\u016da\u0135o. La ceremonion \u0109eestis la rekte implikitaj, kiel Frank Kingma, skabeno de la municipo Texel.<\/p>\n\n\n\n<p> Legu <a href=\"https:\/\/esperanto-nederland.nl\/wp-content\/uploads\/2023\/11\/Tekst-toespraak-onthulling-gedenkplaat-Esperanto-monument-Texel.pdf\">la paroladon de la skabeno Frank Kingma<\/a> (municipo Texel) okaze de la ina\u016dguro de la memortabulo \u0109e la Esperanto-monumento en Den Burg.<br><\/p>\n\n\n\n<h3 class=\"wp-block-heading\">Parolado \u0109e la monumento<\/h3>\n\n\n\n<p>Sabate la 8-an de septembro 2018 la komunumo Texel petis s-ro Harry de Graaf (lo\u011danto de Texel kaj okupi\u011danta pri la monumento) fari mallongan paroladon \u0109e la Esperanto-monumento en Den Burg Texel.<br>Lia parolado legeblas <a href=\"https:\/\/esperanto-nederland.nl\/wp-content\/uploads\/2023\/11\/2018-toespraak-de-Graaf-monument-Esperanto-parolata.pdf\">\u0109i tie<\/a>.<br>Alklaku la foton kaj poste sur la flanko de la foto por da\u016drigi.<\/p>\n\n\n\n<p><\/p>\n\n\n\n<h3 class=\"wp-block-heading\">La rakonto de Siem de Waal<\/h3>\n\n\n\n<p>Legu anka\u016d la rakonton de Siem de Waal, <a href=\"https:\/\/esperanto-nederland.nl\/wp-content\/uploads\/2024\/03\/Een-Texelaar-per-fiets-de-wereld.pdf\" target=\"_blank\" rel=\"noreferrer noopener\">Een Texelaar per fiets de wereld in<\/a> (Texelano en la mondon per biciklo, nederlanda), el la Texelsche Courant de la 20-a de julio 1935.<\/p>\n\n\n\n<p>La voja\u011do kondukis de Texel tra Germanio, Svislando, Italio (kie okazis tiam la \u0109iujara mondkongreso), Tunizio, Al\u011derio, Hispanio, Andoro, Francio, Monako kaj denove norden tra Italio, A\u016dstrio, Hungario, \u0108e\u0125oslovakio kaj Germanio. La 27-an de oktobro, li alvenis reen sur Texel, 11.000 kilometrojn en siaj gamboj. Siem skribis ampleksajn raportojn de siaj traviva\u0135oj por la Texelsche Courant dum sia voja\u011do.<\/p>\n","protected":false},"excerpt":{"rendered":"<p>En Den Burg sur (insulo) Texel staras Esperanto-monumento. \u011ci estas brika kolono kun sur \u011di terglobo kun kvin ringoj kaj stelo kiel ventmontrilo, kiel simbolo ke la Esperanto-stelo lumas la tutan mondon. \u0108e kvar flankoj de la supro estas la vorto \u201cEsperanto.\u201d La monumento estis konstruita en 1935 de la fratoj Johan Duinker kaj Gijs &hellip; <a href=\"https:\/\/esperanto-nederland.nl\/index.php\/eo\/esperanto-monumento-en-den-burg-texel\/\" class=\"more-link\">Verder lezen <span class=\"screen-reader-text\">Esperanto-monumento en Den Burg (Texel)<\/span><\/a><\/p>\n","protected":false},"author":2,"featured_media":0,"parent":0,"menu_order":0,"comment_status":"closed","ping_status":"closed","template":"","meta":{"footnotes":""},"class_list":["post-7465","page","type-page","status-publish","hentry","without-featured-image"],"_links":{"self":[{"href":"https:\/\/esperanto-nederland.nl\/index.php\/wp-json\/wp\/v2\/pages\/7465","targetHints":{"allow":["GET"]}}],"collection":[{"href":"https:\/\/esperanto-nederland.nl\/index.php\/wp-json\/wp\/v2\/pages"}],"about":[{"href":"https:\/\/esperanto-nederland.nl\/index.php\/wp-json\/wp\/v2\/types\/page"}],"author":[{"embeddable":true,"href":"https:\/\/esperanto-nederland.nl\/index.php\/wp-json\/wp\/v2\/users\/2"}],"replies":[{"embeddable":true,"href":"https:\/\/esperanto-nederland.nl\/index.php\/wp-json\/wp\/v2\/comments?post=7465"}],"version-history":[{"count":8,"href":"https:\/\/esperanto-nederland.nl\/index.php\/wp-json\/wp\/v2\/pages\/7465\/revisions"}],"predecessor-version":[{"id":8937,"href":"https:\/\/esperanto-nederland.nl\/index.php\/wp-json\/wp\/v2\/pages\/7465\/revisions\/8937"}],"wp:attachment":[{"href":"https:\/\/esperanto-nederland.nl\/index.php\/wp-json\/wp\/v2\/media?parent=7465"}],"curies":[{"name":"wp","href":"https:\/\/api.w.org\/{rel}","templated":true}]}}