{"id":9277,"date":"2025-01-18T22:53:44","date_gmt":"2025-01-18T21:53:44","guid":{"rendered":"https:\/\/esperanto-nederland.nl\/?page_id=9277"},"modified":"2025-01-19T00:44:10","modified_gmt":"2025-01-18T23:44:10","slug":"nederlanda-lingvo","status":"publish","type":"page","link":"https:\/\/esperanto-nederland.nl\/index.php\/eo\/nederlanda-lingvo\/","title":{"rendered":"Nederlanda lingvo"},"content":{"rendered":"\n<figure data-wp-context=\"{&quot;imageId&quot;:&quot;69f1d2e727fd0&quot;}\" data-wp-interactive=\"core\/image\" class=\"wp-block-image size-large is-resized wp-lightbox-container\"><img loading=\"lazy\" decoding=\"async\" width=\"1024\" height=\"724\" data-wp-class--hide=\"state.isContentHidden\" data-wp-class--show=\"state.isContentVisible\" data-wp-init=\"callbacks.setButtonStyles\" data-wp-on-async--click=\"actions.showLightbox\" data-wp-on-async--load=\"callbacks.setButtonStyles\" data-wp-on-async-window--resize=\"callbacks.setButtonStyles\" src=\"https:\/\/esperanto-nederland.nl\/wp-content\/uploads\/2025\/01\/20230430fkho1323130_Sel-1200p-1024x724.jpg\" alt=\"\" class=\"wp-image-9278\" style=\"width:500px\" srcset=\"https:\/\/esperanto-nederland.nl\/wp-content\/uploads\/2025\/01\/20230430fkho1323130_Sel-1200p-1024x724.jpg 1024w, https:\/\/esperanto-nederland.nl\/wp-content\/uploads\/2025\/01\/20230430fkho1323130_Sel-1200p-300x212.jpg 300w, https:\/\/esperanto-nederland.nl\/wp-content\/uploads\/2025\/01\/20230430fkho1323130_Sel-1200p-768x543.jpg 768w, https:\/\/esperanto-nederland.nl\/wp-content\/uploads\/2025\/01\/20230430fkho1323130_Sel-1200p-538x380.jpg 538w, https:\/\/esperanto-nederland.nl\/wp-content\/uploads\/2025\/01\/20230430fkho1323130_Sel-1200p.jpg 1200w\" sizes=\"auto, (max-width: 1024px) 100vw, 1024px\" \/><button\n\t\t\tclass=\"lightbox-trigger\"\n\t\t\ttype=\"button\"\n\t\t\taria-haspopup=\"dialog\"\n\t\t\taria-label=\"Vergroten\"\n\t\t\tdata-wp-init=\"callbacks.initTriggerButton\"\n\t\t\tdata-wp-on-async--click=\"actions.showLightbox\"\n\t\t\tdata-wp-style--right=\"state.imageButtonRight\"\n\t\t\tdata-wp-style--top=\"state.imageButtonTop\"\n\t\t>\n\t\t\t<svg xmlns=\"http:\/\/www.w3.org\/2000\/svg\" width=\"12\" height=\"12\" fill=\"none\" viewBox=\"0 0 12 12\">\n\t\t\t\t<path fill=\"#fff\" d=\"M2 0a2 2 0 0 0-2 2v2h1.5V2a.5.5 0 0 1 .5-.5h2V0H2Zm2 10.5H2a.5.5 0 0 1-.5-.5V8H0v2a2 2 0 0 0 2 2h2v-1.5ZM8 12v-1.5h2a.5.5 0 0 0 .5-.5V8H12v2a2 2 0 0 1-2 2H8Zm2-12a2 2 0 0 1 2 2v2h-1.5V2a.5.5 0 0 0-.5-.5H8V0h2Z\" \/>\n\t\t\t<\/svg>\n\t\t<\/button><\/figure>\n\n\n\n<p>Kiam vi vizitas esperantistojn en Nederlando, vi povas paroli Esperanton kun ili. Sed kompreneble vi renkontos anka\u016d aliajn homojn, kiuj ne parolas Esperanton. Plej multaj nederlandanoj scias la anglan kaj povas kompreni\u011di en la germana. Iuj scias la francan, la polan a\u016d alian lingvon. Do, se vi konas unu el \u0109i tiuj lingvoj, vi povas bone kompreni\u011di en Nederlando. Kaj kompreneble multaj nederlandanoj tre \u011dojas, kiam vi parolas kelkajn vortojn en la nederlanda.<\/p>\n\n\n\n<p>Jen kelkaj ofte uzataj frazoj en la nederlanda lingvo.<\/p>\n\n\n\n<div style=\"height:15px\" aria-hidden=\"true\" class=\"wp-block-spacer\"><\/div>\n\n\n\n<h4 class=\"wp-block-heading\"><strong>1. Saluti &#8211; Elkaar Begroeten<\/strong><\/h4>\n\n\n\n<div class=\"wp-block-columns is-layout-flex wp-container-core-columns-is-layout-9d6595d7 wp-block-columns-is-layout-flex\">\n<div class=\"wp-block-column is-layout-flow wp-block-column-is-layout-flow\">\n<figure class=\"wp-block-image size-full\"><img loading=\"lazy\" decoding=\"async\" width=\"1024\" height=\"1024\" src=\"https:\/\/esperanto-nederland.nl\/wp-content\/uploads\/2025\/01\/Dutch-hospitality.jpg\" alt=\"\" class=\"wp-image-9285\" srcset=\"https:\/\/esperanto-nederland.nl\/wp-content\/uploads\/2025\/01\/Dutch-hospitality.jpg 1024w, https:\/\/esperanto-nederland.nl\/wp-content\/uploads\/2025\/01\/Dutch-hospitality-300x300.jpg 300w, https:\/\/esperanto-nederland.nl\/wp-content\/uploads\/2025\/01\/Dutch-hospitality-768x768.jpg 768w, https:\/\/esperanto-nederland.nl\/wp-content\/uploads\/2025\/01\/Dutch-hospitality-90x90.jpg 90w, https:\/\/esperanto-nederland.nl\/wp-content\/uploads\/2025\/01\/Dutch-hospitality-380x380.jpg 380w\" sizes=\"auto, (max-width: 1024px) 100vw, 1024px\" \/><\/figure>\n<\/div>\n\n\n\n<div class=\"wp-block-column is-layout-flow wp-block-column-is-layout-flow\">\n<figure class=\"wp-block-table\"><table class=\"has-fixed-layout\"><tbody><tr><td><strong>Esperanto<\/strong><\/td><td><strong>Nederlanda<\/strong><\/td><\/tr><tr><td>Saluton!<\/td><td>Hallo!<\/td><\/tr><tr><td>Bonan tagon!<\/td><td>Goedendag!<\/td><\/tr><tr><td>Bonan matenon!<\/td><td>Goedemorgen!<\/td><\/tr><tr><td>Bonan posttagmezon!<\/td><td>Goedemiddag!<\/td><\/tr><tr><td>Bonan vesperon!<\/td><td>Goedenavond!<\/td><\/tr><tr><td>Bonan nokton!<\/td><td>Goedenacht!&nbsp;&nbsp; &#8211; a\u016d &#8211; Welterusten!<\/td><\/tr><tr><td>Kiel vi fartas?<\/td><td>Hoe gaat het met je?<\/td><\/tr><tr><td>Mi fartas bone. Dankon.<\/td><td>Met mij gaat het goed. Dank je.<\/td><\/tr><tr><td>Dankon!<\/td><td>Dank je wel!<\/td><\/tr><tr><td>\u011cis revido!<\/td><td>Tot ziens!<\/td><\/tr><\/tbody><\/table><\/figure>\n<\/div>\n<\/div>\n\n\n\n<p><br><\/p>\n\n\n\n<h4 class=\"wp-block-heading\"><strong>2. Bazaj esprimoj &#8211; Basisuitdrukkingen<\/strong><\/h4>\n\n\n\n<div class=\"wp-block-columns is-layout-flex wp-container-core-columns-is-layout-9d6595d7 wp-block-columns-is-layout-flex\">\n<div class=\"wp-block-column is-layout-flow wp-block-column-is-layout-flow\">\n<figure class=\"wp-block-image size-full\"><img loading=\"lazy\" decoding=\"async\" width=\"1024\" height=\"1024\" src=\"https:\/\/esperanto-nederland.nl\/wp-content\/uploads\/2025\/01\/mensen-die-met-elkaar-praten-in-Nederland.jpg\" alt=\"\" class=\"wp-image-9302\" srcset=\"https:\/\/esperanto-nederland.nl\/wp-content\/uploads\/2025\/01\/mensen-die-met-elkaar-praten-in-Nederland.jpg 1024w, https:\/\/esperanto-nederland.nl\/wp-content\/uploads\/2025\/01\/mensen-die-met-elkaar-praten-in-Nederland-300x300.jpg 300w, https:\/\/esperanto-nederland.nl\/wp-content\/uploads\/2025\/01\/mensen-die-met-elkaar-praten-in-Nederland-768x768.jpg 768w, https:\/\/esperanto-nederland.nl\/wp-content\/uploads\/2025\/01\/mensen-die-met-elkaar-praten-in-Nederland-90x90.jpg 90w, https:\/\/esperanto-nederland.nl\/wp-content\/uploads\/2025\/01\/mensen-die-met-elkaar-praten-in-Nederland-380x380.jpg 380w\" sizes=\"auto, (max-width: 1024px) 100vw, 1024px\" \/><\/figure>\n<\/div>\n\n\n\n<div class=\"wp-block-column is-layout-flow wp-block-column-is-layout-flow\">\n<figure class=\"wp-block-table\"><table class=\"has-fixed-layout\"><tbody><tr><td><strong>Esperanto<\/strong><\/td><td><strong>Nederlanda<\/strong><\/td><\/tr><tr><td>Jes<\/td><td>Ja<\/td><\/tr><tr><td>Ne<\/td><td>Nee<\/td><\/tr><tr><td>\u0108u vi parolas Esperanton?<\/td><td>Spreekt u Esperanto?<\/td><\/tr><tr><td>\u0108u vi parolas la nederlandan?<\/td><td>Spreekt u nederlands?<\/td><\/tr><tr><td>Mi ne komprenas.<\/td><td>Ik begrijp het niet.<\/td><\/tr><tr><td>\u0108u vi povas paroli malrapide?<\/td><td>Kunt u langzaam praten?<\/td><\/tr><tr><td>Jes bonvolu.<\/td><td>Ja graag.<\/td><\/tr><tr><td>Ne, dankon.<\/td><td>Nee, dank u.<\/td><\/tr><\/tbody><\/table><\/figure>\n<\/div>\n<\/div>\n\n\n\n<h4 class=\"wp-block-heading\"><strong>3. Kie estas? &#8211; Waar is?<\/strong><\/h4>\n\n\n\n<div class=\"wp-block-columns is-layout-flex wp-container-core-columns-is-layout-9d6595d7 wp-block-columns-is-layout-flex\">\n<div class=\"wp-block-column is-layout-flow wp-block-column-is-layout-flow\">\n<figure class=\"wp-block-image size-full\"><img loading=\"lazy\" decoding=\"async\" width=\"1024\" height=\"1024\" src=\"https:\/\/esperanto-nederland.nl\/wp-content\/uploads\/2025\/01\/iemand-een-ander-de-richting-wijst.jpg\" alt=\"\" class=\"wp-image-9294\" srcset=\"https:\/\/esperanto-nederland.nl\/wp-content\/uploads\/2025\/01\/iemand-een-ander-de-richting-wijst.jpg 1024w, https:\/\/esperanto-nederland.nl\/wp-content\/uploads\/2025\/01\/iemand-een-ander-de-richting-wijst-300x300.jpg 300w, https:\/\/esperanto-nederland.nl\/wp-content\/uploads\/2025\/01\/iemand-een-ander-de-richting-wijst-768x768.jpg 768w, https:\/\/esperanto-nederland.nl\/wp-content\/uploads\/2025\/01\/iemand-een-ander-de-richting-wijst-90x90.jpg 90w, https:\/\/esperanto-nederland.nl\/wp-content\/uploads\/2025\/01\/iemand-een-ander-de-richting-wijst-380x380.jpg 380w\" sizes=\"auto, (max-width: 1024px) 100vw, 1024px\" \/><\/figure>\n<\/div>\n\n\n\n<div class=\"wp-block-column is-layout-flow wp-block-column-is-layout-flow\">\n<figure class=\"wp-block-table\"><table class=\"has-fixed-layout\"><tbody><tr><td><strong>Esperanto<\/strong><\/td><td><strong>Nederlanda<\/strong><\/td><\/tr><tr><td>Pardonu min \u2026<\/td><td>Pardon \u2026<\/td><\/tr><tr><td>Mi estas perdigita.<\/td><td>Ik ben verdwaald.<\/td><\/tr><tr><td>Kie estas la bushaltejo?<\/td><td>Waar is de bushalte?<\/td><\/tr><tr><td>Kie estas la stacidomo?<\/td><td>Waar is het treinstation?<\/td><\/tr><tr><td>Kie estas la necesejo?<\/td><td>Waar is het toilet?<\/td><\/tr><tr><td>Kie estas la hotelo?<\/td><td>Waar is het hotel?<\/td><\/tr><tr><td>Dankon!<\/td><td>Dank je wel!<\/td><\/tr><tr><td>Dekstre Maldekstre.<\/td><td>Rechts links<\/td><\/tr><tr><td>Rekte anta\u016den<\/td><td>Rechtdoor<\/td><\/tr><tr><td>Aliflanke<\/td><td>Aan de andere kant<\/td><\/tr><tr><td>\u0108u tio estas malproksime?<\/td><td>Is het ver?<\/td><\/tr><tr><td>Tio ne estas malproksime.<\/td><td>Het is niet ver.<\/td><\/tr><tr><td>Tio estas malproksime.<\/td><td>Het is ver.<\/td><\/tr><\/tbody><\/table><\/figure>\n<\/div>\n<\/div>\n\n\n\n<h4 class=\"wp-block-heading\"><strong>4. Gezondheid en Noodgevallen &#8211; Sano kaj Krizoj<\/strong><\/h4>\n\n\n\n<div class=\"wp-block-columns is-layout-flex wp-container-core-columns-is-layout-9d6595d7 wp-block-columns-is-layout-flex\">\n<div class=\"wp-block-column is-layout-flow wp-block-column-is-layout-flow\">\n<figure class=\"wp-block-image size-full\"><img loading=\"lazy\" decoding=\"async\" width=\"1024\" height=\"1024\" src=\"https:\/\/esperanto-nederland.nl\/wp-content\/uploads\/2025\/01\/mensen-die-met-elkaar-praten.jpg\" alt=\"\" class=\"wp-image-9289\" srcset=\"https:\/\/esperanto-nederland.nl\/wp-content\/uploads\/2025\/01\/mensen-die-met-elkaar-praten.jpg 1024w, https:\/\/esperanto-nederland.nl\/wp-content\/uploads\/2025\/01\/mensen-die-met-elkaar-praten-300x300.jpg 300w, https:\/\/esperanto-nederland.nl\/wp-content\/uploads\/2025\/01\/mensen-die-met-elkaar-praten-768x768.jpg 768w, https:\/\/esperanto-nederland.nl\/wp-content\/uploads\/2025\/01\/mensen-die-met-elkaar-praten-90x90.jpg 90w, https:\/\/esperanto-nederland.nl\/wp-content\/uploads\/2025\/01\/mensen-die-met-elkaar-praten-380x380.jpg 380w\" sizes=\"auto, (max-width: 1024px) 100vw, 1024px\" \/><\/figure>\n<\/div>\n\n\n\n<div class=\"wp-block-column is-layout-flow wp-block-column-is-layout-flow\">\n<figure class=\"wp-block-table\"><table class=\"has-fixed-layout\"><tbody><tr><td><strong>Esperanto<\/strong><\/td><td><strong>Nederlanda<\/strong><\/td><\/tr><tr><td>Mi ne fartas bone.<\/td><td>Ik voel me niet goed.<\/td><\/tr><tr><td>\u0108u vi povas helpi min?<\/td><td>Kunt u mij helpen?<\/td><\/tr><tr><td>Mi doloras.<\/td><td>Ik heb pijn.<\/td><\/tr><tr><td>Mia kapo<\/td><td>Mijn hoofd<\/td><\/tr><tr><td>Mia ventro<\/td><td>Mijn buik<\/td><\/tr><tr><td>Mia piedo<\/td><td>Mijn voet<\/td><\/tr><tr><td>Mia brako<\/td><td>Mijn arm<\/td><\/tr><\/tbody><\/table><\/figure>\n<\/div>\n<\/div>\n\n\n\n<h4 class=\"wp-block-heading\"><strong>5. A\u0109eti ion &#8211; Iets kopen<\/strong><\/h4>\n\n\n\n<div class=\"wp-block-columns is-layout-flex wp-container-core-columns-is-layout-9d6595d7 wp-block-columns-is-layout-flex\">\n<div class=\"wp-block-column is-layout-flow wp-block-column-is-layout-flow\">\n<figure class=\"wp-block-image size-full\"><img loading=\"lazy\" decoding=\"async\" width=\"1024\" height=\"1024\" src=\"https:\/\/esperanto-nederland.nl\/wp-content\/uploads\/2025\/01\/iemand-in-Nederland-bij-de-huisarts.jpg\" alt=\"\" class=\"wp-image-9296\" srcset=\"https:\/\/esperanto-nederland.nl\/wp-content\/uploads\/2025\/01\/iemand-in-Nederland-bij-de-huisarts.jpg 1024w, https:\/\/esperanto-nederland.nl\/wp-content\/uploads\/2025\/01\/iemand-in-Nederland-bij-de-huisarts-300x300.jpg 300w, https:\/\/esperanto-nederland.nl\/wp-content\/uploads\/2025\/01\/iemand-in-Nederland-bij-de-huisarts-768x768.jpg 768w, https:\/\/esperanto-nederland.nl\/wp-content\/uploads\/2025\/01\/iemand-in-Nederland-bij-de-huisarts-90x90.jpg 90w, https:\/\/esperanto-nederland.nl\/wp-content\/uploads\/2025\/01\/iemand-in-Nederland-bij-de-huisarts-380x380.jpg 380w\" sizes=\"auto, (max-width: 1024px) 100vw, 1024px\" \/><\/figure>\n<\/div>\n\n\n\n<div class=\"wp-block-column is-layout-flow wp-block-column-is-layout-flow\">\n<figure class=\"wp-block-table\"><table class=\"has-fixed-layout\"><tbody><tr><td><strong>Esperanto<\/strong><\/td><td><strong>Nederlanda<\/strong><\/td><\/tr><tr><td>Kiom tio kostas?<\/td><td>Hoeveel kost dat?<\/td><\/tr><tr><td>\u0108u vi akceptas kreditkartojn?<\/td><td>Accepteert u creditcards?<\/td><\/tr><tr><td>Mi nur rigardas, dankon.<\/td><td>Ik kijk alleen even, dank je<\/td><\/tr><tr><td>\u0108u mi povas provi \u0109i tion?<\/td><td>Mag ik dit passen?<\/td><\/tr><tr><td>\u0108u vi havas tion en alia koloro\/grando?<\/td><td>Heeft u dat in een andere kleur\/maat?<\/td><\/tr><tr><td>Tio estas malmultekosta.<\/td><td>Dat is goedkoop.<\/td><\/tr><tr><td>Tio bone ta\u016dgas. \/ Tio ne ta\u016dgas.<\/td><td>Dat past goed. \/ Dat past niet.<\/td><\/tr><tr><td>Tio pla\u0109as al mi.<\/td><td>Dat vind ik lekker.<\/td><\/tr><tr><td>Mi \u015datas tion. \/ Mi ne \u015datas tion.<\/td><td>Dat vind ik leuk. \/ Dat vind ik niet leuk.<\/td><\/tr><tr><td>Tio estas tro multekosta.<\/td><td>Dat is te duur.<\/td><\/tr><tr><td>Tio ne pla\u0109as al mi.<\/td><td>Dat lust ik niet.<\/td><\/tr><tr><td>Mi a\u0109etas tion.<\/td><td>Ik koop dat.<\/td><\/tr><\/tbody><\/table><\/figure>\n<\/div>\n<\/div>\n\n\n\n<p><em>(Bildoj de CoPilot.)<\/em><\/p>\n\n\n\n<p>Por lerni pli da nederlandaj vortoj, el\u015dutu la libron Esperanto leerboek (Esperanto-lernolibro) je <a href=\"https:\/\/esperanto-nederland.nl\/index.php\/eo\/esperanto-libroj\/\" data-type=\"link\" data-id=\"https:\/\/esperanto-nederland.nl\/index.php\/eo\/esperanto-libroj\/\">pa\u011do Esperanto-libroj<\/a>.<\/p>\n\n\n\n<p><\/p>\n\n\n\n<p><\/p>\n","protected":false},"excerpt":{"rendered":"<p>Kiam vi vizitas esperantistojn en Nederlando, vi povas paroli Esperanton kun ili. Sed kompreneble vi renkontos anka\u016d aliajn homojn, kiuj ne parolas Esperanton. Plej multaj nederlandanoj scias la anglan kaj povas kompreni\u011di en la germana. Iuj scias la francan, la polan a\u016d alian lingvon. Do, se vi konas unu el \u0109i tiuj lingvoj, vi povas &hellip; <a href=\"https:\/\/esperanto-nederland.nl\/index.php\/eo\/nederlanda-lingvo\/\" class=\"more-link\">Verder lezen <span class=\"screen-reader-text\">Nederlanda lingvo<\/span><\/a><\/p>\n","protected":false},"author":2,"featured_media":0,"parent":0,"menu_order":0,"comment_status":"closed","ping_status":"closed","template":"","meta":{"footnotes":""},"class_list":["post-9277","page","type-page","status-publish","hentry","without-featured-image"],"_links":{"self":[{"href":"https:\/\/esperanto-nederland.nl\/index.php\/wp-json\/wp\/v2\/pages\/9277","targetHints":{"allow":["GET"]}}],"collection":[{"href":"https:\/\/esperanto-nederland.nl\/index.php\/wp-json\/wp\/v2\/pages"}],"about":[{"href":"https:\/\/esperanto-nederland.nl\/index.php\/wp-json\/wp\/v2\/types\/page"}],"author":[{"embeddable":true,"href":"https:\/\/esperanto-nederland.nl\/index.php\/wp-json\/wp\/v2\/users\/2"}],"replies":[{"embeddable":true,"href":"https:\/\/esperanto-nederland.nl\/index.php\/wp-json\/wp\/v2\/comments?post=9277"}],"version-history":[{"count":21,"href":"https:\/\/esperanto-nederland.nl\/index.php\/wp-json\/wp\/v2\/pages\/9277\/revisions"}],"predecessor-version":[{"id":9328,"href":"https:\/\/esperanto-nederland.nl\/index.php\/wp-json\/wp\/v2\/pages\/9277\/revisions\/9328"}],"wp:attachment":[{"href":"https:\/\/esperanto-nederland.nl\/index.php\/wp-json\/wp\/v2\/media?parent=9277"}],"curies":[{"name":"wp","href":"https:\/\/api.w.org\/{rel}","templated":true}]}}